{"id":38562,"date":"2023-09-27T12:57:05","date_gmt":"2023-09-27T12:57:05","guid":{"rendered":"https:\/\/zentrum-garage.ch\/wp-content\/uploads\/2023\/09\/R5-4.jpg"},"modified":"2023-10-06T15:45:13","modified_gmt":"2023-10-06T15:45:13","slug":"r5-4-2","status":"inherit","type":"attachment","link":"https:\/\/zentrum-garage.ch\/fr\/renault-5\/r5-4-2\/","title":{"rendered":"R5 (4)"},"author":1,"comment_status":"closed","ping_status":"closed","template":"","meta":{"inline_featured_image":false},"aioseo_notices":[],"description":{"rendered":"<p class=\"attachment\"><a href='https:\/\/zentrum-garage.ch\/wp-content\/uploads\/2023\/09\/R5-4.jpg'><img loading=\"lazy\" decoding=\"async\" width=\"300\" height=\"201\" src=\"https:\/\/zentrum-garage.ch\/wp-content\/uploads\/2023\/09\/R5-4-300x201.jpg\" class=\"attachment-medium size-medium\" alt=\"\" srcset=\"https:\/\/zentrum-garage.ch\/wp-content\/uploads\/2023\/09\/R5-4-300x201.jpg 300w, https:\/\/zentrum-garage.ch\/wp-content\/uploads\/2023\/09\/R5-4-1024x684.jpg 1024w, https:\/\/zentrum-garage.ch\/wp-content\/uploads\/2023\/09\/R5-4-768x513.jpg 768w, https:\/\/zentrum-garage.ch\/wp-content\/uploads\/2023\/09\/R5-4-830x555.jpg 830w, https:\/\/zentrum-garage.ch\/wp-content\/uploads\/2023\/09\/R5-4-230x154.jpg 230w, https:\/\/zentrum-garage.ch\/wp-content\/uploads\/2023\/09\/R5-4-350x234.jpg 350w, https:\/\/zentrum-garage.ch\/wp-content\/uploads\/2023\/09\/R5-4-480x321.jpg 480w, https:\/\/zentrum-garage.ch\/wp-content\/uploads\/2023\/09\/R5-4.jpg 1200w\" sizes=\"(max-width: 300px) 100vw, 300px\" \/><\/a><\/p>\n"},"caption":{"rendered":""},"alt_text":"","media_type":"image","mime_type":"image\/jpeg","media_details":{"width":1200,"height":802,"file":"2023\/09\/R5-4.jpg","filesize":136406,"sizes":{"medium":{"file":"R5-4-300x201.jpg","width":300,"height":201,"filesize":11135,"mime_type":"image\/jpeg","source_url":"https:\/\/zentrum-garage.ch\/wp-content\/uploads\/2023\/09\/R5-4-300x201.jpg"},"large":{"file":"R5-4-1024x684.jpg","width":1024,"height":684,"filesize":109751,"mime_type":"image\/jpeg","source_url":"https:\/\/zentrum-garage.ch\/wp-content\/uploads\/2023\/09\/R5-4-1024x684.jpg"},"thumbnail":{"file":"R5-4-150x150.jpg","width":150,"height":150,"filesize":5577,"mime_type":"image\/jpeg","source_url":"https:\/\/zentrum-garage.ch\/wp-content\/uploads\/2023\/09\/R5-4-150x150.jpg"},"medium_large":{"file":"R5-4-768x513.jpg","width":768,"height":513,"filesize":62471,"mime_type":"image\/jpeg","source_url":"https:\/\/zentrum-garage.ch\/wp-content\/uploads\/2023\/09\/R5-4-768x513.jpg"},"large-thumb":{"file":"R5-4-830x555.jpg","width":830,"height":555,"filesize":72962,"mime_type":"image\/jpeg","source_url":"https:\/\/zentrum-garage.ch\/wp-content\/uploads\/2023\/09\/R5-4-830x555.jpg"},"medium-thumb":{"file":"R5-4-550x400.jpg","width":550,"height":400,"filesize":35467,"mime_type":"image\/jpeg","source_url":"https:\/\/zentrum-garage.ch\/wp-content\/uploads\/2023\/09\/R5-4-550x400.jpg"},"small-thumb":{"file":"R5-4-230x154.jpg","width":230,"height":154,"filesize":7182,"mime_type":"image\/jpeg","source_url":"https:\/\/zentrum-garage.ch\/wp-content\/uploads\/2023\/09\/R5-4-230x154.jpg"},"sydney-service-thumb":{"file":"R5-4-350x234.jpg","width":350,"height":234,"filesize":14150,"mime_type":"image\/jpeg","source_url":"https:\/\/zentrum-garage.ch\/wp-content\/uploads\/2023\/09\/R5-4-350x234.jpg"},"sydney-mas-thumb":{"file":"R5-4-480x321.jpg","width":480,"height":321,"filesize":24990,"mime_type":"image\/jpeg","source_url":"https:\/\/zentrum-garage.ch\/wp-content\/uploads\/2023\/09\/R5-4-480x321.jpg"},"full":{"file":"R5-4.jpg","width":1200,"height":802,"mime_type":"image\/jpeg","source_url":"https:\/\/zentrum-garage.ch\/wp-content\/uploads\/2023\/09\/R5-4.jpg"}},"image_meta":{"aperture":"0","credit":"Renault","camera":"","caption":"","created_timestamp":"0","copyright":"Copyright Renault - Dieses Foto unterliegt dem Schutz des Urheberrechts und darf ausschlie\u00dflich zu journalistischen Zwecken kostenfrei verwendet werden. Es darf ausdr\u00fccklich nicht zu kommerziellen bzw. werblichen Zwecken kopiert, verbreitet oder Dritten zug\u00e4nglich gemacht werden.","focal_length":"0","iso":"0","shutter_speed":"0","title":"","orientation":"0","keywords":["Renault","Auto","Renault 5","Historie","1984"]}},"post":38602,"source_url":"https:\/\/zentrum-garage.ch\/wp-content\/uploads\/2023\/09\/R5-4.jpg","_links":{"self":[{"href":"https:\/\/zentrum-garage.ch\/fr\/wp-json\/wp\/v2\/media\/38562"}],"collection":[{"href":"https:\/\/zentrum-garage.ch\/fr\/wp-json\/wp\/v2\/media"}],"about":[{"href":"https:\/\/zentrum-garage.ch\/fr\/wp-json\/wp\/v2\/types\/attachment"}],"author":[{"embeddable":true,"href":"https:\/\/zentrum-garage.ch\/fr\/wp-json\/wp\/v2\/users\/1"}],"replies":[{"embeddable":true,"href":"https:\/\/zentrum-garage.ch\/fr\/wp-json\/wp\/v2\/comments?post=38562"}]}}