{"id":1453,"date":"2019-04-11T07:57:35","date_gmt":"2019-04-11T07:57:35","guid":{"rendered":"http:\/\/zentrum-garage.ch\/blog\/"},"modified":"2023-06-26T13:51:33","modified_gmt":"2023-06-26T13:51:33","slug":"blog","status":"publish","type":"page","link":"https:\/\/zentrum-garage.ch\/fr\/blog\/","title":{"rendered":"Articles de Blog"},"content":{"rendered":"\t\t<div data-elementor-type=\"wp-post\" data-elementor-id=\"1453\" class=\"elementor elementor-1453 elementor-548\">\n\t\t\t\t\t\t\t\t\t<section class=\"elementor-section elementor-top-section elementor-element elementor-element-535c46af elementor-section-full_width elementor-section-height-min-height elementor-section-stretched elementor-section-height-default elementor-section-items-middle\" data-id=\"535c46af\" data-element_type=\"section\" data-settings=\"{&quot;stretch_section&quot;:&quot;section-stretched&quot;}\">\n\t\t\t\t\t\t\t<div class=\"elementor-background-overlay\"><\/div>\n\t\t\t\t\t\t\t<div class=\"elementor-container elementor-column-gap-default\">\n\t\t\t\t\t<div class=\"elementor-column elementor-col-100 elementor-top-column elementor-element elementor-element-234a5237\" data-id=\"234a5237\" data-element_type=\"column\">\n\t\t\t<div class=\"elementor-widget-wrap elementor-element-populated\">\n\t\t\t\t\t\t\t\t<div class=\"elementor-element elementor-element-6c94aef6 elementor-widget elementor-widget-menu-anchor\" data-id=\"6c94aef6\" data-element_type=\"widget\" data-widget_type=\"menu-anchor.default\">\n\t\t\t\t<div class=\"elementor-widget-container\">\n\t\t\t\t\t<div id=\"up\" class=\"elementor-menu-anchor\"><\/div>\n\t\t\t\t<\/div>\n\t\t\t\t<\/div>\n\t\t\t\t<div class=\"elementor-element elementor-element-2db534d1 elementor-widget__width-inherit elementor-widget elementor-widget-image\" data-id=\"2db534d1\" data-element_type=\"widget\" data-widget_type=\"image.default\">\n\t\t\t\t<div class=\"elementor-widget-container\">\n\t\t\t\t\t\t\t\t\t\t\t\t\t\t\t<img loading=\"lazy\" decoding=\"async\" width=\"636\" height=\"358\" src=\"https:\/\/zentrum-garage.ch\/wp-content\/uploads\/2018\/04\/Windschutzscheibe.jpg\" class=\"attachment-full size-full wp-image-1429\" alt=\"Photo du blog sur les pare-brises\" srcset=\"https:\/\/zentrum-garage.ch\/wp-content\/uploads\/2018\/04\/Windschutzscheibe.jpg 636w, https:\/\/zentrum-garage.ch\/wp-content\/uploads\/2018\/04\/Windschutzscheibe-300x169.jpg 300w\" sizes=\"(max-width: 636px) 100vw, 636px\" \/>\t\t\t\t\t\t\t\t\t\t\t\t\t\t\t<\/div>\n\t\t\t\t<\/div>\n\t\t\t\t\t<\/div>\n\t\t<\/div>\n\t\t\t\t\t\t\t<\/div>\n\t\t<\/section>\n\t\t\t\t<section class=\"elementor-section elementor-top-section elementor-element elementor-element-551ed6f elementor-section-boxed elementor-section-height-default elementor-section-height-default\" data-id=\"551ed6f\" data-element_type=\"section\">\n\t\t\t\t\t\t<div class=\"elementor-container elementor-column-gap-default\">\n\t\t\t\t\t<div class=\"elementor-column elementor-col-100 elementor-top-column elementor-element elementor-element-a8be84f\" data-id=\"a8be84f\" data-element_type=\"column\">\n\t\t\t<div class=\"elementor-widget-wrap elementor-element-populated\">\n\t\t\t\t\t\t\t\t<div class=\"elementor-element elementor-element-86a5b5c elementor-widget elementor-widget-heading\" data-id=\"86a5b5c\" data-element_type=\"widget\" data-widget_type=\"heading.default\">\n\t\t\t\t<div class=\"elementor-widget-container\">\n\t\t\t<h2 class=\"elementor-heading-title elementor-size-default\">Actualit\u00e9s et informations utiles<\/h2>\t\t<\/div>\n\t\t\t\t<\/div>\n\t\t\t\t\t<\/div>\n\t\t<\/div>\n\t\t\t\t\t\t\t<\/div>\n\t\t<\/section>\n\t\t\t\t<section class=\"elementor-section elementor-top-section elementor-element elementor-element-281a680 elementor-section-boxed elementor-section-height-default elementor-section-height-default\" data-id=\"281a680\" data-element_type=\"section\">\n\t\t\t\t\t\t<div class=\"elementor-container elementor-column-gap-default\">\n\t\t\t\t\t<div class=\"elementor-column elementor-col-100 elementor-top-column elementor-element elementor-element-fa2770a\" data-id=\"fa2770a\" data-element_type=\"column\">\n\t\t\t<div class=\"elementor-widget-wrap elementor-element-populated\">\n\t\t\t\t\t\t\t\t<div class=\"elementor-element elementor-element-95b1d36 elementor-widget elementor-widget-text-editor\" data-id=\"95b1d36\" data-element_type=\"widget\" data-widget_type=\"text-editor.default\">\n\t\t\t\t<div class=\"elementor-widget-container\">\n\t\t\t\t\t\t\t<p>Nous nous faisons un plaisir de vous informer et de vous orienter dans la jungle des th\u00e8mes li\u00e9s aux v\u00e9hicules. Pour que vous puissiez profiter de vos trajets en toute s\u00e9r\u00e9nit\u00e9.<\/p>\n\t\t\t\t\t\t<\/div>\n\t\t\t\t<\/div>\n\t\t\t\t\t<\/div>\n\t\t<\/div>\n\t\t\t\t\t\t\t<\/div>\n\t\t<\/section>\n\t\t\t\t<section class=\"elementor-section elementor-top-section elementor-element elementor-element-103a4cfd elementor-section-boxed elementor-section-height-default elementor-section-height-default\" data-id=\"103a4cfd\" data-element_type=\"section\">\n\t\t\t\t\t\t<div class=\"elementor-container elementor-column-gap-default\">\n\t\t\t\t\t<div class=\"elementor-column elementor-col-100 elementor-top-column elementor-element elementor-element-5a2285cd\" data-id=\"5a2285cd\" data-element_type=\"column\">\n\t\t\t<div class=\"elementor-widget-wrap elementor-element-populated\">\n\t\t\t\t\t\t\t\t<div class=\"elementor-element elementor-element-87bb320 elementor-widget-divider--view-line_icon elementor-view-default elementor-widget-divider--element-align-center elementor-widget elementor-widget-divider\" data-id=\"87bb320\" data-element_type=\"widget\" data-widget_type=\"divider.default\">\n\t\t\t\t<div class=\"elementor-widget-container\">\n\t\t\t\t\t<div class=\"elementor-divider\">\n\t\t\t<span class=\"elementor-divider-separator\">\n\t\t\t\t\t\t\t<div class=\"elementor-icon elementor-divider__element\">\n\t\t\t\t\t<i aria-hidden=\"true\" class=\"fas fa-car\"><\/i><\/div>\n\t\t\t\t\t\t<\/span>\n\t\t<\/div>\n\t\t\t\t<\/div>\n\t\t\t\t<\/div>\n\t\t\t\t\t<\/div>\n\t\t<\/div>\n\t\t\t\t\t\t\t<\/div>\n\t\t<\/section>\n\t\t\t\t<section class=\"elementor-section elementor-top-section elementor-element elementor-element-c3b2a09 elementor-section-boxed elementor-section-height-default elementor-section-height-default\" data-id=\"c3b2a09\" data-element_type=\"section\">\n\t\t\t\t\t\t<div class=\"elementor-container elementor-column-gap-default\">\n\t\t\t\t\t<div class=\"elementor-column elementor-col-100 elementor-top-column elementor-element elementor-element-e8078d8\" data-id=\"e8078d8\" data-element_type=\"column\">\n\t\t\t<div class=\"elementor-widget-wrap elementor-element-populated\">\n\t\t\t\t\t\t\t\t<div class=\"elementor-element elementor-element-3985be2 elementor-widget elementor-widget-heading\" data-id=\"3985be2\" data-element_type=\"widget\" data-widget_type=\"heading.default\">\n\t\t\t\t<div class=\"elementor-widget-container\">\n\t\t\t<h2 class=\"elementor-heading-title elementor-size-default\">Actualit\u00e9s du blog<\/h2>\t\t<\/div>\n\t\t\t\t<\/div>\n\t\t\t\t\t<\/div>\n\t\t<\/div>\n\t\t\t\t\t\t\t<\/div>\n\t\t<\/section>\n\t\t\t\t<section class=\"elementor-section elementor-top-section elementor-element elementor-element-3cdab76 elementor-section-boxed elementor-section-height-default elementor-section-height-default\" data-id=\"3cdab76\" data-element_type=\"section\">\n\t\t\t\t\t\t<div class=\"elementor-container elementor-column-gap-default\">\n\t\t\t\t\t<div class=\"elementor-column elementor-col-100 elementor-top-column elementor-element elementor-element-c4ff2b8\" data-id=\"c4ff2b8\" data-element_type=\"column\">\n\t\t\t<div class=\"elementor-widget-wrap elementor-element-populated\">\n\t\t\t\t\t\t\t\t<div class=\"elementor-element elementor-element-c71d185 elementor-grid-3 elementor-grid-tablet-2 elementor-grid-mobile-1 elementor-posts--thumbnail-top elementor-card-shadow-yes elementor-posts__hover-gradient elementor-widget elementor-widget-posts\" data-id=\"c71d185\" data-element_type=\"widget\" data-settings=\"{&quot;cards_columns&quot;:&quot;3&quot;,&quot;cards_columns_tablet&quot;:&quot;2&quot;,&quot;cards_columns_mobile&quot;:&quot;1&quot;,&quot;cards_row_gap&quot;:{&quot;unit&quot;:&quot;px&quot;,&quot;size&quot;:35,&quot;sizes&quot;:[]},&quot;cards_row_gap_tablet&quot;:{&quot;unit&quot;:&quot;px&quot;,&quot;size&quot;:&quot;&quot;,&quot;sizes&quot;:[]},&quot;cards_row_gap_mobile&quot;:{&quot;unit&quot;:&quot;px&quot;,&quot;size&quot;:&quot;&quot;,&quot;sizes&quot;:[]}}\" data-widget_type=\"posts.cards\">\n\t\t\t\t<div class=\"elementor-widget-container\">\n\t\t\t\t\t<div class=\"elementor-posts-container elementor-posts elementor-posts--skin-cards elementor-grid\">\n\t\t\t\t<article class=\"elementor-post elementor-grid-item post-37979 post type-post status-publish format-standard has-post-thumbnail hentry category-non-classifiee tag-batterie-fr tag-batterie-automobile\">\n\t\t\t<div class=\"elementor-post__card\">\n\t\t\t\t<a class=\"elementor-post__thumbnail__link\" href=\"https:\/\/zentrum-garage.ch\/fr\/batteries-automobiles\/\" ><div class=\"elementor-post__thumbnail\"><img loading=\"lazy\" decoding=\"async\" width=\"225\" height=\"300\" src=\"https:\/\/zentrum-garage.ch\/wp-content\/uploads\/2020\/09\/IMG_4865-225x300.jpg\" class=\"attachment-medium size-medium wp-image-32925\" alt=\"Photo batteries de v\u00e9hicules\" srcset=\"https:\/\/zentrum-garage.ch\/wp-content\/uploads\/2020\/09\/IMG_4865-225x300.jpg 225w, https:\/\/zentrum-garage.ch\/wp-content\/uploads\/2020\/09\/IMG_4865-768x1024.jpg 768w, https:\/\/zentrum-garage.ch\/wp-content\/uploads\/2020\/09\/IMG_4865-1152x1536.jpg 1152w, https:\/\/zentrum-garage.ch\/wp-content\/uploads\/2020\/09\/IMG_4865-830x1107.jpg 830w, https:\/\/zentrum-garage.ch\/wp-content\/uploads\/2020\/09\/IMG_4865-230x307.jpg 230w, https:\/\/zentrum-garage.ch\/wp-content\/uploads\/2020\/09\/IMG_4865-350x467.jpg 350w, https:\/\/zentrum-garage.ch\/wp-content\/uploads\/2020\/09\/IMG_4865-480x640.jpg 480w, https:\/\/zentrum-garage.ch\/wp-content\/uploads\/2020\/09\/IMG_4865-rotated.jpg 1512w\" sizes=\"(max-width: 225px) 100vw, 225px\" \/><\/div><\/a>\n\t\t\t\t<div class=\"elementor-post__text\">\n\t\t\t\t<h3 class=\"elementor-post__title\">\n\t\t\t<a href=\"https:\/\/zentrum-garage.ch\/fr\/batteries-automobiles\/\" >\n\t\t\t\tBatteries automobiles\t\t\t<\/a>\n\t\t<\/h3>\n\t\t\t\t<div class=\"elementor-post__excerpt\">\n\t\t\t<p>Le b.a.-ba de la batterie de voiture<\/p>\n\t\t<\/div>\n\t\t\t\t\t<a class=\"elementor-post__read-more\" href=\"https:\/\/zentrum-garage.ch\/fr\/batteries-automobiles\/\" >\n\t\t\t\tContinuer la lecture \u00bb\t\t\t<\/a>\n\t\t\t\t<\/div>\n\t\t\t\t<div class=\"elementor-post__meta-data\">\n\t\t\t\t\t<span class=\"elementor-post-date\">\n\t\t\t26. juin 2023\t\t<\/span>\n\t\t\t\t<\/div>\n\t\t\t\t\t<\/div>\n\t\t<\/article>\n\t\t\t\t<article class=\"elementor-post elementor-grid-item post-32847 post type-post status-publish format-standard has-post-thumbnail hentry category-non-classifiee\">\n\t\t\t<div class=\"elementor-post__card\">\n\t\t\t\t<a class=\"elementor-post__thumbnail__link\" href=\"https:\/\/zentrum-garage.ch\/fr\/balais-dessuie-glace\/\" ><div class=\"elementor-post__thumbnail\"><img loading=\"lazy\" decoding=\"async\" width=\"225\" height=\"300\" src=\"https:\/\/zentrum-garage.ch\/wp-content\/uploads\/2020\/06\/Blog_Scheibenwischbl\u00e4tter-225x300.jpg\" class=\"attachment-medium size-medium wp-image-32842\" alt=\"ScheibenwischblattBalai d&#039;essuie-glace\" srcset=\"https:\/\/zentrum-garage.ch\/wp-content\/uploads\/2020\/06\/Blog_Scheibenwischbl\u00e4tter-225x300.jpg 225w, https:\/\/zentrum-garage.ch\/wp-content\/uploads\/2020\/06\/Blog_Scheibenwischbl\u00e4tter-768x1024.jpg 768w, https:\/\/zentrum-garage.ch\/wp-content\/uploads\/2020\/06\/Blog_Scheibenwischbl\u00e4tter-1152x1536.jpg 1152w, https:\/\/zentrum-garage.ch\/wp-content\/uploads\/2020\/06\/Blog_Scheibenwischbl\u00e4tter-1536x2048.jpg 1536w, https:\/\/zentrum-garage.ch\/wp-content\/uploads\/2020\/06\/Blog_Scheibenwischbl\u00e4tter-830x1107.jpg 830w, https:\/\/zentrum-garage.ch\/wp-content\/uploads\/2020\/06\/Blog_Scheibenwischbl\u00e4tter-230x307.jpg 230w, https:\/\/zentrum-garage.ch\/wp-content\/uploads\/2020\/06\/Blog_Scheibenwischbl\u00e4tter-350x467.jpg 350w, https:\/\/zentrum-garage.ch\/wp-content\/uploads\/2020\/06\/Blog_Scheibenwischbl\u00e4tter-480x640.jpg 480w, https:\/\/zentrum-garage.ch\/wp-content\/uploads\/2020\/06\/Blog_Scheibenwischbl\u00e4tter-scaled.jpg 1920w\" sizes=\"(max-width: 225px) 100vw, 225px\" \/><\/div><\/a>\n\t\t\t\t<div class=\"elementor-post__text\">\n\t\t\t\t<h3 class=\"elementor-post__title\">\n\t\t\t<a href=\"https:\/\/zentrum-garage.ch\/fr\/balais-dessuie-glace\/\" >\n\t\t\t\tBalais d&rsquo;essuie-glace\t\t\t<\/a>\n\t\t<\/h3>\n\t\t\t\t<div class=\"elementor-post__excerpt\">\n\t\t\t<p>Quand remplacer les balais d&rsquo;essuie-glace ?<\/p>\n\t\t<\/div>\n\t\t\t\t\t<a class=\"elementor-post__read-more\" href=\"https:\/\/zentrum-garage.ch\/fr\/balais-dessuie-glace\/\" >\n\t\t\t\tContinuer la lecture \u00bb\t\t\t<\/a>\n\t\t\t\t<\/div>\n\t\t\t\t<div class=\"elementor-post__meta-data\">\n\t\t\t\t\t<span class=\"elementor-post-date\">\n\t\t\t24. juin 2020\t\t<\/span>\n\t\t\t\t<\/div>\n\t\t\t\t\t<\/div>\n\t\t<\/article>\n\t\t\t\t<article class=\"elementor-post elementor-grid-item post-32742 post type-post status-publish format-standard has-post-thumbnail hentry category-unkategorisiert\">\n\t\t\t<div class=\"elementor-post__card\">\n\t\t\t\t<a class=\"elementor-post__thumbnail__link\" href=\"https:\/\/zentrum-garage.ch\/fr\/explication-symboles-des-pneus\/\" ><div class=\"elementor-post__thumbnail\"><img loading=\"lazy\" decoding=\"async\" width=\"300\" height=\"200\" src=\"https:\/\/zentrum-garage.ch\/wp-content\/uploads\/2020\/03\/zgd_blog_reifen-300x200.jpeg\" class=\"attachment-medium size-medium wp-image-34742\" alt=\"Marquage d&#039;un pneu de voiture\" srcset=\"https:\/\/zentrum-garage.ch\/wp-content\/uploads\/2020\/03\/zgd_blog_reifen-300x200.jpeg 300w, https:\/\/zentrum-garage.ch\/wp-content\/uploads\/2020\/03\/zgd_blog_reifen-1024x683.jpeg 1024w, https:\/\/zentrum-garage.ch\/wp-content\/uploads\/2020\/03\/zgd_blog_reifen-768x512.jpeg 768w, https:\/\/zentrum-garage.ch\/wp-content\/uploads\/2020\/03\/zgd_blog_reifen-830x554.jpeg 830w, https:\/\/zentrum-garage.ch\/wp-content\/uploads\/2020\/03\/zgd_blog_reifen-230x153.jpeg 230w, https:\/\/zentrum-garage.ch\/wp-content\/uploads\/2020\/03\/zgd_blog_reifen-350x234.jpeg 350w, https:\/\/zentrum-garage.ch\/wp-content\/uploads\/2020\/03\/zgd_blog_reifen-480x320.jpeg 480w, https:\/\/zentrum-garage.ch\/wp-content\/uploads\/2020\/03\/zgd_blog_reifen.jpeg 1280w\" sizes=\"(max-width: 300px) 100vw, 300px\" \/><\/div><\/a>\n\t\t\t\t<div class=\"elementor-post__text\">\n\t\t\t\t<h3 class=\"elementor-post__title\">\n\t\t\t<a href=\"https:\/\/zentrum-garage.ch\/fr\/explication-symboles-des-pneus\/\" >\n\t\t\t\tSymboles des pneus\t\t\t<\/a>\n\t\t<\/h3>\n\t\t\t\t<div class=\"elementor-post__excerpt\">\n\t\t\t<p>Explication des symboles et abr\u00e9viations figurant sur un pneu de voiture.<\/p>\n\t\t<\/div>\n\t\t\t\t\t<a class=\"elementor-post__read-more\" href=\"https:\/\/zentrum-garage.ch\/fr\/explication-symboles-des-pneus\/\" >\n\t\t\t\tContinuer la lecture \u00bb\t\t\t<\/a>\n\t\t\t\t<\/div>\n\t\t\t\t<div class=\"elementor-post__meta-data\">\n\t\t\t\t\t<span class=\"elementor-post-date\">\n\t\t\t24. mars 2020\t\t<\/span>\n\t\t\t\t<\/div>\n\t\t\t\t\t<\/div>\n\t\t<\/article>\n\t\t\t\t<article class=\"elementor-post elementor-grid-item post-32685 post type-post status-publish format-standard has-post-thumbnail hentry category-non-classifiee\">\n\t\t\t<div class=\"elementor-post__card\">\n\t\t\t\t<a class=\"elementor-post__thumbnail__link\" href=\"https:\/\/zentrum-garage.ch\/fr\/disques-a-gratter\/\" ><div class=\"elementor-post__thumbnail\"><img loading=\"lazy\" decoding=\"async\" width=\"300\" height=\"202\" src=\"https:\/\/zentrum-garage.ch\/wp-content\/uploads\/2020\/03\/Scheibenkratzen-300x202.jpg\" class=\"attachment-medium size-medium wp-image-32682\" alt=\"Photo d&#039;une fen\u00eatre glac\u00e9e.\" srcset=\"https:\/\/zentrum-garage.ch\/wp-content\/uploads\/2020\/03\/Scheibenkratzen-300x202.jpg 300w, https:\/\/zentrum-garage.ch\/wp-content\/uploads\/2020\/03\/Scheibenkratzen-768x516.jpg 768w, https:\/\/zentrum-garage.ch\/wp-content\/uploads\/2020\/03\/Scheibenkratzen-830x558.jpg 830w, https:\/\/zentrum-garage.ch\/wp-content\/uploads\/2020\/03\/Scheibenkratzen-230x155.jpg 230w, https:\/\/zentrum-garage.ch\/wp-content\/uploads\/2020\/03\/Scheibenkratzen-350x235.jpg 350w, https:\/\/zentrum-garage.ch\/wp-content\/uploads\/2020\/03\/Scheibenkratzen-480x323.jpg 480w, https:\/\/zentrum-garage.ch\/wp-content\/uploads\/2020\/03\/Scheibenkratzen-e1584345664629.jpg 516w\" sizes=\"(max-width: 300px) 100vw, 300px\" \/><\/div><\/a>\n\t\t\t\t<div class=\"elementor-post__text\">\n\t\t\t\t<h3 class=\"elementor-post__title\">\n\t\t\t<a href=\"https:\/\/zentrum-garage.ch\/fr\/disques-a-gratter\/\" >\n\t\t\t\tGratter les vitres\t\t\t<\/a>\n\t\t<\/h3>\n\t\t\t\t<div class=\"elementor-post__excerpt\">\n\t\t\t<p>Nos conseils pour gratter les vitres pendant la saison froide.<\/p>\n\t\t<\/div>\n\t\t\t\t\t<a class=\"elementor-post__read-more\" href=\"https:\/\/zentrum-garage.ch\/fr\/disques-a-gratter\/\" >\n\t\t\t\tContinuer la lecture \u00bb\t\t\t<\/a>\n\t\t\t\t<\/div>\n\t\t\t\t<div class=\"elementor-post__meta-data\">\n\t\t\t\t\t<span class=\"elementor-post-date\">\n\t\t\t16. mars 2020\t\t<\/span>\n\t\t\t\t<\/div>\n\t\t\t\t\t<\/div>\n\t\t<\/article>\n\t\t\t\t<article class=\"elementor-post elementor-grid-item post-2163 post type-post status-publish format-standard has-post-thumbnail hentry category-unkategorisiert\">\n\t\t\t<div class=\"elementor-post__card\">\n\t\t\t\t<a class=\"elementor-post__thumbnail__link\" href=\"https:\/\/zentrum-garage.ch\/fr\/avarie-de-martre\/\" ><div class=\"elementor-post__thumbnail\"><img loading=\"lazy\" decoding=\"async\" width=\"300\" height=\"225\" src=\"https:\/\/zentrum-garage.ch\/wp-content\/uploads\/2019\/09\/Groupe-e-2-e1688893342894-300x225.jpg\" class=\"attachment-medium size-medium wp-image-2139\" alt=\"D\u00e9g\u00e2ts caus\u00e9s par les martres photographiques\" srcset=\"https:\/\/zentrum-garage.ch\/wp-content\/uploads\/2019\/09\/Groupe-e-2-e1688893342894-300x225.jpg 300w, https:\/\/zentrum-garage.ch\/wp-content\/uploads\/2019\/09\/Groupe-e-2-e1688893342894-768x576.jpg 768w, https:\/\/zentrum-garage.ch\/wp-content\/uploads\/2019\/09\/Groupe-e-2-e1688893342894-1024x768.jpg 1024w, https:\/\/zentrum-garage.ch\/wp-content\/uploads\/2019\/09\/Groupe-e-2-e1688893342894-830x623.jpg 830w, https:\/\/zentrum-garage.ch\/wp-content\/uploads\/2019\/09\/Groupe-e-2-e1688893342894-230x173.jpg 230w, https:\/\/zentrum-garage.ch\/wp-content\/uploads\/2019\/09\/Groupe-e-2-e1688893342894-350x263.jpg 350w, https:\/\/zentrum-garage.ch\/wp-content\/uploads\/2019\/09\/Groupe-e-2-e1688893342894-480x360.jpg 480w, https:\/\/zentrum-garage.ch\/wp-content\/uploads\/2019\/09\/Groupe-e-2-e1688893342894-1536x1152.jpg 1536w, https:\/\/zentrum-garage.ch\/wp-content\/uploads\/2019\/09\/Groupe-e-2-e1688893342894-2048x1536.jpg 2048w\" sizes=\"(max-width: 300px) 100vw, 300px\" \/><\/div><\/a>\n\t\t\t\t<div class=\"elementor-post__text\">\n\t\t\t\t<h3 class=\"elementor-post__title\">\n\t\t\t<a href=\"https:\/\/zentrum-garage.ch\/fr\/avarie-de-martre\/\" >\n\t\t\t\tD\u00e9g\u00e2t de fouines\t\t\t<\/a>\n\t\t<\/h3>\n\t\t\t\t<div class=\"elementor-post__excerpt\">\n\t\t\t<p>Mieux vaut pr\u00e9venir que r\u00e9parer les d\u00e9g\u00e2ts caus\u00e9s par les martres.<\/p>\n\t\t<\/div>\n\t\t\t\t\t<a class=\"elementor-post__read-more\" href=\"https:\/\/zentrum-garage.ch\/fr\/avarie-de-martre\/\" >\n\t\t\t\tContinuer la lecture \u00bb\t\t\t<\/a>\n\t\t\t\t<\/div>\n\t\t\t\t<div class=\"elementor-post__meta-data\">\n\t\t\t\t\t<span class=\"elementor-post-date\">\n\t\t\t26. septembre 2019\t\t<\/span>\n\t\t\t\t<\/div>\n\t\t\t\t\t<\/div>\n\t\t<\/article>\n\t\t\t\t<article class=\"elementor-post elementor-grid-item post-1590 post type-post status-publish format-standard has-post-thumbnail hentry category-non-classifiee\">\n\t\t\t<div class=\"elementor-post__card\">\n\t\t\t\t<a class=\"elementor-post__thumbnail__link\" href=\"https:\/\/zentrum-garage.ch\/fr\/temoins-de-controle\/\" ><div class=\"elementor-post__thumbnail\"><img loading=\"lazy\" decoding=\"async\" width=\"300\" height=\"200\" src=\"https:\/\/zentrum-garage.ch\/wp-content\/uploads\/2018\/04\/Cockpit-300x200.jpg\" class=\"attachment-medium size-medium wp-image-1454\" alt=\"Renault Kadjar\" srcset=\"https:\/\/zentrum-garage.ch\/wp-content\/uploads\/2018\/04\/Cockpit-300x200.jpg 300w, https:\/\/zentrum-garage.ch\/wp-content\/uploads\/2018\/04\/Cockpit-768x511.jpg 768w, https:\/\/zentrum-garage.ch\/wp-content\/uploads\/2018\/04\/Cockpit.jpg 850w\" sizes=\"(max-width: 300px) 100vw, 300px\" \/><\/div><\/a>\n\t\t\t\t<div class=\"elementor-post__text\">\n\t\t\t\t<h3 class=\"elementor-post__title\">\n\t\t\t<a href=\"https:\/\/zentrum-garage.ch\/fr\/temoins-de-controle\/\" >\n\t\t\t\tT\u00e9moins de contr\u00f4le\t\t\t<\/a>\n\t\t<\/h3>\n\t\t\t\t<div class=\"elementor-post__excerpt\">\n\t\t\t<p>Interpr\u00e9ter correctement les signaux d&rsquo;avertissement de la voiture.<\/p>\n\t\t<\/div>\n\t\t\t\t\t<a class=\"elementor-post__read-more\" href=\"https:\/\/zentrum-garage.ch\/fr\/temoins-de-controle\/\" >\n\t\t\t\tContinuer la lecture \u00bb\t\t\t<\/a>\n\t\t\t\t<\/div>\n\t\t\t\t<div class=\"elementor-post__meta-data\">\n\t\t\t\t\t<span class=\"elementor-post-date\">\n\t\t\t12. avril 2019\t\t<\/span>\n\t\t\t\t<\/div>\n\t\t\t\t\t<\/div>\n\t\t<\/article>\n\t\t\t\t<article class=\"elementor-post elementor-grid-item post-1586 post type-post status-publish format-standard has-post-thumbnail hentry category-non-classifiee\">\n\t\t\t<div class=\"elementor-post__card\">\n\t\t\t\t<a class=\"elementor-post__thumbnail__link\" href=\"https:\/\/zentrum-garage.ch\/fr\/pieces-detachees-dorigine\/\" ><div class=\"elementor-post__thumbnail\"><img loading=\"lazy\" decoding=\"async\" width=\"300\" height=\"169\" src=\"https:\/\/zentrum-garage.ch\/wp-content\/uploads\/2018\/04\/Ersatzteile-300x169.jpg\" class=\"attachment-medium size-medium wp-image-1433\" alt=\"Pi\u00e8ces d\u00e9tach\u00e9es\" srcset=\"https:\/\/zentrum-garage.ch\/wp-content\/uploads\/2018\/04\/Ersatzteile-300x169.jpg 300w, https:\/\/zentrum-garage.ch\/wp-content\/uploads\/2018\/04\/Ersatzteile.jpg 636w\" sizes=\"(max-width: 300px) 100vw, 300px\" \/><\/div><\/a>\n\t\t\t\t<div class=\"elementor-post__text\">\n\t\t\t\t<h3 class=\"elementor-post__title\">\n\t\t\t<a href=\"https:\/\/zentrum-garage.ch\/fr\/pieces-detachees-dorigine\/\" >\n\t\t\t\tPi\u00e8ces d\u00e9tach\u00e9es d\u2019origine\t\t\t<\/a>\n\t\t<\/h3>\n\t\t\t\t<div class=\"elementor-post__excerpt\">\n\t\t\t<p>Des produits de qualit\u00e9 avec garantie.<\/p>\n\t\t<\/div>\n\t\t\t\t\t<a class=\"elementor-post__read-more\" href=\"https:\/\/zentrum-garage.ch\/fr\/pieces-detachees-dorigine\/\" >\n\t\t\t\tContinuer la lecture \u00bb\t\t\t<\/a>\n\t\t\t\t<\/div>\n\t\t\t\t<div class=\"elementor-post__meta-data\">\n\t\t\t\t\t<span class=\"elementor-post-date\">\n\t\t\t11. avril 2019\t\t<\/span>\n\t\t\t\t<\/div>\n\t\t\t\t\t<\/div>\n\t\t<\/article>\n\t\t\t\t<article class=\"elementor-post elementor-grid-item post-1584 post type-post status-publish format-standard has-post-thumbnail hentry category-non-classifiee\">\n\t\t\t<div class=\"elementor-post__card\">\n\t\t\t\t<a class=\"elementor-post__thumbnail__link\" href=\"https:\/\/zentrum-garage.ch\/fr\/mobilite-pendant-que-votre-vehicule-est-a-latelier\/\" ><div class=\"elementor-post__thumbnail\"><img loading=\"lazy\" decoding=\"async\" width=\"300\" height=\"169\" src=\"https:\/\/zentrum-garage.ch\/wp-content\/uploads\/2018\/04\/Abhol-und-Bringservice-300x169.jpg\" class=\"attachment-medium size-medium wp-image-1431\" alt=\"Image du blog sur la mobilit\u00e9\" srcset=\"https:\/\/zentrum-garage.ch\/wp-content\/uploads\/2018\/04\/Abhol-und-Bringservice-300x169.jpg 300w, https:\/\/zentrum-garage.ch\/wp-content\/uploads\/2018\/04\/Abhol-und-Bringservice.jpg 636w\" sizes=\"(max-width: 300px) 100vw, 300px\" \/><\/div><\/a>\n\t\t\t\t<div class=\"elementor-post__text\">\n\t\t\t\t<h3 class=\"elementor-post__title\">\n\t\t\t<a href=\"https:\/\/zentrum-garage.ch\/fr\/mobilite-pendant-que-votre-vehicule-est-a-latelier\/\" >\n\t\t\t\tMobilit\u00e9 pendant que votre v\u00e9hicule est \u00e0 l\u2019atelier\t\t\t<\/a>\n\t\t<\/h3>\n\t\t\t\t<div class=\"elementor-post__excerpt\">\n\t\t\t<p>Voiture de remplacement, v\u00e9lo \u00e9lectrique ou service de transport.<\/p>\n\t\t<\/div>\n\t\t\t\t\t<a class=\"elementor-post__read-more\" href=\"https:\/\/zentrum-garage.ch\/fr\/mobilite-pendant-que-votre-vehicule-est-a-latelier\/\" >\n\t\t\t\tContinuer la lecture \u00bb\t\t\t<\/a>\n\t\t\t\t<\/div>\n\t\t\t\t<div class=\"elementor-post__meta-data\">\n\t\t\t\t\t<span class=\"elementor-post-date\">\n\t\t\t11. avril 2019\t\t<\/span>\n\t\t\t\t<\/div>\n\t\t\t\t\t<\/div>\n\t\t<\/article>\n\t\t\t\t<article class=\"elementor-post elementor-grid-item post-1582 post type-post status-publish format-standard has-post-thumbnail hentry category-unkategorisiert\">\n\t\t\t<div class=\"elementor-post__card\">\n\t\t\t\t<a class=\"elementor-post__thumbnail__link\" href=\"https:\/\/zentrum-garage.ch\/fr\/reparation-remplacement-de-vitres\/\" ><div class=\"elementor-post__thumbnail\"><img loading=\"lazy\" decoding=\"async\" width=\"225\" height=\"300\" src=\"https:\/\/zentrum-garage.ch\/wp-content\/uploads\/2018\/05\/20180514_090135-e1526298296689-225x300.jpg\" class=\"attachment-medium size-medium wp-image-33343\" alt=\"Centre Garage D\u00fcdingen R\u00e9paration\/remplacement de pare-brise\" srcset=\"https:\/\/zentrum-garage.ch\/wp-content\/uploads\/2018\/05\/20180514_090135-e1526298296689-225x300.jpg 225w, https:\/\/zentrum-garage.ch\/wp-content\/uploads\/2018\/05\/20180514_090135-e1526298296689-768x1024.jpg 768w\" sizes=\"(max-width: 225px) 100vw, 225px\" \/><\/div><\/a>\n\t\t\t\t<div class=\"elementor-post__text\">\n\t\t\t\t<h3 class=\"elementor-post__title\">\n\t\t\t<a href=\"https:\/\/zentrum-garage.ch\/fr\/reparation-remplacement-de-vitres\/\" >\n\t\t\t\tPare-brise\t\t\t<\/a>\n\t\t<\/h3>\n\t\t\t\t<div class=\"elementor-post__excerpt\">\n\t\t\t<p>Pare-brise endommag\u00e9 &#8211; r\u00e9parer ou remplacer ?<\/p>\n\t\t<\/div>\n\t\t\t\t\t<a class=\"elementor-post__read-more\" href=\"https:\/\/zentrum-garage.ch\/fr\/reparation-remplacement-de-vitres\/\" >\n\t\t\t\tContinuer la lecture \u00bb\t\t\t<\/a>\n\t\t\t\t<\/div>\n\t\t\t\t<div class=\"elementor-post__meta-data\">\n\t\t\t\t\t<span class=\"elementor-post-date\">\n\t\t\t11. avril 2019\t\t<\/span>\n\t\t\t\t<\/div>\n\t\t\t\t\t<\/div>\n\t\t<\/article>\n\t\t\t\t<article class=\"elementor-post elementor-grid-item post-1580 post type-post status-publish format-standard has-post-thumbnail hentry category-non-classifiee\">\n\t\t\t<div class=\"elementor-post__card\">\n\t\t\t\t<a class=\"elementor-post__thumbnail__link\" href=\"https:\/\/zentrum-garage.ch\/fr\/disque-de-stationnement\/\" ><div class=\"elementor-post__thumbnail\"><img loading=\"lazy\" decoding=\"async\" width=\"268\" height=\"300\" src=\"https:\/\/zentrum-garage.ch\/wp-content\/uploads\/2018\/05\/Parkscheibe-e1554792266978-268x300.png\" class=\"attachment-medium size-medium wp-image-1665\" alt=\"Disque de stationnement\" srcset=\"https:\/\/zentrum-garage.ch\/wp-content\/uploads\/2018\/05\/Parkscheibe-e1554792266978-268x300.png 268w, https:\/\/zentrum-garage.ch\/wp-content\/uploads\/2018\/05\/Parkscheibe-e1554792266978-768x860.png 768w, https:\/\/zentrum-garage.ch\/wp-content\/uploads\/2018\/05\/Parkscheibe-e1554792266978-230x258.png 230w, https:\/\/zentrum-garage.ch\/wp-content\/uploads\/2018\/05\/Parkscheibe-e1554792266978-350x392.png 350w, https:\/\/zentrum-garage.ch\/wp-content\/uploads\/2018\/05\/Parkscheibe-e1554792266978-480x538.png 480w, https:\/\/zentrum-garage.ch\/wp-content\/uploads\/2018\/05\/Parkscheibe-e1554792266978.png 800w\" sizes=\"(max-width: 268px) 100vw, 268px\" \/><\/div><\/a>\n\t\t\t\t<div class=\"elementor-post__text\">\n\t\t\t\t<h3 class=\"elementor-post__title\">\n\t\t\t<a href=\"https:\/\/zentrum-garage.ch\/fr\/disque-de-stationnement\/\" >\n\t\t\t\tDisque de stationnement\t\t\t<\/a>\n\t\t<\/h3>\n\t\t\t\t<div class=\"elementor-post__excerpt\">\n\t\t\t<p>R\u00e9gler le disque de stationnement pour la zone bleue.<\/p>\n\t\t<\/div>\n\t\t\t\t\t<a class=\"elementor-post__read-more\" href=\"https:\/\/zentrum-garage.ch\/fr\/disque-de-stationnement\/\" >\n\t\t\t\tContinuer la lecture \u00bb\t\t\t<\/a>\n\t\t\t\t<\/div>\n\t\t\t\t<div class=\"elementor-post__meta-data\">\n\t\t\t\t\t<span class=\"elementor-post-date\">\n\t\t\t11. avril 2019\t\t<\/span>\n\t\t\t\t<\/div>\n\t\t\t\t\t<\/div>\n\t\t<\/article>\n\t\t\t\t<article class=\"elementor-post elementor-grid-item post-1576 post type-post status-publish format-standard has-post-thumbnail hentry category-non-classifiee\">\n\t\t\t<div class=\"elementor-post__card\">\n\t\t\t\t<a class=\"elementor-post__thumbnail__link\" href=\"https:\/\/zentrum-garage.ch\/fr\/marquage-des-places-de-stationnements\/\" ><div class=\"elementor-post__thumbnail\"><img loading=\"lazy\" decoding=\"async\" width=\"300\" height=\"169\" src=\"https:\/\/zentrum-garage.ch\/wp-content\/uploads\/2018\/05\/GzD_Parkplatz-e1554792248578-300x169.jpg\" class=\"attachment-medium size-medium wp-image-1577\" alt=\"Marquage des parkings\" srcset=\"https:\/\/zentrum-garage.ch\/wp-content\/uploads\/2018\/05\/GzD_Parkplatz-e1554792248578-300x169.jpg 300w, https:\/\/zentrum-garage.ch\/wp-content\/uploads\/2018\/05\/GzD_Parkplatz-e1554792248578-230x129.jpg 230w, https:\/\/zentrum-garage.ch\/wp-content\/uploads\/2018\/05\/GzD_Parkplatz-e1554792248578-350x197.jpg 350w, https:\/\/zentrum-garage.ch\/wp-content\/uploads\/2018\/05\/GzD_Parkplatz-e1554792248578-480x270.jpg 480w, https:\/\/zentrum-garage.ch\/wp-content\/uploads\/2018\/05\/GzD_Parkplatz-e1554792248578.jpg 636w\" sizes=\"(max-width: 300px) 100vw, 300px\" \/><\/div><\/a>\n\t\t\t\t<div class=\"elementor-post__text\">\n\t\t\t\t<h3 class=\"elementor-post__title\">\n\t\t\t<a href=\"https:\/\/zentrum-garage.ch\/fr\/marquage-des-places-de-stationnements\/\" >\n\t\t\t\tMarquage des places de stationnements\t\t\t<\/a>\n\t\t<\/h3>\n\t\t\t\t<div class=\"elementor-post__excerpt\">\n\t\t\t<p>Les places de parking et leurs couleurs.<\/p>\n\t\t<\/div>\n\t\t\t\t\t<a class=\"elementor-post__read-more\" href=\"https:\/\/zentrum-garage.ch\/fr\/marquage-des-places-de-stationnements\/\" >\n\t\t\t\tContinuer la lecture \u00bb\t\t\t<\/a>\n\t\t\t\t<\/div>\n\t\t\t\t<div class=\"elementor-post__meta-data\">\n\t\t\t\t\t<span class=\"elementor-post-date\">\n\t\t\t11. avril 2019\t\t<\/span>\n\t\t\t\t<\/div>\n\t\t\t\t\t<\/div>\n\t\t<\/article>\n\t\t\t\t<article class=\"elementor-post elementor-grid-item post-1572 post type-post status-publish format-standard has-post-thumbnail hentry category-non-classifiee\">\n\t\t\t<div class=\"elementor-post__card\">\n\t\t\t\t<a class=\"elementor-post__thumbnail__link\" href=\"https:\/\/zentrum-garage.ch\/fr\/adblue\/\" ><div class=\"elementor-post__thumbnail\"><img loading=\"lazy\" decoding=\"async\" width=\"300\" height=\"221\" src=\"https:\/\/zentrum-garage.ch\/wp-content\/uploads\/2018\/05\/Adblue-300x221.jpg\" class=\"attachment-medium size-medium wp-image-1573\" alt=\"Symbole de l&#039;Adblue tank\" srcset=\"https:\/\/zentrum-garage.ch\/wp-content\/uploads\/2018\/05\/Adblue-300x221.jpg 300w, https:\/\/zentrum-garage.ch\/wp-content\/uploads\/2018\/05\/Adblue.jpg 517w\" sizes=\"(max-width: 300px) 100vw, 300px\" \/><\/div><\/a>\n\t\t\t\t<div class=\"elementor-post__text\">\n\t\t\t\t<h3 class=\"elementor-post__title\">\n\t\t\t<a href=\"https:\/\/zentrum-garage.ch\/fr\/adblue\/\" >\n\t\t\t\tAdBlue\t\t\t<\/a>\n\t\t<\/h3>\n\t\t\t\t<div class=\"elementor-post__excerpt\">\n\t\t\t<p>Veuillez ajouter de l&rsquo;AdBlue &#8211; encore 2&rsquo;400 km.<\/p>\n\t\t<\/div>\n\t\t\t\t\t<a class=\"elementor-post__read-more\" href=\"https:\/\/zentrum-garage.ch\/fr\/adblue\/\" >\n\t\t\t\tContinuer la lecture \u00bb\t\t\t<\/a>\n\t\t\t\t<\/div>\n\t\t\t\t<div class=\"elementor-post__meta-data\">\n\t\t\t\t\t<span class=\"elementor-post-date\">\n\t\t\t11. avril 2019\t\t<\/span>\n\t\t\t\t<\/div>\n\t\t\t\t\t<\/div>\n\t\t<\/article>\n\t\t\t\t<article class=\"elementor-post elementor-grid-item post-1568 post type-post status-publish format-standard has-post-thumbnail hentry category-non-classifiee\">\n\t\t\t<div class=\"elementor-post__card\">\n\t\t\t\t<a class=\"elementor-post__thumbnail__link\" href=\"https:\/\/zentrum-garage.ch\/fr\/changement-de-roues-et-de-pneus\/\" ><div class=\"elementor-post__thumbnail\"><img loading=\"lazy\" decoding=\"async\" width=\"300\" height=\"261\" src=\"https:\/\/zentrum-garage.ch\/wp-content\/uploads\/2018\/09\/Radwechsel-300x261.jpg\" class=\"attachment-medium size-medium wp-image-1569\" alt=\"Image pour le changement de roue des billets de blog\" srcset=\"https:\/\/zentrum-garage.ch\/wp-content\/uploads\/2018\/09\/Radwechsel-300x261.jpg 300w, https:\/\/zentrum-garage.ch\/wp-content\/uploads\/2018\/09\/Radwechsel-768x669.jpg 768w, https:\/\/zentrum-garage.ch\/wp-content\/uploads\/2018\/09\/Radwechsel-230x200.jpg 230w, https:\/\/zentrum-garage.ch\/wp-content\/uploads\/2018\/09\/Radwechsel-350x305.jpg 350w, https:\/\/zentrum-garage.ch\/wp-content\/uploads\/2018\/09\/Radwechsel-480x418.jpg 480w, https:\/\/zentrum-garage.ch\/wp-content\/uploads\/2018\/09\/Radwechsel.jpg 827w\" sizes=\"(max-width: 300px) 100vw, 300px\" \/><\/div><\/a>\n\t\t\t\t<div class=\"elementor-post__text\">\n\t\t\t\t<h3 class=\"elementor-post__title\">\n\t\t\t<a href=\"https:\/\/zentrum-garage.ch\/fr\/changement-de-roues-et-de-pneus\/\" >\n\t\t\t\tChangement de roues et de pneus\t\t\t<\/a>\n\t\t<\/h3>\n\t\t\t\t<div class=\"elementor-post__excerpt\">\n\t\t\t<p>La temp\u00e9rature d\u00e9termine le changement de pneus.<\/p>\n\t\t<\/div>\n\t\t\t\t\t<a class=\"elementor-post__read-more\" href=\"https:\/\/zentrum-garage.ch\/fr\/changement-de-roues-et-de-pneus\/\" >\n\t\t\t\tContinuer la lecture \u00bb\t\t\t<\/a>\n\t\t\t\t<\/div>\n\t\t\t\t<div class=\"elementor-post__meta-data\">\n\t\t\t\t\t<span class=\"elementor-post-date\">\n\t\t\t11. avril 2019\t\t<\/span>\n\t\t\t\t<\/div>\n\t\t\t\t\t<\/div>\n\t\t<\/article>\n\t\t\t\t<\/div>\n\n\n\t\t\n\t\t\t\t<\/div>\n\t\t\t\t<\/div>\n\t\t\t\t\t<\/div>\n\t\t<\/div>\n\t\t\t\t\t\t\t<\/div>\n\t\t<\/section>\n\t\t\t\t<section class=\"elementor-section elementor-top-section elementor-element elementor-element-4735dde elementor-section-boxed elementor-section-height-default elementor-section-height-default\" data-id=\"4735dde\" data-element_type=\"section\">\n\t\t\t\t\t\t<div class=\"elementor-container elementor-column-gap-default\">\n\t\t\t\t\t<div class=\"elementor-column elementor-col-100 elementor-top-column elementor-element elementor-element-195c84e\" data-id=\"195c84e\" data-element_type=\"column\">\n\t\t\t<div class=\"elementor-widget-wrap elementor-element-populated\">\n\t\t\t\t\t\t\t\t<div class=\"elementor-element elementor-element-20e162f elementor-widget-divider--view-line_icon elementor-view-default elementor-widget-divider--element-align-center elementor-widget elementor-widget-divider\" data-id=\"20e162f\" data-element_type=\"widget\" data-widget_type=\"divider.default\">\n\t\t\t\t<div class=\"elementor-widget-container\">\n\t\t\t\t\t<div class=\"elementor-divider\">\n\t\t\t<span class=\"elementor-divider-separator\">\n\t\t\t\t\t\t\t<div class=\"elementor-icon elementor-divider__element\">\n\t\t\t\t\t<i aria-hidden=\"true\" class=\"fas fa-car\"><\/i><\/div>\n\t\t\t\t\t\t<\/span>\n\t\t<\/div>\n\t\t\t\t<\/div>\n\t\t\t\t<\/div>\n\t\t\t\t\t<\/div>\n\t\t<\/div>\n\t\t\t\t\t\t\t<\/div>\n\t\t<\/section>\n\t\t\t\t<section class=\"elementor-section elementor-top-section elementor-element elementor-element-6de89b0a elementor-section-boxed elementor-section-height-default elementor-section-height-default\" data-id=\"6de89b0a\" data-element_type=\"section\">\n\t\t\t\t\t\t<div class=\"elementor-container elementor-column-gap-default\">\n\t\t\t\t\t<div class=\"elementor-column elementor-col-100 elementor-top-column elementor-element elementor-element-1ca0a46a\" data-id=\"1ca0a46a\" data-element_type=\"column\">\n\t\t\t<div class=\"elementor-widget-wrap elementor-element-populated\">\n\t\t\t\t\t\t\t\t<div class=\"elementor-element elementor-element-41ff8939 elementor-widget elementor-widget-heading\" data-id=\"41ff8939\" data-element_type=\"widget\" data-widget_type=\"heading.default\">\n\t\t\t\t<div class=\"elementor-widget-container\">\n\t\t\t<h2 class=\"elementor-heading-title elementor-size-default\">Vous avez une question ?<\/h2>\t\t<\/div>\n\t\t\t\t<\/div>\n\t\t\t\t<div class=\"elementor-element elementor-element-21371f0a elementor-cta--valign-top elementor-cta--layout-image-above elementor-cta--skin-classic elementor-animated-content elementor-bg-transform elementor-bg-transform-zoom-in elementor-widget elementor-widget-call-to-action\" data-id=\"21371f0a\" data-element_type=\"widget\" data-widget_type=\"call-to-action.default\">\n\t\t\t\t<div class=\"elementor-widget-container\">\n\t\t\t\t\t<div class=\"elementor-cta\">\n\t\t\t\t\t\t\t<div class=\"elementor-cta__content\">\n\t\t\t\t\t\t\t\t\t<div class=\"elementor-content-item elementor-cta__content-item elementor-icon-wrapper elementor-cta__icon elementor-view-default\">\n\t\t\t\t\t\t<div class=\"elementor-icon\">\n\t\t\t\t\t\t\t<i aria-hidden=\"true\" class=\"far fa-question-circle\"><\/i>\t\t\t\t\t\t<\/div>\n\t\t\t\t\t<\/div>\n\t\t\t\t\n\t\t\t\t<h2 class=\"elementor-cta__title elementor-cta__content-item elementor-content-item\">Question ?<\/h2>\n\t\t\t\t\t\t\t\t\t<div class=\"elementor-cta__description elementor-cta__content-item elementor-content-item\">\n\t\t\t\t\t\t<p>Vous avez une question concernant un article de blog ou vous avez besoin d'un renseignement technique ?<br \/>\nNous nous ferons un plaisir de vous aider.<\/p>\n\t\t\t\t\t<\/div>\n\t\t\t\t\n\t\t\t\t\t\t\t\t\t<div class=\"elementor-cta__button-wrapper elementor-cta__content-item elementor-content-item \">\n\t\t\t\t\t<a class=\"elementor-cta__button elementor-button elementor-size-sm\" href=\"https:\/\/zentrum-garage.ch\/fr\/contact\/\" target=\"_blank\">\n\t\t\t\t\t\tNous contacter\t\t\t\t\t<\/a>\n\t\t\t\t\t<\/div>\n\t\t\t\t\t\t\t<\/div>\n\t\t\t\t\t\t<\/div>\n\t\t\t\t<\/div>\n\t\t\t\t<\/div>\n\t\t\t\t\t<\/div>\n\t\t<\/div>\n\t\t\t\t\t\t\t<\/div>\n\t\t<\/section>\n\t\t\t\t<section class=\"elementor-section elementor-top-section elementor-element elementor-element-34c964e2 elementor-section-boxed elementor-section-height-default elementor-section-height-default\" data-id=\"34c964e2\" data-element_type=\"section\">\n\t\t\t\t\t\t<div class=\"elementor-container elementor-column-gap-default\">\n\t\t\t\t\t<div class=\"elementor-column elementor-col-100 elementor-top-column elementor-element elementor-element-67a1d578\" data-id=\"67a1d578\" data-element_type=\"column\">\n\t\t\t<div class=\"elementor-widget-wrap elementor-element-populated\">\n\t\t\t\t\t\t\t\t<div class=\"elementor-element elementor-element-6497ca9f elementor-view-default elementor-widget elementor-widget-icon\" data-id=\"6497ca9f\" data-element_type=\"widget\" data-widget_type=\"icon.default\">\n\t\t\t\t<div class=\"elementor-widget-container\">\n\t\t\t\t\t<div class=\"elementor-icon-wrapper\">\n\t\t\t<a class=\"elementor-icon\" href=\"#up\">\n\t\t\t<i aria-hidden=\"true\" class=\"fas fa-arrow-up\"><\/i>\t\t\t<\/a>\n\t\t<\/div>\n\t\t\t\t<\/div>\n\t\t\t\t<\/div>\n\t\t\t\t\t<\/div>\n\t\t<\/div>\n\t\t\t\t\t\t\t<\/div>\n\t\t<\/section>\n\t\t\t\t\t\t\t<\/div>\n\t\t","protected":false},"excerpt":{"rendered":"<p>Actualit\u00e9s et informations utiles Nous nous faisons un plaisir de vous informer et de vous orienter dans la jungle des th\u00e8mes li\u00e9s aux v\u00e9hicules. Pour que vous puissiez profiter de vos trajets en toute s\u00e9r\u00e9nit\u00e9. Actualit\u00e9s du blog Vous avez une question ? Question ? Vous avez une question concernant un article de blog ou [&hellip;]<\/p>\n","protected":false},"author":1,"featured_media":0,"parent":0,"menu_order":0,"comment_status":"closed","ping_status":"closed","template":"elementor_header_footer","meta":{"inline_featured_image":false,"footnotes":""},"aioseo_notices":[],"_links":{"self":[{"href":"https:\/\/zentrum-garage.ch\/fr\/wp-json\/wp\/v2\/pages\/1453"}],"collection":[{"href":"https:\/\/zentrum-garage.ch\/fr\/wp-json\/wp\/v2\/pages"}],"about":[{"href":"https:\/\/zentrum-garage.ch\/fr\/wp-json\/wp\/v2\/types\/page"}],"author":[{"embeddable":true,"href":"https:\/\/zentrum-garage.ch\/fr\/wp-json\/wp\/v2\/users\/1"}],"replies":[{"embeddable":true,"href":"https:\/\/zentrum-garage.ch\/fr\/wp-json\/wp\/v2\/comments?post=1453"}],"version-history":[{"count":4,"href":"https:\/\/zentrum-garage.ch\/fr\/wp-json\/wp\/v2\/pages\/1453\/revisions"}],"predecessor-version":[{"id":37993,"href":"https:\/\/zentrum-garage.ch\/fr\/wp-json\/wp\/v2\/pages\/1453\/revisions\/37993"}],"wp:attachment":[{"href":"https:\/\/zentrum-garage.ch\/fr\/wp-json\/wp\/v2\/media?parent=1453"}],"curies":[{"name":"wp","href":"https:\/\/api.w.org\/{rel}","templated":true}]}}