{"id":1539,"date":"2019-04-11T08:27:20","date_gmt":"2019-04-11T08:27:20","guid":{"rendered":"http:\/\/zentrum-garage.ch\/assistance-en-cas-de-panne-et-daccident\/"},"modified":"2026-03-03T05:31:24","modified_gmt":"2026-03-03T05:31:24","slug":"assistance-en-cas-de-panne-et-daccident","status":"publish","type":"page","link":"https:\/\/zentrum-garage.ch\/fr\/assistance-en-cas-de-panne-et-daccident\/","title":{"rendered":"Assistance en cas de panne et d\u2019accident"},"content":{"rendered":"\t\t<div data-elementor-type=\"wp-post\" data-elementor-id=\"1539\" class=\"elementor elementor-1539 elementor-2\">\n\t\t\t\t\t\t\t\t\t<section class=\"elementor-section elementor-top-section elementor-element elementor-element-7cc6bf05 elementor-section-full_width elementor-section-height-min-height elementor-section-stretched elementor-section-height-default elementor-section-items-middle\" data-id=\"7cc6bf05\" data-element_type=\"section\" data-settings=\"{&quot;stretch_section&quot;:&quot;section-stretched&quot;}\">\n\t\t\t\t\t\t\t<div class=\"elementor-background-overlay\"><\/div>\n\t\t\t\t\t\t\t<div class=\"elementor-container elementor-column-gap-default\">\n\t\t\t\t\t<div class=\"elementor-column elementor-col-100 elementor-top-column elementor-element elementor-element-39f91498\" data-id=\"39f91498\" data-element_type=\"column\">\n\t\t\t<div class=\"elementor-widget-wrap elementor-element-populated\">\n\t\t\t\t\t\t\t\t<div class=\"elementor-element elementor-element-1042f39 elementor-widget elementor-widget-menu-anchor\" data-id=\"1042f39\" data-element_type=\"widget\" data-widget_type=\"menu-anchor.default\">\n\t\t\t\t<div class=\"elementor-widget-container\">\n\t\t\t\t\t<div id=\"up\" class=\"elementor-menu-anchor\"><\/div>\n\t\t\t\t<\/div>\n\t\t\t\t<\/div>\n\t\t\t\t<div class=\"elementor-element elementor-element-6753d068 elementor-widget__width-inherit elementor-widget elementor-widget-image\" data-id=\"6753d068\" data-element_type=\"widget\" data-widget_type=\"image.default\">\n\t\t\t\t<div class=\"elementor-widget-container\">\n\t\t\t\t\t\t\t\t\t\t\t\t\t\t\t<img loading=\"lazy\" decoding=\"async\" width=\"3264\" height=\"2448\" src=\"https:\/\/zentrum-garage.ch\/wp-content\/uploads\/2019\/02\/Foto-18.02.19-11-36-24.jpg\" class=\"attachment-full size-full wp-image-1458\" alt=\"Photo de la demande AutoAssistance Walther\" srcset=\"https:\/\/zentrum-garage.ch\/wp-content\/uploads\/2019\/02\/Foto-18.02.19-11-36-24.jpg 3264w, https:\/\/zentrum-garage.ch\/wp-content\/uploads\/2019\/02\/Foto-18.02.19-11-36-24-300x225.jpg 300w, https:\/\/zentrum-garage.ch\/wp-content\/uploads\/2019\/02\/Foto-18.02.19-11-36-24-768x576.jpg 768w, https:\/\/zentrum-garage.ch\/wp-content\/uploads\/2019\/02\/Foto-18.02.19-11-36-24-1024x768.jpg 1024w, https:\/\/zentrum-garage.ch\/wp-content\/uploads\/2019\/02\/Foto-18.02.19-11-36-24-830x623.jpg 830w, https:\/\/zentrum-garage.ch\/wp-content\/uploads\/2019\/02\/Foto-18.02.19-11-36-24-230x173.jpg 230w, https:\/\/zentrum-garage.ch\/wp-content\/uploads\/2019\/02\/Foto-18.02.19-11-36-24-350x263.jpg 350w, https:\/\/zentrum-garage.ch\/wp-content\/uploads\/2019\/02\/Foto-18.02.19-11-36-24-480x360.jpg 480w\" sizes=\"(max-width: 3264px) 100vw, 3264px\" \/>\t\t\t\t\t\t\t\t\t\t\t\t\t\t\t<\/div>\n\t\t\t\t<\/div>\n\t\t\t\t\t<\/div>\n\t\t<\/div>\n\t\t\t\t\t\t\t<\/div>\n\t\t<\/section>\n\t\t\t\t<section class=\"elementor-section elementor-top-section elementor-element elementor-element-f6840ee elementor-section-boxed elementor-section-height-default elementor-section-height-default\" data-id=\"f6840ee\" data-element_type=\"section\">\n\t\t\t\t\t\t<div class=\"elementor-container elementor-column-gap-default\">\n\t\t\t\t\t<div class=\"elementor-column elementor-col-100 elementor-top-column elementor-element elementor-element-f972120\" data-id=\"f972120\" data-element_type=\"column\">\n\t\t\t<div class=\"elementor-widget-wrap elementor-element-populated\">\n\t\t\t\t\t\t\t\t<div class=\"elementor-element elementor-element-6a45e97 elementor-widget elementor-widget-heading\" data-id=\"6a45e97\" data-element_type=\"widget\" data-widget_type=\"heading.default\">\n\t\t\t\t<div class=\"elementor-widget-container\">\n\t\t\t<h1 class=\"elementor-heading-title elementor-size-default\">Assistance en cas de panne et d\u2019accident<\/h1>\t\t<\/div>\n\t\t\t\t<\/div>\n\t\t\t\t\t<\/div>\n\t\t<\/div>\n\t\t\t\t\t\t\t<\/div>\n\t\t<\/section>\n\t\t\t\t<section class=\"elementor-section elementor-top-section elementor-element elementor-element-c01d4ae elementor-section-boxed elementor-section-height-default elementor-section-height-default\" data-id=\"c01d4ae\" data-element_type=\"section\">\n\t\t\t\t\t\t<div class=\"elementor-container elementor-column-gap-default\">\n\t\t\t\t\t<div class=\"elementor-column elementor-col-100 elementor-top-column elementor-element elementor-element-e3f2689\" data-id=\"e3f2689\" data-element_type=\"column\">\n\t\t\t<div class=\"elementor-widget-wrap elementor-element-populated\">\n\t\t\t\t\t\t\t\t<div class=\"elementor-element elementor-element-f377300 elementor-widget elementor-widget-text-editor\" data-id=\"f377300\" data-element_type=\"widget\" data-widget_type=\"text-editor.default\">\n\t\t\t\t<div class=\"elementor-widget-container\">\n\t\t\t\t\t\t\t<p>AutoAssistance Walther a \u00e9t\u00e9 cr\u00e9\u00e9e en 1996 par Adrian Walther. Depuis, nos d\u00e9panneurs ont remorqu\u00e9, secouru, sorti de la rivi\u00e8re, transport\u00e9 ou r\u00e9par\u00e9 sur place d&rsquo;innombrables v\u00e9hicules. AutoAssistance est le partenaire r\u00e9gional \u00e0 Fribourg et dans les environs pour les assurances, les clubs automobiles, les constructeurs automobiles, les particuliers et la police. Qu&rsquo;il s&rsquo;agisse d&rsquo;une panne ou d&rsquo;un accident, les d\u00e9panneurs d&rsquo;AutoAssistance sillonnent les routes et les autoroutes 24 heures sur 24, tous les jours.<\/p>\n\t\t\t\t\t\t<\/div>\n\t\t\t\t<\/div>\n\t\t\t\t\t<\/div>\n\t\t<\/div>\n\t\t\t\t\t\t\t<\/div>\n\t\t<\/section>\n\t\t\t\t<section class=\"elementor-section elementor-top-section elementor-element elementor-element-dded870 elementor-section-boxed elementor-section-height-default elementor-section-height-default\" data-id=\"dded870\" data-element_type=\"section\">\n\t\t\t\t\t\t<div class=\"elementor-container elementor-column-gap-default\">\n\t\t\t\t\t<div class=\"elementor-column elementor-col-100 elementor-top-column elementor-element elementor-element-1ec9cb5a\" data-id=\"1ec9cb5a\" data-element_type=\"column\">\n\t\t\t<div class=\"elementor-widget-wrap elementor-element-populated\">\n\t\t\t\t\t\t\t\t<div class=\"elementor-element elementor-element-605a6b6d elementor-widget-divider--view-line_icon elementor-view-default elementor-widget-divider--element-align-center elementor-widget elementor-widget-divider\" data-id=\"605a6b6d\" data-element_type=\"widget\" data-widget_type=\"divider.default\">\n\t\t\t\t<div class=\"elementor-widget-container\">\n\t\t\t\t\t<div class=\"elementor-divider\">\n\t\t\t<span class=\"elementor-divider-separator\">\n\t\t\t\t\t\t\t<div class=\"elementor-icon elementor-divider__element\">\n\t\t\t\t\t<i aria-hidden=\"true\" class=\"fas fa-car\"><\/i><\/div>\n\t\t\t\t\t\t<\/span>\n\t\t<\/div>\n\t\t\t\t<\/div>\n\t\t\t\t<\/div>\n\t\t\t\t\t<\/div>\n\t\t<\/div>\n\t\t\t\t\t\t\t<\/div>\n\t\t<\/section>\n\t\t\t\t<section class=\"elementor-section elementor-top-section elementor-element elementor-element-f32a0f2 elementor-section-boxed elementor-section-height-default elementor-section-height-default\" data-id=\"f32a0f2\" data-element_type=\"section\">\n\t\t\t\t\t\t<div class=\"elementor-container elementor-column-gap-default\">\n\t\t\t\t\t<div class=\"elementor-column elementor-col-100 elementor-top-column elementor-element elementor-element-eb9b911\" data-id=\"eb9b911\" data-element_type=\"column\">\n\t\t\t<div class=\"elementor-widget-wrap elementor-element-populated\">\n\t\t\t\t\t\t\t\t<div class=\"elementor-element elementor-element-5ca39ef elementor-widget elementor-widget-heading\" data-id=\"5ca39ef\" data-element_type=\"widget\" data-widget_type=\"heading.default\">\n\t\t\t\t<div class=\"elementor-widget-container\">\n\t\t\t<h2 class=\"elementor-heading-title elementor-size-default\">Services d'AutoAssistance 24h<\/h2>\t\t<\/div>\n\t\t\t\t<\/div>\n\t\t\t\t\t<\/div>\n\t\t<\/div>\n\t\t\t\t\t\t\t<\/div>\n\t\t<\/section>\n\t\t\t\t<section class=\"elementor-section elementor-top-section elementor-element elementor-element-60192902 elementor-section-boxed elementor-section-height-default elementor-section-height-default\" data-id=\"60192902\" data-element_type=\"section\">\n\t\t\t\t\t\t<div class=\"elementor-container elementor-column-gap-default\">\n\t\t\t\t\t<div class=\"elementor-column elementor-col-66 elementor-top-column elementor-element elementor-element-6ddeaf8e\" data-id=\"6ddeaf8e\" data-element_type=\"column\">\n\t\t\t<div class=\"elementor-widget-wrap elementor-element-populated\">\n\t\t\t\t\t\t\t\t<div class=\"elementor-element elementor-element-ce4016 elementor-icon-list--layout-traditional elementor-list-item-link-full_width elementor-widget elementor-widget-icon-list\" data-id=\"ce4016\" data-element_type=\"widget\" data-widget_type=\"icon-list.default\">\n\t\t\t\t<div class=\"elementor-widget-container\">\n\t\t\t\t\t<ul class=\"elementor-icon-list-items\">\n\t\t\t\t\t\t\t<li class=\"elementor-icon-list-item\">\n\t\t\t\t\t\t\t\t\t\t\t<span class=\"elementor-icon-list-icon\">\n\t\t\t\t\t\t\t<i aria-hidden=\"true\" class=\"fas fa-car-side\"><\/i>\t\t\t\t\t\t<\/span>\n\t\t\t\t\t\t\t\t\t\t<span class=\"elementor-icon-list-text\">D\u00e9pannage sur place<\/span>\n\t\t\t\t\t\t\t\t\t<\/li>\n\t\t\t\t\t\t\t\t<li class=\"elementor-icon-list-item\">\n\t\t\t\t\t\t\t\t\t\t\t<span class=\"elementor-icon-list-icon\">\n\t\t\t\t\t\t\t<i aria-hidden=\"true\" class=\"fas fa-car-side\"><\/i>\t\t\t\t\t\t<\/span>\n\t\t\t\t\t\t\t\t\t\t<span class=\"elementor-icon-list-text\">Service de remorquage et aide en cas d'accident<\/span>\n\t\t\t\t\t\t\t\t\t<\/li>\n\t\t\t\t\t\t\t\t<li class=\"elementor-icon-list-item\">\n\t\t\t\t\t\t\t\t\t\t\t<span class=\"elementor-icon-list-icon\">\n\t\t\t\t\t\t\t<i aria-hidden=\"true\" class=\"fas fa-car-side\"><\/i>\t\t\t\t\t\t<\/span>\n\t\t\t\t\t\t\t\t\t\t<span class=\"elementor-icon-list-text\">Service Pick-up<\/span>\n\t\t\t\t\t\t\t\t\t<\/li>\n\t\t\t\t\t\t\t\t<li class=\"elementor-icon-list-item\">\n\t\t\t\t\t\t\t\t\t\t\t<span class=\"elementor-icon-list-icon\">\n\t\t\t\t\t\t\t<i aria-hidden=\"true\" class=\"fas fa-car-side\"><\/i>\t\t\t\t\t\t<\/span>\n\t\t\t\t\t\t\t\t\t\t<span class=\"elementor-icon-list-text\">V\u00e9hicules de location et de remplacement (voitures, camionnettes, bus)<\/span>\n\t\t\t\t\t\t\t\t\t<\/li>\n\t\t\t\t\t\t\t\t<li class=\"elementor-icon-list-item\">\n\t\t\t\t\t\t\t\t\t\t\t<span class=\"elementor-icon-list-icon\">\n\t\t\t\t\t\t\t<i aria-hidden=\"true\" class=\"fas fa-car-side\"><\/i>\t\t\t\t\t\t<\/span>\n\t\t\t\t\t\t\t\t\t\t<span class=\"elementor-icon-list-text\">Organisation de taxi, h\u00f4tel, etc<\/span>\n\t\t\t\t\t\t\t\t\t<\/li>\n\t\t\t\t\t\t\t\t<li class=\"elementor-icon-list-item\">\n\t\t\t\t\t\t\t\t\t\t\t<span class=\"elementor-icon-list-icon\">\n\t\t\t\t\t\t\t<i aria-hidden=\"true\" class=\"fas fa-car-side\"><\/i>\t\t\t\t\t\t<\/span>\n\t\t\t\t\t\t\t\t\t\t<span class=\"elementor-icon-list-text\">Expertise des dommages<\/span>\n\t\t\t\t\t\t\t\t\t<\/li>\n\t\t\t\t\t\t\t\t<li class=\"elementor-icon-list-item\">\n\t\t\t\t\t\t\t\t\t\t\t<span class=\"elementor-icon-list-icon\">\n\t\t\t\t\t\t\t<i aria-hidden=\"true\" class=\"fas fa-car-side\"><\/i>\t\t\t\t\t\t<\/span>\n\t\t\t\t\t\t\t\t\t\t<span class=\"elementor-icon-list-text\">Centrale d'intervention avec alimentation \u00e9lectrique de secours<\/span>\n\t\t\t\t\t\t\t\t\t<\/li>\n\t\t\t\t\t\t\t\t<li class=\"elementor-icon-list-item\">\n\t\t\t\t\t\t\t\t\t\t\t<span class=\"elementor-icon-list-icon\">\n\t\t\t\t\t\t\t<i aria-hidden=\"true\" class=\"fas fa-car-side\"><\/i>\t\t\t\t\t\t<\/span>\n\t\t\t\t\t\t\t\t\t\t<span class=\"elementor-icon-list-text\">Missions de transport en Suisse et \u00e0 l'\u00e9tranger<\/span>\n\t\t\t\t\t\t\t\t\t<\/li>\n\t\t\t\t\t\t\t\t<li class=\"elementor-icon-list-item\">\n\t\t\t\t\t\t\t\t\t\t\t<span class=\"elementor-icon-list-icon\">\n\t\t\t\t\t\t\t<i aria-hidden=\"true\" class=\"fas fa-car-side\"><\/i>\t\t\t\t\t\t<\/span>\n\t\t\t\t\t\t\t\t\t\t<span class=\"elementor-icon-list-text\">Domaine d'utilisation jusqu'\u00e0 un poids total de 3,5 t<\/span>\n\t\t\t\t\t\t\t\t\t<\/li>\n\t\t\t\t\t\t\t\t<li class=\"elementor-icon-list-item\">\n\t\t\t\t\t\t\t\t\t\t\t<span class=\"elementor-icon-list-icon\">\n\t\t\t\t\t\t\t<i aria-hidden=\"true\" class=\"fas fa-car-side\"><\/i>\t\t\t\t\t\t<\/span>\n\t\t\t\t\t\t\t\t\t\t<span class=\"elementor-icon-list-text\">Rapatriement de personnes<\/span>\n\t\t\t\t\t\t\t\t\t<\/li>\n\t\t\t\t\t\t\t\t<li class=\"elementor-icon-list-item\">\n\t\t\t\t\t\t\t\t\t\t\t<span class=\"elementor-icon-list-icon\">\n\t\t\t\t\t\t\t<i aria-hidden=\"true\" class=\"fas fa-car-side\"><\/i>\t\t\t\t\t\t<\/span>\n\t\t\t\t\t\t\t\t\t\t<span class=\"elementor-icon-list-text\">Envoi de pi\u00e8ces d\u00e9tach\u00e9es dans le monde entier<\/span>\n\t\t\t\t\t\t\t\t\t<\/li>\n\t\t\t\t\t\t<\/ul>\n\t\t\t\t<\/div>\n\t\t\t\t<\/div>\n\t\t\t\t<div class=\"elementor-element elementor-element-038d3ab elementor-widget elementor-widget-text-editor\" data-id=\"038d3ab\" data-element_type=\"widget\" data-widget_type=\"text-editor.default\">\n\t\t\t\t<div class=\"elementor-widget-container\">\n\t\t\t\t\t\t\t<p>Nos d\u00e9panneurs parlent les langues suivantes : fran\u00e7ais, allemand, anglais, portugais et albanais.<\/p>\n\t\t\t\t\t\t<\/div>\n\t\t\t\t<\/div>\n\t\t\t\t\t<\/div>\n\t\t<\/div>\n\t\t\t\t<div class=\"elementor-column elementor-col-33 elementor-top-column elementor-element elementor-element-28daa686\" data-id=\"28daa686\" data-element_type=\"column\">\n\t\t\t<div class=\"elementor-widget-wrap elementor-element-populated\">\n\t\t\t\t\t\t\t\t<div class=\"elementor-element elementor-element-c85a7e2 elementor-widget elementor-widget-image\" data-id=\"c85a7e2\" data-element_type=\"widget\" data-widget_type=\"image.default\">\n\t\t\t\t<div class=\"elementor-widget-container\">\n\t\t\t\t\t\t\t\t\t\t\t\t\t\t\t<img loading=\"lazy\" decoding=\"async\" width=\"1000\" height=\"147\" src=\"https:\/\/zentrum-garage.ch\/wp-content\/uploads\/2022\/10\/logo_aa_walther_web_1000px.png\" class=\"attachment-large size-large wp-image-37779\" alt=\"\" srcset=\"https:\/\/zentrum-garage.ch\/wp-content\/uploads\/2022\/10\/logo_aa_walther_web_1000px.png 1000w, https:\/\/zentrum-garage.ch\/wp-content\/uploads\/2022\/10\/logo_aa_walther_web_1000px-300x44.png 300w, https:\/\/zentrum-garage.ch\/wp-content\/uploads\/2022\/10\/logo_aa_walther_web_1000px-768x113.png 768w, https:\/\/zentrum-garage.ch\/wp-content\/uploads\/2022\/10\/logo_aa_walther_web_1000px-830x122.png 830w, https:\/\/zentrum-garage.ch\/wp-content\/uploads\/2022\/10\/logo_aa_walther_web_1000px-230x34.png 230w, https:\/\/zentrum-garage.ch\/wp-content\/uploads\/2022\/10\/logo_aa_walther_web_1000px-350x51.png 350w, https:\/\/zentrum-garage.ch\/wp-content\/uploads\/2022\/10\/logo_aa_walther_web_1000px-480x71.png 480w\" sizes=\"(max-width: 1000px) 100vw, 1000px\" \/>\t\t\t\t\t\t\t\t\t\t\t\t\t\t\t<\/div>\n\t\t\t\t<\/div>\n\t\t\t\t\t<\/div>\n\t\t<\/div>\n\t\t\t\t\t\t\t<\/div>\n\t\t<\/section>\n\t\t\t\t<section class=\"elementor-section elementor-top-section elementor-element elementor-element-2da581ed elementor-section-boxed elementor-section-height-default elementor-section-height-default\" data-id=\"2da581ed\" data-element_type=\"section\">\n\t\t\t\t\t\t<div class=\"elementor-container elementor-column-gap-default\">\n\t\t\t\t\t<div class=\"elementor-column elementor-col-100 elementor-top-column elementor-element elementor-element-75daa96d\" data-id=\"75daa96d\" data-element_type=\"column\">\n\t\t\t<div class=\"elementor-widget-wrap elementor-element-populated\">\n\t\t\t\t\t\t\t\t<div class=\"elementor-element elementor-element-6532a61d elementor-widget-divider--view-line_icon elementor-view-default elementor-widget-divider--element-align-center elementor-widget elementor-widget-divider\" data-id=\"6532a61d\" data-element_type=\"widget\" data-widget_type=\"divider.default\">\n\t\t\t\t<div class=\"elementor-widget-container\">\n\t\t\t\t\t<div class=\"elementor-divider\">\n\t\t\t<span class=\"elementor-divider-separator\">\n\t\t\t\t\t\t\t<div class=\"elementor-icon elementor-divider__element\">\n\t\t\t\t\t<i aria-hidden=\"true\" class=\"fas fa-car\"><\/i><\/div>\n\t\t\t\t\t\t<\/span>\n\t\t<\/div>\n\t\t\t\t<\/div>\n\t\t\t\t<\/div>\n\t\t\t\t\t<\/div>\n\t\t<\/div>\n\t\t\t\t\t\t\t<\/div>\n\t\t<\/section>\n\t\t\t\t<section class=\"elementor-section elementor-top-section elementor-element elementor-element-4b62f5d elementor-section-boxed elementor-section-height-default elementor-section-height-default\" data-id=\"4b62f5d\" data-element_type=\"section\">\n\t\t\t\t\t\t<div class=\"elementor-container elementor-column-gap-default\">\n\t\t\t\t\t<div class=\"elementor-column elementor-col-100 elementor-top-column elementor-element elementor-element-7dde730\" data-id=\"7dde730\" data-element_type=\"column\">\n\t\t\t<div class=\"elementor-widget-wrap elementor-element-populated\">\n\t\t\t\t\t\t\t\t<div class=\"elementor-element elementor-element-80b6dbc elementor-widget elementor-widget-heading\" data-id=\"80b6dbc\" data-element_type=\"widget\" data-widget_type=\"heading.default\">\n\t\t\t\t<div class=\"elementor-widget-container\">\n\t\t\t<h3 class=\"elementor-heading-title elementor-size-default\">Fiche d'information pour les personnes impliqu\u00e9es dans un accident<\/h3>\t\t<\/div>\n\t\t\t\t<\/div>\n\t\t\t\t\t<\/div>\n\t\t<\/div>\n\t\t\t\t\t\t\t<\/div>\n\t\t<\/section>\n\t\t\t\t<section class=\"elementor-section elementor-top-section elementor-element elementor-element-d46e0db elementor-section-boxed elementor-section-height-default elementor-section-height-default\" data-id=\"d46e0db\" data-element_type=\"section\">\n\t\t\t\t\t\t<div class=\"elementor-container elementor-column-gap-default\">\n\t\t\t\t\t<div class=\"elementor-column elementor-col-50 elementor-top-column elementor-element elementor-element-95f08da\" data-id=\"95f08da\" data-element_type=\"column\">\n\t\t\t<div class=\"elementor-widget-wrap elementor-element-populated\">\n\t\t\t\t\t\t\t\t<div class=\"elementor-element elementor-element-045edb6 elementor-widget elementor-widget-text-editor\" data-id=\"045edb6\" data-element_type=\"widget\" data-widget_type=\"text-editor.default\">\n\t\t\t\t<div class=\"elementor-widget-container\">\n\t\t\t\t\t\t\t<p>Un accident de la circulation n\u2019est par chance pas un \u00e9v\u00e9nement de tous les jours. Nous vous soutenons avec toute notre exp\u00e9rience pour tout ce qui concerne le r\u00e8glement des d\u00e9g\u00e2ts au v\u00e9hicule et les questions d\u2019organisation y relatives. Pour une gestion du sinistre rapide et efficace ainsi que pour \u00e9viter les doublons, veuillez lire la brochure suivante :<\/p>\n\t\t\t\t\t\t<\/div>\n\t\t\t\t<\/div>\n\t\t\t\t\t<\/div>\n\t\t<\/div>\n\t\t\t\t<div class=\"elementor-column elementor-col-50 elementor-top-column elementor-element elementor-element-9cd1f9b\" data-id=\"9cd1f9b\" data-element_type=\"column\">\n\t\t\t<div class=\"elementor-widget-wrap elementor-element-populated\">\n\t\t\t\t\t\t\t\t<div class=\"elementor-element elementor-element-5ae91e8e elementor-cta--valign-top elementor-cta--layout-image-above elementor-cta--skin-classic elementor-animated-content elementor-bg-transform elementor-bg-transform-zoom-in elementor-widget elementor-widget-call-to-action\" data-id=\"5ae91e8e\" data-element_type=\"widget\" data-widget_type=\"call-to-action.default\">\n\t\t\t\t<div class=\"elementor-widget-container\">\n\t\t\t\t\t<div class=\"elementor-cta\">\n\t\t\t\t\t\t\t<div class=\"elementor-cta__content\">\n\t\t\t\t\t\t\t\t\t<div class=\"elementor-content-item elementor-cta__content-item elementor-icon-wrapper elementor-cta__icon elementor-view-default\">\n\t\t\t\t\t\t<div class=\"elementor-icon\">\n\t\t\t\t\t\t\t<i aria-hidden=\"true\" class=\"fas fa-download\"><\/i>\t\t\t\t\t\t<\/div>\n\t\t\t\t\t<\/div>\n\t\t\t\t\n\t\t\t\t<h2 class=\"elementor-cta__title elementor-cta__content-item elementor-content-item\">Fiche d'information pour les personnes impliqu\u00e9es dans un accident<\/h2>\n\t\t\t\t\t\t\t\t\t<div class=\"elementor-cta__description elementor-cta__content-item elementor-content-item\">\n\t\t\t\t\t\t<p>Informations concernant la gestion des sinistres de votre v\u00e9hicule.<\/p>\n\t\t\t\t\t<\/div>\n\t\t\t\t\n\t\t\t\t\t\t\t\t\t<div class=\"elementor-cta__button-wrapper elementor-cta__content-item elementor-content-item \">\n\t\t\t\t\t<a class=\"elementor-cta__button elementor-button elementor-size-sm\" href=\"https:\/\/zentrum-garage.ch\/wp-content\/uploads\/2022\/09\/Merkblatt-fuer-Unfallbeteiligte_Version-09_2022.pdf\" target=\"_blank\">\n\t\t\t\t\t\tT\u00e9l\u00e9charger la fiche d'information\t\t\t\t\t<\/a>\n\t\t\t\t\t<\/div>\n\t\t\t\t\t\t\t<\/div>\n\t\t\t\t\t\t<\/div>\n\t\t\t\t<\/div>\n\t\t\t\t<\/div>\n\t\t\t\t\t<\/div>\n\t\t<\/div>\n\t\t\t\t\t\t\t<\/div>\n\t\t<\/section>\n\t\t\t\t<section class=\"elementor-section elementor-top-section elementor-element elementor-element-6d42d872 elementor-section-boxed elementor-section-height-default elementor-section-height-default\" data-id=\"6d42d872\" data-element_type=\"section\">\n\t\t\t\t\t\t<div class=\"elementor-container elementor-column-gap-default\">\n\t\t\t\t\t<div class=\"elementor-column elementor-col-100 elementor-top-column elementor-element elementor-element-52b982ea\" data-id=\"52b982ea\" data-element_type=\"column\">\n\t\t\t<div class=\"elementor-widget-wrap elementor-element-populated\">\n\t\t\t\t\t\t\t\t<div class=\"elementor-element elementor-element-1ef08db2 elementor-view-default elementor-widget elementor-widget-icon\" data-id=\"1ef08db2\" data-element_type=\"widget\" data-widget_type=\"icon.default\">\n\t\t\t\t<div class=\"elementor-widget-container\">\n\t\t\t\t\t<div class=\"elementor-icon-wrapper\">\n\t\t\t<a class=\"elementor-icon\" href=\"#up\">\n\t\t\t<i aria-hidden=\"true\" class=\"fas fa-arrow-up\"><\/i>\t\t\t<\/a>\n\t\t<\/div>\n\t\t\t\t<\/div>\n\t\t\t\t<\/div>\n\t\t\t\t\t<\/div>\n\t\t<\/div>\n\t\t\t\t\t\t\t<\/div>\n\t\t<\/section>\n\t\t\t\t<section class=\"elementor-section elementor-top-section elementor-element elementor-element-954f561 elementor-section-boxed elementor-section-height-default elementor-section-height-default\" data-id=\"954f561\" data-element_type=\"section\">\n\t\t\t\t\t\t<div class=\"elementor-container elementor-column-gap-default\">\n\t\t\t\t\t<div class=\"elementor-column elementor-col-100 elementor-top-column elementor-element elementor-element-ff03b90\" data-id=\"ff03b90\" data-element_type=\"column\">\n\t\t\t<div class=\"elementor-widget-wrap elementor-element-populated\">\n\t\t\t\t\t\t\t\t<div class=\"elementor-element elementor-element-e6a25d1 elementor-widget-divider--view-line_icon elementor-view-default elementor-widget-divider--element-align-center elementor-widget elementor-widget-divider\" data-id=\"e6a25d1\" data-element_type=\"widget\" data-widget_type=\"divider.default\">\n\t\t\t\t<div class=\"elementor-widget-container\">\n\t\t\t\t\t<div class=\"elementor-divider\">\n\t\t\t<span class=\"elementor-divider-separator\">\n\t\t\t\t\t\t\t<div class=\"elementor-icon elementor-divider__element\">\n\t\t\t\t\t<i aria-hidden=\"true\" class=\"fas fa-car\"><\/i><\/div>\n\t\t\t\t\t\t<\/span>\n\t\t<\/div>\n\t\t\t\t<\/div>\n\t\t\t\t<\/div>\n\t\t\t\t\t<\/div>\n\t\t<\/div>\n\t\t\t\t\t\t\t<\/div>\n\t\t<\/section>\n\t\t\t\t<section class=\"elementor-section elementor-top-section elementor-element elementor-element-5897aa6 elementor-section-boxed elementor-section-height-default elementor-section-height-default\" data-id=\"5897aa6\" data-element_type=\"section\">\n\t\t\t\t\t\t<div class=\"elementor-container elementor-column-gap-default\">\n\t\t\t\t\t<div class=\"elementor-column elementor-col-100 elementor-top-column elementor-element elementor-element-e1bf40a\" data-id=\"e1bf40a\" data-element_type=\"column\">\n\t\t\t<div class=\"elementor-widget-wrap elementor-element-populated\">\n\t\t\t\t\t\t\t\t<div class=\"elementor-element elementor-element-ef1872a elementor-widget elementor-widget-heading\" data-id=\"ef1872a\" data-element_type=\"widget\" data-widget_type=\"heading.default\">\n\t\t\t\t<div class=\"elementor-widget-container\">\n\t\t\t<h2 class=\"elementor-heading-title elementor-size-default\">Le Team d'AutoAssistance<\/h2>\t\t<\/div>\n\t\t\t\t<\/div>\n\t\t\t\t\t<\/div>\n\t\t<\/div>\n\t\t\t\t\t\t\t<\/div>\n\t\t<\/section>\n\t\t\t\t<section class=\"elementor-section elementor-top-section elementor-element elementor-element-8d3b7d4 elementor-section-boxed elementor-section-height-default elementor-section-height-default\" data-id=\"8d3b7d4\" data-element_type=\"section\">\n\t\t\t\t\t\t<div class=\"elementor-container elementor-column-gap-default\">\n\t\t\t\t\t<div class=\"elementor-column elementor-col-33 elementor-top-column elementor-element elementor-element-06f1248\" data-id=\"06f1248\" data-element_type=\"column\">\n\t\t\t<div class=\"elementor-widget-wrap elementor-element-populated\">\n\t\t\t\t\t\t\t\t<div class=\"elementor-element elementor-element-4c3c022 elementor-position-top elementor-widget elementor-widget-image-box\" data-id=\"4c3c022\" data-element_type=\"widget\" data-widget_type=\"image-box.default\">\n\t\t\t\t<div class=\"elementor-widget-container\">\n\t\t\t<div class=\"elementor-image-box-wrapper\"><figure class=\"elementor-image-box-img\"><a href=\"mailto:%20pannendienst@zentrum-garage.ch\" target=\"_blank\" tabindex=\"-1\"><img loading=\"lazy\" decoding=\"async\" width=\"600\" height=\"600\" src=\"https:\/\/zentrum-garage.ch\/wp-content\/uploads\/2020\/06\/aa_guido_carnevale_600x600.png\" class=\"elementor-animation-grow attachment-full size-full wp-image-32816\" alt=\"Guido Carnevale\" srcset=\"https:\/\/zentrum-garage.ch\/wp-content\/uploads\/2020\/06\/aa_guido_carnevale_600x600.png 600w, https:\/\/zentrum-garage.ch\/wp-content\/uploads\/2020\/06\/aa_guido_carnevale_600x600-300x300.png 300w, https:\/\/zentrum-garage.ch\/wp-content\/uploads\/2020\/06\/aa_guido_carnevale_600x600-150x150.png 150w, https:\/\/zentrum-garage.ch\/wp-content\/uploads\/2020\/06\/aa_guido_carnevale_600x600-230x230.png 230w, https:\/\/zentrum-garage.ch\/wp-content\/uploads\/2020\/06\/aa_guido_carnevale_600x600-350x350.png 350w, https:\/\/zentrum-garage.ch\/wp-content\/uploads\/2020\/06\/aa_guido_carnevale_600x600-480x480.png 480w\" sizes=\"(max-width: 600px) 100vw, 600px\" \/><\/a><\/figure><div class=\"elementor-image-box-content\"><h5 class=\"elementor-image-box-title\"><a href=\"mailto:%20pannendienst@zentrum-garage.ch\" target=\"_blank\">Guido Carnevale<\/a><\/h5><\/div><\/div>\t\t<\/div>\n\t\t\t\t<\/div>\n\t\t\t\t\t<\/div>\n\t\t<\/div>\n\t\t\t\t<div class=\"elementor-column elementor-col-33 elementor-top-column elementor-element elementor-element-4e58341\" data-id=\"4e58341\" data-element_type=\"column\">\n\t\t\t<div class=\"elementor-widget-wrap elementor-element-populated\">\n\t\t\t\t\t\t\t\t<div class=\"elementor-element elementor-element-b551f60 elementor-position-top elementor-widget elementor-widget-image-box\" data-id=\"b551f60\" data-element_type=\"widget\" data-widget_type=\"image-box.default\">\n\t\t\t\t<div class=\"elementor-widget-container\">\n\t\t\t<div class=\"elementor-image-box-wrapper\"><figure class=\"elementor-image-box-img\"><a href=\"mailto:%20pannendienst@zentrum-garage.ch\" target=\"_blank\" tabindex=\"-1\"><img loading=\"lazy\" decoding=\"async\" width=\"600\" height=\"600\" src=\"https:\/\/zentrum-garage.ch\/wp-content\/uploads\/2021\/02\/aa_luca_diamante_600x600.png\" class=\"elementor-animation-grow attachment-full size-full wp-image-33055\" alt=\"Luca Diamante\" srcset=\"https:\/\/zentrum-garage.ch\/wp-content\/uploads\/2021\/02\/aa_luca_diamante_600x600.png 600w, https:\/\/zentrum-garage.ch\/wp-content\/uploads\/2021\/02\/aa_luca_diamante_600x600-300x300.png 300w, https:\/\/zentrum-garage.ch\/wp-content\/uploads\/2021\/02\/aa_luca_diamante_600x600-150x150.png 150w, https:\/\/zentrum-garage.ch\/wp-content\/uploads\/2021\/02\/aa_luca_diamante_600x600-230x230.png 230w, https:\/\/zentrum-garage.ch\/wp-content\/uploads\/2021\/02\/aa_luca_diamante_600x600-350x350.png 350w, https:\/\/zentrum-garage.ch\/wp-content\/uploads\/2021\/02\/aa_luca_diamante_600x600-480x480.png 480w\" sizes=\"(max-width: 600px) 100vw, 600px\" \/><\/a><\/figure><div class=\"elementor-image-box-content\"><h5 class=\"elementor-image-box-title\"><a href=\"mailto:%20pannendienst@zentrum-garage.ch\" target=\"_blank\">Luca Diamante<\/a><\/h5><\/div><\/div>\t\t<\/div>\n\t\t\t\t<\/div>\n\t\t\t\t\t<\/div>\n\t\t<\/div>\n\t\t\t\t<div class=\"elementor-column elementor-col-33 elementor-top-column elementor-element elementor-element-9e253bc\" data-id=\"9e253bc\" data-element_type=\"column\">\n\t\t\t<div class=\"elementor-widget-wrap elementor-element-populated\">\n\t\t\t\t\t\t\t\t<div class=\"elementor-element elementor-element-42cb93c elementor-position-top elementor-widget elementor-widget-image-box\" data-id=\"42cb93c\" data-element_type=\"widget\" data-widget_type=\"image-box.default\">\n\t\t\t\t<div class=\"elementor-widget-container\">\n\t\t\t<div class=\"elementor-image-box-wrapper\"><figure class=\"elementor-image-box-img\"><a href=\"mailto:%20pannendienst@zentrum-garage.ch\" target=\"_blank\" tabindex=\"-1\"><img loading=\"lazy\" decoding=\"async\" width=\"600\" height=\"600\" src=\"https:\/\/zentrum-garage.ch\/wp-content\/uploads\/2024\/05\/Kushtrim-Miftari_2024_freigestellt-1.jpg\" class=\"elementor-animation-grow attachment-full size-full wp-image-39003\" alt=\"Kushtrim Miftari\" srcset=\"https:\/\/zentrum-garage.ch\/wp-content\/uploads\/2024\/05\/Kushtrim-Miftari_2024_freigestellt-1.jpg 600w, https:\/\/zentrum-garage.ch\/wp-content\/uploads\/2024\/05\/Kushtrim-Miftari_2024_freigestellt-1-300x300.jpg 300w, https:\/\/zentrum-garage.ch\/wp-content\/uploads\/2024\/05\/Kushtrim-Miftari_2024_freigestellt-1-150x150.jpg 150w, https:\/\/zentrum-garage.ch\/wp-content\/uploads\/2024\/05\/Kushtrim-Miftari_2024_freigestellt-1-230x230.jpg 230w, https:\/\/zentrum-garage.ch\/wp-content\/uploads\/2024\/05\/Kushtrim-Miftari_2024_freigestellt-1-350x350.jpg 350w, https:\/\/zentrum-garage.ch\/wp-content\/uploads\/2024\/05\/Kushtrim-Miftari_2024_freigestellt-1-480x480.jpg 480w\" sizes=\"(max-width: 600px) 100vw, 600px\" \/><\/a><\/figure><div class=\"elementor-image-box-content\"><h5 class=\"elementor-image-box-title\"><a href=\"mailto:%20pannendienst@zentrum-garage.ch\" target=\"_blank\">Kushtrim Miftari<\/a><\/h5><\/div><\/div>\t\t<\/div>\n\t\t\t\t<\/div>\n\t\t\t\t\t<\/div>\n\t\t<\/div>\n\t\t\t\t\t\t\t<\/div>\n\t\t<\/section>\n\t\t\t\t<section class=\"elementor-section elementor-top-section elementor-element elementor-element-db17d2d elementor-section-boxed elementor-section-height-default elementor-section-height-default\" data-id=\"db17d2d\" data-element_type=\"section\">\n\t\t\t\t\t\t<div class=\"elementor-container elementor-column-gap-default\">\n\t\t\t\t\t<div class=\"elementor-column elementor-col-33 elementor-top-column elementor-element elementor-element-b9072bb\" data-id=\"b9072bb\" data-element_type=\"column\">\n\t\t\t<div class=\"elementor-widget-wrap elementor-element-populated\">\n\t\t\t\t\t\t\t\t<div class=\"elementor-element elementor-element-119ffb3 elementor-position-top elementor-widget elementor-widget-image-box\" data-id=\"119ffb3\" data-element_type=\"widget\" data-widget_type=\"image-box.default\">\n\t\t\t\t<div class=\"elementor-widget-container\">\n\t\t\t<div class=\"elementor-image-box-wrapper\"><figure class=\"elementor-image-box-img\"><a href=\"mailto:%20pannendienst@zentrum-garage.ch\" target=\"_blank\" tabindex=\"-1\"><img loading=\"lazy\" decoding=\"async\" width=\"600\" height=\"600\" src=\"https:\/\/zentrum-garage.ch\/wp-content\/uploads\/2024\/05\/Beni-Walther_2024_Pannendienst_freigestellt.png\" class=\"elementor-animation-grow attachment-full size-full wp-image-38986\" alt=\"Benjamin Walther\" srcset=\"https:\/\/zentrum-garage.ch\/wp-content\/uploads\/2024\/05\/Beni-Walther_2024_Pannendienst_freigestellt.png 600w, https:\/\/zentrum-garage.ch\/wp-content\/uploads\/2024\/05\/Beni-Walther_2024_Pannendienst_freigestellt-300x300.png 300w, https:\/\/zentrum-garage.ch\/wp-content\/uploads\/2024\/05\/Beni-Walther_2024_Pannendienst_freigestellt-150x150.png 150w, https:\/\/zentrum-garage.ch\/wp-content\/uploads\/2024\/05\/Beni-Walther_2024_Pannendienst_freigestellt-230x230.png 230w, https:\/\/zentrum-garage.ch\/wp-content\/uploads\/2024\/05\/Beni-Walther_2024_Pannendienst_freigestellt-350x350.png 350w, https:\/\/zentrum-garage.ch\/wp-content\/uploads\/2024\/05\/Beni-Walther_2024_Pannendienst_freigestellt-480x480.png 480w\" sizes=\"(max-width: 600px) 100vw, 600px\" \/><\/a><\/figure><div class=\"elementor-image-box-content\"><h5 class=\"elementor-image-box-title\"><a href=\"mailto:%20pannendienst@zentrum-garage.ch\" target=\"_blank\">Benjamin Walther<\/a><\/h5><\/div><\/div>\t\t<\/div>\n\t\t\t\t<\/div>\n\t\t\t\t\t<\/div>\n\t\t<\/div>\n\t\t\t\t<div class=\"elementor-column elementor-col-33 elementor-top-column elementor-element elementor-element-882ce60\" data-id=\"882ce60\" data-element_type=\"column\">\n\t\t\t<div class=\"elementor-widget-wrap elementor-element-populated\">\n\t\t\t\t\t\t\t\t<div class=\"elementor-element elementor-element-07b92ed elementor-position-top elementor-widget elementor-widget-image-box\" data-id=\"07b92ed\" data-element_type=\"widget\" data-widget_type=\"image-box.default\">\n\t\t\t\t<div class=\"elementor-widget-container\">\n\t\t\t<div class=\"elementor-image-box-wrapper\"><figure class=\"elementor-image-box-img\"><a href=\"mailto:%20pannendienst@zentrum-garage.ch\" target=\"_blank\" tabindex=\"-1\"><img loading=\"lazy\" decoding=\"async\" width=\"600\" height=\"600\" src=\"https:\/\/zentrum-garage.ch\/wp-content\/uploads\/2020\/06\/aa_herique_magalhaes_600x600_b.png\" class=\"elementor-animation-grow attachment-full size-full wp-image-32812\" alt=\"Henrique Magalhaes\" srcset=\"https:\/\/zentrum-garage.ch\/wp-content\/uploads\/2020\/06\/aa_herique_magalhaes_600x600_b.png 600w, https:\/\/zentrum-garage.ch\/wp-content\/uploads\/2020\/06\/aa_herique_magalhaes_600x600_b-300x300.png 300w, https:\/\/zentrum-garage.ch\/wp-content\/uploads\/2020\/06\/aa_herique_magalhaes_600x600_b-150x150.png 150w, https:\/\/zentrum-garage.ch\/wp-content\/uploads\/2020\/06\/aa_herique_magalhaes_600x600_b-230x230.png 230w, https:\/\/zentrum-garage.ch\/wp-content\/uploads\/2020\/06\/aa_herique_magalhaes_600x600_b-350x350.png 350w, https:\/\/zentrum-garage.ch\/wp-content\/uploads\/2020\/06\/aa_herique_magalhaes_600x600_b-480x480.png 480w\" sizes=\"(max-width: 600px) 100vw, 600px\" \/><\/a><\/figure><div class=\"elementor-image-box-content\"><h5 class=\"elementor-image-box-title\"><a href=\"mailto:%20pannendienst@zentrum-garage.ch\" target=\"_blank\">Henrique Magalhaes<\/a><\/h5><\/div><\/div>\t\t<\/div>\n\t\t\t\t<\/div>\n\t\t\t\t\t<\/div>\n\t\t<\/div>\n\t\t\t\t<div class=\"elementor-column elementor-col-33 elementor-top-column elementor-element elementor-element-18ee491\" data-id=\"18ee491\" data-element_type=\"column\">\n\t\t\t<div class=\"elementor-widget-wrap elementor-element-populated\">\n\t\t\t\t\t\t\t\t<div class=\"elementor-element elementor-element-c0bf764 elementor-position-top elementor-widget elementor-widget-image-box\" data-id=\"c0bf764\" data-element_type=\"widget\" data-widget_type=\"image-box.default\">\n\t\t\t\t<div class=\"elementor-widget-container\">\n\t\t\t<div class=\"elementor-image-box-wrapper\"><figure class=\"elementor-image-box-img\"><a href=\"mailto:%20pannendienst@zentrum-garage.ch\" target=\"_blank\" tabindex=\"-1\"><img loading=\"lazy\" decoding=\"async\" width=\"600\" height=\"600\" src=\"https:\/\/zentrum-garage.ch\/wp-content\/uploads\/2020\/06\/aa_toni_andrade_600x600.png\" class=\"elementor-animation-grow attachment-full size-full wp-image-32810\" alt=\"Toni Andrade\" srcset=\"https:\/\/zentrum-garage.ch\/wp-content\/uploads\/2020\/06\/aa_toni_andrade_600x600.png 600w, https:\/\/zentrum-garage.ch\/wp-content\/uploads\/2020\/06\/aa_toni_andrade_600x600-300x300.png 300w, https:\/\/zentrum-garage.ch\/wp-content\/uploads\/2020\/06\/aa_toni_andrade_600x600-150x150.png 150w, https:\/\/zentrum-garage.ch\/wp-content\/uploads\/2020\/06\/aa_toni_andrade_600x600-230x230.png 230w, https:\/\/zentrum-garage.ch\/wp-content\/uploads\/2020\/06\/aa_toni_andrade_600x600-350x350.png 350w, https:\/\/zentrum-garage.ch\/wp-content\/uploads\/2020\/06\/aa_toni_andrade_600x600-480x480.png 480w\" sizes=\"(max-width: 600px) 100vw, 600px\" \/><\/a><\/figure><div class=\"elementor-image-box-content\"><h5 class=\"elementor-image-box-title\"><a href=\"mailto:%20pannendienst@zentrum-garage.ch\" target=\"_blank\">Toni Andrade<\/a><\/h5><\/div><\/div>\t\t<\/div>\n\t\t\t\t<\/div>\n\t\t\t\t\t<\/div>\n\t\t<\/div>\n\t\t\t\t\t\t\t<\/div>\n\t\t<\/section>\n\t\t\t\t<section class=\"elementor-section elementor-top-section elementor-element elementor-element-b57019c elementor-section-boxed elementor-section-height-default elementor-section-height-default\" data-id=\"b57019c\" data-element_type=\"section\">\n\t\t\t\t\t\t<div class=\"elementor-container elementor-column-gap-default\">\n\t\t\t\t\t<div class=\"elementor-column elementor-col-33 elementor-top-column elementor-element elementor-element-9a4a9f4\" data-id=\"9a4a9f4\" data-element_type=\"column\">\n\t\t\t<div class=\"elementor-widget-wrap elementor-element-populated\">\n\t\t\t\t\t\t\t\t<div class=\"elementor-element elementor-element-63ed09f elementor-position-top elementor-widget elementor-widget-image-box\" data-id=\"63ed09f\" data-element_type=\"widget\" data-widget_type=\"image-box.default\">\n\t\t\t\t<div class=\"elementor-widget-container\">\n\t\t\t<div class=\"elementor-image-box-wrapper\"><figure class=\"elementor-image-box-img\"><a href=\"mailto:%20pannendienst@zentrum-garage.ch\" target=\"_blank\" tabindex=\"-1\"><img loading=\"lazy\" decoding=\"async\" width=\"600\" height=\"600\" src=\"https:\/\/zentrum-garage.ch\/wp-content\/uploads\/2018\/06\/aa_sefedin_limani_600x600px.png\" class=\"elementor-animation-grow attachment-full size-full wp-image-1534\" alt=\"Sefedin Limani\" srcset=\"https:\/\/zentrum-garage.ch\/wp-content\/uploads\/2018\/06\/aa_sefedin_limani_600x600px.png 600w, https:\/\/zentrum-garage.ch\/wp-content\/uploads\/2018\/06\/aa_sefedin_limani_600x600px-150x150.png 150w, https:\/\/zentrum-garage.ch\/wp-content\/uploads\/2018\/06\/aa_sefedin_limani_600x600px-300x300.png 300w, https:\/\/zentrum-garage.ch\/wp-content\/uploads\/2018\/06\/aa_sefedin_limani_600x600px-230x230.png 230w, https:\/\/zentrum-garage.ch\/wp-content\/uploads\/2018\/06\/aa_sefedin_limani_600x600px-350x350.png 350w, https:\/\/zentrum-garage.ch\/wp-content\/uploads\/2018\/06\/aa_sefedin_limani_600x600px-480x480.png 480w\" sizes=\"(max-width: 600px) 100vw, 600px\" \/><\/a><\/figure><div class=\"elementor-image-box-content\"><h5 class=\"elementor-image-box-title\"><a href=\"mailto:%20pannendienst@zentrum-garage.ch\" target=\"_blank\">Sefedin Limani<\/a><\/h5><\/div><\/div>\t\t<\/div>\n\t\t\t\t<\/div>\n\t\t\t\t\t<\/div>\n\t\t<\/div>\n\t\t\t\t<div class=\"elementor-column elementor-col-33 elementor-top-column elementor-element elementor-element-06a259a\" data-id=\"06a259a\" data-element_type=\"column\">\n\t\t\t<div class=\"elementor-widget-wrap elementor-element-populated\">\n\t\t\t\t\t\t\t\t<div class=\"elementor-element elementor-element-600d958 elementor-position-top elementor-widget elementor-widget-image-box\" data-id=\"600d958\" data-element_type=\"widget\" data-widget_type=\"image-box.default\">\n\t\t\t\t<div class=\"elementor-widget-container\">\n\t\t\t<div class=\"elementor-image-box-wrapper\"><figure class=\"elementor-image-box-img\"><a href=\"mailto:%20pannendienst@zentrum-garage.ch\" target=\"_blank\" tabindex=\"-1\"><img loading=\"lazy\" decoding=\"async\" width=\"600\" height=\"600\" src=\"https:\/\/zentrum-garage.ch\/wp-content\/uploads\/2024\/06\/Ali-Hosseini_2024_freigestellt.png\" class=\"elementor-animation-grow attachment-full size-full wp-image-39057\" alt=\"Zamenali Hosseini\" srcset=\"https:\/\/zentrum-garage.ch\/wp-content\/uploads\/2024\/06\/Ali-Hosseini_2024_freigestellt.png 600w, https:\/\/zentrum-garage.ch\/wp-content\/uploads\/2024\/06\/Ali-Hosseini_2024_freigestellt-300x300.png 300w, https:\/\/zentrum-garage.ch\/wp-content\/uploads\/2024\/06\/Ali-Hosseini_2024_freigestellt-150x150.png 150w, https:\/\/zentrum-garage.ch\/wp-content\/uploads\/2024\/06\/Ali-Hosseini_2024_freigestellt-230x230.png 230w, https:\/\/zentrum-garage.ch\/wp-content\/uploads\/2024\/06\/Ali-Hosseini_2024_freigestellt-350x350.png 350w, https:\/\/zentrum-garage.ch\/wp-content\/uploads\/2024\/06\/Ali-Hosseini_2024_freigestellt-480x480.png 480w\" sizes=\"(max-width: 600px) 100vw, 600px\" \/><\/a><\/figure><div class=\"elementor-image-box-content\"><h5 class=\"elementor-image-box-title\"><a href=\"mailto:%20pannendienst@zentrum-garage.ch\" target=\"_blank\">Zamenali Hosseini<\/a><\/h5><\/div><\/div>\t\t<\/div>\n\t\t\t\t<\/div>\n\t\t\t\t\t<\/div>\n\t\t<\/div>\n\t\t\t\t<div class=\"elementor-column elementor-col-33 elementor-top-column elementor-element elementor-element-f5b7086\" data-id=\"f5b7086\" data-element_type=\"column\">\n\t\t\t<div class=\"elementor-widget-wrap elementor-element-populated\">\n\t\t\t\t\t\t\t\t<div class=\"elementor-element elementor-element-86cf2b0 elementor-position-top elementor-widget elementor-widget-image-box\" data-id=\"86cf2b0\" data-element_type=\"widget\" data-widget_type=\"image-box.default\">\n\t\t\t\t<div class=\"elementor-widget-container\">\n\t\t\t<div class=\"elementor-image-box-wrapper\"><figure class=\"elementor-image-box-img\"><a href=\"mailto:%20pannendienst@zentrum-garage.ch\" target=\"_blank\" tabindex=\"-1\"><img loading=\"lazy\" decoding=\"async\" width=\"600\" height=\"600\" src=\"https:\/\/zentrum-garage.ch\/wp-content\/uploads\/2024\/05\/Lionel-Bernhard_2024_freigestellt.png\" class=\"elementor-animation-grow attachment-full size-full wp-image-38927\" alt=\"Lionel Bernhard\" srcset=\"https:\/\/zentrum-garage.ch\/wp-content\/uploads\/2024\/05\/Lionel-Bernhard_2024_freigestellt.png 600w, https:\/\/zentrum-garage.ch\/wp-content\/uploads\/2024\/05\/Lionel-Bernhard_2024_freigestellt-300x300.png 300w, https:\/\/zentrum-garage.ch\/wp-content\/uploads\/2024\/05\/Lionel-Bernhard_2024_freigestellt-150x150.png 150w, https:\/\/zentrum-garage.ch\/wp-content\/uploads\/2024\/05\/Lionel-Bernhard_2024_freigestellt-230x230.png 230w, https:\/\/zentrum-garage.ch\/wp-content\/uploads\/2024\/05\/Lionel-Bernhard_2024_freigestellt-350x350.png 350w, https:\/\/zentrum-garage.ch\/wp-content\/uploads\/2024\/05\/Lionel-Bernhard_2024_freigestellt-480x480.png 480w\" sizes=\"(max-width: 600px) 100vw, 600px\" \/><\/a><\/figure><div class=\"elementor-image-box-content\"><h5 class=\"elementor-image-box-title\"><a href=\"mailto:%20pannendienst@zentrum-garage.ch\" target=\"_blank\">Lionel Bernhard<\/a><\/h5><\/div><\/div>\t\t<\/div>\n\t\t\t\t<\/div>\n\t\t\t\t\t<\/div>\n\t\t<\/div>\n\t\t\t\t\t\t\t<\/div>\n\t\t<\/section>\n\t\t\t\t<section class=\"elementor-section elementor-top-section elementor-element elementor-element-f06549a elementor-section-boxed elementor-section-height-default elementor-section-height-default\" data-id=\"f06549a\" data-element_type=\"section\">\n\t\t\t\t\t\t<div class=\"elementor-container elementor-column-gap-default\">\n\t\t\t\t\t<div class=\"elementor-column elementor-col-33 elementor-top-column elementor-element elementor-element-156df5f\" data-id=\"156df5f\" data-element_type=\"column\">\n\t\t\t<div class=\"elementor-widget-wrap elementor-element-populated\">\n\t\t\t\t\t\t\t\t<div class=\"elementor-element elementor-element-c86fd01 elementor-position-top elementor-widget elementor-widget-image-box\" data-id=\"c86fd01\" data-element_type=\"widget\" data-widget_type=\"image-box.default\">\n\t\t\t\t<div class=\"elementor-widget-container\">\n\t\t\t<div class=\"elementor-image-box-wrapper\"><figure class=\"elementor-image-box-img\"><a href=\"mailto:%20pannendienst@zentrum-garage.ch\" target=\"_blank\" tabindex=\"-1\"><img loading=\"lazy\" decoding=\"async\" width=\"2560\" height=\"2560\" src=\"https:\/\/zentrum-garage.ch\/wp-content\/uploads\/2024\/06\/Priyan-1-scaled.jpg\" class=\"elementor-animation-grow attachment-full size-full wp-image-39055\" alt=\"Priyan Kandiah\" srcset=\"https:\/\/zentrum-garage.ch\/wp-content\/uploads\/2024\/06\/Priyan-1-scaled.jpg 2560w, https:\/\/zentrum-garage.ch\/wp-content\/uploads\/2024\/06\/Priyan-1-300x300.jpg 300w, https:\/\/zentrum-garage.ch\/wp-content\/uploads\/2024\/06\/Priyan-1-1024x1024.jpg 1024w, https:\/\/zentrum-garage.ch\/wp-content\/uploads\/2024\/06\/Priyan-1-150x150.jpg 150w, https:\/\/zentrum-garage.ch\/wp-content\/uploads\/2024\/06\/Priyan-1-768x768.jpg 768w, https:\/\/zentrum-garage.ch\/wp-content\/uploads\/2024\/06\/Priyan-1-1536x1536.jpg 1536w, https:\/\/zentrum-garage.ch\/wp-content\/uploads\/2024\/06\/Priyan-1-2048x2048.jpg 2048w, https:\/\/zentrum-garage.ch\/wp-content\/uploads\/2024\/06\/Priyan-1-830x830.jpg 830w, https:\/\/zentrum-garage.ch\/wp-content\/uploads\/2024\/06\/Priyan-1-230x230.jpg 230w, https:\/\/zentrum-garage.ch\/wp-content\/uploads\/2024\/06\/Priyan-1-350x350.jpg 350w, https:\/\/zentrum-garage.ch\/wp-content\/uploads\/2024\/06\/Priyan-1-480x480.jpg 480w\" sizes=\"(max-width: 2560px) 100vw, 2560px\" \/><\/a><\/figure><div class=\"elementor-image-box-content\"><h5 class=\"elementor-image-box-title\"><a href=\"mailto:%20pannendienst@zentrum-garage.ch\" target=\"_blank\">Priyan Kandiah<\/a><\/h5><\/div><\/div>\t\t<\/div>\n\t\t\t\t<\/div>\n\t\t\t\t<div class=\"elementor-element elementor-element-271b5d4 elementor-position-top elementor-widget elementor-widget-image-box\" data-id=\"271b5d4\" data-element_type=\"widget\" data-widget_type=\"image-box.default\">\n\t\t\t\t<div class=\"elementor-widget-container\">\n\t\t\t<div class=\"elementor-image-box-wrapper\"><figure class=\"elementor-image-box-img\"><a href=\"mailto:%20pannendienst@zentrum-garage.ch\" target=\"_blank\" tabindex=\"-1\"><img loading=\"lazy\" decoding=\"async\" width=\"1000\" height=\"1000\" src=\"https:\/\/zentrum-garage.ch\/wp-content\/uploads\/2018\/03\/platzhalter.png\" class=\"elementor-animation-grow attachment-full size-full wp-image-1544\" alt=\"Platzhalter Mitarbeit\" srcset=\"https:\/\/zentrum-garage.ch\/wp-content\/uploads\/2018\/03\/platzhalter.png 1000w, https:\/\/zentrum-garage.ch\/wp-content\/uploads\/2018\/03\/platzhalter-150x150.png 150w, https:\/\/zentrum-garage.ch\/wp-content\/uploads\/2018\/03\/platzhalter-300x300.png 300w, https:\/\/zentrum-garage.ch\/wp-content\/uploads\/2018\/03\/platzhalter-768x768.png 768w, https:\/\/zentrum-garage.ch\/wp-content\/uploads\/2018\/03\/platzhalter-100x100.png 100w\" sizes=\"(max-width: 1000px) 100vw, 1000px\" \/><\/a><\/figure><div class=\"elementor-image-box-content\"><h5 class=\"elementor-image-box-title\"><a href=\"mailto:%20pannendienst@zentrum-garage.ch\" target=\"_blank\">Activit\u00e9 accessoire ?  <\/a><\/h5><p class=\"elementor-image-box-description\">Ta photo et ton nom pourraient appara\u00eetre ici ! Nous sommes toujours \u00e0 la recherche de collaborateurs \u00e0 temps partiel pour le d\u00e9pannage et l'assistance en cas d'accident. Contacte-nous.<\/p><\/div><\/div>\t\t<\/div>\n\t\t\t\t<\/div>\n\t\t\t\t\t<\/div>\n\t\t<\/div>\n\t\t\t\t<div class=\"elementor-column elementor-col-33 elementor-top-column elementor-element elementor-element-cbf04c9\" data-id=\"cbf04c9\" data-element_type=\"column\">\n\t\t\t<div class=\"elementor-widget-wrap elementor-element-populated\">\n\t\t\t\t\t\t\t\t<div class=\"elementor-element elementor-element-852b6fe elementor-position-top elementor-widget elementor-widget-image-box\" data-id=\"852b6fe\" data-element_type=\"widget\" data-widget_type=\"image-box.default\">\n\t\t\t\t<div class=\"elementor-widget-container\">\n\t\t\t<div class=\"elementor-image-box-wrapper\"><figure class=\"elementor-image-box-img\"><a href=\"mailto:%20pannendienst@zentrum-garage.ch\" target=\"_blank\" tabindex=\"-1\"><img loading=\"lazy\" decoding=\"async\" width=\"451\" height=\"451\" src=\"https:\/\/zentrum-garage.ch\/wp-content\/uploads\/2025\/06\/Pannenhilfe.jpg\" class=\"elementor-animation-grow attachment-full size-full wp-image-40000\" alt=\"Pannenhilfe\" srcset=\"https:\/\/zentrum-garage.ch\/wp-content\/uploads\/2025\/06\/Pannenhilfe.jpg 451w, https:\/\/zentrum-garage.ch\/wp-content\/uploads\/2025\/06\/Pannenhilfe-300x300.jpg 300w, https:\/\/zentrum-garage.ch\/wp-content\/uploads\/2025\/06\/Pannenhilfe-150x150.jpg 150w, https:\/\/zentrum-garage.ch\/wp-content\/uploads\/2025\/06\/Pannenhilfe-230x230.jpg 230w, https:\/\/zentrum-garage.ch\/wp-content\/uploads\/2025\/06\/Pannenhilfe-350x350.jpg 350w\" sizes=\"(max-width: 451px) 100vw, 451px\" \/><\/a><\/figure><div class=\"elementor-image-box-content\"><h5 class=\"elementor-image-box-title\"><a href=\"mailto:%20pannendienst@zentrum-garage.ch\" target=\"_blank\">Lirim Derguti<\/a><\/h5><\/div><\/div>\t\t<\/div>\n\t\t\t\t<\/div>\n\t\t\t\t\t<\/div>\n\t\t<\/div>\n\t\t\t\t<div class=\"elementor-column elementor-col-33 elementor-top-column elementor-element elementor-element-8fb483e\" data-id=\"8fb483e\" data-element_type=\"column\">\n\t\t\t<div class=\"elementor-widget-wrap elementor-element-populated\">\n\t\t\t\t\t\t\t\t<div class=\"elementor-element elementor-element-dc4ffab elementor-position-top elementor-widget elementor-widget-image-box\" data-id=\"dc4ffab\" data-element_type=\"widget\" data-widget_type=\"image-box.default\">\n\t\t\t\t<div class=\"elementor-widget-container\">\n\t\t\t<div class=\"elementor-image-box-wrapper\"><figure class=\"elementor-image-box-img\"><a href=\"mailto:%20pannendienst@zentrum-garage.ch\" target=\"_blank\" tabindex=\"-1\"><img loading=\"lazy\" decoding=\"async\" width=\"451\" height=\"451\" src=\"https:\/\/zentrum-garage.ch\/wp-content\/uploads\/2025\/06\/Pannenhilfe.jpg\" class=\"elementor-animation-grow attachment-full size-full wp-image-40000\" alt=\"Pannenhilfe\" srcset=\"https:\/\/zentrum-garage.ch\/wp-content\/uploads\/2025\/06\/Pannenhilfe.jpg 451w, https:\/\/zentrum-garage.ch\/wp-content\/uploads\/2025\/06\/Pannenhilfe-300x300.jpg 300w, https:\/\/zentrum-garage.ch\/wp-content\/uploads\/2025\/06\/Pannenhilfe-150x150.jpg 150w, https:\/\/zentrum-garage.ch\/wp-content\/uploads\/2025\/06\/Pannenhilfe-230x230.jpg 230w, https:\/\/zentrum-garage.ch\/wp-content\/uploads\/2025\/06\/Pannenhilfe-350x350.jpg 350w\" sizes=\"(max-width: 451px) 100vw, 451px\" \/><\/a><\/figure><div class=\"elementor-image-box-content\"><h5 class=\"elementor-image-box-title\"><a href=\"mailto:%20pannendienst@zentrum-garage.ch\" target=\"_blank\">Luca Zbinden<\/a><\/h5><\/div><\/div>\t\t<\/div>\n\t\t\t\t<\/div>\n\t\t\t\t\t<\/div>\n\t\t<\/div>\n\t\t\t\t\t\t\t<\/div>\n\t\t<\/section>\n\t\t\t\t<section class=\"elementor-section elementor-top-section elementor-element elementor-element-6a8ef96f elementor-section-boxed elementor-section-height-default elementor-section-height-default\" data-id=\"6a8ef96f\" data-element_type=\"section\">\n\t\t\t\t\t\t<div class=\"elementor-container elementor-column-gap-default\">\n\t\t\t\t\t<div class=\"elementor-column elementor-col-100 elementor-top-column elementor-element elementor-element-559a7e3a\" data-id=\"559a7e3a\" data-element_type=\"column\">\n\t\t\t<div class=\"elementor-widget-wrap elementor-element-populated\">\n\t\t\t\t\t\t\t\t<div class=\"elementor-element elementor-element-51970fb elementor-widget-divider--view-line_icon elementor-view-default elementor-widget-divider--element-align-center elementor-widget elementor-widget-divider\" data-id=\"51970fb\" data-element_type=\"widget\" data-widget_type=\"divider.default\">\n\t\t\t\t<div class=\"elementor-widget-container\">\n\t\t\t\t\t<div class=\"elementor-divider\">\n\t\t\t<span class=\"elementor-divider-separator\">\n\t\t\t\t\t\t\t<div class=\"elementor-icon elementor-divider__element\">\n\t\t\t\t\t<i aria-hidden=\"true\" class=\"fas fa-car\"><\/i><\/div>\n\t\t\t\t\t\t<\/span>\n\t\t<\/div>\n\t\t\t\t<\/div>\n\t\t\t\t<\/div>\n\t\t\t\t\t<\/div>\n\t\t<\/div>\n\t\t\t\t\t\t\t<\/div>\n\t\t<\/section>\n\t\t\t\t<section class=\"elementor-section elementor-top-section elementor-element elementor-element-7823384 elementor-section-boxed elementor-section-height-default elementor-section-height-default\" data-id=\"7823384\" data-element_type=\"section\">\n\t\t\t\t\t\t<div class=\"elementor-container elementor-column-gap-default\">\n\t\t\t\t\t<div class=\"elementor-column elementor-col-100 elementor-top-column elementor-element elementor-element-08b20f3\" data-id=\"08b20f3\" data-element_type=\"column\">\n\t\t\t<div class=\"elementor-widget-wrap elementor-element-populated\">\n\t\t\t\t\t\t\t\t<div class=\"elementor-element elementor-element-87c89de elementor-view-default elementor-widget elementor-widget-icon\" data-id=\"87c89de\" data-element_type=\"widget\" data-widget_type=\"icon.default\">\n\t\t\t\t<div class=\"elementor-widget-container\">\n\t\t\t\t\t<div class=\"elementor-icon-wrapper\">\n\t\t\t<a class=\"elementor-icon\" href=\"#up\">\n\t\t\t<i aria-hidden=\"true\" class=\"fas fa-arrow-up\"><\/i>\t\t\t<\/a>\n\t\t<\/div>\n\t\t\t\t<\/div>\n\t\t\t\t<\/div>\n\t\t\t\t\t<\/div>\n\t\t<\/div>\n\t\t\t\t\t\t\t<\/div>\n\t\t<\/section>\n\t\t\t\t<section class=\"elementor-section elementor-top-section elementor-element elementor-element-575faa1 elementor-section-boxed elementor-section-height-default elementor-section-height-default\" data-id=\"575faa1\" data-element_type=\"section\">\n\t\t\t\t\t\t<div class=\"elementor-container elementor-column-gap-default\">\n\t\t\t\t\t<div class=\"elementor-column elementor-col-100 elementor-top-column elementor-element elementor-element-77f5b51\" data-id=\"77f5b51\" data-element_type=\"column\">\n\t\t\t<div class=\"elementor-widget-wrap elementor-element-populated\">\n\t\t\t\t\t\t\t\t<div class=\"elementor-element elementor-element-8185694 elementor-widget elementor-widget-heading\" data-id=\"8185694\" data-element_type=\"widget\" data-widget_type=\"heading.default\">\n\t\t\t\t<div class=\"elementor-widget-container\">\n\t\t\t<h2 class=\"elementor-heading-title elementor-size-default\">Images d'interventions d'AutoAssistance<\/h2>\t\t<\/div>\n\t\t\t\t<\/div>\n\t\t\t\t\t<\/div>\n\t\t<\/div>\n\t\t\t\t\t\t\t<\/div>\n\t\t<\/section>\n\t\t\t\t<section class=\"elementor-section elementor-top-section elementor-element elementor-element-0ae1c4e elementor-section-boxed elementor-section-height-default elementor-section-height-default\" data-id=\"0ae1c4e\" data-element_type=\"section\">\n\t\t\t\t\t\t<div class=\"elementor-container elementor-column-gap-default\">\n\t\t\t\t\t<div class=\"elementor-column elementor-col-100 elementor-top-column elementor-element elementor-element-a6f3f0b\" data-id=\"a6f3f0b\" data-element_type=\"column\">\n\t\t\t<div class=\"elementor-widget-wrap elementor-element-populated\">\n\t\t\t\t\t\t\t\t<div class=\"elementor-element elementor-element-7c88a69 elementor-widget elementor-widget-gallery\" data-id=\"7c88a69\" data-element_type=\"widget\" data-settings=\"{&quot;columns&quot;:3,&quot;lazyload&quot;:&quot;yes&quot;,&quot;gallery_layout&quot;:&quot;grid&quot;,&quot;columns_tablet&quot;:2,&quot;columns_mobile&quot;:1,&quot;gap&quot;:{&quot;unit&quot;:&quot;px&quot;,&quot;size&quot;:10,&quot;sizes&quot;:[]},&quot;gap_tablet&quot;:{&quot;unit&quot;:&quot;px&quot;,&quot;size&quot;:10,&quot;sizes&quot;:[]},&quot;gap_mobile&quot;:{&quot;unit&quot;:&quot;px&quot;,&quot;size&quot;:10,&quot;sizes&quot;:[]},&quot;link_to&quot;:&quot;file&quot;,&quot;aspect_ratio&quot;:&quot;3:2&quot;,&quot;overlay_background&quot;:&quot;yes&quot;,&quot;content_hover_animation&quot;:&quot;fade-in&quot;}\" data-widget_type=\"gallery.default\">\n\t\t\t\t<div class=\"elementor-widget-container\">\n\t\t\t\t\t<div class=\"elementor-gallery__container\">\n\t\t\t\t\t\t\t<a class=\"e-gallery-item elementor-gallery-item elementor-animated-content\" href=\"https:\/\/zentrum-garage.ch\/wp-content\/uploads\/2021\/06\/1.jpg\" data-elementor-open-lightbox=\"yes\" data-elementor-lightbox-slideshow=\"all-7c88a69\" data-elementor-lightbox-title=\"R\u00e9cup\u00e9ration dans un ruisseau\" data-elementor-lightbox-description=\"Le v\u00e9hicule est dans le ruisseau et est r\u00e9cup\u00e9r\u00e9 par AutoAssistance Walther.\" data-e-action-hash=\"#elementor-action%3Aaction%3Dlightbox%26settings%3DeyJpZCI6MzM2NTUsInVybCI6Imh0dHBzOlwvXC96ZW50cnVtLWdhcmFnZS5jaFwvd3AtY29udGVudFwvdXBsb2Fkc1wvMjAyMVwvMDZcLzEuanBnIiwic2xpZGVzaG93IjoiYWxsLTdjODhhNjkifQ%3D%3D\">\n\t\t\t\t\t<div class=\"e-gallery-image elementor-gallery-item__image\" data-thumbnail=\"https:\/\/zentrum-garage.ch\/wp-content\/uploads\/2021\/06\/1-225x300.jpg\" data-width=\"225\" data-height=\"300\" alt=\"R\u00e9cup\u00e9ration dans un ruisseau\" ><\/div>\n\t\t\t\t\t\t\t\t\t\t\t<div class=\"elementor-gallery-item__overlay\"><\/div>\n\t\t\t\t\t\t\t\t\t\t\t\t\t\t<\/a>\n\t\t\t\t\t\t\t<a class=\"e-gallery-item elementor-gallery-item elementor-animated-content\" href=\"https:\/\/zentrum-garage.ch\/wp-content\/uploads\/2021\/02\/Assistance-2.jpg\" data-elementor-open-lightbox=\"yes\" data-elementor-lightbox-slideshow=\"all-7c88a69\" data-elementor-lightbox-title=\"Assistance 2\" data-e-action-hash=\"#elementor-action%3Aaction%3Dlightbox%26settings%3DeyJpZCI6MzMxMzQsInVybCI6Imh0dHBzOlwvXC96ZW50cnVtLWdhcmFnZS5jaFwvd3AtY29udGVudFwvdXBsb2Fkc1wvMjAyMVwvMDJcL0Fzc2lzdGFuY2UtMi5qcGciLCJzbGlkZXNob3ciOiJhbGwtN2M4OGE2OSJ9\">\n\t\t\t\t\t<div class=\"e-gallery-image elementor-gallery-item__image\" data-thumbnail=\"https:\/\/zentrum-garage.ch\/wp-content\/uploads\/2021\/02\/Assistance-2-300x225.jpg\" data-width=\"300\" data-height=\"225\" alt=\"\" ><\/div>\n\t\t\t\t\t\t\t\t\t\t\t<div class=\"elementor-gallery-item__overlay\"><\/div>\n\t\t\t\t\t\t\t\t\t\t\t\t\t\t<\/a>\n\t\t\t\t\t\t\t<a class=\"e-gallery-item elementor-gallery-item elementor-animated-content\" href=\"https:\/\/zentrum-garage.ch\/wp-content\/uploads\/2019\/02\/Foto-18.02.19-11-49-50.jpg\" data-elementor-open-lightbox=\"yes\" data-elementor-lightbox-slideshow=\"all-7c88a69\" data-elementor-lightbox-title=\"Photo de la demande AutoAssistance Walther\" data-e-action-hash=\"#elementor-action%3Aaction%3Dlightbox%26settings%3DeyJpZCI6MTQ2MiwidXJsIjoiaHR0cHM6XC9cL3plbnRydW0tZ2FyYWdlLmNoXC93cC1jb250ZW50XC91cGxvYWRzXC8yMDE5XC8wMlwvRm90by0xOC4wMi4xOS0xMS00OS01MC5qcGciLCJzbGlkZXNob3ciOiJhbGwtN2M4OGE2OSJ9\">\n\t\t\t\t\t<div class=\"e-gallery-image elementor-gallery-item__image\" data-thumbnail=\"https:\/\/zentrum-garage.ch\/wp-content\/uploads\/2019\/02\/Foto-18.02.19-11-49-50-300x225.jpg\" data-width=\"300\" data-height=\"225\" alt=\"Photo de la demande AutoAssistance Walther\" ><\/div>\n\t\t\t\t\t\t\t\t\t\t\t<div class=\"elementor-gallery-item__overlay\"><\/div>\n\t\t\t\t\t\t\t\t\t\t\t\t\t\t<\/a>\n\t\t\t\t\t\t\t<a class=\"e-gallery-item elementor-gallery-item elementor-animated-content\" href=\"https:\/\/zentrum-garage.ch\/wp-content\/uploads\/2019\/02\/Foto-18.02.19-11-36-24.jpg\" data-elementor-open-lightbox=\"yes\" data-elementor-lightbox-slideshow=\"all-7c88a69\" data-elementor-lightbox-title=\"Photo de la demande AutoAssistance Walther\" data-e-action-hash=\"#elementor-action%3Aaction%3Dlightbox%26settings%3DeyJpZCI6MTQ1OCwidXJsIjoiaHR0cHM6XC9cL3plbnRydW0tZ2FyYWdlLmNoXC93cC1jb250ZW50XC91cGxvYWRzXC8yMDE5XC8wMlwvRm90by0xOC4wMi4xOS0xMS0zNi0yNC5qcGciLCJzbGlkZXNob3ciOiJhbGwtN2M4OGE2OSJ9\">\n\t\t\t\t\t<div class=\"e-gallery-image elementor-gallery-item__image\" data-thumbnail=\"https:\/\/zentrum-garage.ch\/wp-content\/uploads\/2019\/02\/Foto-18.02.19-11-36-24-300x225.jpg\" data-width=\"300\" data-height=\"225\" alt=\"Photo de la demande AutoAssistance Walther\" ><\/div>\n\t\t\t\t\t\t\t\t\t\t\t<div class=\"elementor-gallery-item__overlay\"><\/div>\n\t\t\t\t\t\t\t\t\t\t\t\t\t\t<\/a>\n\t\t\t\t\t\t\t<a class=\"e-gallery-item elementor-gallery-item elementor-animated-content\" href=\"https:\/\/zentrum-garage.ch\/wp-content\/uploads\/2018\/08\/Foto-02.08.18-13-37-12.jpg\" data-elementor-open-lightbox=\"yes\" data-elementor-lightbox-slideshow=\"all-7c88a69\" data-elementor-lightbox-title=\"Photo de la demande AutoAssistance Walther\" data-e-action-hash=\"#elementor-action%3Aaction%3Dlightbox%26settings%3DeyJpZCI6MTQ2NCwidXJsIjoiaHR0cHM6XC9cL3plbnRydW0tZ2FyYWdlLmNoXC93cC1jb250ZW50XC91cGxvYWRzXC8yMDE4XC8wOFwvRm90by0wMi4wOC4xOC0xMy0zNy0xMi5qcGciLCJzbGlkZXNob3ciOiJhbGwtN2M4OGE2OSJ9\">\n\t\t\t\t\t<div class=\"e-gallery-image elementor-gallery-item__image\" data-thumbnail=\"https:\/\/zentrum-garage.ch\/wp-content\/uploads\/2018\/08\/Foto-02.08.18-13-37-12-300x225.jpg\" data-width=\"300\" data-height=\"225\" alt=\"Zentrum-Garage D\u00fcdingen \/ AutoAssistance Walther_Bergung in D\u00fcdingen\" ><\/div>\n\t\t\t\t\t\t\t\t\t\t\t<div class=\"elementor-gallery-item__overlay\"><\/div>\n\t\t\t\t\t\t\t\t\t\t\t\t\t\t<\/a>\n\t\t\t\t\t\t\t<a class=\"e-gallery-item elementor-gallery-item elementor-animated-content\" href=\"https:\/\/zentrum-garage.ch\/wp-content\/uploads\/2018\/08\/Foto-03.08.18-11-54-14.jpg\" data-elementor-open-lightbox=\"yes\" data-elementor-lightbox-slideshow=\"all-7c88a69\" data-elementor-lightbox-title=\"Sch\u00e9ma d&#039;application de l&#039;AutoAssistance\" data-e-action-hash=\"#elementor-action%3Aaction%3Dlightbox%26settings%3DeyJpZCI6MTQ2NiwidXJsIjoiaHR0cHM6XC9cL3plbnRydW0tZ2FyYWdlLmNoXC93cC1jb250ZW50XC91cGxvYWRzXC8yMDE4XC8wOFwvRm90by0wMy4wOC4xOC0xMS01NC0xNC5qcGciLCJzbGlkZXNob3ciOiJhbGwtN2M4OGE2OSJ9\">\n\t\t\t\t\t<div class=\"e-gallery-image elementor-gallery-item__image\" data-thumbnail=\"https:\/\/zentrum-garage.ch\/wp-content\/uploads\/2018\/08\/Foto-03.08.18-11-54-14-300x225.jpg\" data-width=\"300\" data-height=\"225\" alt=\"Zentrum-Garage D\u00fcdingen \/ AutoAssistance Walther_Bergung\" ><\/div>\n\t\t\t\t\t\t\t\t\t\t\t<div class=\"elementor-gallery-item__overlay\"><\/div>\n\t\t\t\t\t\t\t\t\t\t\t\t\t\t<\/a>\n\t\t\t\t\t\t\t<a class=\"e-gallery-item elementor-gallery-item elementor-animated-content\" href=\"https:\/\/zentrum-garage.ch\/wp-content\/uploads\/2018\/07\/Tafers-Kreisel.png\" data-elementor-open-lightbox=\"yes\" data-elementor-lightbox-slideshow=\"all-7c88a69\" data-elementor-lightbox-title=\"Le rond-point des Tafers d&#039;AutoAssistance\" data-e-action-hash=\"#elementor-action%3Aaction%3Dlightbox%26settings%3DeyJpZCI6MTQ2OCwidXJsIjoiaHR0cHM6XC9cL3plbnRydW0tZ2FyYWdlLmNoXC93cC1jb250ZW50XC91cGxvYWRzXC8yMDE4XC8wN1wvVGFmZXJzLUtyZWlzZWwucG5nIiwic2xpZGVzaG93IjoiYWxsLTdjODhhNjkifQ%3D%3D\">\n\t\t\t\t\t<div class=\"e-gallery-image elementor-gallery-item__image\" data-thumbnail=\"https:\/\/zentrum-garage.ch\/wp-content\/uploads\/2018\/07\/Tafers-Kreisel-300x163.png\" data-width=\"300\" data-height=\"163\" alt=\"Zentrum-Garage D\u00fcdingen \/ AutoAssistance Walther_Bergung in Tafers\" ><\/div>\n\t\t\t\t\t\t\t\t\t\t\t<div class=\"elementor-gallery-item__overlay\"><\/div>\n\t\t\t\t\t\t\t\t\t\t\t\t\t\t<\/a>\n\t\t\t\t\t\t\t<a class=\"e-gallery-item elementor-gallery-item elementor-animated-content\" href=\"https:\/\/zentrum-garage.ch\/wp-content\/uploads\/2018\/05\/FZ-in-Schnee-1-e1526568368627.jpg\" data-elementor-open-lightbox=\"yes\" data-elementor-lightbox-slideshow=\"all-7c88a69\" data-elementor-lightbox-title=\"Vc dans la neige\" data-elementor-lightbox-description=\"http:\/\/zentrum4.cyon.link\/wp-content\/uploads\/2018\/05\/cropped-ZGW_Logo_neg_weiss_schwarz.png\" data-e-action-hash=\"#elementor-action%3Aaction%3Dlightbox%26settings%3DeyJpZCI6MzMzMDYsInVybCI6Imh0dHBzOlwvXC96ZW50cnVtLWdhcmFnZS5jaFwvd3AtY29udGVudFwvdXBsb2Fkc1wvMjAxOFwvMDVcL0ZaLWluLVNjaG5lZS0xLWUxNTI2NTY4MzY4NjI3LmpwZyIsInNsaWRlc2hvdyI6ImFsbC03Yzg4YTY5In0%3D\">\n\t\t\t\t\t<div class=\"e-gallery-image elementor-gallery-item__image\" data-thumbnail=\"https:\/\/zentrum-garage.ch\/wp-content\/uploads\/2018\/05\/FZ-in-Schnee-1-e1526568368627-225x300.jpg\" data-width=\"225\" data-height=\"300\" alt=\"Zentrum-Garage D\u00fcdingen \/ AutoAssistance Walther_Bergung mit Kran\" ><\/div>\n\t\t\t\t\t\t\t\t\t\t\t<div class=\"elementor-gallery-item__overlay\"><\/div>\n\t\t\t\t\t\t\t\t\t\t\t\t\t\t<\/a>\n\t\t\t\t\t\t\t<a class=\"e-gallery-item elementor-gallery-item elementor-animated-content\" href=\"https:\/\/zentrum-garage.ch\/wp-content\/uploads\/2018\/05\/Fahrzeug-in-Bach.jpg\" data-elementor-open-lightbox=\"yes\" data-elementor-lightbox-slideshow=\"all-7c88a69\" data-elementor-lightbox-title=\"V\u00e9hicule en circulation\" data-elementor-lightbox-description=\"http:\/\/zentrum4.cyon.link\/wp-content\/uploads\/2018\/05\/cropped-ZGW_Logo_neg_weiss_schwarz.png\" data-e-action-hash=\"#elementor-action%3Aaction%3Dlightbox%26settings%3DeyJpZCI6MzMzMDgsInVybCI6Imh0dHBzOlwvXC96ZW50cnVtLWdhcmFnZS5jaFwvd3AtY29udGVudFwvdXBsb2Fkc1wvMjAxOFwvMDVcL0ZhaHJ6ZXVnLWluLUJhY2guanBnIiwic2xpZGVzaG93IjoiYWxsLTdjODhhNjkifQ%3D%3D\">\n\t\t\t\t\t<div class=\"e-gallery-image elementor-gallery-item__image\" data-thumbnail=\"https:\/\/zentrum-garage.ch\/wp-content\/uploads\/2018\/05\/Fahrzeug-in-Bach-300x169.jpg\" data-width=\"300\" data-height=\"169\" alt=\"Zentrum-Garage D\u00fcdingen \/ AutoAssistance Walther\" ><\/div>\n\t\t\t\t\t\t\t\t\t\t\t<div class=\"elementor-gallery-item__overlay\"><\/div>\n\t\t\t\t\t\t\t\t\t\t\t\t\t\t<\/a>\n\t\t\t\t\t\t\t<a class=\"e-gallery-item elementor-gallery-item elementor-animated-content\" href=\"https:\/\/zentrum-garage.ch\/wp-content\/uploads\/2018\/05\/BMW.jpg\" data-elementor-open-lightbox=\"yes\" data-elementor-lightbox-slideshow=\"all-7c88a69\" data-elementor-lightbox-title=\"BMW\" data-elementor-lightbox-description=\"http:\/\/zentrum4.cyon.link\/wp-content\/uploads\/2018\/05\/cropped-ZGW_Logo_neg_weiss_schwarz.png\" data-e-action-hash=\"#elementor-action%3Aaction%3Dlightbox%26settings%3DeyJpZCI6MTQ4MCwidXJsIjoiaHR0cHM6XC9cL3plbnRydW0tZ2FyYWdlLmNoXC93cC1jb250ZW50XC91cGxvYWRzXC8yMDE4XC8wNVwvQk1XLmpwZyIsInNsaWRlc2hvdyI6ImFsbC03Yzg4YTY5In0%3D\">\n\t\t\t\t\t<div class=\"e-gallery-image elementor-gallery-item__image\" data-thumbnail=\"https:\/\/zentrum-garage.ch\/wp-content\/uploads\/2018\/05\/BMW-300x225.jpg\" data-width=\"300\" data-height=\"225\" alt=\"Zentrum-Garage D\u00fcdingen \/ AutoAssistance Walther\" ><\/div>\n\t\t\t\t\t\t\t\t\t\t\t<div class=\"elementor-gallery-item__overlay\"><\/div>\n\t\t\t\t\t\t\t\t\t\t\t\t\t\t<\/a>\n\t\t\t\t\t\t\t<a class=\"e-gallery-item elementor-gallery-item elementor-animated-content\" href=\"https:\/\/zentrum-garage.ch\/wp-content\/uploads\/2018\/05\/Fahrzeug-Bach.jpg\" data-elementor-open-lightbox=\"yes\" data-elementor-lightbox-slideshow=\"all-7c88a69\" data-elementor-lightbox-title=\"Flux de v\u00e9hicules\" data-elementor-lightbox-description=\"http:\/\/zentrum4.cyon.link\/wp-content\/uploads\/2018\/05\/cropped-ZGW_Logo_neg_weiss_schwarz.png\" data-e-action-hash=\"#elementor-action%3Aaction%3Dlightbox%26settings%3DeyJpZCI6MzMzMDksInVybCI6Imh0dHBzOlwvXC96ZW50cnVtLWdhcmFnZS5jaFwvd3AtY29udGVudFwvdXBsb2Fkc1wvMjAxOFwvMDVcL0ZhaHJ6ZXVnLUJhY2guanBnIiwic2xpZGVzaG93IjoiYWxsLTdjODhhNjkifQ%3D%3D\">\n\t\t\t\t\t<div class=\"e-gallery-image elementor-gallery-item__image\" data-thumbnail=\"https:\/\/zentrum-garage.ch\/wp-content\/uploads\/2018\/05\/Fahrzeug-Bach-300x225.jpg\" data-width=\"300\" data-height=\"225\" alt=\"Zentrum-Garage D\u00fcdingen \/ AutoAssistance Walther\" ><\/div>\n\t\t\t\t\t\t\t\t\t\t\t<div class=\"elementor-gallery-item__overlay\"><\/div>\n\t\t\t\t\t\t\t\t\t\t\t\t\t\t<\/a>\n\t\t\t\t\t\t\t<a class=\"e-gallery-item elementor-gallery-item elementor-animated-content\" href=\"https:\/\/zentrum-garage.ch\/wp-content\/uploads\/2018\/05\/Bergung-Traktor.jpg\" data-elementor-open-lightbox=\"yes\" data-elementor-lightbox-slideshow=\"all-7c88a69\" data-elementor-lightbox-title=\"Tracteur de r\u00e9cup\u00e9ration\" data-e-action-hash=\"#elementor-action%3Aaction%3Dlightbox%26settings%3DeyJpZCI6MTQ3OCwidXJsIjoiaHR0cHM6XC9cL3plbnRydW0tZ2FyYWdlLmNoXC93cC1jb250ZW50XC91cGxvYWRzXC8yMDE4XC8wNVwvQmVyZ3VuZy1UcmFrdG9yLmpwZyIsInNsaWRlc2hvdyI6ImFsbC03Yzg4YTY5In0%3D\">\n\t\t\t\t\t<div class=\"e-gallery-image elementor-gallery-item__image\" data-thumbnail=\"https:\/\/zentrum-garage.ch\/wp-content\/uploads\/2018\/05\/Bergung-Traktor-300x225.jpg\" data-width=\"300\" data-height=\"225\" alt=\"Zentrum-Garage D\u00fcdingen \/ AutoAssistance Walther\" ><\/div>\n\t\t\t\t\t\t\t\t\t\t\t<div class=\"elementor-gallery-item__overlay\"><\/div>\n\t\t\t\t\t\t\t\t\t\t\t\t\t\t<\/a>\n\t\t\t\t\t\t\t<a class=\"e-gallery-item elementor-gallery-item elementor-animated-content\" href=\"https:\/\/zentrum-garage.ch\/wp-content\/uploads\/2018\/05\/aa_einsatzbi_unfall4.jpg\" data-elementor-open-lightbox=\"yes\" data-elementor-lightbox-slideshow=\"all-7c88a69\" data-elementor-lightbox-title=\"aa_einsatzbi_unfall4\" data-e-action-hash=\"#elementor-action%3Aaction%3Dlightbox%26settings%3DeyJpZCI6MTQ3NiwidXJsIjoiaHR0cHM6XC9cL3plbnRydW0tZ2FyYWdlLmNoXC93cC1jb250ZW50XC91cGxvYWRzXC8yMDE4XC8wNVwvYWFfZWluc2F0emJpX3VuZmFsbDQuanBnIiwic2xpZGVzaG93IjoiYWxsLTdjODhhNjkifQ%3D%3D\">\n\t\t\t\t\t<div class=\"e-gallery-image elementor-gallery-item__image\" data-thumbnail=\"https:\/\/zentrum-garage.ch\/wp-content\/uploads\/2018\/05\/aa_einsatzbi_unfall4-300x225.jpg\" data-width=\"300\" data-height=\"225\" alt=\"Zentrum-Garage D\u00fcdingen \/ AutoAssistance Walther\" ><\/div>\n\t\t\t\t\t\t\t\t\t\t\t<div class=\"elementor-gallery-item__overlay\"><\/div>\n\t\t\t\t\t\t\t\t\t\t\t\t\t\t<\/a>\n\t\t\t\t\t\t\t<a class=\"e-gallery-item elementor-gallery-item elementor-animated-content\" href=\"https:\/\/zentrum-garage.ch\/wp-content\/uploads\/2018\/05\/aa_einsatzbi_unfall3.jpg\" data-elementor-open-lightbox=\"yes\" data-elementor-lightbox-slideshow=\"all-7c88a69\" data-elementor-lightbox-title=\"aa_einsatzbi_unfall3\" data-e-action-hash=\"#elementor-action%3Aaction%3Dlightbox%26settings%3DeyJpZCI6MTQ3NCwidXJsIjoiaHR0cHM6XC9cL3plbnRydW0tZ2FyYWdlLmNoXC93cC1jb250ZW50XC91cGxvYWRzXC8yMDE4XC8wNVwvYWFfZWluc2F0emJpX3VuZmFsbDMuanBnIiwic2xpZGVzaG93IjoiYWxsLTdjODhhNjkifQ%3D%3D\">\n\t\t\t\t\t<div class=\"e-gallery-image elementor-gallery-item__image\" data-thumbnail=\"https:\/\/zentrum-garage.ch\/wp-content\/uploads\/2018\/05\/aa_einsatzbi_unfall3-300x225.jpg\" data-width=\"300\" data-height=\"225\" alt=\"Zentrum-Garage D\u00fcdingen \/ AutoAssistance Walther\" ><\/div>\n\t\t\t\t\t\t\t\t\t\t\t<div class=\"elementor-gallery-item__overlay\"><\/div>\n\t\t\t\t\t\t\t\t\t\t\t\t\t\t<\/a>\n\t\t\t\t\t\t\t<a class=\"e-gallery-item elementor-gallery-item elementor-animated-content\" href=\"https:\/\/zentrum-garage.ch\/wp-content\/uploads\/2018\/05\/aa_einsatzbi_unfall1.jpg\" data-elementor-open-lightbox=\"yes\" data-elementor-lightbox-slideshow=\"all-7c88a69\" data-elementor-lightbox-title=\"aa_einsatzbi_unfall1\" data-e-action-hash=\"#elementor-action%3Aaction%3Dlightbox%26settings%3DeyJpZCI6MTQ3MiwidXJsIjoiaHR0cHM6XC9cL3plbnRydW0tZ2FyYWdlLmNoXC93cC1jb250ZW50XC91cGxvYWRzXC8yMDE4XC8wNVwvYWFfZWluc2F0emJpX3VuZmFsbDEuanBnIiwic2xpZGVzaG93IjoiYWxsLTdjODhhNjkifQ%3D%3D\">\n\t\t\t\t\t<div class=\"e-gallery-image elementor-gallery-item__image\" data-thumbnail=\"https:\/\/zentrum-garage.ch\/wp-content\/uploads\/2018\/05\/aa_einsatzbi_unfall1-300x225.jpg\" data-width=\"300\" data-height=\"225\" alt=\"Zentrum-Garage D\u00fcdingen \/ AutoAssistance Walther\" ><\/div>\n\t\t\t\t\t\t\t\t\t\t\t<div class=\"elementor-gallery-item__overlay\"><\/div>\n\t\t\t\t\t\t\t\t\t\t\t\t\t\t<\/a>\n\t\t\t\t\t<\/div>\n\t\t\t<\/div>\n\t\t\t\t<\/div>\n\t\t\t\t\t<\/div>\n\t\t<\/div>\n\t\t\t\t\t\t\t<\/div>\n\t\t<\/section>\n\t\t\t\t<section class=\"elementor-section elementor-top-section elementor-element elementor-element-8378111 elementor-section-boxed elementor-section-height-default elementor-section-height-default\" data-id=\"8378111\" data-element_type=\"section\">\n\t\t\t\t\t\t<div class=\"elementor-container elementor-column-gap-default\">\n\t\t\t\t\t<div class=\"elementor-column elementor-col-100 elementor-top-column elementor-element elementor-element-6ac5803\" data-id=\"6ac5803\" data-element_type=\"column\">\n\t\t\t<div class=\"elementor-widget-wrap elementor-element-populated\">\n\t\t\t\t\t\t\t\t<div class=\"elementor-element elementor-element-72b9893 elementor-view-default elementor-widget elementor-widget-icon\" data-id=\"72b9893\" data-element_type=\"widget\" data-widget_type=\"icon.default\">\n\t\t\t\t<div class=\"elementor-widget-container\">\n\t\t\t\t\t<div class=\"elementor-icon-wrapper\">\n\t\t\t<a class=\"elementor-icon\" href=\"#up\">\n\t\t\t<i aria-hidden=\"true\" class=\"fas fa-arrow-up\"><\/i>\t\t\t<\/a>\n\t\t<\/div>\n\t\t\t\t<\/div>\n\t\t\t\t<\/div>\n\t\t\t\t\t<\/div>\n\t\t<\/div>\n\t\t\t\t\t\t\t<\/div>\n\t\t<\/section>\n\t\t\t\t\t\t\t<\/div>\n\t\t","protected":false},"excerpt":{"rendered":"<p>Assistance en cas de panne et d\u2019accident AutoAssistance Walther a \u00e9t\u00e9 cr\u00e9\u00e9e en 1996 par Adrian Walther. Depuis, nos d\u00e9panneurs ont remorqu\u00e9, secouru, sorti de la rivi\u00e8re, transport\u00e9 ou r\u00e9par\u00e9 sur place d&rsquo;innombrables v\u00e9hicules. AutoAssistance est le partenaire r\u00e9gional \u00e0 Fribourg et dans les environs pour les assurances, les clubs automobiles, les constructeurs automobiles, les [&hellip;]<\/p>\n","protected":false},"author":1,"featured_media":0,"parent":0,"menu_order":4,"comment_status":"closed","ping_status":"closed","template":"elementor_header_footer","meta":{"inline_featured_image":false,"footnotes":""},"aioseo_notices":[],"_links":{"self":[{"href":"https:\/\/zentrum-garage.ch\/fr\/wp-json\/wp\/v2\/pages\/1539"}],"collection":[{"href":"https:\/\/zentrum-garage.ch\/fr\/wp-json\/wp\/v2\/pages"}],"about":[{"href":"https:\/\/zentrum-garage.ch\/fr\/wp-json\/wp\/v2\/types\/page"}],"author":[{"embeddable":true,"href":"https:\/\/zentrum-garage.ch\/fr\/wp-json\/wp\/v2\/users\/1"}],"replies":[{"embeddable":true,"href":"https:\/\/zentrum-garage.ch\/fr\/wp-json\/wp\/v2\/comments?post=1539"}],"version-history":[{"count":44,"href":"https:\/\/zentrum-garage.ch\/fr\/wp-json\/wp\/v2\/pages\/1539\/revisions"}],"predecessor-version":[{"id":40554,"href":"https:\/\/zentrum-garage.ch\/fr\/wp-json\/wp\/v2\/pages\/1539\/revisions\/40554"}],"wp:attachment":[{"href":"https:\/\/zentrum-garage.ch\/fr\/wp-json\/wp\/v2\/media?parent=1539"}],"curies":[{"name":"wp","href":"https:\/\/api.w.org\/{rel}","templated":true}]}}