{"id":1549,"date":"2019-04-11T08:31:56","date_gmt":"2019-04-11T08:31:56","guid":{"rendered":"http:\/\/zentrum-garage.ch\/notre-equipe\/historique\/"},"modified":"2023-07-05T13:08:52","modified_gmt":"2023-07-05T13:08:52","slug":"historique","status":"publish","type":"page","link":"https:\/\/zentrum-garage.ch\/fr\/historique\/","title":{"rendered":"Historique"},"content":{"rendered":"\t\t<div data-elementor-type=\"wp-post\" data-elementor-id=\"1549\" class=\"elementor elementor-1549 elementor-561\">\n\t\t\t\t\t\t\t\t\t<section class=\"elementor-section elementor-top-section elementor-element elementor-element-9090d9d elementor-section-full_width elementor-section-height-min-height elementor-section-stretched elementor-section-height-default elementor-section-items-middle\" data-id=\"9090d9d\" data-element_type=\"section\" data-settings=\"{&quot;stretch_section&quot;:&quot;section-stretched&quot;}\">\n\t\t\t\t\t\t\t<div class=\"elementor-background-overlay\"><\/div>\n\t\t\t\t\t\t\t<div class=\"elementor-container elementor-column-gap-default\">\n\t\t\t\t\t<div class=\"elementor-column elementor-col-100 elementor-top-column elementor-element elementor-element-84a1153\" data-id=\"84a1153\" data-element_type=\"column\">\n\t\t\t<div class=\"elementor-widget-wrap elementor-element-populated\">\n\t\t\t\t\t\t\t\t<div class=\"elementor-element elementor-element-59a73630 elementor-widget elementor-widget-menu-anchor\" data-id=\"59a73630\" data-element_type=\"widget\" data-widget_type=\"menu-anchor.default\">\n\t\t\t\t<div class=\"elementor-widget-container\">\n\t\t\t\t\t<div id=\"up\" class=\"elementor-menu-anchor\"><\/div>\n\t\t\t\t<\/div>\n\t\t\t\t<\/div>\n\t\t\t\t<div class=\"elementor-element elementor-element-4db53fb elementor-widget elementor-widget-image\" data-id=\"4db53fb\" data-element_type=\"widget\" data-widget_type=\"image.default\">\n\t\t\t\t<div class=\"elementor-widget-container\">\n\t\t\t\t\t\t\t\t\t\t\t\t<figure class=\"wp-caption\">\n\t\t\t\t\t\t\t\t\t\t\t<a href=\"https:\/\/zentrum-garage.ch\/wp-content\/uploads\/2018\/04\/cropped-garage_1922_ret.-6.png\" data-elementor-open-lightbox=\"yes\" data-elementor-lightbox-title=\"cropped-garage_1922_ret.-6.png\" data-elementor-lightbox-description=\"Ernst sen (in der Mitte) vor seiner Garage mit einer Shell-Zapfs\u00e4ule. Der Benzinpreis war damals 60 Rappen pro Liter. Der Stundenlohn eines B\u00fcetzers betrug zwischen 80 Rappen und 1.60 Franken.\" data-e-action-hash=\"#elementor-action%3Aaction%3Dlightbox%26settings%3DeyJpZCI6MzMyOTUsInVybCI6Imh0dHBzOlwvXC96ZW50cnVtLWdhcmFnZS5jaFwvd3AtY29udGVudFwvdXBsb2Fkc1wvMjAxOFwvMDRcL2Nyb3BwZWQtZ2FyYWdlXzE5MjJfcmV0Li02LnBuZyJ9\">\n\t\t\t\t\t\t\t<img loading=\"lazy\" decoding=\"async\" width=\"2000\" height=\"1160\" src=\"https:\/\/zentrum-garage.ch\/wp-content\/uploads\/2018\/04\/cropped-garage_1922_ret.-6.png\" class=\"attachment-full size-full wp-image-33295\" alt=\"Garage 1922\" srcset=\"https:\/\/zentrum-garage.ch\/wp-content\/uploads\/2018\/04\/cropped-garage_1922_ret.-6.png 2000w, https:\/\/zentrum-garage.ch\/wp-content\/uploads\/2018\/04\/cropped-garage_1922_ret.-6-300x174.png 300w, https:\/\/zentrum-garage.ch\/wp-content\/uploads\/2018\/04\/cropped-garage_1922_ret.-6-768x445.png 768w, https:\/\/zentrum-garage.ch\/wp-content\/uploads\/2018\/04\/cropped-garage_1922_ret.-6-1024x594.png 1024w\" sizes=\"(max-width: 2000px) 100vw, 2000px\" \/>\t\t\t\t\t\t\t\t<\/a>\n\t\t\t\t\t\t\t\t\t\t\t<figcaption class=\"widget-image-caption wp-caption-text\">Garage l'ann\u00e9e de la fondation 1922<\/figcaption>\n\t\t\t\t\t\t\t\t\t\t<\/figure>\n\t\t\t\t\t\t\t\t\t<\/div>\n\t\t\t\t<\/div>\n\t\t\t\t\t<\/div>\n\t\t<\/div>\n\t\t\t\t\t\t\t<\/div>\n\t\t<\/section>\n\t\t\t\t<section class=\"elementor-section elementor-top-section elementor-element elementor-element-bb353c8 elementor-section-boxed elementor-section-height-default elementor-section-height-default\" data-id=\"bb353c8\" data-element_type=\"section\">\n\t\t\t\t\t\t<div class=\"elementor-container elementor-column-gap-default\">\n\t\t\t\t\t<div class=\"elementor-column elementor-col-100 elementor-top-column elementor-element elementor-element-ba46f92\" data-id=\"ba46f92\" data-element_type=\"column\">\n\t\t\t<div class=\"elementor-widget-wrap elementor-element-populated\">\n\t\t\t\t\t\t\t\t<div class=\"elementor-element elementor-element-575134a elementor-widget elementor-widget-heading\" data-id=\"575134a\" data-element_type=\"widget\" data-widget_type=\"heading.default\">\n\t\t\t\t<div class=\"elementor-widget-container\">\n\t\t\t<h1 class=\"elementor-heading-title elementor-size-default\">L\u00e0 o\u00f9 tout a commenc\u00e9...<\/h1>\t\t<\/div>\n\t\t\t\t<\/div>\n\t\t\t\t\t<\/div>\n\t\t<\/div>\n\t\t\t\t\t\t\t<\/div>\n\t\t<\/section>\n\t\t\t\t<section class=\"elementor-section elementor-top-section elementor-element elementor-element-a669e61 elementor-section-boxed elementor-section-height-default elementor-section-height-default\" data-id=\"a669e61\" data-element_type=\"section\">\n\t\t\t\t\t\t<div class=\"elementor-container elementor-column-gap-default\">\n\t\t\t\t\t<div class=\"elementor-column elementor-col-100 elementor-top-column elementor-element elementor-element-a4638c2\" data-id=\"a4638c2\" data-element_type=\"column\">\n\t\t\t<div class=\"elementor-widget-wrap elementor-element-populated\">\n\t\t\t\t\t\t\t\t<div class=\"elementor-element elementor-element-a7f1434 elementor-widget elementor-widget-spacer\" data-id=\"a7f1434\" data-element_type=\"widget\" data-widget_type=\"spacer.default\">\n\t\t\t\t<div class=\"elementor-widget-container\">\n\t\t\t\t\t<div class=\"elementor-spacer\">\n\t\t\t<div class=\"elementor-spacer-inner\"><\/div>\n\t\t<\/div>\n\t\t\t\t<\/div>\n\t\t\t\t<\/div>\n\t\t\t\t\t<\/div>\n\t\t<\/div>\n\t\t\t\t\t\t\t<\/div>\n\t\t<\/section>\n\t\t\t\t<section class=\"elementor-section elementor-top-section elementor-element elementor-element-44bf0b7 elementor-section-boxed elementor-section-height-default elementor-section-height-default\" data-id=\"44bf0b7\" data-element_type=\"section\">\n\t\t\t\t\t\t<div class=\"elementor-container elementor-column-gap-default\">\n\t\t\t\t\t<div class=\"elementor-column elementor-col-100 elementor-top-column elementor-element elementor-element-1260849\" data-id=\"1260849\" data-element_type=\"column\">\n\t\t\t<div class=\"elementor-widget-wrap elementor-element-populated\">\n\t\t\t\t\t\t\t\t<div class=\"elementor-element elementor-element-430d142 elementor-widget elementor-widget-heading\" data-id=\"430d142\" data-element_type=\"widget\" data-widget_type=\"heading.default\">\n\t\t\t\t<div class=\"elementor-widget-container\">\n\t\t\t<h2 class=\"elementor-heading-title elementor-size-default\">1922<\/h2>\t\t<\/div>\n\t\t\t\t<\/div>\n\t\t\t\t\t<\/div>\n\t\t<\/div>\n\t\t\t\t\t\t\t<\/div>\n\t\t<\/section>\n\t\t\t\t<section class=\"elementor-section elementor-top-section elementor-element elementor-element-0703f9c elementor-section-boxed elementor-section-height-default elementor-section-height-default\" data-id=\"0703f9c\" data-element_type=\"section\">\n\t\t\t\t\t\t<div class=\"elementor-container elementor-column-gap-default\">\n\t\t\t\t\t<div class=\"elementor-column elementor-col-33 elementor-top-column elementor-element elementor-element-ff2304c\" data-id=\"ff2304c\" data-element_type=\"column\">\n\t\t\t<div class=\"elementor-widget-wrap elementor-element-populated\">\n\t\t\t\t\t\t\t\t<div class=\"elementor-element elementor-element-f5aa2d9 elementor-widget elementor-widget-image\" data-id=\"f5aa2d9\" data-element_type=\"widget\" data-widget_type=\"image.default\">\n\t\t\t\t<div class=\"elementor-widget-container\">\n\t\t\t\t\t\t\t\t\t\t\t\t<figure class=\"wp-caption\">\n\t\t\t\t\t\t\t\t\t\t\t<a href=\"https:\/\/zentrum-garage.ch\/wp-content\/uploads\/2022\/02\/Zentrum-Garage_1939_Portra\u0308t_Ernst-Walther-sen-1.png\" data-elementor-open-lightbox=\"yes\" data-elementor-lightbox-title=\"Zentrum-Garage_1939_Portra\u0308t_Ernst-Walther-sen\" data-elementor-lightbox-description=\"Le fondateur du garage : Ernst Walther senior (1895-1939)\" data-e-action-hash=\"#elementor-action%3Aaction%3Dlightbox%26settings%3DeyJpZCI6MzQwODIsInVybCI6Imh0dHBzOlwvXC96ZW50cnVtLWdhcmFnZS5jaFwvd3AtY29udGVudFwvdXBsb2Fkc1wvMjAyMlwvMDJcL1plbnRydW0tR2FyYWdlXzE5MzlfUG9ydHJhXHUwMzA4dF9Fcm5zdC1XYWx0aGVyLXNlbi0xLnBuZyJ9\">\n\t\t\t\t\t\t\t<img loading=\"lazy\" decoding=\"async\" width=\"796\" height=\"964\" src=\"https:\/\/zentrum-garage.ch\/wp-content\/uploads\/2022\/02\/Zentrum-Garage_1939_Portra\u0308t_Ernst-Walther-sen-1.png\" class=\"attachment-large size-large wp-image-34082\" alt=\"Le fondateur du garage : Ernst Walther senior (1895-1939)\" srcset=\"https:\/\/zentrum-garage.ch\/wp-content\/uploads\/2022\/02\/Zentrum-Garage_1939_Portra\u0308t_Ernst-Walther-sen-1.png 796w, https:\/\/zentrum-garage.ch\/wp-content\/uploads\/2022\/02\/Zentrum-Garage_1939_Portra\u0308t_Ernst-Walther-sen-1-248x300.png 248w, https:\/\/zentrum-garage.ch\/wp-content\/uploads\/2022\/02\/Zentrum-Garage_1939_Portra\u0308t_Ernst-Walther-sen-1-768x930.png 768w, https:\/\/zentrum-garage.ch\/wp-content\/uploads\/2022\/02\/Zentrum-Garage_1939_Portra\u0308t_Ernst-Walther-sen-1-230x279.png 230w, https:\/\/zentrum-garage.ch\/wp-content\/uploads\/2022\/02\/Zentrum-Garage_1939_Portra\u0308t_Ernst-Walther-sen-1-350x424.png 350w, https:\/\/zentrum-garage.ch\/wp-content\/uploads\/2022\/02\/Zentrum-Garage_1939_Portra\u0308t_Ernst-Walther-sen-1-480x581.png 480w\" sizes=\"(max-width: 796px) 100vw, 796px\" \/>\t\t\t\t\t\t\t\t<\/a>\n\t\t\t\t\t\t\t\t\t\t\t<figcaption class=\"widget-image-caption wp-caption-text\">Le fondateur du garage : Ernst Walther senior (1895-1939)<\/figcaption>\n\t\t\t\t\t\t\t\t\t\t<\/figure>\n\t\t\t\t\t\t\t\t\t<\/div>\n\t\t\t\t<\/div>\n\t\t\t\t\t<\/div>\n\t\t<\/div>\n\t\t\t\t<div class=\"elementor-column elementor-col-33 elementor-top-column elementor-element elementor-element-e4e8d63\" data-id=\"e4e8d63\" data-element_type=\"column\">\n\t\t\t<div class=\"elementor-widget-wrap elementor-element-populated\">\n\t\t\t\t\t\t\t\t<div class=\"elementor-element elementor-element-e518c8a elementor-widget elementor-widget-text-editor\" data-id=\"e518c8a\" data-element_type=\"widget\" data-widget_type=\"text-editor.default\">\n\t\t\t\t<div class=\"elementor-widget-container\">\n\t\t\t\t\t\t\tErnst senior, le fils de Benedikt, ouvre un atelier de m\u00e9canique dans le nouveau b\u00e2timent annexe de la Hauptstrasse 34. M\u00e9canicien, il r\u00e9pare les v\u00e9los, les cyclomoteurs et les voitures. Et m\u00eame des radios et des machines \u00e0 coudre.\r\n\r\n&nbsp;\r\n\r\nLa \u00ab\u00a0Benzin-Union\u00a0\u00bb autorise Ernst senior \u00e0 vendre de l&rsquo;essence. Il conclut le premier contrat avec Lumina SA (pr\u00e9d\u00e9cesseur de Shell Switzerland). Ainsi, il devient l&rsquo;un des premiers \u00e0 exploiter un garage avec station-service dans le district de la Singine.\r\n\r\n&nbsp;\r\n\r\nLe prix de l&rsquo;essence \u00e9tait \u00e0 l&rsquo;\u00e9poque de 60 centimes le litre. Le salaire horaire d&rsquo;un ouvrier se situait entre 80 centimes et 1,60 franc.\t\t\t\t\t\t<\/div>\n\t\t\t\t<\/div>\n\t\t\t\t\t<\/div>\n\t\t<\/div>\n\t\t\t\t<div class=\"elementor-column elementor-col-33 elementor-top-column elementor-element elementor-element-fb1349c\" data-id=\"fb1349c\" data-element_type=\"column\">\n\t\t\t<div class=\"elementor-widget-wrap elementor-element-populated\">\n\t\t\t\t\t\t\t\t<div class=\"elementor-element elementor-element-d0ad27a elementor-widget elementor-widget-image\" data-id=\"d0ad27a\" data-element_type=\"widget\" data-widget_type=\"image.default\">\n\t\t\t\t<div class=\"elementor-widget-container\">\n\t\t\t\t\t\t\t\t\t\t\t\t<figure class=\"wp-caption\">\n\t\t\t\t\t\t\t\t\t\t\t<a href=\"https:\/\/zentrum-garage.ch\/wp-content\/uploads\/2022\/02\/Zentrum-Garage_1922_Inserat-Bekanntgabe.jpeg\" data-elementor-open-lightbox=\"yes\" data-elementor-lightbox-title=\"Zentrum-Garage_1922_Inserat-Bekanntgabe\" data-elementor-lightbox-description=\"Le 18 f\u00e9vrier 1922, Ernst Walther senior publie une annonce pour faire conna\u00eetre son atelier.\" data-e-action-hash=\"#elementor-action%3Aaction%3Dlightbox%26settings%3DeyJpZCI6MzQwNzUsInVybCI6Imh0dHBzOlwvXC96ZW50cnVtLWdhcmFnZS5jaFwvd3AtY29udGVudFwvdXBsb2Fkc1wvMjAyMlwvMDJcL1plbnRydW0tR2FyYWdlXzE5MjJfSW5zZXJhdC1CZWthbm50Z2FiZS5qcGVnIn0%3D\">\n\t\t\t\t\t\t\t<img loading=\"lazy\" decoding=\"async\" width=\"800\" height=\"807\" src=\"https:\/\/zentrum-garage.ch\/wp-content\/uploads\/2022\/02\/Zentrum-Garage_1922_Inserat-Bekanntgabe.jpeg\" class=\"attachment-large size-large wp-image-34075\" alt=\"Le 18 f\u00e9vrier 1922, Ernst Walther senior publie une annonce pour faire conna\u00eetre son atelier.\" srcset=\"https:\/\/zentrum-garage.ch\/wp-content\/uploads\/2022\/02\/Zentrum-Garage_1922_Inserat-Bekanntgabe.jpeg 800w, https:\/\/zentrum-garage.ch\/wp-content\/uploads\/2022\/02\/Zentrum-Garage_1922_Inserat-Bekanntgabe-297x300.jpeg 297w, https:\/\/zentrum-garage.ch\/wp-content\/uploads\/2022\/02\/Zentrum-Garage_1922_Inserat-Bekanntgabe-150x150.jpeg 150w, https:\/\/zentrum-garage.ch\/wp-content\/uploads\/2022\/02\/Zentrum-Garage_1922_Inserat-Bekanntgabe-768x775.jpeg 768w, https:\/\/zentrum-garage.ch\/wp-content\/uploads\/2022\/02\/Zentrum-Garage_1922_Inserat-Bekanntgabe-230x232.jpeg 230w, https:\/\/zentrum-garage.ch\/wp-content\/uploads\/2022\/02\/Zentrum-Garage_1922_Inserat-Bekanntgabe-350x353.jpeg 350w, https:\/\/zentrum-garage.ch\/wp-content\/uploads\/2022\/02\/Zentrum-Garage_1922_Inserat-Bekanntgabe-480x484.jpeg 480w\" sizes=\"(max-width: 800px) 100vw, 800px\" \/>\t\t\t\t\t\t\t\t<\/a>\n\t\t\t\t\t\t\t\t\t\t\t<figcaption class=\"widget-image-caption wp-caption-text\">Annonce dans les Freiburger Nachrichten du 18 f\u00e9vrier 1922.<\/figcaption>\n\t\t\t\t\t\t\t\t\t\t<\/figure>\n\t\t\t\t\t\t\t\t\t<\/div>\n\t\t\t\t<\/div>\n\t\t\t\t\t<\/div>\n\t\t<\/div>\n\t\t\t\t\t\t\t<\/div>\n\t\t<\/section>\n\t\t\t\t<section class=\"elementor-section elementor-top-section elementor-element elementor-element-2198073a elementor-section-boxed elementor-section-height-default elementor-section-height-default\" data-id=\"2198073a\" data-element_type=\"section\">\n\t\t\t\t\t\t<div class=\"elementor-container elementor-column-gap-default\">\n\t\t\t\t\t<div class=\"elementor-column elementor-col-100 elementor-top-column elementor-element elementor-element-4b1c264b\" data-id=\"4b1c264b\" data-element_type=\"column\">\n\t\t\t<div class=\"elementor-widget-wrap elementor-element-populated\">\n\t\t\t\t\t\t\t\t<div class=\"elementor-element elementor-element-6408a018 elementor-widget-divider--view-line_icon elementor-view-default elementor-widget-divider--element-align-center elementor-widget elementor-widget-divider\" data-id=\"6408a018\" data-element_type=\"widget\" data-widget_type=\"divider.default\">\n\t\t\t\t<div class=\"elementor-widget-container\">\n\t\t\t\t\t<div class=\"elementor-divider\">\n\t\t\t<span class=\"elementor-divider-separator\">\n\t\t\t\t\t\t\t<div class=\"elementor-icon elementor-divider__element\">\n\t\t\t\t\t<i aria-hidden=\"true\" class=\"fas fa-car\"><\/i><\/div>\n\t\t\t\t\t\t<\/span>\n\t\t<\/div>\n\t\t\t\t<\/div>\n\t\t\t\t<\/div>\n\t\t\t\t\t<\/div>\n\t\t<\/div>\n\t\t\t\t\t\t\t<\/div>\n\t\t<\/section>\n\t\t\t\t<section class=\"elementor-section elementor-top-section elementor-element elementor-element-906b355 elementor-section-boxed elementor-section-height-default elementor-section-height-default\" data-id=\"906b355\" data-element_type=\"section\">\n\t\t\t\t\t\t<div class=\"elementor-container elementor-column-gap-default\">\n\t\t\t\t\t<div class=\"elementor-column elementor-col-100 elementor-top-column elementor-element elementor-element-463efb7\" data-id=\"463efb7\" data-element_type=\"column\">\n\t\t\t<div class=\"elementor-widget-wrap elementor-element-populated\">\n\t\t\t\t\t\t\t\t<div class=\"elementor-element elementor-element-c3ed85f elementor-widget elementor-widget-heading\" data-id=\"c3ed85f\" data-element_type=\"widget\" data-widget_type=\"heading.default\">\n\t\t\t\t<div class=\"elementor-widget-container\">\n\t\t\t<h2 class=\"elementor-heading-title elementor-size-default\">1927<\/h2>\t\t<\/div>\n\t\t\t\t<\/div>\n\t\t\t\t\t<\/div>\n\t\t<\/div>\n\t\t\t\t\t\t\t<\/div>\n\t\t<\/section>\n\t\t\t\t<section class=\"elementor-section elementor-top-section elementor-element elementor-element-37d40d3 elementor-section-boxed elementor-section-height-default elementor-section-height-default\" data-id=\"37d40d3\" data-element_type=\"section\">\n\t\t\t\t\t\t<div class=\"elementor-container elementor-column-gap-default\">\n\t\t\t\t\t<div class=\"elementor-column elementor-col-50 elementor-top-column elementor-element elementor-element-097332c\" data-id=\"097332c\" data-element_type=\"column\">\n\t\t\t<div class=\"elementor-widget-wrap elementor-element-populated\">\n\t\t\t\t\t\t\t\t<div class=\"elementor-element elementor-element-4462151 elementor-widget elementor-widget-text-editor\" data-id=\"4462151\" data-element_type=\"widget\" data-widget_type=\"text-editor.default\">\n\t\t\t\t<div class=\"elementor-widget-container\">\n\t\t\t\t\t\t\t<p>Le jardin de la m\u00e8re Anna doit c\u00e9der la place. Ernst Walther senior agrandit son entreprise et construit un garage avec station-service \u00e0 la Hauptstrasse 36.<\/p>\n<p>&nbsp;<\/p>\n<p>Il est le repr\u00e9sentant de la marque Amilcar Automobile ainsi que des marques de motos Royal Enfield et Condor. Ernst Walther senior vend et r\u00e9pare \u00e9galement les c\u00e9l\u00e8bres marques de v\u00e9los de l&rsquo;\u00e9poque : G\u00f6ricke, Viktoria, Cito et Wanderer.<\/p>\n\t\t\t\t\t\t<\/div>\n\t\t\t\t<\/div>\n\t\t\t\t<div class=\"elementor-element elementor-element-0139b96 elementor-widget elementor-widget-image\" data-id=\"0139b96\" data-element_type=\"widget\" data-widget_type=\"image.default\">\n\t\t\t\t<div class=\"elementor-widget-container\">\n\t\t\t\t\t\t\t\t\t\t\t\t<figure class=\"wp-caption\">\n\t\t\t\t\t\t\t\t\t\t\t<a href=\"https:\/\/zentrum-garage.ch\/wp-content\/uploads\/2022\/02\/Zentrum-Garage_1927_Neubau-Garage_Haupstrasse36.png\" data-elementor-open-lightbox=\"yes\" data-elementor-lightbox-title=\"Zentrum-Garage_1927_Neubau-Garage_Haupstrasse36\" data-elementor-lightbox-description=\"Le nouveau b\u00e2timent de la Hauptstrasse 36 avec la station-service\" data-e-action-hash=\"#elementor-action%3Aaction%3Dlightbox%26settings%3DeyJpZCI6MzQwNzgsInVybCI6Imh0dHBzOlwvXC96ZW50cnVtLWdhcmFnZS5jaFwvd3AtY29udGVudFwvdXBsb2Fkc1wvMjAyMlwvMDJcL1plbnRydW0tR2FyYWdlXzE5MjdfTmV1YmF1LUdhcmFnZV9IYXVwc3RyYXNzZTM2LnBuZyJ9\">\n\t\t\t\t\t\t\t<img loading=\"lazy\" decoding=\"async\" width=\"1024\" height=\"708\" src=\"https:\/\/zentrum-garage.ch\/wp-content\/uploads\/2022\/02\/Zentrum-Garage_1927_Neubau-Garage_Haupstrasse36-1024x708.png\" class=\"attachment-large size-large wp-image-34078\" alt=\"Le nouveau b\u00e2timent de la Hauptstrasse 36 avec la station-service\" srcset=\"https:\/\/zentrum-garage.ch\/wp-content\/uploads\/2022\/02\/Zentrum-Garage_1927_Neubau-Garage_Haupstrasse36-1024x708.png 1024w, https:\/\/zentrum-garage.ch\/wp-content\/uploads\/2022\/02\/Zentrum-Garage_1927_Neubau-Garage_Haupstrasse36-300x208.png 300w, https:\/\/zentrum-garage.ch\/wp-content\/uploads\/2022\/02\/Zentrum-Garage_1927_Neubau-Garage_Haupstrasse36-768x531.png 768w, https:\/\/zentrum-garage.ch\/wp-content\/uploads\/2022\/02\/Zentrum-Garage_1927_Neubau-Garage_Haupstrasse36-830x574.png 830w, https:\/\/zentrum-garage.ch\/wp-content\/uploads\/2022\/02\/Zentrum-Garage_1927_Neubau-Garage_Haupstrasse36-230x159.png 230w, https:\/\/zentrum-garage.ch\/wp-content\/uploads\/2022\/02\/Zentrum-Garage_1927_Neubau-Garage_Haupstrasse36-350x242.png 350w, https:\/\/zentrum-garage.ch\/wp-content\/uploads\/2022\/02\/Zentrum-Garage_1927_Neubau-Garage_Haupstrasse36-480x332.png 480w, https:\/\/zentrum-garage.ch\/wp-content\/uploads\/2022\/02\/Zentrum-Garage_1927_Neubau-Garage_Haupstrasse36.png 1200w\" sizes=\"(max-width: 1024px) 100vw, 1024px\" \/>\t\t\t\t\t\t\t\t<\/a>\n\t\t\t\t\t\t\t\t\t\t\t<figcaption class=\"widget-image-caption wp-caption-text\">Le nouveau b\u00e2timent de la Hauptstrasse 36 avec la station-service<\/figcaption>\n\t\t\t\t\t\t\t\t\t\t<\/figure>\n\t\t\t\t\t\t\t\t\t<\/div>\n\t\t\t\t<\/div>\n\t\t\t\t\t<\/div>\n\t\t<\/div>\n\t\t\t\t<div class=\"elementor-column elementor-col-50 elementor-top-column elementor-element elementor-element-79243ff\" data-id=\"79243ff\" data-element_type=\"column\">\n\t\t\t<div class=\"elementor-widget-wrap elementor-element-populated\">\n\t\t\t\t\t\t\t\t<div class=\"elementor-element elementor-element-6ac3f7a elementor-arrows-position-inside elementor-pagination-position-outside elementor-widget elementor-widget-image-carousel\" data-id=\"6ac3f7a\" data-element_type=\"widget\" data-settings=\"{&quot;slides_to_show&quot;:&quot;1&quot;,&quot;navigation&quot;:&quot;both&quot;,&quot;autoplay&quot;:&quot;yes&quot;,&quot;pause_on_hover&quot;:&quot;yes&quot;,&quot;pause_on_interaction&quot;:&quot;yes&quot;,&quot;autoplay_speed&quot;:5000,&quot;infinite&quot;:&quot;yes&quot;,&quot;effect&quot;:&quot;slide&quot;,&quot;speed&quot;:500}\" data-widget_type=\"image-carousel.default\">\n\t\t\t\t<div class=\"elementor-widget-container\">\n\t\t\t\t\t<div class=\"elementor-image-carousel-wrapper swiper-container\" dir=\"ltr\">\n\t\t\t<div class=\"elementor-image-carousel swiper-wrapper\" aria-live=\"off\">\n\t\t\t\t\t\t\t\t<div class=\"swiper-slide\" role=\"group\" aria-roledescription=\"slide\" aria-label=\"1 sur 6\"><a data-elementor-open-lightbox=\"yes\" data-elementor-lightbox-slideshow=\"6ac3f7a\" data-elementor-lightbox-title=\"Zentrum-Garage_1928_Inserat_19280228\" data-elementor-lightbox-description=\"Lorsque le nouveau b\u00e2timent a \u00e9t\u00e9 achev\u00e9, Ernst Walther senior a fait la promotion de ses services.\" data-e-action-hash=\"#elementor-action%3Aaction%3Dlightbox%26settings%3DeyJpZCI6MzQwODYsInVybCI6Imh0dHBzOlwvXC96ZW50cnVtLWdhcmFnZS5jaFwvd3AtY29udGVudFwvdXBsb2Fkc1wvMjAyMlwvMDJcL1plbnRydW0tR2FyYWdlXzE5MjhfSW5zZXJhdF8xOTI4MDIyOC5wbmciLCJzbGlkZXNob3ciOiI2YWMzZjdhIn0%3D\" href=\"https:\/\/zentrum-garage.ch\/wp-content\/uploads\/2022\/02\/Zentrum-Garage_1928_Inserat_19280228.png\"><figure class=\"swiper-slide-inner\"><img decoding=\"async\" class=\"swiper-slide-image\" src=\"https:\/\/zentrum-garage.ch\/wp-content\/uploads\/2022\/02\/Zentrum-Garage_1928_Inserat_19280228.png\" alt=\"Annonce du 28.02.1928 dans les Freiburger Nachrichten.\" \/><figcaption class=\"elementor-image-carousel-caption\">Annonce du 28.02.1928 dans les Freiburger Nachrichten. Lorsque le nouveau b\u00e2timent a \u00e9t\u00e9 achev\u00e9, Ernst Walther senior a fait la promotion de ses services.<\/figcaption><\/figure><\/a><\/div><div class=\"swiper-slide\" role=\"group\" aria-roledescription=\"slide\" aria-label=\"2 sur 6\"><a data-elementor-open-lightbox=\"yes\" data-elementor-lightbox-slideshow=\"6ac3f7a\" data-elementor-lightbox-title=\"Zentrum-Garage_1922_Inserat_Goericke_19220616\" data-elementor-lightbox-description=\"Ernst Walther senior vendait et r\u00e9parait non seulement des automobiles, mais aussi des motos et des v\u00e9los.\" data-e-action-hash=\"#elementor-action%3Aaction%3Dlightbox%26settings%3DeyJpZCI6MzQwODgsInVybCI6Imh0dHBzOlwvXC96ZW50cnVtLWdhcmFnZS5jaFwvd3AtY29udGVudFwvdXBsb2Fkc1wvMjAyMlwvMDJcL1plbnRydW0tR2FyYWdlXzE5MjJfSW5zZXJhdF9Hb2VyaWNrZV8xOTIyMDYxNi5wbmciLCJzbGlkZXNob3ciOiI2YWMzZjdhIn0%3D\" href=\"https:\/\/zentrum-garage.ch\/wp-content\/uploads\/2022\/02\/Zentrum-Garage_1922_Inserat_Goericke_19220616.png\"><figure class=\"swiper-slide-inner\"><img decoding=\"async\" class=\"swiper-slide-image\" src=\"https:\/\/zentrum-garage.ch\/wp-content\/uploads\/2022\/02\/Zentrum-Garage_1922_Inserat_Goericke_19220616.png\" alt=\"Annonce dans les Freiburger Nachrichten du 16.06.19.22\" \/><figcaption class=\"elementor-image-carousel-caption\">Ernst Walther senior vendait et r\u00e9parait non seulement des automobiles, mais aussi des motos et des v\u00e9los.<\/figcaption><\/figure><\/a><\/div><div class=\"swiper-slide\" role=\"group\" aria-roledescription=\"slide\" aria-label=\"3 sur 6\"><a data-elementor-open-lightbox=\"yes\" data-elementor-lightbox-slideshow=\"6ac3f7a\" data-elementor-lightbox-title=\"Zentrum-Garage_1922_Inserat_Ostergeschenk_19220408\" data-elementor-lightbox-description=\"Des v\u00e9los pour femmes et hommes des marques Victoria, Cito et Wanderer \u00e9taient en vente chez Ernst Walther.\" data-e-action-hash=\"#elementor-action%3Aaction%3Dlightbox%26settings%3DeyJpZCI6MzQwOTAsInVybCI6Imh0dHBzOlwvXC96ZW50cnVtLWdhcmFnZS5jaFwvd3AtY29udGVudFwvdXBsb2Fkc1wvMjAyMlwvMDJcL1plbnRydW0tR2FyYWdlXzE5MjJfSW5zZXJhdF9Pc3Rlcmdlc2NoZW5rXzE5MjIwNDA4LnBuZyIsInNsaWRlc2hvdyI6IjZhYzNmN2EifQ%3D%3D\" href=\"https:\/\/zentrum-garage.ch\/wp-content\/uploads\/2022\/02\/Zentrum-Garage_1922_Inserat_Ostergeschenk_19220408.png\"><figure class=\"swiper-slide-inner\"><img decoding=\"async\" class=\"swiper-slide-image\" src=\"https:\/\/zentrum-garage.ch\/wp-content\/uploads\/2022\/02\/Zentrum-Garage_1922_Inserat_Ostergeschenk_19220408.png\" alt=\"Annonce dans les Freiburger Nachrichten du 08.04.1922\" \/><figcaption class=\"elementor-image-carousel-caption\">Des v\u00e9los pour femmes et hommes des marques Victoria, Cito et Wanderer \u00e9taient en vente chez Ernst Walther.<\/figcaption><\/figure><\/a><\/div><div class=\"swiper-slide\" role=\"group\" aria-roledescription=\"slide\" aria-label=\"4 sur 6\"><a data-elementor-open-lightbox=\"yes\" data-elementor-lightbox-slideshow=\"6ac3f7a\" data-elementor-lightbox-title=\"Zentrum-Garage_1923_Inserat_Amilcar_19230717\" data-elementor-lightbox-description=\"Avec son automobile Amilcar, Ernst Walther senior a fait une course au Jaunpass.\" data-e-action-hash=\"#elementor-action%3Aaction%3Dlightbox%26settings%3DeyJpZCI6MzQwOTIsInVybCI6Imh0dHBzOlwvXC96ZW50cnVtLWdhcmFnZS5jaFwvd3AtY29udGVudFwvdXBsb2Fkc1wvMjAyMlwvMDJcL1plbnRydW0tR2FyYWdlXzE5MjNfSW5zZXJhdF9BbWlsY2FyXzE5MjMwNzE3LnBuZyIsInNsaWRlc2hvdyI6IjZhYzNmN2EifQ%3D%3D\" href=\"https:\/\/zentrum-garage.ch\/wp-content\/uploads\/2022\/02\/Zentrum-Garage_1923_Inserat_Amilcar_19230717.png\"><figure class=\"swiper-slide-inner\"><img decoding=\"async\" class=\"swiper-slide-image\" src=\"https:\/\/zentrum-garage.ch\/wp-content\/uploads\/2022\/02\/Zentrum-Garage_1923_Inserat_Amilcar_19230717.png\" alt=\"Annonce dans les Freiburger Nachrichten du 17.07.1923\" \/><figcaption class=\"elementor-image-carousel-caption\">Avec son automobile Amilcar, Ernst Walther senior a fait une course au Jaunpass.<\/figcaption><\/figure><\/a><\/div><div class=\"swiper-slide\" role=\"group\" aria-roledescription=\"slide\" aria-label=\"5 sur 6\"><a data-elementor-open-lightbox=\"yes\" data-elementor-lightbox-slideshow=\"6ac3f7a\" data-elementor-lightbox-title=\"Zentrum-Garage_1923_Inserat_Velo_19230331\" data-elementor-lightbox-description=\"Ernst Walther ne proposait pas seulement des moteurs, mais aussi des marques de v\u00e9los connues.\" data-e-action-hash=\"#elementor-action%3Aaction%3Dlightbox%26settings%3DeyJpZCI6MzQwOTQsInVybCI6Imh0dHBzOlwvXC96ZW50cnVtLWdhcmFnZS5jaFwvd3AtY29udGVudFwvdXBsb2Fkc1wvMjAyMlwvMDJcL1plbnRydW0tR2FyYWdlXzE5MjNfSW5zZXJhdF9WZWxvXzE5MjMwMzMxLnBuZyIsInNsaWRlc2hvdyI6IjZhYzNmN2EifQ%3D%3D\" href=\"https:\/\/zentrum-garage.ch\/wp-content\/uploads\/2022\/02\/Zentrum-Garage_1923_Inserat_Velo_19230331.png\"><figure class=\"swiper-slide-inner\"><img decoding=\"async\" class=\"swiper-slide-image\" src=\"https:\/\/zentrum-garage.ch\/wp-content\/uploads\/2022\/02\/Zentrum-Garage_1923_Inserat_Velo_19230331.png\" alt=\"Annonce dans les Freiburger Nachrichten du 31.03.1923\" \/><figcaption class=\"elementor-image-carousel-caption\">Ernst Walther ne proposait pas seulement des moteurs, mais aussi des marques de v\u00e9los connues.<\/figcaption><\/figure><\/a><\/div><div class=\"swiper-slide\" role=\"group\" aria-roledescription=\"slide\" aria-label=\"6 sur 6\"><a data-elementor-open-lightbox=\"yes\" data-elementor-lightbox-slideshow=\"6ac3f7a\" data-elementor-lightbox-title=\"Zentrum-Garage_1922_Inserat_Royal-Enfield_19220508\" data-elementor-lightbox-description=\"Ernst Walther senior vendait et r\u00e9parait des motos de la marque Royal Enfield.\" data-e-action-hash=\"#elementor-action%3Aaction%3Dlightbox%26settings%3DeyJpZCI6MzQwOTYsInVybCI6Imh0dHBzOlwvXC96ZW50cnVtLWdhcmFnZS5jaFwvd3AtY29udGVudFwvdXBsb2Fkc1wvMjAyMlwvMDJcL1plbnRydW0tR2FyYWdlXzE5MjJfSW5zZXJhdF9Sb3lhbC1FbmZpZWxkXzE5MjIwNTA4LnBuZyIsInNsaWRlc2hvdyI6IjZhYzNmN2EifQ%3D%3D\" href=\"https:\/\/zentrum-garage.ch\/wp-content\/uploads\/2022\/02\/Zentrum-Garage_1922_Inserat_Royal-Enfield_19220508.png\"><figure class=\"swiper-slide-inner\"><img decoding=\"async\" class=\"swiper-slide-image\" src=\"https:\/\/zentrum-garage.ch\/wp-content\/uploads\/2022\/02\/Zentrum-Garage_1922_Inserat_Royal-Enfield_19220508.png\" alt=\"Annonce dans les Freiburger Nachrichten du 08.05.1922\" \/><figcaption class=\"elementor-image-carousel-caption\">Ernst Walther senior vendait et r\u00e9parait des motos de la marque Royal Enfield.<\/figcaption><\/figure><\/a><\/div>\t\t\t<\/div>\n\t\t\t\t\t\t\t\t\t\t\t\t<div class=\"elementor-swiper-button elementor-swiper-button-prev\" role=\"button\" tabindex=\"0\">\n\t\t\t\t\t\t<i aria-hidden=\"true\" class=\"eicon-chevron-left\"><\/i>\t\t\t\t\t<\/div>\n\t\t\t\t\t<div class=\"elementor-swiper-button elementor-swiper-button-next\" role=\"button\" tabindex=\"0\">\n\t\t\t\t\t\t<i aria-hidden=\"true\" class=\"eicon-chevron-right\"><\/i>\t\t\t\t\t<\/div>\n\t\t\t\t\n\t\t\t\t\t\t\t\t\t<div class=\"swiper-pagination\"><\/div>\n\t\t\t\t\t\t\t\t\t<\/div>\n\t\t\t\t<\/div>\n\t\t\t\t<\/div>\n\t\t\t\t\t<\/div>\n\t\t<\/div>\n\t\t\t\t\t\t\t<\/div>\n\t\t<\/section>\n\t\t\t\t<section class=\"elementor-section elementor-top-section elementor-element elementor-element-54a4f9a elementor-section-boxed elementor-section-height-default elementor-section-height-default\" data-id=\"54a4f9a\" data-element_type=\"section\">\n\t\t\t\t\t\t<div class=\"elementor-container elementor-column-gap-default\">\n\t\t\t\t\t<div class=\"elementor-column elementor-col-100 elementor-top-column elementor-element elementor-element-7ea7a93\" data-id=\"7ea7a93\" data-element_type=\"column\">\n\t\t\t<div class=\"elementor-widget-wrap elementor-element-populated\">\n\t\t\t\t\t\t\t\t<div class=\"elementor-element elementor-element-79f5b0a elementor-widget-divider--view-line_icon elementor-view-default elementor-widget-divider--element-align-center elementor-widget elementor-widget-divider\" data-id=\"79f5b0a\" data-element_type=\"widget\" data-widget_type=\"divider.default\">\n\t\t\t\t<div class=\"elementor-widget-container\">\n\t\t\t\t\t<div class=\"elementor-divider\">\n\t\t\t<span class=\"elementor-divider-separator\">\n\t\t\t\t\t\t\t<div class=\"elementor-icon elementor-divider__element\">\n\t\t\t\t\t<i aria-hidden=\"true\" class=\"fas fa-car\"><\/i><\/div>\n\t\t\t\t\t\t<\/span>\n\t\t<\/div>\n\t\t\t\t<\/div>\n\t\t\t\t<\/div>\n\t\t\t\t\t<\/div>\n\t\t<\/div>\n\t\t\t\t\t\t\t<\/div>\n\t\t<\/section>\n\t\t\t\t<section class=\"elementor-section elementor-top-section elementor-element elementor-element-58faad2c elementor-section-boxed elementor-section-height-default elementor-section-height-default\" data-id=\"58faad2c\" data-element_type=\"section\">\n\t\t\t\t\t\t<div class=\"elementor-container elementor-column-gap-default\">\n\t\t\t\t\t<div class=\"elementor-column elementor-col-100 elementor-top-column elementor-element elementor-element-5e60f2e7\" data-id=\"5e60f2e7\" data-element_type=\"column\">\n\t\t\t<div class=\"elementor-widget-wrap elementor-element-populated\">\n\t\t\t\t\t\t\t\t<div class=\"elementor-element elementor-element-14e9f91c elementor-view-default elementor-widget elementor-widget-icon\" data-id=\"14e9f91c\" data-element_type=\"widget\" data-widget_type=\"icon.default\">\n\t\t\t\t<div class=\"elementor-widget-container\">\n\t\t\t\t\t<div class=\"elementor-icon-wrapper\">\n\t\t\t<a class=\"elementor-icon\" href=\"#up\">\n\t\t\t<i aria-hidden=\"true\" class=\"fas fa-arrow-up\"><\/i>\t\t\t<\/a>\n\t\t<\/div>\n\t\t\t\t<\/div>\n\t\t\t\t<\/div>\n\t\t\t\t\t<\/div>\n\t\t<\/div>\n\t\t\t\t\t\t\t<\/div>\n\t\t<\/section>\n\t\t\t\t<section class=\"elementor-section elementor-top-section elementor-element elementor-element-38a05c8 elementor-section-boxed elementor-section-height-default elementor-section-height-default\" data-id=\"38a05c8\" data-element_type=\"section\">\n\t\t\t\t\t\t<div class=\"elementor-container elementor-column-gap-default\">\n\t\t\t\t\t<div class=\"elementor-column elementor-col-100 elementor-top-column elementor-element elementor-element-4d160fa\" data-id=\"4d160fa\" data-element_type=\"column\">\n\t\t\t<div class=\"elementor-widget-wrap elementor-element-populated\">\n\t\t\t\t\t\t\t\t<div class=\"elementor-element elementor-element-bab3911 elementor-widget elementor-widget-heading\" data-id=\"bab3911\" data-element_type=\"widget\" data-widget_type=\"heading.default\">\n\t\t\t\t<div class=\"elementor-widget-container\">\n\t\t\t<h2 class=\"elementor-heading-title elementor-size-default\">1935<\/h2>\t\t<\/div>\n\t\t\t\t<\/div>\n\t\t\t\t\t<\/div>\n\t\t<\/div>\n\t\t\t\t\t\t\t<\/div>\n\t\t<\/section>\n\t\t\t\t<section class=\"elementor-section elementor-top-section elementor-element elementor-element-34eb43e elementor-section-boxed elementor-section-height-default elementor-section-height-default\" data-id=\"34eb43e\" data-element_type=\"section\">\n\t\t\t\t\t\t<div class=\"elementor-container elementor-column-gap-default\">\n\t\t\t\t\t<div class=\"elementor-column elementor-col-50 elementor-top-column elementor-element elementor-element-d8293ea\" data-id=\"d8293ea\" data-element_type=\"column\">\n\t\t\t<div class=\"elementor-widget-wrap elementor-element-populated\">\n\t\t\t\t\t\t\t\t<div class=\"elementor-element elementor-element-c6d440a elementor-widget elementor-widget-text-editor\" data-id=\"c6d440a\" data-element_type=\"widget\" data-widget_type=\"text-editor.default\">\n\t\t\t\t<div class=\"elementor-widget-container\">\n\t\t\t\t\t\t\t<p>Il n&rsquo;y a pas encore beaucoup de voitures sur les routes. Pour maintenir son entreprise \u00e0 flot et nourrir sa famille, Ernst senior installe et r\u00e9pare en outre toutes sortes d&rsquo;appareils \u00e9lectriques.<\/p>\n\t\t\t\t\t\t<\/div>\n\t\t\t\t<\/div>\n\t\t\t\t<div class=\"elementor-element elementor-element-238b0ea elementor-widget elementor-widget-image\" data-id=\"238b0ea\" data-element_type=\"widget\" data-widget_type=\"image.default\">\n\t\t\t\t<div class=\"elementor-widget-container\">\n\t\t\t\t\t\t\t\t\t\t\t\t<figure class=\"wp-caption\">\n\t\t\t\t\t\t\t\t\t\t\t<a href=\"https:\/\/zentrum-garage.ch\/wp-content\/uploads\/2022\/02\/Zentrum-Garage_1936_Muttertag_Ernst-und-Familie.png\" data-elementor-open-lightbox=\"yes\" data-elementor-lightbox-title=\"Zentrum-Garage_1936_Muttertag_Ernst und Familie\" data-elementor-lightbox-description=\"Automne 1938 : Ernst &amp; Lydia avec leurs trois filles Ruth, Margarithe et Heidy (de g. \u00e0 dr.)\" data-e-action-hash=\"#elementor-action%3Aaction%3Dlightbox%26settings%3DeyJpZCI6MzQwOTgsInVybCI6Imh0dHBzOlwvXC96ZW50cnVtLWdhcmFnZS5jaFwvd3AtY29udGVudFwvdXBsb2Fkc1wvMjAyMlwvMDJcL1plbnRydW0tR2FyYWdlXzE5MzZfTXV0dGVydGFnX0VybnN0LXVuZC1GYW1pbGllLnBuZyJ9\">\n\t\t\t\t\t\t\t<img loading=\"lazy\" decoding=\"async\" width=\"800\" height=\"533\" src=\"https:\/\/zentrum-garage.ch\/wp-content\/uploads\/2022\/02\/Zentrum-Garage_1936_Muttertag_Ernst-und-Familie.png\" class=\"attachment-large size-large wp-image-34098\" alt=\"Photo de famille \u00e0 la f\u00eate des m\u00e8res 1936\" srcset=\"https:\/\/zentrum-garage.ch\/wp-content\/uploads\/2022\/02\/Zentrum-Garage_1936_Muttertag_Ernst-und-Familie.png 800w, https:\/\/zentrum-garage.ch\/wp-content\/uploads\/2022\/02\/Zentrum-Garage_1936_Muttertag_Ernst-und-Familie-300x200.png 300w, https:\/\/zentrum-garage.ch\/wp-content\/uploads\/2022\/02\/Zentrum-Garage_1936_Muttertag_Ernst-und-Familie-768x512.png 768w, https:\/\/zentrum-garage.ch\/wp-content\/uploads\/2022\/02\/Zentrum-Garage_1936_Muttertag_Ernst-und-Familie-230x153.png 230w, https:\/\/zentrum-garage.ch\/wp-content\/uploads\/2022\/02\/Zentrum-Garage_1936_Muttertag_Ernst-und-Familie-350x233.png 350w, https:\/\/zentrum-garage.ch\/wp-content\/uploads\/2022\/02\/Zentrum-Garage_1936_Muttertag_Ernst-und-Familie-480x320.png 480w\" sizes=\"(max-width: 800px) 100vw, 800px\" \/>\t\t\t\t\t\t\t\t<\/a>\n\t\t\t\t\t\t\t\t\t\t\t<figcaption class=\"widget-image-caption wp-caption-text\">Automne 1938 : Ernst &amp; Lydia avec leurs trois filles Ruth, Margarithe et Heidy (de g. \u00e0 dr.)<\/figcaption>\n\t\t\t\t\t\t\t\t\t\t<\/figure>\n\t\t\t\t\t\t\t\t\t<\/div>\n\t\t\t\t<\/div>\n\t\t\t\t\t<\/div>\n\t\t<\/div>\n\t\t\t\t<div class=\"elementor-column elementor-col-50 elementor-top-column elementor-element elementor-element-16c97ff\" data-id=\"16c97ff\" data-element_type=\"column\">\n\t\t\t<div class=\"elementor-widget-wrap elementor-element-populated\">\n\t\t\t\t\t\t\t\t<div class=\"elementor-element elementor-element-a094706 elementor-arrows-position-inside elementor-pagination-position-outside elementor-widget elementor-widget-image-carousel\" data-id=\"a094706\" data-element_type=\"widget\" data-settings=\"{&quot;slides_to_show&quot;:&quot;1&quot;,&quot;navigation&quot;:&quot;both&quot;,&quot;autoplay&quot;:&quot;yes&quot;,&quot;pause_on_hover&quot;:&quot;yes&quot;,&quot;pause_on_interaction&quot;:&quot;yes&quot;,&quot;autoplay_speed&quot;:5000,&quot;infinite&quot;:&quot;yes&quot;,&quot;effect&quot;:&quot;slide&quot;,&quot;speed&quot;:500}\" data-widget_type=\"image-carousel.default\">\n\t\t\t\t<div class=\"elementor-widget-container\">\n\t\t\t\t\t<div class=\"elementor-image-carousel-wrapper swiper-container\" dir=\"ltr\">\n\t\t\t<div class=\"elementor-image-carousel swiper-wrapper\" aria-live=\"off\">\n\t\t\t\t\t\t\t\t<div class=\"swiper-slide\" role=\"group\" aria-roledescription=\"slide\" aria-label=\"1 sur 2\"><a data-elementor-open-lightbox=\"yes\" data-elementor-lightbox-slideshow=\"a094706\" data-elementor-lightbox-title=\"Zentrum-Garage_1935_Firmenschild_MechApparate\" data-elementor-lightbox-description=\"Ernst Walther senior a install\u00e9 et r\u00e9par\u00e9 toutes sortes d&#039;appareils m\u00e9caniques.\" data-e-action-hash=\"#elementor-action%3Aaction%3Dlightbox%26settings%3DeyJpZCI6MzQxMDIsInVybCI6Imh0dHBzOlwvXC96ZW50cnVtLWdhcmFnZS5jaFwvd3AtY29udGVudFwvdXBsb2Fkc1wvMjAyMlwvMDJcL1plbnRydW0tR2FyYWdlXzE5MzVfRmlybWVuc2NoaWxkX01lY2hBcHBhcmF0ZS5wbmciLCJzbGlkZXNob3ciOiJhMDk0NzA2In0%3D\" href=\"https:\/\/zentrum-garage.ch\/wp-content\/uploads\/2022\/02\/Zentrum-Garage_1935_Firmenschild_MechApparate.png\"><figure class=\"swiper-slide-inner\"><img decoding=\"async\" class=\"swiper-slide-image\" src=\"https:\/\/zentrum-garage.ch\/wp-content\/uploads\/2022\/02\/Zentrum-Garage_1935_Firmenschild_MechApparate.png\" alt=\"Ernst Walther senior a install\u00e9 et r\u00e9par\u00e9 toutes sortes d&#039;appareils m\u00e9caniques.\" \/><figcaption class=\"elementor-image-carousel-caption\">Ernst Walther senior a install\u00e9 et r\u00e9par\u00e9 toutes sortes d'appareils m\u00e9caniques.<\/figcaption><\/figure><\/a><\/div><div class=\"swiper-slide\" role=\"group\" aria-roledescription=\"slide\" aria-label=\"2 sur 2\"><a data-elementor-open-lightbox=\"yes\" data-elementor-lightbox-slideshow=\"a094706\" data-elementor-lightbox-title=\"Zentrum-Garage_1935_Schaltkasten-Modell_Alp_bei_Gstaad\" data-elementor-lightbox-description=\"Un tableau \u00e9lectrique datant de 1935 fonctionne toujours est toujours en place sur un alpage pr\u00e8s de Gstaad.\" data-e-action-hash=\"#elementor-action%3Aaction%3Dlightbox%26settings%3DeyJpZCI6MzQxMDAsInVybCI6Imh0dHBzOlwvXC96ZW50cnVtLWdhcmFnZS5jaFwvd3AtY29udGVudFwvdXBsb2Fkc1wvMjAyMlwvMDJcL1plbnRydW0tR2FyYWdlXzE5MzVfU2NoYWx0a2FzdGVuLU1vZGVsbF9BbHBfYmVpX0dzdGFhZC5qcGVnIiwic2xpZGVzaG93IjoiYTA5NDcwNiJ9\" href=\"https:\/\/zentrum-garage.ch\/wp-content\/uploads\/2022\/02\/Zentrum-Garage_1935_Schaltkasten-Modell_Alp_bei_Gstaad.jpeg\"><figure class=\"swiper-slide-inner\"><img decoding=\"async\" class=\"swiper-slide-image\" src=\"https:\/\/zentrum-garage.ch\/wp-content\/uploads\/2022\/02\/Zentrum-Garage_1935_Schaltkasten-Modell_Alp_bei_Gstaad.jpeg\" alt=\"Un tableau \u00e9lectrique datant de 1935 fonctionne toujours est toujours en place sur un alpage pr\u00e8s de Gstaad.\" \/><figcaption class=\"elementor-image-carousel-caption\">Un tableau \u00e9lectrique datant de 1935 fonctionne toujours est toujours en place sur un alpage pr\u00e8s de Gstaad.immer noch auf einer Alp bei Gstaad.<\/figcaption><\/figure><\/a><\/div>\t\t\t<\/div>\n\t\t\t\t\t\t\t\t\t\t\t\t<div class=\"elementor-swiper-button elementor-swiper-button-prev\" role=\"button\" tabindex=\"0\">\n\t\t\t\t\t\t<i aria-hidden=\"true\" class=\"eicon-chevron-left\"><\/i>\t\t\t\t\t<\/div>\n\t\t\t\t\t<div class=\"elementor-swiper-button elementor-swiper-button-next\" role=\"button\" tabindex=\"0\">\n\t\t\t\t\t\t<i aria-hidden=\"true\" class=\"eicon-chevron-right\"><\/i>\t\t\t\t\t<\/div>\n\t\t\t\t\n\t\t\t\t\t\t\t\t\t<div class=\"swiper-pagination\"><\/div>\n\t\t\t\t\t\t\t\t\t<\/div>\n\t\t\t\t<\/div>\n\t\t\t\t<\/div>\n\t\t\t\t\t<\/div>\n\t\t<\/div>\n\t\t\t\t\t\t\t<\/div>\n\t\t<\/section>\n\t\t\t\t<section class=\"elementor-section elementor-top-section elementor-element elementor-element-ce8b4c3 elementor-section-boxed elementor-section-height-default elementor-section-height-default\" data-id=\"ce8b4c3\" data-element_type=\"section\">\n\t\t\t\t\t\t<div class=\"elementor-container elementor-column-gap-default\">\n\t\t\t\t\t<div class=\"elementor-column elementor-col-100 elementor-top-column elementor-element elementor-element-8aa8f77\" data-id=\"8aa8f77\" data-element_type=\"column\">\n\t\t\t<div class=\"elementor-widget-wrap elementor-element-populated\">\n\t\t\t\t\t\t\t\t<div class=\"elementor-element elementor-element-29f546d elementor-widget-divider--view-line_icon elementor-view-default elementor-widget-divider--element-align-center elementor-widget elementor-widget-divider\" data-id=\"29f546d\" data-element_type=\"widget\" data-widget_type=\"divider.default\">\n\t\t\t\t<div class=\"elementor-widget-container\">\n\t\t\t\t\t<div class=\"elementor-divider\">\n\t\t\t<span class=\"elementor-divider-separator\">\n\t\t\t\t\t\t\t<div class=\"elementor-icon elementor-divider__element\">\n\t\t\t\t\t<i aria-hidden=\"true\" class=\"fas fa-car\"><\/i><\/div>\n\t\t\t\t\t\t<\/span>\n\t\t<\/div>\n\t\t\t\t<\/div>\n\t\t\t\t<\/div>\n\t\t\t\t\t<\/div>\n\t\t<\/div>\n\t\t\t\t\t\t\t<\/div>\n\t\t<\/section>\n\t\t\t\t<section class=\"elementor-section elementor-top-section elementor-element elementor-element-22614e0 elementor-section-boxed elementor-section-height-default elementor-section-height-default\" data-id=\"22614e0\" data-element_type=\"section\">\n\t\t\t\t\t\t<div class=\"elementor-container elementor-column-gap-default\">\n\t\t\t\t\t<div class=\"elementor-column elementor-col-100 elementor-top-column elementor-element elementor-element-fb63828\" data-id=\"fb63828\" data-element_type=\"column\">\n\t\t\t<div class=\"elementor-widget-wrap elementor-element-populated\">\n\t\t\t\t\t\t\t\t<div class=\"elementor-element elementor-element-07d0e9b elementor-widget elementor-widget-heading\" data-id=\"07d0e9b\" data-element_type=\"widget\" data-widget_type=\"heading.default\">\n\t\t\t\t<div class=\"elementor-widget-container\">\n\t\t\t<h2 class=\"elementor-heading-title elementor-size-default\">1939<\/h2>\t\t<\/div>\n\t\t\t\t<\/div>\n\t\t\t\t\t<\/div>\n\t\t<\/div>\n\t\t\t\t\t\t\t<\/div>\n\t\t<\/section>\n\t\t\t\t<section class=\"elementor-section elementor-top-section elementor-element elementor-element-b448dc0 elementor-section-boxed elementor-section-height-default elementor-section-height-default\" data-id=\"b448dc0\" data-element_type=\"section\">\n\t\t\t\t\t\t<div class=\"elementor-container elementor-column-gap-default\">\n\t\t\t\t\t<div class=\"elementor-column elementor-col-50 elementor-top-column elementor-element elementor-element-da9c25b\" data-id=\"da9c25b\" data-element_type=\"column\">\n\t\t\t<div class=\"elementor-widget-wrap elementor-element-populated\">\n\t\t\t\t\t\t\t\t<div class=\"elementor-element elementor-element-9eb65c8 elementor-widget elementor-widget-text-editor\" data-id=\"9eb65c8\" data-element_type=\"widget\" data-widget_type=\"text-editor.default\">\n\t\t\t\t<div class=\"elementor-widget-container\">\n\t\t\t\t\t\t\t<p>Ernst Walther senior meurt le 5 mars 1939 des suites d&rsquo;une pneumonie. Quelques jours plus t\u00f4t, il avait pris froid lors d&rsquo;une intervention des pompiers.<\/p>\n<p>Quatre mois plus tard, le 26 juillet 1939, son fils Ernst junior voit le jour. La veuve Lydia reprend temporairement l&rsquo;entreprise.<\/p>\n\t\t\t\t\t\t<\/div>\n\t\t\t\t<\/div>\n\t\t\t\t<div class=\"elementor-element elementor-element-bbc35a8 elementor-widget elementor-widget-image\" data-id=\"bbc35a8\" data-element_type=\"widget\" data-widget_type=\"image.default\">\n\t\t\t\t<div class=\"elementor-widget-container\">\n\t\t\t\t\t\t\t\t\t\t\t\t<figure class=\"wp-caption\">\n\t\t\t\t\t\t\t\t\t\t\t<a href=\"https:\/\/zentrum-garage.ch\/wp-content\/uploads\/2022\/02\/Zentrum-Garage_1939_Todesanzeige_19390307.png\" data-elementor-open-lightbox=\"yes\" data-elementor-lightbox-title=\"Zentrum-Garage_1939_Todesanzeige_19390307\" data-elementor-lightbox-description=\"Avis de d\u00e9c\u00e8s d&#039;Ernst Walther senior (Freiburger Nachrichten 07.03.1939)\" data-e-action-hash=\"#elementor-action%3Aaction%3Dlightbox%26settings%3DeyJpZCI6MzQxMDQsInVybCI6Imh0dHBzOlwvXC96ZW50cnVtLWdhcmFnZS5jaFwvd3AtY29udGVudFwvdXBsb2Fkc1wvMjAyMlwvMDJcL1plbnRydW0tR2FyYWdlXzE5MzlfVG9kZXNhbnplaWdlXzE5MzkwMzA3LnBuZyJ9\">\n\t\t\t\t\t\t\t<img loading=\"lazy\" decoding=\"async\" width=\"199\" height=\"300\" src=\"https:\/\/zentrum-garage.ch\/wp-content\/uploads\/2022\/02\/Zentrum-Garage_1939_Todesanzeige_19390307-199x300.png\" class=\"attachment-medium size-medium wp-image-34104\" alt=\"Avis de d\u00e9c\u00e8s d&#039;Ernst Walther senior (Freiburger Nachrichten 07.03.1939)\" srcset=\"https:\/\/zentrum-garage.ch\/wp-content\/uploads\/2022\/02\/Zentrum-Garage_1939_Todesanzeige_19390307-199x300.png 199w, https:\/\/zentrum-garage.ch\/wp-content\/uploads\/2022\/02\/Zentrum-Garage_1939_Todesanzeige_19390307-230x347.png 230w, https:\/\/zentrum-garage.ch\/wp-content\/uploads\/2022\/02\/Zentrum-Garage_1939_Todesanzeige_19390307-350x528.png 350w, https:\/\/zentrum-garage.ch\/wp-content\/uploads\/2022\/02\/Zentrum-Garage_1939_Todesanzeige_19390307.png 398w\" sizes=\"(max-width: 199px) 100vw, 199px\" \/>\t\t\t\t\t\t\t\t<\/a>\n\t\t\t\t\t\t\t\t\t\t\t<figcaption class=\"widget-image-caption wp-caption-text\">Avis de d\u00e9c\u00e8s d'Ernst Walther senior (Freiburger Nachrichten 07.03.1939)<\/figcaption>\n\t\t\t\t\t\t\t\t\t\t<\/figure>\n\t\t\t\t\t\t\t\t\t<\/div>\n\t\t\t\t<\/div>\n\t\t\t\t\t<\/div>\n\t\t<\/div>\n\t\t\t\t<div class=\"elementor-column elementor-col-50 elementor-top-column elementor-element elementor-element-1c511b2\" data-id=\"1c511b2\" data-element_type=\"column\">\n\t\t\t<div class=\"elementor-widget-wrap elementor-element-populated\">\n\t\t\t\t\t\t\t\t<div class=\"elementor-element elementor-element-b67f51c elementor-widget elementor-widget-image\" data-id=\"b67f51c\" data-element_type=\"widget\" data-widget_type=\"image.default\">\n\t\t\t\t<div class=\"elementor-widget-container\">\n\t\t\t\t\t\t\t\t\t\t\t\t<figure class=\"wp-caption\">\n\t\t\t\t\t\t\t\t\t\t\t<a href=\"https:\/\/zentrum-garage.ch\/wp-content\/uploads\/2022\/02\/Zentrum-Garage_1933_Feuerwehr.jpeg\" data-elementor-open-lightbox=\"yes\" data-elementor-lightbox-title=\"Zentrum-Garage_1933_Feuerwehr\" data-elementor-lightbox-description=\"Ernst Walther senior (\u00e0 droite) avec ses coll\u00e8gues pompiers de D\u00fcdingen. Avec son Amilcar, il a tir\u00e9 le camion de pompiers.\" data-e-action-hash=\"#elementor-action%3Aaction%3Dlightbox%26settings%3DeyJpZCI6MzQxMDYsInVybCI6Imh0dHBzOlwvXC96ZW50cnVtLWdhcmFnZS5jaFwvd3AtY29udGVudFwvdXBsb2Fkc1wvMjAyMlwvMDJcL1plbnRydW0tR2FyYWdlXzE5MzNfRmV1ZXJ3ZWhyLmpwZWcifQ%3D%3D\">\n\t\t\t\t\t\t\t<img loading=\"lazy\" decoding=\"async\" width=\"800\" height=\"558\" src=\"https:\/\/zentrum-garage.ch\/wp-content\/uploads\/2022\/02\/Zentrum-Garage_1933_Feuerwehr.jpeg\" class=\"attachment-large size-large wp-image-34106\" alt=\"Ernst Walther senior avec ses coll\u00e8gues pompiers.\" srcset=\"https:\/\/zentrum-garage.ch\/wp-content\/uploads\/2022\/02\/Zentrum-Garage_1933_Feuerwehr.jpeg 800w, https:\/\/zentrum-garage.ch\/wp-content\/uploads\/2022\/02\/Zentrum-Garage_1933_Feuerwehr-300x209.jpeg 300w, https:\/\/zentrum-garage.ch\/wp-content\/uploads\/2022\/02\/Zentrum-Garage_1933_Feuerwehr-768x536.jpeg 768w, https:\/\/zentrum-garage.ch\/wp-content\/uploads\/2022\/02\/Zentrum-Garage_1933_Feuerwehr-230x160.jpeg 230w, https:\/\/zentrum-garage.ch\/wp-content\/uploads\/2022\/02\/Zentrum-Garage_1933_Feuerwehr-350x244.jpeg 350w, https:\/\/zentrum-garage.ch\/wp-content\/uploads\/2022\/02\/Zentrum-Garage_1933_Feuerwehr-480x335.jpeg 480w\" sizes=\"(max-width: 800px) 100vw, 800px\" \/>\t\t\t\t\t\t\t\t<\/a>\n\t\t\t\t\t\t\t\t\t\t\t<figcaption class=\"widget-image-caption wp-caption-text\">Ernst Walther senior (\u00e0 droite) avec ses coll\u00e8gues pompiers de D\u00fcdingen. Avec son Amilcar, il a tir\u00e9 le camion de pompiers.<\/figcaption>\n\t\t\t\t\t\t\t\t\t\t<\/figure>\n\t\t\t\t\t\t\t\t\t<\/div>\n\t\t\t\t<\/div>\n\t\t\t\t\t<\/div>\n\t\t<\/div>\n\t\t\t\t\t\t\t<\/div>\n\t\t<\/section>\n\t\t\t\t<section class=\"elementor-section elementor-top-section elementor-element elementor-element-e66d1ab elementor-section-boxed elementor-section-height-default elementor-section-height-default\" data-id=\"e66d1ab\" data-element_type=\"section\">\n\t\t\t\t\t\t<div class=\"elementor-container elementor-column-gap-default\">\n\t\t\t\t\t<div class=\"elementor-column elementor-col-100 elementor-top-column elementor-element elementor-element-d1699de\" data-id=\"d1699de\" data-element_type=\"column\">\n\t\t\t<div class=\"elementor-widget-wrap elementor-element-populated\">\n\t\t\t\t\t\t\t\t<div class=\"elementor-element elementor-element-b274b70 elementor-widget-divider--view-line_icon elementor-view-default elementor-widget-divider--element-align-center elementor-widget elementor-widget-divider\" data-id=\"b274b70\" data-element_type=\"widget\" data-widget_type=\"divider.default\">\n\t\t\t\t<div class=\"elementor-widget-container\">\n\t\t\t\t\t<div class=\"elementor-divider\">\n\t\t\t<span class=\"elementor-divider-separator\">\n\t\t\t\t\t\t\t<div class=\"elementor-icon elementor-divider__element\">\n\t\t\t\t\t<i aria-hidden=\"true\" class=\"fas fa-car\"><\/i><\/div>\n\t\t\t\t\t\t<\/span>\n\t\t<\/div>\n\t\t\t\t<\/div>\n\t\t\t\t<\/div>\n\t\t\t\t\t<\/div>\n\t\t<\/div>\n\t\t\t\t\t\t\t<\/div>\n\t\t<\/section>\n\t\t\t\t<section class=\"elementor-section elementor-top-section elementor-element elementor-element-b80dbbc elementor-section-boxed elementor-section-height-default elementor-section-height-default\" data-id=\"b80dbbc\" data-element_type=\"section\">\n\t\t\t\t\t\t<div class=\"elementor-container elementor-column-gap-default\">\n\t\t\t\t\t<div class=\"elementor-column elementor-col-100 elementor-top-column elementor-element elementor-element-6d67975\" data-id=\"6d67975\" data-element_type=\"column\">\n\t\t\t<div class=\"elementor-widget-wrap elementor-element-populated\">\n\t\t\t\t\t\t\t\t<div class=\"elementor-element elementor-element-de98a21 elementor-view-default elementor-widget elementor-widget-icon\" data-id=\"de98a21\" data-element_type=\"widget\" data-widget_type=\"icon.default\">\n\t\t\t\t<div class=\"elementor-widget-container\">\n\t\t\t\t\t<div class=\"elementor-icon-wrapper\">\n\t\t\t<a class=\"elementor-icon\" href=\"#up\">\n\t\t\t<i aria-hidden=\"true\" class=\"fas fa-arrow-up\"><\/i>\t\t\t<\/a>\n\t\t<\/div>\n\t\t\t\t<\/div>\n\t\t\t\t<\/div>\n\t\t\t\t\t<\/div>\n\t\t<\/div>\n\t\t\t\t\t\t\t<\/div>\n\t\t<\/section>\n\t\t\t\t<section class=\"elementor-section elementor-top-section elementor-element elementor-element-3859dd7 elementor-section-boxed elementor-section-height-default elementor-section-height-default\" data-id=\"3859dd7\" data-element_type=\"section\">\n\t\t\t\t\t\t<div class=\"elementor-container elementor-column-gap-default\">\n\t\t\t\t\t<div class=\"elementor-column elementor-col-100 elementor-top-column elementor-element elementor-element-469bc09\" data-id=\"469bc09\" data-element_type=\"column\">\n\t\t\t<div class=\"elementor-widget-wrap elementor-element-populated\">\n\t\t\t\t\t\t\t\t<div class=\"elementor-element elementor-element-a40e6fb elementor-widget elementor-widget-heading\" data-id=\"a40e6fb\" data-element_type=\"widget\" data-widget_type=\"heading.default\">\n\t\t\t\t<div class=\"elementor-widget-container\">\n\t\t\t<h2 class=\"elementor-heading-title elementor-size-default\">1946-71<\/h2>\t\t<\/div>\n\t\t\t\t<\/div>\n\t\t\t\t\t<\/div>\n\t\t<\/div>\n\t\t\t\t\t\t\t<\/div>\n\t\t<\/section>\n\t\t\t\t<section class=\"elementor-section elementor-top-section elementor-element elementor-element-789e6f4 elementor-section-boxed elementor-section-height-default elementor-section-height-default\" data-id=\"789e6f4\" data-element_type=\"section\">\n\t\t\t\t\t\t<div class=\"elementor-container elementor-column-gap-default\">\n\t\t\t\t\t<div class=\"elementor-column elementor-col-50 elementor-top-column elementor-element elementor-element-4b8c569\" data-id=\"4b8c569\" data-element_type=\"column\">\n\t\t\t<div class=\"elementor-widget-wrap elementor-element-populated\">\n\t\t\t\t\t\t\t\t<div class=\"elementor-element elementor-element-a58bdb0 elementor-widget elementor-widget-text-editor\" data-id=\"a58bdb0\" data-element_type=\"widget\" data-widget_type=\"text-editor.default\">\n\t\t\t\t<div class=\"elementor-widget-container\">\n\t\t\t\t\t\t\t<p>Apr\u00e8s la Seconde Guerre mondiale, la station-service est modernis\u00e9e avec des pompes \u00e0 essence \u00e9lectriques et couverte d&rsquo;un toit. Jusqu&rsquo;\u00e0 ce que son fils Ernst junior puisse prendre la rel\u00e8ve, Lydia Walther loue le garage au cours des ann\u00e9es suivantes. Deux locataires profitent de ce tremplin et d\u00e9veloppent ensuite leur entreprise sur de nouveaux sites.<\/p>\n<p>&nbsp;<\/p>\n<p>1946 : Werner Kurth<\/p>\n<p>1952 : Marcel Boschung, repr\u00e9sentant VW (aujourd&rsquo;hui : Boschung Holding SA)<\/p>\n<p>1954 : Kanis Jungo, repr\u00e9sentation Fiat et Vespa<\/p>\n<p>1965 : Roland Fasel, repr\u00e9sentation VW (aujourd&rsquo;hui : Garage Fasel SA)<\/p>\n\t\t\t\t\t\t<\/div>\n\t\t\t\t<\/div>\n\t\t\t\t\t<\/div>\n\t\t<\/div>\n\t\t\t\t<div class=\"elementor-column elementor-col-50 elementor-top-column elementor-element elementor-element-541b6cc\" data-id=\"541b6cc\" data-element_type=\"column\">\n\t\t\t<div class=\"elementor-widget-wrap elementor-element-populated\">\n\t\t\t\t\t\t\t\t<div class=\"elementor-element elementor-element-e1d811a elementor-arrows-position-inside elementor-pagination-position-outside elementor-widget elementor-widget-image-carousel\" data-id=\"e1d811a\" data-element_type=\"widget\" data-settings=\"{&quot;slides_to_show&quot;:&quot;1&quot;,&quot;navigation&quot;:&quot;both&quot;,&quot;autoplay&quot;:&quot;yes&quot;,&quot;pause_on_hover&quot;:&quot;yes&quot;,&quot;pause_on_interaction&quot;:&quot;yes&quot;,&quot;autoplay_speed&quot;:5000,&quot;infinite&quot;:&quot;yes&quot;,&quot;effect&quot;:&quot;slide&quot;,&quot;speed&quot;:500}\" data-widget_type=\"image-carousel.default\">\n\t\t\t\t<div class=\"elementor-widget-container\">\n\t\t\t\t\t<div class=\"elementor-image-carousel-wrapper swiper-container\" dir=\"ltr\">\n\t\t\t<div class=\"elementor-image-carousel swiper-wrapper\" aria-live=\"off\">\n\t\t\t\t\t\t\t\t<div class=\"swiper-slide\" role=\"group\" aria-roledescription=\"slide\" aria-label=\"1 sur 2\"><a data-elementor-open-lightbox=\"yes\" data-elementor-lightbox-slideshow=\"e1d811a\" data-elementor-lightbox-title=\"Zentrum-Garage_1946_U\u0308bergabe_Werner-Kurth\" data-elementor-lightbox-description=\"En 1946, la veuve Lyda Walther c\u00e8de le garage au locataire Werner Kurth.\" data-e-action-hash=\"#elementor-action%3Aaction%3Dlightbox%26settings%3DeyJpZCI6MzQxNTAsInVybCI6Imh0dHBzOlwvXC96ZW50cnVtLWdhcmFnZS5jaFwvd3AtY29udGVudFwvdXBsb2Fkc1wvMjAyMlwvMDJcL1plbnRydW0tR2FyYWdlXzE5NDZfVVx1MDMwOGJlcmdhYmVfV2VybmVyLUt1cnRoLmpwZWciLCJzbGlkZXNob3ciOiJlMWQ4MTFhIn0%3D\" href=\"https:\/\/zentrum-garage.ch\/wp-content\/uploads\/2022\/02\/Zentrum-Garage_1946_U\u0308bergabe_Werner-Kurth.jpeg\"><figure class=\"swiper-slide-inner\"><img decoding=\"async\" class=\"swiper-slide-image\" src=\"https:\/\/zentrum-garage.ch\/wp-content\/uploads\/2022\/02\/Zentrum-Garage_1946_U\u0308bergabe_Werner-Kurth.jpeg\" alt=\"Rolf Moser\" \/><figcaption class=\"elementor-image-carousel-caption\">En 1946, la veuve Lyda Walther c\u00e8de le garage au locataire Werner Kurth.<\/figcaption><\/figure><\/a><\/div><div class=\"swiper-slide\" role=\"group\" aria-roledescription=\"slide\" aria-label=\"2 sur 2\"><a data-elementor-open-lightbox=\"yes\" data-elementor-lightbox-slideshow=\"e1d811a\" data-elementor-lightbox-title=\"Zentrum-Garage_1946_Garage_K.Jungo\" data-elementor-lightbox-description=\"En 1963, Kanis Jungo dirigeait le garage. Il g\u00e9rait les repr\u00e9sentations Fiat et Vespa.\" data-e-action-hash=\"#elementor-action%3Aaction%3Dlightbox%26settings%3DeyJpZCI6MzQxMDgsInVybCI6Imh0dHBzOlwvXC96ZW50cnVtLWdhcmFnZS5jaFwvd3AtY29udGVudFwvdXBsb2Fkc1wvMjAyMlwvMDJcL1plbnRydW0tR2FyYWdlXzE5NDZfR2FyYWdlX0suSnVuZ29fLmpwZWciLCJzbGlkZXNob3ciOiJlMWQ4MTFhIn0%3D\" href=\"https:\/\/zentrum-garage.ch\/wp-content\/uploads\/2022\/02\/Zentrum-Garage_1946_Garage_K.Jungo_.jpeg\"><figure class=\"swiper-slide-inner\"><img decoding=\"async\" class=\"swiper-slide-image\" src=\"https:\/\/zentrum-garage.ch\/wp-content\/uploads\/2022\/02\/Zentrum-Garage_1946_Garage_K.Jungo_.jpeg\" alt=\"En 1963, Kanis Jungo dirigeait le garage.\" \/><figcaption class=\"elementor-image-carousel-caption\">En 1963, Kanis Jungo dirigeait le garage. Il g\u00e9rait les repr\u00e9sentations Fiat et Vespa.<\/figcaption><\/figure><\/a><\/div>\t\t\t<\/div>\n\t\t\t\t\t\t\t\t\t\t\t\t<div class=\"elementor-swiper-button elementor-swiper-button-prev\" role=\"button\" tabindex=\"0\">\n\t\t\t\t\t\t<i aria-hidden=\"true\" class=\"eicon-chevron-left\"><\/i>\t\t\t\t\t<\/div>\n\t\t\t\t\t<div class=\"elementor-swiper-button elementor-swiper-button-next\" role=\"button\" tabindex=\"0\">\n\t\t\t\t\t\t<i aria-hidden=\"true\" class=\"eicon-chevron-right\"><\/i>\t\t\t\t\t<\/div>\n\t\t\t\t\n\t\t\t\t\t\t\t\t\t<div class=\"swiper-pagination\"><\/div>\n\t\t\t\t\t\t\t\t\t<\/div>\n\t\t\t\t<\/div>\n\t\t\t\t<\/div>\n\t\t\t\t\t<\/div>\n\t\t<\/div>\n\t\t\t\t\t\t\t<\/div>\n\t\t<\/section>\n\t\t\t\t<section class=\"elementor-section elementor-top-section elementor-element elementor-element-e8ae252 elementor-section-boxed elementor-section-height-default elementor-section-height-default\" data-id=\"e8ae252\" data-element_type=\"section\">\n\t\t\t\t\t\t<div class=\"elementor-container elementor-column-gap-default\">\n\t\t\t\t\t<div class=\"elementor-column elementor-col-100 elementor-top-column elementor-element elementor-element-954c085\" data-id=\"954c085\" data-element_type=\"column\">\n\t\t\t<div class=\"elementor-widget-wrap elementor-element-populated\">\n\t\t\t\t\t\t\t\t<div class=\"elementor-element elementor-element-9b79abc elementor-widget-divider--view-line_icon elementor-view-default elementor-widget-divider--element-align-center elementor-widget elementor-widget-divider\" data-id=\"9b79abc\" data-element_type=\"widget\" data-widget_type=\"divider.default\">\n\t\t\t\t<div class=\"elementor-widget-container\">\n\t\t\t\t\t<div class=\"elementor-divider\">\n\t\t\t<span class=\"elementor-divider-separator\">\n\t\t\t\t\t\t\t<div class=\"elementor-icon elementor-divider__element\">\n\t\t\t\t\t<i aria-hidden=\"true\" class=\"fas fa-car\"><\/i><\/div>\n\t\t\t\t\t\t<\/span>\n\t\t<\/div>\n\t\t\t\t<\/div>\n\t\t\t\t<\/div>\n\t\t\t\t\t<\/div>\n\t\t<\/div>\n\t\t\t\t\t\t\t<\/div>\n\t\t<\/section>\n\t\t\t\t<section class=\"elementor-section elementor-top-section elementor-element elementor-element-63f5900 elementor-section-boxed elementor-section-height-default elementor-section-height-default\" data-id=\"63f5900\" data-element_type=\"section\">\n\t\t\t\t\t\t<div class=\"elementor-container elementor-column-gap-default\">\n\t\t\t\t\t<div class=\"elementor-column elementor-col-100 elementor-top-column elementor-element elementor-element-bca787e\" data-id=\"bca787e\" data-element_type=\"column\">\n\t\t\t<div class=\"elementor-widget-wrap elementor-element-populated\">\n\t\t\t\t\t\t\t\t<div class=\"elementor-element elementor-element-e534927 elementor-widget elementor-widget-heading\" data-id=\"e534927\" data-element_type=\"widget\" data-widget_type=\"heading.default\">\n\t\t\t\t<div class=\"elementor-widget-container\">\n\t\t\t<h2 class=\"elementor-heading-title elementor-size-default\">1971<\/h2>\t\t<\/div>\n\t\t\t\t<\/div>\n\t\t\t\t\t<\/div>\n\t\t<\/div>\n\t\t\t\t\t\t\t<\/div>\n\t\t<\/section>\n\t\t\t\t<section class=\"elementor-section elementor-top-section elementor-element elementor-element-25d54d1 elementor-section-boxed elementor-section-height-default elementor-section-height-default\" data-id=\"25d54d1\" data-element_type=\"section\">\n\t\t\t\t\t\t<div class=\"elementor-container elementor-column-gap-default\">\n\t\t\t\t\t<div class=\"elementor-column elementor-col-100 elementor-top-column elementor-element elementor-element-1fd05be\" data-id=\"1fd05be\" data-element_type=\"column\">\n\t\t\t<div class=\"elementor-widget-wrap elementor-element-populated\">\n\t\t\t\t\t\t\t\t<div class=\"elementor-element elementor-element-41cbb94 elementor-widget elementor-widget-image\" data-id=\"41cbb94\" data-element_type=\"widget\" data-widget_type=\"image.default\">\n\t\t\t\t<div class=\"elementor-widget-container\">\n\t\t\t\t\t\t\t\t\t\t\t\t<figure class=\"wp-caption\">\n\t\t\t\t\t\t\t\t\t\t\t<a href=\"https:\/\/zentrum-garage.ch\/wp-content\/uploads\/2022\/02\/Zentrum-Garage_1971_Garage-1.jpeg\" data-elementor-open-lightbox=\"yes\" data-elementor-lightbox-title=\"Zentrum-Garage_1971_Garage\" data-elementor-lightbox-description=\"En 1971, Ernst Walther jun. reprend le garage et fonde la soci\u00e9t\u00e9 Zentrum-Garage D\u00fcdingen AG.\" data-e-action-hash=\"#elementor-action%3Aaction%3Dlightbox%26settings%3DeyJpZCI6MzQxMTksInVybCI6Imh0dHBzOlwvXC96ZW50cnVtLWdhcmFnZS5jaFwvd3AtY29udGVudFwvdXBsb2Fkc1wvMjAyMlwvMDJcL1plbnRydW0tR2FyYWdlXzE5NzFfR2FyYWdlLTEuanBlZyJ9\">\n\t\t\t\t\t\t\t<img loading=\"lazy\" decoding=\"async\" width=\"1200\" height=\"800\" src=\"https:\/\/zentrum-garage.ch\/wp-content\/uploads\/2022\/02\/Zentrum-Garage_1971_Garage-1.jpeg\" class=\"attachment-full size-full wp-image-34119\" alt=\"Zentrum-Garage 1971\" srcset=\"https:\/\/zentrum-garage.ch\/wp-content\/uploads\/2022\/02\/Zentrum-Garage_1971_Garage-1.jpeg 1200w, https:\/\/zentrum-garage.ch\/wp-content\/uploads\/2022\/02\/Zentrum-Garage_1971_Garage-1-300x200.jpeg 300w, https:\/\/zentrum-garage.ch\/wp-content\/uploads\/2022\/02\/Zentrum-Garage_1971_Garage-1-1024x683.jpeg 1024w, https:\/\/zentrum-garage.ch\/wp-content\/uploads\/2022\/02\/Zentrum-Garage_1971_Garage-1-768x512.jpeg 768w, https:\/\/zentrum-garage.ch\/wp-content\/uploads\/2022\/02\/Zentrum-Garage_1971_Garage-1-830x553.jpeg 830w, https:\/\/zentrum-garage.ch\/wp-content\/uploads\/2022\/02\/Zentrum-Garage_1971_Garage-1-230x153.jpeg 230w, https:\/\/zentrum-garage.ch\/wp-content\/uploads\/2022\/02\/Zentrum-Garage_1971_Garage-1-350x233.jpeg 350w, https:\/\/zentrum-garage.ch\/wp-content\/uploads\/2022\/02\/Zentrum-Garage_1971_Garage-1-480x320.jpeg 480w\" sizes=\"(max-width: 1200px) 100vw, 1200px\" \/>\t\t\t\t\t\t\t\t<\/a>\n\t\t\t\t\t\t\t\t\t\t\t<figcaption class=\"widget-image-caption wp-caption-text\">En 1971, Ernst Walther jun. reprend le garage et fonde la soci\u00e9t\u00e9 Zentrum-Garage D\u00fcdingen AG.<\/figcaption>\n\t\t\t\t\t\t\t\t\t\t<\/figure>\n\t\t\t\t\t\t\t\t\t<\/div>\n\t\t\t\t<\/div>\n\t\t\t\t\t<\/div>\n\t\t<\/div>\n\t\t\t\t\t\t\t<\/div>\n\t\t<\/section>\n\t\t\t\t<section class=\"elementor-section elementor-top-section elementor-element elementor-element-bc3fe1a elementor-section-boxed elementor-section-height-default elementor-section-height-default\" data-id=\"bc3fe1a\" data-element_type=\"section\">\n\t\t\t\t\t\t<div class=\"elementor-container elementor-column-gap-default\">\n\t\t\t\t\t<div class=\"elementor-column elementor-col-33 elementor-top-column elementor-element elementor-element-126f13b\" data-id=\"126f13b\" data-element_type=\"column\">\n\t\t\t<div class=\"elementor-widget-wrap elementor-element-populated\">\n\t\t\t\t\t\t\t\t<div class=\"elementor-element elementor-element-feb831a elementor-widget elementor-widget-image\" data-id=\"feb831a\" data-element_type=\"widget\" data-widget_type=\"image.default\">\n\t\t\t\t<div class=\"elementor-widget-container\">\n\t\t\t\t\t\t\t\t\t\t\t\t\t\t\t\t<a href=\"https:\/\/zentrum-garage.ch\/wp-content\/uploads\/2022\/02\/Zentrum-Garage_1971_Ernst_Walther_jun-e1643736030699.png\" data-elementor-open-lightbox=\"yes\" data-elementor-lightbox-title=\"Zentrum-Garage_1971_Ernst_Walther_jun\" data-elementor-lightbox-description=\"Ernst Walther jun.\" data-e-action-hash=\"#elementor-action%3Aaction%3Dlightbox%26settings%3DeyJpZCI6MzQxMTIsInVybCI6Imh0dHBzOlwvXC96ZW50cnVtLWdhcmFnZS5jaFwvd3AtY29udGVudFwvdXBsb2Fkc1wvMjAyMlwvMDJcL1plbnRydW0tR2FyYWdlXzE5NzFfRXJuc3RfV2FsdGhlcl9qdW4tZTE2NDM3MzYwMzA2OTkucG5nIn0%3D\">\n\t\t\t\t\t\t\t<img loading=\"lazy\" decoding=\"async\" width=\"229\" height=\"300\" src=\"https:\/\/zentrum-garage.ch\/wp-content\/uploads\/2022\/02\/Zentrum-Garage_1971_Ernst_Walther_jun-229x300.png\" class=\"attachment-medium size-medium wp-image-34112\" alt=\"Ernst Walther jun.\" srcset=\"https:\/\/zentrum-garage.ch\/wp-content\/uploads\/2022\/02\/Zentrum-Garage_1971_Ernst_Walther_jun-229x300.png 229w, https:\/\/zentrum-garage.ch\/wp-content\/uploads\/2022\/02\/Zentrum-Garage_1971_Ernst_Walther_jun-230x302.png 230w, https:\/\/zentrum-garage.ch\/wp-content\/uploads\/2022\/02\/Zentrum-Garage_1971_Ernst_Walther_jun-350x460.png 350w, https:\/\/zentrum-garage.ch\/wp-content\/uploads\/2022\/02\/Zentrum-Garage_1971_Ernst_Walther_jun.png 457w\" sizes=\"(max-width: 229px) 100vw, 229px\" \/>\t\t\t\t\t\t\t\t<\/a>\n\t\t\t\t\t\t\t\t\t\t\t\t\t\t\t<\/div>\n\t\t\t\t<\/div>\n\t\t\t\t\t<\/div>\n\t\t<\/div>\n\t\t\t\t<div class=\"elementor-column elementor-col-66 elementor-top-column elementor-element elementor-element-304d133\" data-id=\"304d133\" data-element_type=\"column\">\n\t\t\t<div class=\"elementor-widget-wrap elementor-element-populated\">\n\t\t\t\t\t\t\t\t<div class=\"elementor-element elementor-element-ca0d428 elementor-widget elementor-widget-text-editor\" data-id=\"ca0d428\" data-element_type=\"widget\" data-widget_type=\"text-editor.default\">\n\t\t\t\t<div class=\"elementor-widget-container\">\n\t\t\t\t\t\t\t\u00c0 32 ans, Ernst Walther junior suit les traces de son p\u00e8re et fonde le 6 f\u00e9vrier le Zentrum-Garage D\u00fcdingen SA.\r\n\r\nIl transforme l&rsquo;atelier et d\u00e9place l&rsquo;entr\u00e9e de l&rsquo;atelier vers la cour int\u00e9rieure, o\u00f9 elle se trouve encore aujourd&rsquo;hui. La maison d&rsquo;habitation est \u00e9galement r\u00e9nov\u00e9e en douceur et compl\u00e9t\u00e9e par un magasin.\r\n\r\nLa longue collaboration avec Renault commence : le 15 f\u00e9vrier, Ernst Walther fils signe le premier contrat de concessionnaire RENAULT (SUISSE) SA.\t\t\t\t\t\t<\/div>\n\t\t\t\t<\/div>\n\t\t\t\t<div class=\"elementor-element elementor-element-0ef2972 elementor-widget elementor-widget-image\" data-id=\"0ef2972\" data-element_type=\"widget\" data-widget_type=\"image.default\">\n\t\t\t\t<div class=\"elementor-widget-container\">\n\t\t\t\t\t\t\t\t\t\t\t\t\t\t\t\t<a href=\"https:\/\/zentrum-garage.ch\/wp-content\/uploads\/2022\/02\/Zentrum-Garage_1971_U\u0308bernahme_Ernst_Walther_Renault.jpeg\" data-elementor-open-lightbox=\"yes\" data-elementor-lightbox-title=\"Zentrum-Garage_1971_U\u0308bernahme_Ernst_Walther_Renault\" data-elementor-lightbox-description=\"Ernst Walther jun. fonde l&#039;actuel Zentrum-Garage D\u00fcdingen AG et devient agent officiel Renault.\" data-e-action-hash=\"#elementor-action%3Aaction%3Dlightbox%26settings%3DeyJpZCI6MzQxNDgsInVybCI6Imh0dHBzOlwvXC96ZW50cnVtLWdhcmFnZS5jaFwvd3AtY29udGVudFwvdXBsb2Fkc1wvMjAyMlwvMDJcL1plbnRydW0tR2FyYWdlXzE5NzFfVVx1MDMwOGJlcm5haG1lX0VybnN0X1dhbHRoZXJfUmVuYXVsdC5qcGVnIn0%3D\">\n\t\t\t\t\t\t\t<img loading=\"lazy\" decoding=\"async\" width=\"600\" height=\"239\" src=\"https:\/\/zentrum-garage.ch\/wp-content\/uploads\/2022\/02\/Zentrum-Garage_1971_U\u0308bernahme_Ernst_Walther_Renault.jpeg\" class=\"attachment-large size-large wp-image-34148\" alt=\"Annonce dans les Freiburger Nachrichten du 27.02.1971\" srcset=\"https:\/\/zentrum-garage.ch\/wp-content\/uploads\/2022\/02\/Zentrum-Garage_1971_U\u0308bernahme_Ernst_Walther_Renault.jpeg 600w, https:\/\/zentrum-garage.ch\/wp-content\/uploads\/2022\/02\/Zentrum-Garage_1971_U\u0308bernahme_Ernst_Walther_Renault-300x120.jpeg 300w, https:\/\/zentrum-garage.ch\/wp-content\/uploads\/2022\/02\/Zentrum-Garage_1971_U\u0308bernahme_Ernst_Walther_Renault-230x92.jpeg 230w, https:\/\/zentrum-garage.ch\/wp-content\/uploads\/2022\/02\/Zentrum-Garage_1971_U\u0308bernahme_Ernst_Walther_Renault-350x139.jpeg 350w, https:\/\/zentrum-garage.ch\/wp-content\/uploads\/2022\/02\/Zentrum-Garage_1971_U\u0308bernahme_Ernst_Walther_Renault-480x191.jpeg 480w\" sizes=\"(max-width: 600px) 100vw, 600px\" \/>\t\t\t\t\t\t\t\t<\/a>\n\t\t\t\t\t\t\t\t\t\t\t\t\t\t\t<\/div>\n\t\t\t\t<\/div>\n\t\t\t\t\t<\/div>\n\t\t<\/div>\n\t\t\t\t\t\t\t<\/div>\n\t\t<\/section>\n\t\t\t\t<section class=\"elementor-section elementor-top-section elementor-element elementor-element-5633e22 elementor-section-boxed elementor-section-height-default elementor-section-height-default\" data-id=\"5633e22\" data-element_type=\"section\">\n\t\t\t\t\t\t<div class=\"elementor-container elementor-column-gap-default\">\n\t\t\t\t\t<div class=\"elementor-column elementor-col-100 elementor-top-column elementor-element elementor-element-69d3ed0\" data-id=\"69d3ed0\" data-element_type=\"column\">\n\t\t\t<div class=\"elementor-widget-wrap elementor-element-populated\">\n\t\t\t\t\t\t\t\t<div class=\"elementor-element elementor-element-546380d elementor-widget-divider--view-line_icon elementor-view-default elementor-widget-divider--element-align-center elementor-widget elementor-widget-divider\" data-id=\"546380d\" data-element_type=\"widget\" data-widget_type=\"divider.default\">\n\t\t\t\t<div class=\"elementor-widget-container\">\n\t\t\t\t\t<div class=\"elementor-divider\">\n\t\t\t<span class=\"elementor-divider-separator\">\n\t\t\t\t\t\t\t<div class=\"elementor-icon elementor-divider__element\">\n\t\t\t\t\t<i aria-hidden=\"true\" class=\"fas fa-car\"><\/i><\/div>\n\t\t\t\t\t\t<\/span>\n\t\t<\/div>\n\t\t\t\t<\/div>\n\t\t\t\t<\/div>\n\t\t\t\t\t<\/div>\n\t\t<\/div>\n\t\t\t\t\t\t\t<\/div>\n\t\t<\/section>\n\t\t\t\t<section class=\"elementor-section elementor-top-section elementor-element elementor-element-2ec3e9b elementor-section-boxed elementor-section-height-default elementor-section-height-default\" data-id=\"2ec3e9b\" data-element_type=\"section\">\n\t\t\t\t\t\t<div class=\"elementor-container elementor-column-gap-default\">\n\t\t\t\t\t<div class=\"elementor-column elementor-col-100 elementor-top-column elementor-element elementor-element-23b7a07\" data-id=\"23b7a07\" data-element_type=\"column\">\n\t\t\t<div class=\"elementor-widget-wrap elementor-element-populated\">\n\t\t\t\t\t\t\t\t<div class=\"elementor-element elementor-element-703fe4f elementor-view-default elementor-widget elementor-widget-icon\" data-id=\"703fe4f\" data-element_type=\"widget\" data-widget_type=\"icon.default\">\n\t\t\t\t<div class=\"elementor-widget-container\">\n\t\t\t\t\t<div class=\"elementor-icon-wrapper\">\n\t\t\t<a class=\"elementor-icon\" href=\"#up\">\n\t\t\t<i aria-hidden=\"true\" class=\"fas fa-arrow-up\"><\/i>\t\t\t<\/a>\n\t\t<\/div>\n\t\t\t\t<\/div>\n\t\t\t\t<\/div>\n\t\t\t\t\t<\/div>\n\t\t<\/div>\n\t\t\t\t\t\t\t<\/div>\n\t\t<\/section>\n\t\t\t\t<section class=\"elementor-section elementor-top-section elementor-element elementor-element-6cfa644 elementor-section-boxed elementor-section-height-default elementor-section-height-default\" data-id=\"6cfa644\" data-element_type=\"section\">\n\t\t\t\t\t\t<div class=\"elementor-container elementor-column-gap-default\">\n\t\t\t\t\t<div class=\"elementor-column elementor-col-100 elementor-top-column elementor-element elementor-element-80689ad\" data-id=\"80689ad\" data-element_type=\"column\">\n\t\t\t<div class=\"elementor-widget-wrap elementor-element-populated\">\n\t\t\t\t\t\t\t\t<div class=\"elementor-element elementor-element-db36586 elementor-widget elementor-widget-heading\" data-id=\"db36586\" data-element_type=\"widget\" data-widget_type=\"heading.default\">\n\t\t\t\t<div class=\"elementor-widget-container\">\n\t\t\t<h2 class=\"elementor-heading-title elementor-size-default\">1983<\/h2>\t\t<\/div>\n\t\t\t\t<\/div>\n\t\t\t\t\t<\/div>\n\t\t<\/div>\n\t\t\t\t\t\t\t<\/div>\n\t\t<\/section>\n\t\t\t\t<section class=\"elementor-section elementor-top-section elementor-element elementor-element-8ad35c5 elementor-section-boxed elementor-section-height-default elementor-section-height-default\" data-id=\"8ad35c5\" data-element_type=\"section\">\n\t\t\t\t\t\t<div class=\"elementor-container elementor-column-gap-default\">\n\t\t\t\t\t<div class=\"elementor-column elementor-col-100 elementor-top-column elementor-element elementor-element-f64beec\" data-id=\"f64beec\" data-element_type=\"column\">\n\t\t\t<div class=\"elementor-widget-wrap elementor-element-populated\">\n\t\t\t\t\t\t\t\t<div class=\"elementor-element elementor-element-8e84d02 elementor-widget elementor-widget-image\" data-id=\"8e84d02\" data-element_type=\"widget\" data-widget_type=\"image.default\">\n\t\t\t\t<div class=\"elementor-widget-container\">\n\t\t\t\t\t\t\t\t\t\t\t\t\t\t\t\t<a href=\"https:\/\/zentrum-garage.ch\/wp-content\/uploads\/2022\/02\/Zentrum-Garage_1983_Garage.jpeg\" data-elementor-open-lightbox=\"yes\" data-elementor-lightbox-title=\"Zentrum-Garage_1983_Garage\" data-elementor-lightbox-description=\"Zentrum-Garage \u00e0 D\u00fcdingen\/Gui apr\u00e8s sa transformation en 1983.\" data-e-action-hash=\"#elementor-action%3Aaction%3Dlightbox%26settings%3DeyJpZCI6MzQxMTcsInVybCI6Imh0dHBzOlwvXC96ZW50cnVtLWdhcmFnZS5jaFwvd3AtY29udGVudFwvdXBsb2Fkc1wvMjAyMlwvMDJcL1plbnRydW0tR2FyYWdlXzE5ODNfR2FyYWdlLmpwZWcifQ%3D%3D\">\n\t\t\t\t\t\t\t<img loading=\"lazy\" decoding=\"async\" width=\"1200\" height=\"828\" src=\"https:\/\/zentrum-garage.ch\/wp-content\/uploads\/2022\/02\/Zentrum-Garage_1983_Garage.jpeg\" class=\"attachment-full size-full wp-image-34117\" alt=\"Zentrum-Garage \u00e0 D\u00fcdingen\/Gui apr\u00e8s sa transformation en 1983.\" srcset=\"https:\/\/zentrum-garage.ch\/wp-content\/uploads\/2022\/02\/Zentrum-Garage_1983_Garage.jpeg 1200w, https:\/\/zentrum-garage.ch\/wp-content\/uploads\/2022\/02\/Zentrum-Garage_1983_Garage-300x207.jpeg 300w, https:\/\/zentrum-garage.ch\/wp-content\/uploads\/2022\/02\/Zentrum-Garage_1983_Garage-1024x707.jpeg 1024w, https:\/\/zentrum-garage.ch\/wp-content\/uploads\/2022\/02\/Zentrum-Garage_1983_Garage-768x530.jpeg 768w, https:\/\/zentrum-garage.ch\/wp-content\/uploads\/2022\/02\/Zentrum-Garage_1983_Garage-830x573.jpeg 830w, https:\/\/zentrum-garage.ch\/wp-content\/uploads\/2022\/02\/Zentrum-Garage_1983_Garage-230x159.jpeg 230w, https:\/\/zentrum-garage.ch\/wp-content\/uploads\/2022\/02\/Zentrum-Garage_1983_Garage-350x242.jpeg 350w, https:\/\/zentrum-garage.ch\/wp-content\/uploads\/2022\/02\/Zentrum-Garage_1983_Garage-480x331.jpeg 480w\" sizes=\"(max-width: 1200px) 100vw, 1200px\" \/>\t\t\t\t\t\t\t\t<\/a>\n\t\t\t\t\t\t\t\t\t\t\t\t\t\t\t<\/div>\n\t\t\t\t<\/div>\n\t\t\t\t\t<\/div>\n\t\t<\/div>\n\t\t\t\t\t\t\t<\/div>\n\t\t<\/section>\n\t\t\t\t<section class=\"elementor-section elementor-top-section elementor-element elementor-element-3c5c64b elementor-section-boxed elementor-section-height-default elementor-section-height-default\" data-id=\"3c5c64b\" data-element_type=\"section\">\n\t\t\t\t\t\t<div class=\"elementor-container elementor-column-gap-default\">\n\t\t\t\t\t<div class=\"elementor-column elementor-col-50 elementor-top-column elementor-element elementor-element-b727106\" data-id=\"b727106\" data-element_type=\"column\">\n\t\t\t<div class=\"elementor-widget-wrap elementor-element-populated\">\n\t\t\t\t\t\t\t\t<div class=\"elementor-element elementor-element-9a0b274 elementor-widget elementor-widget-text-editor\" data-id=\"9a0b274\" data-element_type=\"widget\" data-widget_type=\"text-editor.default\">\n\t\t\t\t<div class=\"elementor-widget-container\">\n\t\t\t\t\t\t\t<p>La famille Walther vit \u00e0 Guin depuis 100 ans. Ernst junior, le petit-fils de Benedikt et Anna Walther, se lance dans un grand projet. Il agrandit l&rsquo;atelier et la salle d&rsquo;exposition, construit un parking couvert ainsi qu&rsquo;une maison d&rsquo;habitation &#8211; pour lui et sa famille &#8211; sur l&rsquo;atelier existant.<\/p>\n\t\t\t\t\t\t<\/div>\n\t\t\t\t<\/div>\n\t\t\t\t\t<\/div>\n\t\t<\/div>\n\t\t\t\t<div class=\"elementor-column elementor-col-50 elementor-top-column elementor-element elementor-element-ebe57ac\" data-id=\"ebe57ac\" data-element_type=\"column\">\n\t\t\t<div class=\"elementor-widget-wrap elementor-element-populated\">\n\t\t\t\t\t\t\t\t<div class=\"elementor-element elementor-element-7143ea5 elementor-widget elementor-widget-image\" data-id=\"7143ea5\" data-element_type=\"widget\" data-widget_type=\"image.default\">\n\t\t\t\t<div class=\"elementor-widget-container\">\n\t\t\t\t\t\t\t\t\t\t\t\t<figure class=\"wp-caption\">\n\t\t\t\t\t\t\t\t\t\t\t<a href=\"https:\/\/zentrum-garage.ch\/wp-content\/uploads\/2022\/02\/Zentrum-Garage_1983_Garage-Team.jpeg\" data-elementor-open-lightbox=\"yes\" data-elementor-lightbox-title=\"Zentrum-Garage_1983_Garage-Team\" data-elementor-lightbox-description=\"Das Team der Zentrum Garage: Ernst jun. und sein \u00e4ltester Sohn Adrian, welcher bereits fru\u0308h in der Garage mitarbeitet (v.l.)\" data-e-action-hash=\"#elementor-action%3Aaction%3Dlightbox%26settings%3DeyJpZCI6MzQxMTUsInVybCI6Imh0dHBzOlwvXC96ZW50cnVtLWdhcmFnZS5jaFwvd3AtY29udGVudFwvdXBsb2Fkc1wvMjAyMlwvMDJcL1plbnRydW0tR2FyYWdlXzE5ODNfR2FyYWdlLVRlYW0uanBlZyJ9\">\n\t\t\t\t\t\t\t<img loading=\"lazy\" decoding=\"async\" width=\"800\" height=\"554\" src=\"https:\/\/zentrum-garage.ch\/wp-content\/uploads\/2022\/02\/Zentrum-Garage_1983_Garage-Team.jpeg\" class=\"attachment-large size-large wp-image-34115\" alt=\"Das Team der Zentrum-Garage D\u00fcdingen 1983.\" srcset=\"https:\/\/zentrum-garage.ch\/wp-content\/uploads\/2022\/02\/Zentrum-Garage_1983_Garage-Team.jpeg 800w, https:\/\/zentrum-garage.ch\/wp-content\/uploads\/2022\/02\/Zentrum-Garage_1983_Garage-Team-300x208.jpeg 300w, https:\/\/zentrum-garage.ch\/wp-content\/uploads\/2022\/02\/Zentrum-Garage_1983_Garage-Team-768x532.jpeg 768w, https:\/\/zentrum-garage.ch\/wp-content\/uploads\/2022\/02\/Zentrum-Garage_1983_Garage-Team-230x159.jpeg 230w, https:\/\/zentrum-garage.ch\/wp-content\/uploads\/2022\/02\/Zentrum-Garage_1983_Garage-Team-350x242.jpeg 350w, https:\/\/zentrum-garage.ch\/wp-content\/uploads\/2022\/02\/Zentrum-Garage_1983_Garage-Team-480x332.jpeg 480w\" sizes=\"(max-width: 800px) 100vw, 800px\" \/>\t\t\t\t\t\t\t\t<\/a>\n\t\t\t\t\t\t\t\t\t\t\t<figcaption class=\"widget-image-caption wp-caption-text\">Das Team der Zentrum Garage: Ernst jun. und sein \u00e4ltester Sohn Adrian, welcher bereits fru\u0308h in der Garage mitarbeitet (v.l.)<\/figcaption>\n\t\t\t\t\t\t\t\t\t\t<\/figure>\n\t\t\t\t\t\t\t\t\t<\/div>\n\t\t\t\t<\/div>\n\t\t\t\t\t<\/div>\n\t\t<\/div>\n\t\t\t\t\t\t\t<\/div>\n\t\t<\/section>\n\t\t\t\t<section class=\"elementor-section elementor-top-section elementor-element elementor-element-8fcece1 elementor-section-boxed elementor-section-height-default elementor-section-height-default\" data-id=\"8fcece1\" data-element_type=\"section\">\n\t\t\t\t\t\t<div class=\"elementor-container elementor-column-gap-default\">\n\t\t\t\t\t<div class=\"elementor-column elementor-col-100 elementor-top-column elementor-element elementor-element-3a70cbb\" data-id=\"3a70cbb\" data-element_type=\"column\">\n\t\t\t<div class=\"elementor-widget-wrap elementor-element-populated\">\n\t\t\t\t\t\t\t\t<div class=\"elementor-element elementor-element-bbf6161 elementor-widget-divider--view-line_icon elementor-view-default elementor-widget-divider--element-align-center elementor-widget elementor-widget-divider\" data-id=\"bbf6161\" data-element_type=\"widget\" data-widget_type=\"divider.default\">\n\t\t\t\t<div class=\"elementor-widget-container\">\n\t\t\t\t\t<div class=\"elementor-divider\">\n\t\t\t<span class=\"elementor-divider-separator\">\n\t\t\t\t\t\t\t<div class=\"elementor-icon elementor-divider__element\">\n\t\t\t\t\t<i aria-hidden=\"true\" class=\"fas fa-car\"><\/i><\/div>\n\t\t\t\t\t\t<\/span>\n\t\t<\/div>\n\t\t\t\t<\/div>\n\t\t\t\t<\/div>\n\t\t\t\t\t<\/div>\n\t\t<\/div>\n\t\t\t\t\t\t\t<\/div>\n\t\t<\/section>\n\t\t\t\t<section class=\"elementor-section elementor-top-section elementor-element elementor-element-5c007ba elementor-section-boxed elementor-section-height-default elementor-section-height-default\" data-id=\"5c007ba\" data-element_type=\"section\">\n\t\t\t\t\t\t<div class=\"elementor-container elementor-column-gap-default\">\n\t\t\t\t\t<div class=\"elementor-column elementor-col-100 elementor-top-column elementor-element elementor-element-cb4e91a\" data-id=\"cb4e91a\" data-element_type=\"column\">\n\t\t\t<div class=\"elementor-widget-wrap elementor-element-populated\">\n\t\t\t\t\t\t\t\t<div class=\"elementor-element elementor-element-1595f30 elementor-widget elementor-widget-heading\" data-id=\"1595f30\" data-element_type=\"widget\" data-widget_type=\"heading.default\">\n\t\t\t\t<div class=\"elementor-widget-container\">\n\t\t\t<h2 class=\"elementor-heading-title elementor-size-default\">1999<\/h2>\t\t<\/div>\n\t\t\t\t<\/div>\n\t\t\t\t\t<\/div>\n\t\t<\/div>\n\t\t\t\t\t\t\t<\/div>\n\t\t<\/section>\n\t\t\t\t<section class=\"elementor-section elementor-top-section elementor-element elementor-element-c45c8ec elementor-section-boxed elementor-section-height-default elementor-section-height-default\" data-id=\"c45c8ec\" data-element_type=\"section\">\n\t\t\t\t\t\t<div class=\"elementor-container elementor-column-gap-default\">\n\t\t\t\t\t<div class=\"elementor-column elementor-col-50 elementor-top-column elementor-element elementor-element-3082d41\" data-id=\"3082d41\" data-element_type=\"column\">\n\t\t\t<div class=\"elementor-widget-wrap elementor-element-populated\">\n\t\t\t\t\t\t\t\t<div class=\"elementor-element elementor-element-aaaf9d7 elementor-widget elementor-widget-text-editor\" data-id=\"aaaf9d7\" data-element_type=\"widget\" data-widget_type=\"text-editor.default\">\n\t\t\t\t<div class=\"elementor-widget-container\">\n\t\t\t\t\t\t\t<p>Avec la transformation et la construction de 1997-99, le Zentrum-Garage D\u00fcdingen SA s&rsquo;agrandit. La nouvelle halle d&rsquo;exposition de 300 m2 est construite avec un sous-sol qui permet de stocker 1&rsquo;600 pneus de clients.<\/p>\n<p>&nbsp;<\/p>\n<p>L&rsquo;atelier est \u00e9largi de deux postes de travail et une station de lavage est install\u00e9e dans la cour int\u00e9rieure. La partie habitation de la Hauptstrasse 34 est enti\u00e8rement r\u00e9nov\u00e9e. Deux appartements spacieux sont cr\u00e9\u00e9s et des locaux commerciaux avec acc\u00e8s direct sont am\u00e9nag\u00e9s au rez-de-chauss\u00e9e.<\/p>\n<p>&nbsp;<\/p>\n<p>Ernst Walther s&rsquo;adapte \u00e0 l&rsquo;\u00e9volution et d\u00e9veloppe constamment le garage. Par exemple, les repr\u00e9sentations des marques Mitsubishi (1987-2003), Peugeot (2005-2018) et, pendant une courte p\u00e9riode, Peugeot Scooter viennent s&rsquo;y ajouter.<\/p>\n<p>Adrian rejoint le garage d\u00e8s 1994, Ernst-Peter en 1998. C&rsquo;est Adrian qui cr\u00e9e en 1996 le service de d\u00e9pannage et d&rsquo;accident 24h\/24 Auto Assistance Walther.<\/p>\n\t\t\t\t\t\t<\/div>\n\t\t\t\t<\/div>\n\t\t\t\t\t<\/div>\n\t\t<\/div>\n\t\t\t\t<div class=\"elementor-column elementor-col-50 elementor-top-column elementor-element elementor-element-484d7ce\" data-id=\"484d7ce\" data-element_type=\"column\">\n\t\t\t<div class=\"elementor-widget-wrap elementor-element-populated\">\n\t\t\t\t\t\t\t\t<div class=\"elementor-element elementor-element-16682c0 elementor-arrows-position-inside elementor-pagination-position-outside elementor-widget elementor-widget-image-carousel\" data-id=\"16682c0\" data-element_type=\"widget\" data-settings=\"{&quot;slides_to_show&quot;:&quot;1&quot;,&quot;navigation&quot;:&quot;both&quot;,&quot;autoplay&quot;:&quot;yes&quot;,&quot;pause_on_hover&quot;:&quot;yes&quot;,&quot;pause_on_interaction&quot;:&quot;yes&quot;,&quot;autoplay_speed&quot;:5000,&quot;infinite&quot;:&quot;yes&quot;,&quot;effect&quot;:&quot;slide&quot;,&quot;speed&quot;:500}\" data-widget_type=\"image-carousel.default\">\n\t\t\t\t<div class=\"elementor-widget-container\">\n\t\t\t\t\t<div class=\"elementor-image-carousel-wrapper swiper-container\" dir=\"ltr\">\n\t\t\t<div class=\"elementor-image-carousel swiper-wrapper\" aria-live=\"off\">\n\t\t\t\t\t\t\t\t<div class=\"swiper-slide\" role=\"group\" aria-roledescription=\"slide\" aria-label=\"1 sur 3\"><a data-elementor-open-lightbox=\"yes\" data-elementor-lightbox-slideshow=\"16682c0\" data-elementor-lightbox-title=\"Zentrum-Garage_1999_Garage-nach-Umbau\" data-elementor-lightbox-description=\"Die Zentrum-Garage 1999 nach dem Um- und Anbau.\" data-e-action-hash=\"#elementor-action%3Aaction%3Dlightbox%26settings%3DeyJpZCI6MzQxMjEsInVybCI6Imh0dHBzOlwvXC96ZW50cnVtLWdhcmFnZS5jaFwvd3AtY29udGVudFwvdXBsb2Fkc1wvMjAyMlwvMDJcL1plbnRydW0tR2FyYWdlXzE5OTlfR2FyYWdlLW5hY2gtVW1iYXUuanBlZyIsInNsaWRlc2hvdyI6IjE2NjgyYzAifQ%3D%3D\" href=\"https:\/\/zentrum-garage.ch\/wp-content\/uploads\/2022\/02\/Zentrum-Garage_1999_Garage-nach-Umbau.jpeg\"><figure class=\"swiper-slide-inner\"><img decoding=\"async\" class=\"swiper-slide-image\" src=\"https:\/\/zentrum-garage.ch\/wp-content\/uploads\/2022\/02\/Zentrum-Garage_1999_Garage-nach-Umbau-1024x686.jpeg\" alt=\"Die Zentrum-Garage 1999\" \/><figcaption class=\"elementor-image-carousel-caption\">Die Zentrum-Garage 1999 nach dem Um- und Anbau.<\/figcaption><\/figure><\/a><\/div><div class=\"swiper-slide\" role=\"group\" aria-roledescription=\"slide\" aria-label=\"2 sur 3\"><a data-elementor-open-lightbox=\"yes\" data-elementor-lightbox-slideshow=\"16682c0\" data-elementor-lightbox-title=\"Zentrum-Garage_1999_Garage-nach-Umbau_Austellungshalle\" data-elementor-lightbox-description=\"Le nouveau hall d&#039;exposition du Zentrum-Garage en 1999.\" data-e-action-hash=\"#elementor-action%3Aaction%3Dlightbox%26settings%3DeyJpZCI6MzQxMjUsInVybCI6Imh0dHBzOlwvXC96ZW50cnVtLWdhcmFnZS5jaFwvd3AtY29udGVudFwvdXBsb2Fkc1wvMjAyMlwvMDJcL1plbnRydW0tR2FyYWdlXzE5OTlfR2FyYWdlLW5hY2gtVW1iYXVfQXVzdGVsbHVuZ3NoYWxsZS5qcGVnIiwic2xpZGVzaG93IjoiMTY2ODJjMCJ9\" href=\"https:\/\/zentrum-garage.ch\/wp-content\/uploads\/2022\/02\/Zentrum-Garage_1999_Garage-nach-Umbau_Austellungshalle.jpeg\"><figure class=\"swiper-slide-inner\"><img decoding=\"async\" class=\"swiper-slide-image\" src=\"https:\/\/zentrum-garage.ch\/wp-content\/uploads\/2022\/02\/Zentrum-Garage_1999_Garage-nach-Umbau_Austellungshalle.jpeg\" alt=\"1996: Adrian, Ernst und Ernst-Peter (de gauche \u00e0 droite)\" \/><figcaption class=\"elementor-image-carousel-caption\">Le nouveau hall d'exposition du Zentrum-Garage en 1999.<\/figcaption><\/figure><\/a><\/div><div class=\"swiper-slide\" role=\"group\" aria-roledescription=\"slide\" aria-label=\"3 sur 3\"><a data-elementor-open-lightbox=\"yes\" data-elementor-lightbox-slideshow=\"16682c0\" data-elementor-lightbox-title=\"Zentrum-Garage_1996_Scooter_Adrian-Ernst-Ernst-Peter\" data-elementor-lightbox-description=\"1996 avec des Peugeot scooters : Adrian, Ernst et Ernst-Peter (de gauche \u00e0 droite)\" data-e-action-hash=\"#elementor-action%3Aaction%3Dlightbox%26settings%3DeyJpZCI6MzQxMjksInVybCI6Imh0dHBzOlwvXC96ZW50cnVtLWdhcmFnZS5jaFwvd3AtY29udGVudFwvdXBsb2Fkc1wvMjAyMlwvMDJcL1plbnRydW0tR2FyYWdlXzE5OTZfU2Nvb3Rlcl9BZHJpYW4tRXJuc3QtRXJuc3QtUGV0ZXIuanBlZyIsInNsaWRlc2hvdyI6IjE2NjgyYzAifQ%3D%3D\" href=\"https:\/\/zentrum-garage.ch\/wp-content\/uploads\/2022\/02\/Zentrum-Garage_1996_Scooter_Adrian-Ernst-Ernst-Peter.jpeg\"><figure class=\"swiper-slide-inner\"><img decoding=\"async\" class=\"swiper-slide-image\" src=\"https:\/\/zentrum-garage.ch\/wp-content\/uploads\/2022\/02\/Zentrum-Garage_1996_Scooter_Adrian-Ernst-Ernst-Peter.jpeg\" alt=\"1996: Adrian, Ernst und Ernst-Peter (de gauche \u00e0 droite)\" \/><figcaption class=\"elementor-image-carousel-caption\">1996 avec des Peugeot scooters : Adrian, Ernst et Ernst-Peter (de gauche \u00e0 droite)<\/figcaption><\/figure><\/a><\/div>\t\t\t<\/div>\n\t\t\t\t\t\t\t\t\t\t\t\t<div class=\"elementor-swiper-button elementor-swiper-button-prev\" role=\"button\" tabindex=\"0\">\n\t\t\t\t\t\t<i aria-hidden=\"true\" class=\"eicon-chevron-left\"><\/i>\t\t\t\t\t<\/div>\n\t\t\t\t\t<div class=\"elementor-swiper-button elementor-swiper-button-next\" role=\"button\" tabindex=\"0\">\n\t\t\t\t\t\t<i aria-hidden=\"true\" class=\"eicon-chevron-right\"><\/i>\t\t\t\t\t<\/div>\n\t\t\t\t\n\t\t\t\t\t\t\t\t\t<div class=\"swiper-pagination\"><\/div>\n\t\t\t\t\t\t\t\t\t<\/div>\n\t\t\t\t<\/div>\n\t\t\t\t<\/div>\n\t\t\t\t\t<\/div>\n\t\t<\/div>\n\t\t\t\t\t\t\t<\/div>\n\t\t<\/section>\n\t\t\t\t<section class=\"elementor-section elementor-top-section elementor-element elementor-element-13ad2cb elementor-section-boxed elementor-section-height-default elementor-section-height-default\" data-id=\"13ad2cb\" data-element_type=\"section\">\n\t\t\t\t\t\t<div class=\"elementor-container elementor-column-gap-default\">\n\t\t\t\t\t<div class=\"elementor-column elementor-col-100 elementor-top-column elementor-element elementor-element-081d988\" data-id=\"081d988\" data-element_type=\"column\">\n\t\t\t<div class=\"elementor-widget-wrap elementor-element-populated\">\n\t\t\t\t\t\t\t\t<div class=\"elementor-element elementor-element-128a2c2 elementor-widget elementor-widget-image\" data-id=\"128a2c2\" data-element_type=\"widget\" data-widget_type=\"image.default\">\n\t\t\t\t<div class=\"elementor-widget-container\">\n\t\t\t\t\t\t\t\t\t\t\t\t<figure class=\"wp-caption\">\n\t\t\t\t\t\t\t\t\t\t\t<a href=\"https:\/\/zentrum-garage.ch\/wp-content\/uploads\/2022\/02\/Zentrum-Garage_1996_Pannen-und_Unfalldienst_AutoAssistance.png\" data-elementor-open-lightbox=\"yes\" data-elementor-lightbox-title=\"Zentrum-Garage_1996_Pannen-und_Unfalldienst_AutoAssistance\" data-elementor-lightbox-description=\"La flotte de l&#039;\u00e9poque du service de d\u00e9pannage et d&#039;accidents Auto Assistance Walther\" data-e-action-hash=\"#elementor-action%3Aaction%3Dlightbox%26settings%3DeyJpZCI6MzQxMjcsInVybCI6Imh0dHBzOlwvXC96ZW50cnVtLWdhcmFnZS5jaFwvd3AtY29udGVudFwvdXBsb2Fkc1wvMjAyMlwvMDJcL1plbnRydW0tR2FyYWdlXzE5OTZfUGFubmVuLXVuZF9VbmZhbGxkaWVuc3RfQXV0b0Fzc2lzdGFuY2UucG5nIn0%3D\">\n\t\t\t\t\t\t\t<img loading=\"lazy\" decoding=\"async\" width=\"1024\" height=\"359\" src=\"https:\/\/zentrum-garage.ch\/wp-content\/uploads\/2022\/02\/Zentrum-Garage_1996_Pannen-und_Unfalldienst_AutoAssistance-1024x359.png\" class=\"attachment-large size-large wp-image-34127\" alt=\"1996: Adrian, Ernst und Ernst-Peter (de gauche \u00e0 droite)\" srcset=\"https:\/\/zentrum-garage.ch\/wp-content\/uploads\/2022\/02\/Zentrum-Garage_1996_Pannen-und_Unfalldienst_AutoAssistance-1024x359.png 1024w, https:\/\/zentrum-garage.ch\/wp-content\/uploads\/2022\/02\/Zentrum-Garage_1996_Pannen-und_Unfalldienst_AutoAssistance-300x105.png 300w, https:\/\/zentrum-garage.ch\/wp-content\/uploads\/2022\/02\/Zentrum-Garage_1996_Pannen-und_Unfalldienst_AutoAssistance-768x269.png 768w, https:\/\/zentrum-garage.ch\/wp-content\/uploads\/2022\/02\/Zentrum-Garage_1996_Pannen-und_Unfalldienst_AutoAssistance-830x291.png 830w, https:\/\/zentrum-garage.ch\/wp-content\/uploads\/2022\/02\/Zentrum-Garage_1996_Pannen-und_Unfalldienst_AutoAssistance-230x81.png 230w, https:\/\/zentrum-garage.ch\/wp-content\/uploads\/2022\/02\/Zentrum-Garage_1996_Pannen-und_Unfalldienst_AutoAssistance-350x123.png 350w, https:\/\/zentrum-garage.ch\/wp-content\/uploads\/2022\/02\/Zentrum-Garage_1996_Pannen-und_Unfalldienst_AutoAssistance-480x168.png 480w, https:\/\/zentrum-garage.ch\/wp-content\/uploads\/2022\/02\/Zentrum-Garage_1996_Pannen-und_Unfalldienst_AutoAssistance.png 1200w\" sizes=\"(max-width: 1024px) 100vw, 1024px\" \/>\t\t\t\t\t\t\t\t<\/a>\n\t\t\t\t\t\t\t\t\t\t\t<figcaption class=\"widget-image-caption wp-caption-text\">La flotte de l'\u00e9poque du service de d\u00e9pannage et d'accidents Auto Assistance Walther<\/figcaption>\n\t\t\t\t\t\t\t\t\t\t<\/figure>\n\t\t\t\t\t\t\t\t\t<\/div>\n\t\t\t\t<\/div>\n\t\t\t\t\t<\/div>\n\t\t<\/div>\n\t\t\t\t\t\t\t<\/div>\n\t\t<\/section>\n\t\t\t\t<section class=\"elementor-section elementor-top-section elementor-element elementor-element-196d103 elementor-section-boxed elementor-section-height-default elementor-section-height-default\" data-id=\"196d103\" data-element_type=\"section\">\n\t\t\t\t\t\t<div class=\"elementor-container elementor-column-gap-default\">\n\t\t\t\t\t<div class=\"elementor-column elementor-col-100 elementor-top-column elementor-element elementor-element-74272cf\" data-id=\"74272cf\" data-element_type=\"column\">\n\t\t\t<div class=\"elementor-widget-wrap elementor-element-populated\">\n\t\t\t\t\t\t\t\t<div class=\"elementor-element elementor-element-221f5c9 elementor-widget-divider--view-line_icon elementor-view-default elementor-widget-divider--element-align-center elementor-widget elementor-widget-divider\" data-id=\"221f5c9\" data-element_type=\"widget\" data-widget_type=\"divider.default\">\n\t\t\t\t<div class=\"elementor-widget-container\">\n\t\t\t\t\t<div class=\"elementor-divider\">\n\t\t\t<span class=\"elementor-divider-separator\">\n\t\t\t\t\t\t\t<div class=\"elementor-icon elementor-divider__element\">\n\t\t\t\t\t<i aria-hidden=\"true\" class=\"fas fa-car\"><\/i><\/div>\n\t\t\t\t\t\t<\/span>\n\t\t<\/div>\n\t\t\t\t<\/div>\n\t\t\t\t<\/div>\n\t\t\t\t\t<\/div>\n\t\t<\/div>\n\t\t\t\t\t\t\t<\/div>\n\t\t<\/section>\n\t\t\t\t<section class=\"elementor-section elementor-top-section elementor-element elementor-element-a044cc5 elementor-section-boxed elementor-section-height-default elementor-section-height-default\" data-id=\"a044cc5\" data-element_type=\"section\">\n\t\t\t\t\t\t<div class=\"elementor-container elementor-column-gap-default\">\n\t\t\t\t\t<div class=\"elementor-column elementor-col-100 elementor-top-column elementor-element elementor-element-1189e7f\" data-id=\"1189e7f\" data-element_type=\"column\">\n\t\t\t<div class=\"elementor-widget-wrap elementor-element-populated\">\n\t\t\t\t\t\t\t\t<div class=\"elementor-element elementor-element-33453b0 elementor-view-default elementor-widget elementor-widget-icon\" data-id=\"33453b0\" data-element_type=\"widget\" data-widget_type=\"icon.default\">\n\t\t\t\t<div class=\"elementor-widget-container\">\n\t\t\t\t\t<div class=\"elementor-icon-wrapper\">\n\t\t\t<a class=\"elementor-icon\" href=\"#up\">\n\t\t\t<i aria-hidden=\"true\" class=\"fas fa-arrow-up\"><\/i>\t\t\t<\/a>\n\t\t<\/div>\n\t\t\t\t<\/div>\n\t\t\t\t<\/div>\n\t\t\t\t\t<\/div>\n\t\t<\/div>\n\t\t\t\t\t\t\t<\/div>\n\t\t<\/section>\n\t\t\t\t<section class=\"elementor-section elementor-top-section elementor-element elementor-element-16f3527 elementor-section-boxed elementor-section-height-default elementor-section-height-default\" data-id=\"16f3527\" data-element_type=\"section\">\n\t\t\t\t\t\t<div class=\"elementor-container elementor-column-gap-default\">\n\t\t\t\t\t<div class=\"elementor-column elementor-col-100 elementor-top-column elementor-element elementor-element-7e58110\" data-id=\"7e58110\" data-element_type=\"column\">\n\t\t\t<div class=\"elementor-widget-wrap elementor-element-populated\">\n\t\t\t\t\t\t\t\t<div class=\"elementor-element elementor-element-3c074ca elementor-widget elementor-widget-heading\" data-id=\"3c074ca\" data-element_type=\"widget\" data-widget_type=\"heading.default\">\n\t\t\t\t<div class=\"elementor-widget-container\">\n\t\t\t<h2 class=\"elementor-heading-title elementor-size-default\">2001-2018<\/h2>\t\t<\/div>\n\t\t\t\t<\/div>\n\t\t\t\t\t<\/div>\n\t\t<\/div>\n\t\t\t\t\t\t\t<\/div>\n\t\t<\/section>\n\t\t\t\t<section class=\"elementor-section elementor-top-section elementor-element elementor-element-c40b29b elementor-section-boxed elementor-section-height-default elementor-section-height-default\" data-id=\"c40b29b\" data-element_type=\"section\">\n\t\t\t\t\t\t<div class=\"elementor-container elementor-column-gap-default\">\n\t\t\t\t\t<div class=\"elementor-column elementor-col-33 elementor-top-column elementor-element elementor-element-300bdd0\" data-id=\"300bdd0\" data-element_type=\"column\">\n\t\t\t<div class=\"elementor-widget-wrap elementor-element-populated\">\n\t\t\t\t\t\t\t\t<div class=\"elementor-element elementor-element-2e3e371 elementor-widget elementor-widget-image\" data-id=\"2e3e371\" data-element_type=\"widget\" data-widget_type=\"image.default\">\n\t\t\t\t<div class=\"elementor-widget-container\">\n\t\t\t\t\t\t\t\t\t\t\t\t<figure class=\"wp-caption\">\n\t\t\t\t\t\t\t\t\t\t<img loading=\"lazy\" decoding=\"async\" width=\"600\" height=\"600\" src=\"https:\/\/zentrum-garage.ch\/wp-content\/uploads\/2018\/07\/zg_adrian_walther.png\" class=\"attachment-large size-large wp-image-1516\" alt=\"Adrian Walther\" srcset=\"https:\/\/zentrum-garage.ch\/wp-content\/uploads\/2018\/07\/zg_adrian_walther.png 600w, https:\/\/zentrum-garage.ch\/wp-content\/uploads\/2018\/07\/zg_adrian_walther-150x150.png 150w, https:\/\/zentrum-garage.ch\/wp-content\/uploads\/2018\/07\/zg_adrian_walther-300x300.png 300w, https:\/\/zentrum-garage.ch\/wp-content\/uploads\/2018\/07\/zg_adrian_walther-230x230.png 230w, https:\/\/zentrum-garage.ch\/wp-content\/uploads\/2018\/07\/zg_adrian_walther-350x350.png 350w, https:\/\/zentrum-garage.ch\/wp-content\/uploads\/2018\/07\/zg_adrian_walther-480x480.png 480w\" sizes=\"(max-width: 600px) 100vw, 600px\" \/>\t\t\t\t\t\t\t\t\t\t\t<figcaption class=\"widget-image-caption wp-caption-text\">Adrian Walther<\/figcaption>\n\t\t\t\t\t\t\t\t\t\t<\/figure>\n\t\t\t\t\t\t\t\t\t<\/div>\n\t\t\t\t<\/div>\n\t\t\t\t\t<\/div>\n\t\t<\/div>\n\t\t\t\t<div class=\"elementor-column elementor-col-33 elementor-top-column elementor-element elementor-element-0b1457f\" data-id=\"0b1457f\" data-element_type=\"column\">\n\t\t\t<div class=\"elementor-widget-wrap elementor-element-populated\">\n\t\t\t\t\t\t\t\t<div class=\"elementor-element elementor-element-2255bc0 elementor-widget elementor-widget-image\" data-id=\"2255bc0\" data-element_type=\"widget\" data-widget_type=\"image.default\">\n\t\t\t\t<div class=\"elementor-widget-container\">\n\t\t\t\t\t\t\t\t\t\t\t\t<figure class=\"wp-caption\">\n\t\t\t\t\t\t\t\t\t\t<img loading=\"lazy\" decoding=\"async\" width=\"600\" height=\"600\" src=\"https:\/\/zentrum-garage.ch\/wp-content\/uploads\/2018\/06\/zg_ep_walther_600x600px.png\" class=\"attachment-large size-large wp-image-1522\" alt=\"Ernst-Peter Walther\" srcset=\"https:\/\/zentrum-garage.ch\/wp-content\/uploads\/2018\/06\/zg_ep_walther_600x600px.png 600w, https:\/\/zentrum-garage.ch\/wp-content\/uploads\/2018\/06\/zg_ep_walther_600x600px-150x150.png 150w, https:\/\/zentrum-garage.ch\/wp-content\/uploads\/2018\/06\/zg_ep_walther_600x600px-300x300.png 300w, https:\/\/zentrum-garage.ch\/wp-content\/uploads\/2018\/06\/zg_ep_walther_600x600px-230x230.png 230w, https:\/\/zentrum-garage.ch\/wp-content\/uploads\/2018\/06\/zg_ep_walther_600x600px-350x350.png 350w, https:\/\/zentrum-garage.ch\/wp-content\/uploads\/2018\/06\/zg_ep_walther_600x600px-480x480.png 480w\" sizes=\"(max-width: 600px) 100vw, 600px\" \/>\t\t\t\t\t\t\t\t\t\t\t<figcaption class=\"widget-image-caption wp-caption-text\">Ernst-Peter Walther<\/figcaption>\n\t\t\t\t\t\t\t\t\t\t<\/figure>\n\t\t\t\t\t\t\t\t\t<\/div>\n\t\t\t\t<\/div>\n\t\t\t\t\t<\/div>\n\t\t<\/div>\n\t\t\t\t<div class=\"elementor-column elementor-col-33 elementor-top-column elementor-element elementor-element-1e9e764\" data-id=\"1e9e764\" data-element_type=\"column\">\n\t\t\t<div class=\"elementor-widget-wrap elementor-element-populated\">\n\t\t\t\t\t\t\t\t<div class=\"elementor-element elementor-element-d4bbe68 elementor-widget elementor-widget-image\" data-id=\"d4bbe68\" data-element_type=\"widget\" data-widget_type=\"image.default\">\n\t\t\t\t<div class=\"elementor-widget-container\">\n\t\t\t\t\t\t\t\t\t\t\t\t<figure class=\"wp-caption\">\n\t\t\t\t\t\t\t\t\t\t<img loading=\"lazy\" decoding=\"async\" width=\"600\" height=\"600\" src=\"https:\/\/zentrum-garage.ch\/wp-content\/uploads\/2018\/06\/zg_ernst_walther_600x600px.png\" class=\"attachment-large size-large wp-image-1520\" alt=\"Ernst Walther\" srcset=\"https:\/\/zentrum-garage.ch\/wp-content\/uploads\/2018\/06\/zg_ernst_walther_600x600px.png 600w, https:\/\/zentrum-garage.ch\/wp-content\/uploads\/2018\/06\/zg_ernst_walther_600x600px-150x150.png 150w, https:\/\/zentrum-garage.ch\/wp-content\/uploads\/2018\/06\/zg_ernst_walther_600x600px-300x300.png 300w, https:\/\/zentrum-garage.ch\/wp-content\/uploads\/2018\/06\/zg_ernst_walther_600x600px-230x230.png 230w, https:\/\/zentrum-garage.ch\/wp-content\/uploads\/2018\/06\/zg_ernst_walther_600x600px-350x350.png 350w, https:\/\/zentrum-garage.ch\/wp-content\/uploads\/2018\/06\/zg_ernst_walther_600x600px-480x480.png 480w\" sizes=\"(max-width: 600px) 100vw, 600px\" \/>\t\t\t\t\t\t\t\t\t\t\t<figcaption class=\"widget-image-caption wp-caption-text\">Ernst-Walther<\/figcaption>\n\t\t\t\t\t\t\t\t\t\t<\/figure>\n\t\t\t\t\t\t\t\t\t<\/div>\n\t\t\t\t<\/div>\n\t\t\t\t\t<\/div>\n\t\t<\/div>\n\t\t\t\t\t\t\t<\/div>\n\t\t<\/section>\n\t\t\t\t<section class=\"elementor-section elementor-top-section elementor-element elementor-element-c73d727 elementor-section-boxed elementor-section-height-default elementor-section-height-default\" data-id=\"c73d727\" data-element_type=\"section\">\n\t\t\t\t\t\t<div class=\"elementor-container elementor-column-gap-default\">\n\t\t\t\t\t<div class=\"elementor-column elementor-col-50 elementor-top-column elementor-element elementor-element-1319d82\" data-id=\"1319d82\" data-element_type=\"column\">\n\t\t\t<div class=\"elementor-widget-wrap elementor-element-populated\">\n\t\t\t\t\t\t\t\t<div class=\"elementor-element elementor-element-b1eff56 elementor-widget elementor-widget-text-editor\" data-id=\"b1eff56\" data-element_type=\"widget\" data-widget_type=\"text-editor.default\">\n\t\t\t\t<div class=\"elementor-widget-container\">\n\t\t\t\t\t\t\t<p>Adrian et Ernst-Peter Walther, les fils d&rsquo;Ernst junior, reprennent la direction de l&rsquo;entreprise. Ernst reste actif pour prodiguer des conseils et donner un coup de main l\u00e0 o\u00f9 c&rsquo;est n\u00e9cessaire.<\/p>\n<p>Les fr\u00e8res d\u00e9veloppent entre autres le service de d\u00e9pannage et d&rsquo;accident Auto Assistance Walther. Pendant une courte p\u00e9riode, ils proposent le nettoyage de surfaces tr\u00e8s sales (Oil-Assistance). Cependant, les co\u00fbts et le rendement ne correspondent pas et ils cessent le service.<\/p>\n<p>2005-18 : Peugeot devient repr\u00e9sentation suppl\u00e9mentaire<\/p>\n<p>2013 : Adrian Walther reprend seul la direction de l&rsquo;entreprise<\/p>\n<p>2015 : Dacia devient repr\u00e9sentation suppl\u00e9mentaire<\/p>\n<p>En juin 2017, Adrian re\u00e7oit le diagnostic de SLA (scl\u00e9rose lat\u00e9rale amyotrophique). Il se bat, mais la maladie l&rsquo;oblige \u00e0 quitter la direction op\u00e9rationnelle du Zentrum-Garage en 2018.<\/p>\n\t\t\t\t\t\t<\/div>\n\t\t\t\t<\/div>\n\t\t\t\t\t<\/div>\n\t\t<\/div>\n\t\t\t\t<div class=\"elementor-column elementor-col-50 elementor-top-column elementor-element elementor-element-c7792f1\" data-id=\"c7792f1\" data-element_type=\"column\">\n\t\t\t<div class=\"elementor-widget-wrap elementor-element-populated\">\n\t\t\t\t\t\t\t\t<div class=\"elementor-element elementor-element-154fb8e elementor-widget elementor-widget-image\" data-id=\"154fb8e\" data-element_type=\"widget\" data-widget_type=\"image.default\">\n\t\t\t\t<div class=\"elementor-widget-container\">\n\t\t\t\t\t\t\t\t\t\t\t\t<figure class=\"wp-caption\">\n\t\t\t\t\t\t\t\t\t\t\t<a href=\"https:\/\/zentrum-garage.ch\/wp-content\/uploads\/2022\/02\/Zentrum-Garage_2019_Wechsel_Gescha\u0308ftsleitung.jpg\" data-elementor-open-lightbox=\"yes\" data-elementor-lightbox-title=\"Zentrum-Garage_2019_Wechsel_Gescha\u0308ftsleitung\" data-elementor-lightbox-description=\"En 2018, Adrian Walther doit passer le relais de la direction op\u00e9rationnelle pour des raisons de sant\u00e9.\" data-e-action-hash=\"#elementor-action%3Aaction%3Dlightbox%26settings%3DeyJpZCI6MzQxMzIsInVybCI6Imh0dHBzOlwvXC96ZW50cnVtLWdhcmFnZS5jaFwvd3AtY29udGVudFwvdXBsb2Fkc1wvMjAyMlwvMDJcL1plbnRydW0tR2FyYWdlXzIwMTlfV2VjaHNlbF9HZXNjaGFcdTAzMDhmdHNsZWl0dW5nLmpwZyJ9\">\n\t\t\t\t\t\t\t<img loading=\"lazy\" decoding=\"async\" width=\"800\" height=\"533\" src=\"https:\/\/zentrum-garage.ch\/wp-content\/uploads\/2022\/02\/Zentrum-Garage_2019_Wechsel_Gescha\u0308ftsleitung.jpg\" class=\"attachment-large size-large wp-image-34132\" alt=\"Die Zentrum-Garage 2021\" srcset=\"https:\/\/zentrum-garage.ch\/wp-content\/uploads\/2022\/02\/Zentrum-Garage_2019_Wechsel_Gescha\u0308ftsleitung.jpg 800w, https:\/\/zentrum-garage.ch\/wp-content\/uploads\/2022\/02\/Zentrum-Garage_2019_Wechsel_Gescha\u0308ftsleitung-300x200.jpg 300w, https:\/\/zentrum-garage.ch\/wp-content\/uploads\/2022\/02\/Zentrum-Garage_2019_Wechsel_Gescha\u0308ftsleitung-768x512.jpg 768w, https:\/\/zentrum-garage.ch\/wp-content\/uploads\/2022\/02\/Zentrum-Garage_2019_Wechsel_Gescha\u0308ftsleitung-230x153.jpg 230w, https:\/\/zentrum-garage.ch\/wp-content\/uploads\/2022\/02\/Zentrum-Garage_2019_Wechsel_Gescha\u0308ftsleitung-350x233.jpg 350w, https:\/\/zentrum-garage.ch\/wp-content\/uploads\/2022\/02\/Zentrum-Garage_2019_Wechsel_Gescha\u0308ftsleitung-480x320.jpg 480w\" sizes=\"(max-width: 800px) 100vw, 800px\" \/>\t\t\t\t\t\t\t\t<\/a>\n\t\t\t\t\t\t\t\t\t\t\t<figcaption class=\"widget-image-caption wp-caption-text\">En 2018, Adrian Walther doit passer le relais de la direction op\u00e9rationnelle pour des raisons de sant\u00e9.<\/figcaption>\n\t\t\t\t\t\t\t\t\t\t<\/figure>\n\t\t\t\t\t\t\t\t\t<\/div>\n\t\t\t\t<\/div>\n\t\t\t\t\t<\/div>\n\t\t<\/div>\n\t\t\t\t\t\t\t<\/div>\n\t\t<\/section>\n\t\t\t\t<section class=\"elementor-section elementor-top-section elementor-element elementor-element-6dc9bc3 elementor-section-boxed elementor-section-height-default elementor-section-height-default\" data-id=\"6dc9bc3\" data-element_type=\"section\">\n\t\t\t\t\t\t<div class=\"elementor-container elementor-column-gap-default\">\n\t\t\t\t\t<div class=\"elementor-column elementor-col-100 elementor-top-column elementor-element elementor-element-90c0385\" data-id=\"90c0385\" data-element_type=\"column\">\n\t\t\t<div class=\"elementor-widget-wrap elementor-element-populated\">\n\t\t\t\t\t\t\t\t<div class=\"elementor-element elementor-element-251f7db elementor-widget-divider--view-line_icon elementor-view-default elementor-widget-divider--element-align-center elementor-widget elementor-widget-divider\" data-id=\"251f7db\" data-element_type=\"widget\" data-widget_type=\"divider.default\">\n\t\t\t\t<div class=\"elementor-widget-container\">\n\t\t\t\t\t<div class=\"elementor-divider\">\n\t\t\t<span class=\"elementor-divider-separator\">\n\t\t\t\t\t\t\t<div class=\"elementor-icon elementor-divider__element\">\n\t\t\t\t\t<i aria-hidden=\"true\" class=\"fas fa-car\"><\/i><\/div>\n\t\t\t\t\t\t<\/span>\n\t\t<\/div>\n\t\t\t\t<\/div>\n\t\t\t\t<\/div>\n\t\t\t\t\t<\/div>\n\t\t<\/div>\n\t\t\t\t\t\t\t<\/div>\n\t\t<\/section>\n\t\t\t\t<section class=\"elementor-section elementor-top-section elementor-element elementor-element-e09d2ba elementor-section-boxed elementor-section-height-default elementor-section-height-default\" data-id=\"e09d2ba\" data-element_type=\"section\">\n\t\t\t\t\t\t<div class=\"elementor-container elementor-column-gap-default\">\n\t\t\t\t\t<div class=\"elementor-column elementor-col-100 elementor-top-column elementor-element elementor-element-a281bd8\" data-id=\"a281bd8\" data-element_type=\"column\">\n\t\t\t<div class=\"elementor-widget-wrap elementor-element-populated\">\n\t\t\t\t\t\t\t\t<div class=\"elementor-element elementor-element-a41949c elementor-widget elementor-widget-heading\" data-id=\"a41949c\" data-element_type=\"widget\" data-widget_type=\"heading.default\">\n\t\t\t\t<div class=\"elementor-widget-container\">\n\t\t\t<h2 class=\"elementor-heading-title elementor-size-default\">2019<\/h2>\t\t<\/div>\n\t\t\t\t<\/div>\n\t\t\t\t\t<\/div>\n\t\t<\/div>\n\t\t\t\t\t\t\t<\/div>\n\t\t<\/section>\n\t\t\t\t<section class=\"elementor-section elementor-top-section elementor-element elementor-element-1b87885 elementor-section-boxed elementor-section-height-default elementor-section-height-default\" data-id=\"1b87885\" data-element_type=\"section\">\n\t\t\t\t\t\t<div class=\"elementor-container elementor-column-gap-default\">\n\t\t\t\t\t<div class=\"elementor-column elementor-col-50 elementor-top-column elementor-element elementor-element-ddd3a2a\" data-id=\"ddd3a2a\" data-element_type=\"column\">\n\t\t\t<div class=\"elementor-widget-wrap elementor-element-populated\">\n\t\t\t\t\t\t\t\t<div class=\"elementor-element elementor-element-e27bd74 elementor-widget elementor-widget-text-editor\" data-id=\"e27bd74\" data-element_type=\"widget\" data-widget_type=\"text-editor.default\">\n\t\t\t\t<div class=\"elementor-widget-container\">\n\t\t\t\t\t\t\t<p>Le service de d\u00e9pannage et d&rsquo;accidents Auto Assistance Walther n&rsquo;est qu&rsquo;en location dans diff\u00e9rents d\u00e9p\u00f4ts et d\u00e9borde de toutes parts. C&rsquo;est pourquoi un nouveau b\u00e2timent en plusieurs \u00e9tapes resp. \u00e9tages est pr\u00e9vu \u00e0 l&rsquo;Industriestrasse 20.<\/p>\n<p>Au cours de la premi\u00e8re \u00e9tape, un abri sera construit au sous-sol avec un hall adjacent, un atelier et des locaux de s\u00e9jour, pour une surface totale de 780m2.<\/p>\n<p>Les \u00e9tapes suivantes offrent des possibilit\u00e9s de d\u00e9veloppement \u00e0 l&rsquo;entreprise.<\/p>\n\t\t\t\t\t\t<\/div>\n\t\t\t\t<\/div>\n\t\t\t\t\t<\/div>\n\t\t<\/div>\n\t\t\t\t<div class=\"elementor-column elementor-col-50 elementor-top-column elementor-element elementor-element-80a6328\" data-id=\"80a6328\" data-element_type=\"column\">\n\t\t\t<div class=\"elementor-widget-wrap elementor-element-populated\">\n\t\t\t\t\t\t\t\t<div class=\"elementor-element elementor-element-086d154 elementor-arrows-position-inside elementor-pagination-position-outside elementor-widget elementor-widget-image-carousel\" data-id=\"086d154\" data-element_type=\"widget\" data-settings=\"{&quot;slides_to_show&quot;:&quot;1&quot;,&quot;navigation&quot;:&quot;both&quot;,&quot;autoplay&quot;:&quot;yes&quot;,&quot;pause_on_hover&quot;:&quot;yes&quot;,&quot;pause_on_interaction&quot;:&quot;yes&quot;,&quot;autoplay_speed&quot;:5000,&quot;infinite&quot;:&quot;yes&quot;,&quot;effect&quot;:&quot;slide&quot;,&quot;speed&quot;:500}\" data-widget_type=\"image-carousel.default\">\n\t\t\t\t<div class=\"elementor-widget-container\">\n\t\t\t\t\t<div class=\"elementor-image-carousel-wrapper swiper-container\" dir=\"ltr\">\n\t\t\t<div class=\"elementor-image-carousel swiper-wrapper\" aria-live=\"off\">\n\t\t\t\t\t\t\t\t<div class=\"swiper-slide\" role=\"group\" aria-roledescription=\"slide\" aria-label=\"1 sur 3\"><a data-elementor-open-lightbox=\"yes\" data-elementor-lightbox-slideshow=\"086d154\" data-elementor-lightbox-title=\"Zentrum-Garage_2020_Halle_Industriestrasse_02\" data-elementor-lightbox-description=\"La 1\u00e8re \u00e9tape du nouveau b\u00e2timent \u00e0 l&#039;Industriestrasse 20 \u00e0 D\u00fcdingen\/Guin.\" data-e-action-hash=\"#elementor-action%3Aaction%3Dlightbox%26settings%3DeyJpZCI6MzQxNDAsInVybCI6Imh0dHBzOlwvXC96ZW50cnVtLWdhcmFnZS5jaFwvd3AtY29udGVudFwvdXBsb2Fkc1wvMjAyMlwvMDJcL1plbnRydW0tR2FyYWdlXzIwMjBfSGFsbGVfSW5kdXN0cmllc3RyYXNzZV8wMi5qcGVnIiwic2xpZGVzaG93IjoiMDg2ZDE1NCJ9\" href=\"https:\/\/zentrum-garage.ch\/wp-content\/uploads\/2022\/02\/Zentrum-Garage_2020_Halle_Industriestrasse_02.jpeg\"><figure class=\"swiper-slide-inner\"><img decoding=\"async\" class=\"swiper-slide-image\" src=\"https:\/\/zentrum-garage.ch\/wp-content\/uploads\/2022\/02\/Zentrum-Garage_2020_Halle_Industriestrasse_02-768x512.jpeg\" alt=\"Adrian Walther\" \/><figcaption class=\"elementor-image-carousel-caption\">La 1\u00e8re \u00e9tape du nouveau b\u00e2timent \u00e0 l'Industriestrasse 20 \u00e0 D\u00fcdingen\/Guin.<\/figcaption><\/figure><\/a><\/div><div class=\"swiper-slide\" role=\"group\" aria-roledescription=\"slide\" aria-label=\"2 sur 3\"><a data-elementor-open-lightbox=\"yes\" data-elementor-lightbox-slideshow=\"086d154\" data-elementor-lightbox-title=\"Zentrum-Garage_2020_Halle_Industriestrasse_01\" data-elementor-lightbox-description=\"L&#039;abri ainsi que l&#039;atelier offrent de la place pour les gros v\u00e9hicules.\" data-e-action-hash=\"#elementor-action%3Aaction%3Dlightbox%26settings%3DeyJpZCI6MzQxMzgsInVybCI6Imh0dHBzOlwvXC96ZW50cnVtLWdhcmFnZS5jaFwvd3AtY29udGVudFwvdXBsb2Fkc1wvMjAyMlwvMDJcL1plbnRydW0tR2FyYWdlXzIwMjBfSGFsbGVfSW5kdXN0cmllc3RyYXNzZV8wMS5qcGVnIiwic2xpZGVzaG93IjoiMDg2ZDE1NCJ9\" href=\"https:\/\/zentrum-garage.ch\/wp-content\/uploads\/2022\/02\/Zentrum-Garage_2020_Halle_Industriestrasse_01.jpeg\"><figure class=\"swiper-slide-inner\"><img decoding=\"async\" class=\"swiper-slide-image\" src=\"https:\/\/zentrum-garage.ch\/wp-content\/uploads\/2022\/02\/Zentrum-Garage_2020_Halle_Industriestrasse_01-768x512.jpeg\" alt=\"Zentrum-Garage : Nouveau b\u00e2timent dans l&#039;Industriestrasse\" \/><figcaption class=\"elementor-image-carousel-caption\">L'abri ainsi que l'atelier offrent de la place pour les gros v\u00e9hicules.<\/figcaption><\/figure><\/a><\/div><div class=\"swiper-slide\" role=\"group\" aria-roledescription=\"slide\" aria-label=\"3 sur 3\"><a data-elementor-open-lightbox=\"yes\" data-elementor-lightbox-slideshow=\"086d154\" data-elementor-lightbox-title=\"Zentrum-Garage_2019_Einweihung_Halle_Walther-Ma\u0308nner\" data-elementor-lightbox-description=\"3 g\u00e9n\u00e9rations d&#039;hommes Walther \u00e0 la f\u00eate d&#039;anniversaire d&#039;Adrian (50) et Ernst (80) : Ernst, Benjamin, Lenn, Adrian et Ernst-Peter (de g. \u00e0 dr.)\" data-e-action-hash=\"#elementor-action%3Aaction%3Dlightbox%26settings%3DeyJpZCI6MzQxMzYsInVybCI6Imh0dHBzOlwvXC96ZW50cnVtLWdhcmFnZS5jaFwvd3AtY29udGVudFwvdXBsb2Fkc1wvMjAyMlwvMDJcL1plbnRydW0tR2FyYWdlXzIwMTlfRWlud2VpaHVuZ19IYWxsZV9XYWx0aGVyLU1hXHUwMzA4bm5lci5qcGVnIiwic2xpZGVzaG93IjoiMDg2ZDE1NCJ9\" href=\"https:\/\/zentrum-garage.ch\/wp-content\/uploads\/2022\/02\/Zentrum-Garage_2019_Einweihung_Halle_Walther-Ma\u0308nner.jpeg\"><figure class=\"swiper-slide-inner\"><img decoding=\"async\" class=\"swiper-slide-image\" src=\"https:\/\/zentrum-garage.ch\/wp-content\/uploads\/2022\/02\/Zentrum-Garage_2019_Einweihung_Halle_Walther-Ma\u0308nner-768x512.jpeg\" alt=\"2019: les hommes de Walther\" \/><figcaption class=\"elementor-image-carousel-caption\">3 g\u00e9n\u00e9rations d'hommes Walther \u00e0 la f\u00eate d'anniversaire d'Adrian (50) et Ernst (80) : Ernst, Benjamin, Lenn, Adrian et Ernst-Peter (de g. \u00e0 dr.)<\/figcaption><\/figure><\/a><\/div>\t\t\t<\/div>\n\t\t\t\t\t\t\t\t\t\t\t\t<div class=\"elementor-swiper-button elementor-swiper-button-prev\" role=\"button\" tabindex=\"0\">\n\t\t\t\t\t\t<i aria-hidden=\"true\" class=\"eicon-chevron-left\"><\/i>\t\t\t\t\t<\/div>\n\t\t\t\t\t<div class=\"elementor-swiper-button elementor-swiper-button-next\" role=\"button\" tabindex=\"0\">\n\t\t\t\t\t\t<i aria-hidden=\"true\" class=\"eicon-chevron-right\"><\/i>\t\t\t\t\t<\/div>\n\t\t\t\t\n\t\t\t\t\t\t\t\t\t<div class=\"swiper-pagination\"><\/div>\n\t\t\t\t\t\t\t\t\t<\/div>\n\t\t\t\t<\/div>\n\t\t\t\t<\/div>\n\t\t\t\t\t<\/div>\n\t\t<\/div>\n\t\t\t\t\t\t\t<\/div>\n\t\t<\/section>\n\t\t\t\t<section class=\"elementor-section elementor-top-section elementor-element elementor-element-9238ef7 elementor-section-boxed elementor-section-height-default elementor-section-height-default\" data-id=\"9238ef7\" data-element_type=\"section\">\n\t\t\t\t\t\t<div class=\"elementor-container elementor-column-gap-default\">\n\t\t\t\t\t<div class=\"elementor-column elementor-col-100 elementor-top-column elementor-element elementor-element-d2e7c7c\" data-id=\"d2e7c7c\" data-element_type=\"column\">\n\t\t\t<div class=\"elementor-widget-wrap elementor-element-populated\">\n\t\t\t\t\t\t\t\t<div class=\"elementor-element elementor-element-c2fca70 elementor-widget-divider--view-line_icon elementor-view-default elementor-widget-divider--element-align-center elementor-widget elementor-widget-divider\" data-id=\"c2fca70\" data-element_type=\"widget\" data-widget_type=\"divider.default\">\n\t\t\t\t<div class=\"elementor-widget-container\">\n\t\t\t\t\t<div class=\"elementor-divider\">\n\t\t\t<span class=\"elementor-divider-separator\">\n\t\t\t\t\t\t\t<div class=\"elementor-icon elementor-divider__element\">\n\t\t\t\t\t<i aria-hidden=\"true\" class=\"fas fa-car\"><\/i><\/div>\n\t\t\t\t\t\t<\/span>\n\t\t<\/div>\n\t\t\t\t<\/div>\n\t\t\t\t<\/div>\n\t\t\t\t\t<\/div>\n\t\t<\/div>\n\t\t\t\t\t\t\t<\/div>\n\t\t<\/section>\n\t\t\t\t<section class=\"elementor-section elementor-top-section elementor-element elementor-element-d785430 elementor-section-boxed elementor-section-height-default elementor-section-height-default\" data-id=\"d785430\" data-element_type=\"section\">\n\t\t\t\t\t\t<div class=\"elementor-container elementor-column-gap-default\">\n\t\t\t\t\t<div class=\"elementor-column elementor-col-100 elementor-top-column elementor-element elementor-element-98d4be4\" data-id=\"98d4be4\" data-element_type=\"column\">\n\t\t\t<div class=\"elementor-widget-wrap elementor-element-populated\">\n\t\t\t\t\t\t\t\t<div class=\"elementor-element elementor-element-d8404d2 elementor-view-default elementor-widget elementor-widget-icon\" data-id=\"d8404d2\" data-element_type=\"widget\" data-widget_type=\"icon.default\">\n\t\t\t\t<div class=\"elementor-widget-container\">\n\t\t\t\t\t<div class=\"elementor-icon-wrapper\">\n\t\t\t<a class=\"elementor-icon\" href=\"#up\">\n\t\t\t<i aria-hidden=\"true\" class=\"fas fa-arrow-up\"><\/i>\t\t\t<\/a>\n\t\t<\/div>\n\t\t\t\t<\/div>\n\t\t\t\t<\/div>\n\t\t\t\t\t<\/div>\n\t\t<\/div>\n\t\t\t\t\t\t\t<\/div>\n\t\t<\/section>\n\t\t\t\t<section class=\"elementor-section elementor-top-section elementor-element elementor-element-d52282c elementor-section-boxed elementor-section-height-default elementor-section-height-default\" data-id=\"d52282c\" data-element_type=\"section\">\n\t\t\t\t\t\t<div class=\"elementor-container elementor-column-gap-default\">\n\t\t\t\t\t<div class=\"elementor-column elementor-col-100 elementor-top-column elementor-element elementor-element-e47764b\" data-id=\"e47764b\" data-element_type=\"column\">\n\t\t\t<div class=\"elementor-widget-wrap elementor-element-populated\">\n\t\t\t\t\t\t\t\t<div class=\"elementor-element elementor-element-8df0537 elementor-widget elementor-widget-heading\" data-id=\"8df0537\" data-element_type=\"widget\" data-widget_type=\"heading.default\">\n\t\t\t\t<div class=\"elementor-widget-container\">\n\t\t\t<h2 class=\"elementor-heading-title elementor-size-default\">2020<\/h2>\t\t<\/div>\n\t\t\t\t<\/div>\n\t\t\t\t\t<\/div>\n\t\t<\/div>\n\t\t\t\t\t\t\t<\/div>\n\t\t<\/section>\n\t\t\t\t<section class=\"elementor-section elementor-top-section elementor-element elementor-element-6049f94 elementor-section-boxed elementor-section-height-default elementor-section-height-default\" data-id=\"6049f94\" data-element_type=\"section\">\n\t\t\t\t\t\t<div class=\"elementor-container elementor-column-gap-default\">\n\t\t\t\t\t<div class=\"elementor-column elementor-col-100 elementor-top-column elementor-element elementor-element-8801a18\" data-id=\"8801a18\" data-element_type=\"column\">\n\t\t\t<div class=\"elementor-widget-wrap elementor-element-populated\">\n\t\t\t\t\t\t\t\t<div class=\"elementor-element elementor-element-aac8428 elementor-widget elementor-widget-image\" data-id=\"aac8428\" data-element_type=\"widget\" data-widget_type=\"image.default\">\n\t\t\t\t<div class=\"elementor-widget-container\">\n\t\t\t\t\t\t\t\t\t\t\t\t<figure class=\"wp-caption\">\n\t\t\t\t\t\t\t\t\t\t\t<a href=\"https:\/\/zentrum-garage.ch\/wp-content\/uploads\/2022\/02\/Zentrum-Garage_2021_Garage.jpeg\" data-elementor-open-lightbox=\"yes\" data-elementor-lightbox-title=\"Zentrum-Garage_2021_Garage\" data-elementor-lightbox-description=\"Le hall d&#039;exposition du garage Zentrum avec le nouvel \u00e9clairage LED.\" data-e-action-hash=\"#elementor-action%3Aaction%3Dlightbox%26settings%3DeyJpZCI6MzQxMzQsInVybCI6Imh0dHBzOlwvXC96ZW50cnVtLWdhcmFnZS5jaFwvd3AtY29udGVudFwvdXBsb2Fkc1wvMjAyMlwvMDJcL1plbnRydW0tR2FyYWdlXzIwMjFfR2FyYWdlLmpwZWcifQ%3D%3D\">\n\t\t\t\t\t\t\t<img loading=\"lazy\" decoding=\"async\" width=\"1200\" height=\"720\" src=\"https:\/\/zentrum-garage.ch\/wp-content\/uploads\/2022\/02\/Zentrum-Garage_2021_Garage.jpeg\" class=\"attachment-full size-full wp-image-34134\" alt=\"Die Zentrum-Garage 2021\" srcset=\"https:\/\/zentrum-garage.ch\/wp-content\/uploads\/2022\/02\/Zentrum-Garage_2021_Garage.jpeg 1200w, https:\/\/zentrum-garage.ch\/wp-content\/uploads\/2022\/02\/Zentrum-Garage_2021_Garage-300x180.jpeg 300w, https:\/\/zentrum-garage.ch\/wp-content\/uploads\/2022\/02\/Zentrum-Garage_2021_Garage-1024x614.jpeg 1024w, https:\/\/zentrum-garage.ch\/wp-content\/uploads\/2022\/02\/Zentrum-Garage_2021_Garage-768x461.jpeg 768w, https:\/\/zentrum-garage.ch\/wp-content\/uploads\/2022\/02\/Zentrum-Garage_2021_Garage-830x498.jpeg 830w, https:\/\/zentrum-garage.ch\/wp-content\/uploads\/2022\/02\/Zentrum-Garage_2021_Garage-230x138.jpeg 230w, https:\/\/zentrum-garage.ch\/wp-content\/uploads\/2022\/02\/Zentrum-Garage_2021_Garage-350x210.jpeg 350w, https:\/\/zentrum-garage.ch\/wp-content\/uploads\/2022\/02\/Zentrum-Garage_2021_Garage-480x288.jpeg 480w\" sizes=\"(max-width: 1200px) 100vw, 1200px\" \/>\t\t\t\t\t\t\t\t<\/a>\n\t\t\t\t\t\t\t\t\t\t\t<figcaption class=\"widget-image-caption wp-caption-text\">Le hall d'exposition du garage Zentrum avec le nouvel \u00e9clairage LED.<\/figcaption>\n\t\t\t\t\t\t\t\t\t\t<\/figure>\n\t\t\t\t\t\t\t\t\t<\/div>\n\t\t\t\t<\/div>\n\t\t\t\t\t<\/div>\n\t\t<\/div>\n\t\t\t\t\t\t\t<\/div>\n\t\t<\/section>\n\t\t\t\t<section class=\"elementor-section elementor-top-section elementor-element elementor-element-b3bdf17 elementor-section-boxed elementor-section-height-default elementor-section-height-default\" data-id=\"b3bdf17\" data-element_type=\"section\">\n\t\t\t\t\t\t<div class=\"elementor-container elementor-column-gap-default\">\n\t\t\t\t\t<div class=\"elementor-column elementor-col-100 elementor-top-column elementor-element elementor-element-7e6047c\" data-id=\"7e6047c\" data-element_type=\"column\">\n\t\t\t<div class=\"elementor-widget-wrap elementor-element-populated\">\n\t\t\t\t\t\t\t\t<div class=\"elementor-element elementor-element-ee38cef elementor-widget elementor-widget-text-editor\" data-id=\"ee38cef\" data-element_type=\"widget\" data-widget_type=\"text-editor.default\">\n\t\t\t\t<div class=\"elementor-widget-container\">\n\t\t\t\t\t\t\t<p>Apr\u00e8s les grands travaux de r\u00e9novation effectu\u00e9s en 1999 \u00e0 la Hauptstrasse 36, il est temps de moderniser la salle d&rsquo;exposition, la zone d&rsquo;accueil et le bureau. Le hall d&rsquo;exposition ainsi que l&rsquo;atelier re\u00e7oivent de nouveaux \u00e9clairages \u00e0 LED. Le toit est \u00e9quip\u00e9 d&rsquo;une installation de production d&rsquo;\u00e9lectricit\u00e9 solaire.<\/p>\n\t\t\t\t\t\t<\/div>\n\t\t\t\t<\/div>\n\t\t\t\t\t<\/div>\n\t\t<\/div>\n\t\t\t\t\t\t\t<\/div>\n\t\t<\/section>\n\t\t\t\t<section class=\"elementor-section elementor-top-section elementor-element elementor-element-0b56cfc elementor-section-boxed elementor-section-height-default elementor-section-height-default\" data-id=\"0b56cfc\" data-element_type=\"section\">\n\t\t\t\t\t\t<div class=\"elementor-container elementor-column-gap-default\">\n\t\t\t\t\t<div class=\"elementor-column elementor-col-100 elementor-top-column elementor-element elementor-element-5fc75da\" data-id=\"5fc75da\" data-element_type=\"column\">\n\t\t\t<div class=\"elementor-widget-wrap elementor-element-populated\">\n\t\t\t\t\t\t\t\t<div class=\"elementor-element elementor-element-397b3c4 elementor-position-left elementor-vertical-align-middle elementor-view-default elementor-mobile-position-top elementor-widget elementor-widget-icon-box\" data-id=\"397b3c4\" data-element_type=\"widget\" data-widget_type=\"icon-box.default\">\n\t\t\t\t<div class=\"elementor-widget-container\">\n\t\t\t\t\t<div class=\"elementor-icon-box-wrapper\">\n\t\t\t\t\t\t<div class=\"elementor-icon-box-icon\">\n\t\t\t\t<a href=\"http:\/\/zentrum-garage.ch\/wp-content\/uploads\/2020\/05\/Dankesbrief-vom-April-2020.pdf\" target=\"_blank\" class=\"elementor-icon elementor-animation-pulse\" tabindex=\"-1\">\n\t\t\t\t<i aria-hidden=\"true\" class=\"fas fa-file-pdf\"><\/i>\t\t\t\t<\/a>\n\t\t\t<\/div>\n\t\t\t\t\t\t<div class=\"elementor-icon-box-content\">\n\t\t\t\t<h5 class=\"elementor-icon-box-title\">\n\t\t\t\t\t<a href=\"http:\/\/zentrum-garage.ch\/wp-content\/uploads\/2020\/05\/Dankesbrief-vom-April-2020.pdf\" target=\"_blank\" >\n\t\t\t\t\t\tMerci de votre fid\u00e9lit\u00e9 !\t\t\t\t\t<\/a>\n\t\t\t\t<\/h5>\n\t\t\t\t\t\t\t\t\t<p class=\"elementor-icon-box-description\">\n\t\t\t\t\t\tMot de remerciement d'Ernst Walther, fondateur du Zentrum-Garage D\u00fcdingen SA.\t\t\t\t\t<\/p>\n\t\t\t\t\t\t\t<\/div>\n\t\t<\/div>\n\t\t\t\t<\/div>\n\t\t\t\t<\/div>\n\t\t\t\t\t<\/div>\n\t\t<\/div>\n\t\t\t\t\t\t\t<\/div>\n\t\t<\/section>\n\t\t\t\t<section class=\"elementor-section elementor-top-section elementor-element elementor-element-46a383e elementor-section-boxed elementor-section-height-default elementor-section-height-default\" data-id=\"46a383e\" data-element_type=\"section\">\n\t\t\t\t\t\t<div class=\"elementor-container elementor-column-gap-default\">\n\t\t\t\t\t<div class=\"elementor-column elementor-col-100 elementor-top-column elementor-element elementor-element-d8458c0\" data-id=\"d8458c0\" data-element_type=\"column\">\n\t\t\t<div class=\"elementor-widget-wrap elementor-element-populated\">\n\t\t\t\t\t\t\t\t<div class=\"elementor-element elementor-element-586e9b8 elementor-widget-divider--view-line_icon elementor-view-default elementor-widget-divider--element-align-center elementor-widget elementor-widget-divider\" data-id=\"586e9b8\" data-element_type=\"widget\" data-widget_type=\"divider.default\">\n\t\t\t\t<div class=\"elementor-widget-container\">\n\t\t\t\t\t<div class=\"elementor-divider\">\n\t\t\t<span class=\"elementor-divider-separator\">\n\t\t\t\t\t\t\t<div class=\"elementor-icon elementor-divider__element\">\n\t\t\t\t\t<i aria-hidden=\"true\" class=\"fas fa-car\"><\/i><\/div>\n\t\t\t\t\t\t<\/span>\n\t\t<\/div>\n\t\t\t\t<\/div>\n\t\t\t\t<\/div>\n\t\t\t\t\t<\/div>\n\t\t<\/div>\n\t\t\t\t\t\t\t<\/div>\n\t\t<\/section>\n\t\t\t\t<section class=\"elementor-section elementor-top-section elementor-element elementor-element-bc7b1e6 elementor-section-boxed elementor-section-height-default elementor-section-height-default\" data-id=\"bc7b1e6\" data-element_type=\"section\">\n\t\t\t\t\t\t<div class=\"elementor-container elementor-column-gap-default\">\n\t\t\t\t\t<div class=\"elementor-column elementor-col-100 elementor-top-column elementor-element elementor-element-32da1d7\" data-id=\"32da1d7\" data-element_type=\"column\">\n\t\t\t<div class=\"elementor-widget-wrap elementor-element-populated\">\n\t\t\t\t\t\t\t\t<div class=\"elementor-element elementor-element-a7cfb6d elementor-widget elementor-widget-heading\" data-id=\"a7cfb6d\" data-element_type=\"widget\" data-widget_type=\"heading.default\">\n\t\t\t\t<div class=\"elementor-widget-container\">\n\t\t\t<h2 class=\"elementor-heading-title elementor-size-default\">2021<\/h2>\t\t<\/div>\n\t\t\t\t<\/div>\n\t\t\t\t\t<\/div>\n\t\t<\/div>\n\t\t\t\t\t\t\t<\/div>\n\t\t<\/section>\n\t\t\t\t<section class=\"elementor-section elementor-top-section elementor-element elementor-element-cfb6e9c elementor-section-boxed elementor-section-height-default elementor-section-height-default\" data-id=\"cfb6e9c\" data-element_type=\"section\">\n\t\t\t\t\t\t<div class=\"elementor-container elementor-column-gap-default\">\n\t\t\t\t\t<div class=\"elementor-column elementor-col-50 elementor-top-column elementor-element elementor-element-910697b\" data-id=\"910697b\" data-element_type=\"column\">\n\t\t\t<div class=\"elementor-widget-wrap elementor-element-populated\">\n\t\t\t\t\t\t\t\t<div class=\"elementor-element elementor-element-3b1b151 elementor-widget elementor-widget-text-editor\" data-id=\"3b1b151\" data-element_type=\"widget\" data-widget_type=\"text-editor.default\">\n\t\t\t\t<div class=\"elementor-widget-container\">\n\t\t\t\t\t\t\t<p>Le Zentrum-Garage devient partenaire de Sympacar. Il renforce ainsi ses comp\u00e9tences pour toutes les marques de voitures.<\/p>\n\t\t\t\t\t\t<\/div>\n\t\t\t\t<\/div>\n\t\t\t\t\t<\/div>\n\t\t<\/div>\n\t\t\t\t<div class=\"elementor-column elementor-col-50 elementor-top-column elementor-element elementor-element-183bb08\" data-id=\"183bb08\" data-element_type=\"column\">\n\t\t\t<div class=\"elementor-widget-wrap elementor-element-populated\">\n\t\t\t\t\t\t\t\t<div class=\"elementor-element elementor-element-635cf1c elementor-widget elementor-widget-image\" data-id=\"635cf1c\" data-element_type=\"widget\" data-widget_type=\"image.default\">\n\t\t\t\t<div class=\"elementor-widget-container\">\n\t\t\t\t\t\t\t\t\t\t\t\t\t\t\t<img loading=\"lazy\" decoding=\"async\" width=\"745\" height=\"167\" src=\"https:\/\/zentrum-garage.ch\/wp-content\/uploads\/2021\/02\/sympacar-Logo-fuer-Verwendung-im-Word-oder-im-Internet.png\" class=\"attachment-large size-large wp-image-33208\" alt=\"Sympacar Logo\" srcset=\"https:\/\/zentrum-garage.ch\/wp-content\/uploads\/2021\/02\/sympacar-Logo-fuer-Verwendung-im-Word-oder-im-Internet.png 745w, https:\/\/zentrum-garage.ch\/wp-content\/uploads\/2021\/02\/sympacar-Logo-fuer-Verwendung-im-Word-oder-im-Internet-300x67.png 300w, https:\/\/zentrum-garage.ch\/wp-content\/uploads\/2021\/02\/sympacar-Logo-fuer-Verwendung-im-Word-oder-im-Internet-230x52.png 230w, https:\/\/zentrum-garage.ch\/wp-content\/uploads\/2021\/02\/sympacar-Logo-fuer-Verwendung-im-Word-oder-im-Internet-350x78.png 350w, https:\/\/zentrum-garage.ch\/wp-content\/uploads\/2021\/02\/sympacar-Logo-fuer-Verwendung-im-Word-oder-im-Internet-480x108.png 480w\" sizes=\"(max-width: 745px) 100vw, 745px\" \/>\t\t\t\t\t\t\t\t\t\t\t\t\t\t\t<\/div>\n\t\t\t\t<\/div>\n\t\t\t\t\t<\/div>\n\t\t<\/div>\n\t\t\t\t\t\t\t<\/div>\n\t\t<\/section>\n\t\t\t\t<section class=\"elementor-section elementor-top-section elementor-element elementor-element-310e676 elementor-section-boxed elementor-section-height-default elementor-section-height-default\" data-id=\"310e676\" data-element_type=\"section\">\n\t\t\t\t\t\t<div class=\"elementor-container elementor-column-gap-default\">\n\t\t\t\t\t<div class=\"elementor-column elementor-col-100 elementor-top-column elementor-element elementor-element-b329e67\" data-id=\"b329e67\" data-element_type=\"column\">\n\t\t\t<div class=\"elementor-widget-wrap elementor-element-populated\">\n\t\t\t\t\t\t\t\t<div class=\"elementor-element elementor-element-e74334c elementor-widget elementor-widget-spacer\" data-id=\"e74334c\" data-element_type=\"widget\" data-widget_type=\"spacer.default\">\n\t\t\t\t<div class=\"elementor-widget-container\">\n\t\t\t\t\t<div class=\"elementor-spacer\">\n\t\t\t<div class=\"elementor-spacer-inner\"><\/div>\n\t\t<\/div>\n\t\t\t\t<\/div>\n\t\t\t\t<\/div>\n\t\t\t\t\t<\/div>\n\t\t<\/div>\n\t\t\t\t\t\t\t<\/div>\n\t\t<\/section>\n\t\t\t\t<section class=\"elementor-section elementor-top-section elementor-element elementor-element-eaa3b3d elementor-section-boxed elementor-section-height-default elementor-section-height-default\" data-id=\"eaa3b3d\" data-element_type=\"section\">\n\t\t\t\t\t\t<div class=\"elementor-container elementor-column-gap-default\">\n\t\t\t\t\t<div class=\"elementor-column elementor-col-50 elementor-top-column elementor-element elementor-element-765bc13\" data-id=\"765bc13\" data-element_type=\"column\">\n\t\t\t<div class=\"elementor-widget-wrap elementor-element-populated\">\n\t\t\t\t\t\t\t\t<div class=\"elementor-element elementor-element-735a7a2 elementor-widget elementor-widget-image\" data-id=\"735a7a2\" data-element_type=\"widget\" data-widget_type=\"image.default\">\n\t\t\t\t<div class=\"elementor-widget-container\">\n\t\t\t\t\t\t\t\t\t\t\t\t\t\t\t\t<a href=\"https:\/\/zentrum-garage.ch\/wp-content\/uploads\/2022\/02\/Zentrum-Garage_2021_adrian_walther.png\" data-elementor-open-lightbox=\"yes\" data-elementor-lightbox-title=\"Zentrum-Garage_2021_adrian_walther\" data-elementor-lightbox-description=\"Photo priv\u00e9e d&#039;Adrian Walther en p\u00e9riode d&#039;insouciance.\" data-e-action-hash=\"#elementor-action%3Aaction%3Dlightbox%26settings%3DeyJpZCI6MzQxNDIsInVybCI6Imh0dHBzOlwvXC96ZW50cnVtLWdhcmFnZS5jaFwvd3AtY29udGVudFwvdXBsb2Fkc1wvMjAyMlwvMDJcL1plbnRydW0tR2FyYWdlXzIwMjFfYWRyaWFuX3dhbHRoZXIucG5nIn0%3D\">\n\t\t\t\t\t\t\t<img loading=\"lazy\" decoding=\"async\" width=\"600\" height=\"697\" src=\"https:\/\/zentrum-garage.ch\/wp-content\/uploads\/2022\/02\/Zentrum-Garage_2021_adrian_walther.png\" class=\"attachment-full size-full wp-image-34142\" alt=\"Adrian Walther\" srcset=\"https:\/\/zentrum-garage.ch\/wp-content\/uploads\/2022\/02\/Zentrum-Garage_2021_adrian_walther.png 600w, https:\/\/zentrum-garage.ch\/wp-content\/uploads\/2022\/02\/Zentrum-Garage_2021_adrian_walther-258x300.png 258w, https:\/\/zentrum-garage.ch\/wp-content\/uploads\/2022\/02\/Zentrum-Garage_2021_adrian_walther-230x267.png 230w, https:\/\/zentrum-garage.ch\/wp-content\/uploads\/2022\/02\/Zentrum-Garage_2021_adrian_walther-350x407.png 350w, https:\/\/zentrum-garage.ch\/wp-content\/uploads\/2022\/02\/Zentrum-Garage_2021_adrian_walther-480x558.png 480w\" sizes=\"(max-width: 600px) 100vw, 600px\" \/>\t\t\t\t\t\t\t\t<\/a>\n\t\t\t\t\t\t\t\t\t\t\t\t\t\t\t<\/div>\n\t\t\t\t<\/div>\n\t\t\t\t\t<\/div>\n\t\t<\/div>\n\t\t\t\t<div class=\"elementor-column elementor-col-50 elementor-top-column elementor-element elementor-element-66eda5f\" data-id=\"66eda5f\" data-element_type=\"column\">\n\t\t\t<div class=\"elementor-widget-wrap elementor-element-populated\">\n\t\t\t\t\t\t\t\t<div class=\"elementor-element elementor-element-39cf20a elementor-widget elementor-widget-text-editor\" data-id=\"39cf20a\" data-element_type=\"widget\" data-widget_type=\"text-editor.default\">\n\t\t\t\t<div class=\"elementor-widget-container\">\n\t\t\t\t\t\t\t<p>Le 8 f\u00e9vrier 2021, Adrian Walther d\u00e9c\u00e8de \u00e0 l&rsquo;\u00e2ge de 51 ans. C&rsquo;est avec tristesse que nous disons adieu \u00e0 Adrian Walther. Pendant de nombreuses ann\u00e9es, il a accompagn\u00e9 notre chemin avec passion. Son influence a \u00e9t\u00e9 d\u00e9terminante et son engagement exemplaire. Adi, tu nous manques !<\/p>\n\t\t\t\t\t\t<\/div>\n\t\t\t\t<\/div>\n\t\t\t\t\t<\/div>\n\t\t<\/div>\n\t\t\t\t\t\t\t<\/div>\n\t\t<\/section>\n\t\t\t\t<section class=\"elementor-section elementor-top-section elementor-element elementor-element-7afa02a elementor-section-boxed elementor-section-height-default elementor-section-height-default\" data-id=\"7afa02a\" data-element_type=\"section\">\n\t\t\t\t\t\t<div class=\"elementor-container elementor-column-gap-default\">\n\t\t\t\t\t<div class=\"elementor-column elementor-col-100 elementor-top-column elementor-element elementor-element-530fdc4\" data-id=\"530fdc4\" data-element_type=\"column\">\n\t\t\t<div class=\"elementor-widget-wrap elementor-element-populated\">\n\t\t\t\t\t\t\t\t<div class=\"elementor-element elementor-element-df6361e elementor-widget-divider--view-line_icon elementor-view-default elementor-widget-divider--element-align-center elementor-widget elementor-widget-divider\" data-id=\"df6361e\" data-element_type=\"widget\" data-widget_type=\"divider.default\">\n\t\t\t\t<div class=\"elementor-widget-container\">\n\t\t\t\t\t<div class=\"elementor-divider\">\n\t\t\t<span class=\"elementor-divider-separator\">\n\t\t\t\t\t\t\t<div class=\"elementor-icon elementor-divider__element\">\n\t\t\t\t\t<i aria-hidden=\"true\" class=\"fas fa-car\"><\/i><\/div>\n\t\t\t\t\t\t<\/span>\n\t\t<\/div>\n\t\t\t\t<\/div>\n\t\t\t\t<\/div>\n\t\t\t\t\t<\/div>\n\t\t<\/div>\n\t\t\t\t\t\t\t<\/div>\n\t\t<\/section>\n\t\t\t\t<section class=\"elementor-section elementor-top-section elementor-element elementor-element-183f81e elementor-section-boxed elementor-section-height-default elementor-section-height-default\" data-id=\"183f81e\" data-element_type=\"section\">\n\t\t\t\t\t\t<div class=\"elementor-container elementor-column-gap-default\">\n\t\t\t\t\t<div class=\"elementor-column elementor-col-100 elementor-top-column elementor-element elementor-element-082893e\" data-id=\"082893e\" data-element_type=\"column\">\n\t\t\t<div class=\"elementor-widget-wrap elementor-element-populated\">\n\t\t\t\t\t\t\t\t<div class=\"elementor-element elementor-element-d640d2b elementor-widget elementor-widget-heading\" data-id=\"d640d2b\" data-element_type=\"widget\" data-widget_type=\"heading.default\">\n\t\t\t\t<div class=\"elementor-widget-container\">\n\t\t\t<h2 class=\"elementor-heading-title elementor-size-default\">2022<\/h2>\t\t<\/div>\n\t\t\t\t<\/div>\n\t\t\t\t\t<\/div>\n\t\t<\/div>\n\t\t\t\t\t\t\t<\/div>\n\t\t<\/section>\n\t\t\t\t<section class=\"elementor-section elementor-top-section elementor-element elementor-element-993e4b0 elementor-section-boxed elementor-section-height-default elementor-section-height-default\" data-id=\"993e4b0\" data-element_type=\"section\">\n\t\t\t\t\t\t<div class=\"elementor-container elementor-column-gap-default\">\n\t\t\t\t\t<div class=\"elementor-column elementor-col-100 elementor-top-column elementor-element elementor-element-7f49ecb\" data-id=\"7f49ecb\" data-element_type=\"column\">\n\t\t\t<div class=\"elementor-widget-wrap elementor-element-populated\">\n\t\t\t\t\t\t\t\t<div class=\"elementor-element elementor-element-099f318 elementor-widget elementor-widget-image\" data-id=\"099f318\" data-element_type=\"widget\" data-widget_type=\"image.default\">\n\t\t\t\t<div class=\"elementor-widget-container\">\n\t\t\t\t\t\t\t\t\t\t\t\t<figure class=\"wp-caption\">\n\t\t\t\t\t\t\t\t\t\t\t<a href=\"https:\/\/zentrum-garage.ch\/wp-content\/uploads\/2022\/02\/zgd_100-jahre_teamfoto-scaled.jpeg\" data-elementor-open-lightbox=\"yes\" data-elementor-lightbox-title=\"zgd_100-jahre_teamfoto\" data-elementor-lightbox-description=\"Retour dans le pass\u00e9 : l&#039;\u00e9quipe du Zentrum-Garage s&#039;est lanc\u00e9e dans la c\u00e9l\u00e9bration de son 100e anniversaire.\" data-e-action-hash=\"#elementor-action%3Aaction%3Dlightbox%26settings%3DeyJpZCI6MzQwNjYsInVybCI6Imh0dHBzOlwvXC96ZW50cnVtLWdhcmFnZS5jaFwvd3AtY29udGVudFwvdXBsb2Fkc1wvMjAyMlwvMDJcL3pnZF8xMDAtamFocmVfdGVhbWZvdG8tc2NhbGVkLmpwZWcifQ%3D%3D\">\n\t\t\t\t\t\t\t<img loading=\"lazy\" decoding=\"async\" width=\"2560\" height=\"1706\" src=\"https:\/\/zentrum-garage.ch\/wp-content\/uploads\/2022\/02\/zgd_100-jahre_teamfoto-scaled.jpeg\" class=\"attachment-full size-full wp-image-34066\" alt=\"L&#039;\u00e9quipe du Zentrum-Garage D\u00fcdingen dans le look des ann\u00e9es 1920.\" srcset=\"https:\/\/zentrum-garage.ch\/wp-content\/uploads\/2022\/02\/zgd_100-jahre_teamfoto-scaled.jpeg 2560w, https:\/\/zentrum-garage.ch\/wp-content\/uploads\/2022\/02\/zgd_100-jahre_teamfoto-300x200.jpeg 300w, https:\/\/zentrum-garage.ch\/wp-content\/uploads\/2022\/02\/zgd_100-jahre_teamfoto-1024x682.jpeg 1024w, https:\/\/zentrum-garage.ch\/wp-content\/uploads\/2022\/02\/zgd_100-jahre_teamfoto-768x512.jpeg 768w, https:\/\/zentrum-garage.ch\/wp-content\/uploads\/2022\/02\/zgd_100-jahre_teamfoto-1536x1024.jpeg 1536w, https:\/\/zentrum-garage.ch\/wp-content\/uploads\/2022\/02\/zgd_100-jahre_teamfoto-2048x1365.jpeg 2048w, https:\/\/zentrum-garage.ch\/wp-content\/uploads\/2022\/02\/zgd_100-jahre_teamfoto-830x553.jpeg 830w, https:\/\/zentrum-garage.ch\/wp-content\/uploads\/2022\/02\/zgd_100-jahre_teamfoto-230x153.jpeg 230w, https:\/\/zentrum-garage.ch\/wp-content\/uploads\/2022\/02\/zgd_100-jahre_teamfoto-350x233.jpeg 350w, https:\/\/zentrum-garage.ch\/wp-content\/uploads\/2022\/02\/zgd_100-jahre_teamfoto-480x320.jpeg 480w\" sizes=\"(max-width: 2560px) 100vw, 2560px\" \/>\t\t\t\t\t\t\t\t<\/a>\n\t\t\t\t\t\t\t\t\t\t\t<figcaption class=\"widget-image-caption wp-caption-text\">Retour dans le pass\u00e9 : l'\u00e9quipe du garage Zentrum de Guin s'est lanc\u00e9e dans la c\u00e9l\u00e9bration de son 100e anniversaire.<\/figcaption>\n\t\t\t\t\t\t\t\t\t\t<\/figure>\n\t\t\t\t\t\t\t\t\t<\/div>\n\t\t\t\t<\/div>\n\t\t\t\t\t<\/div>\n\t\t<\/div>\n\t\t\t\t\t\t\t<\/div>\n\t\t<\/section>\n\t\t\t\t<section class=\"elementor-section elementor-top-section elementor-element elementor-element-46dc988 elementor-section-boxed elementor-section-height-default elementor-section-height-default\" data-id=\"46dc988\" data-element_type=\"section\">\n\t\t\t\t\t\t<div class=\"elementor-container elementor-column-gap-default\">\n\t\t\t\t\t<div class=\"elementor-column elementor-col-66 elementor-top-column elementor-element elementor-element-9052f2c\" data-id=\"9052f2c\" data-element_type=\"column\">\n\t\t\t<div class=\"elementor-widget-wrap elementor-element-populated\">\n\t\t\t\t\t\t\t\t<div class=\"elementor-element elementor-element-64c56a1 elementor-widget elementor-widget-heading\" data-id=\"64c56a1\" data-element_type=\"widget\" data-widget_type=\"heading.default\">\n\t\t\t\t<div class=\"elementor-widget-container\">\n\t\t\t<h3 class=\"elementor-heading-title elementor-size-default\">Avec passion pour votre v\u00e9hicule<\/h3>\t\t<\/div>\n\t\t\t\t<\/div>\n\t\t\t\t<div class=\"elementor-element elementor-element-d302f3f elementor-widget elementor-widget-text-editor\" data-id=\"d302f3f\" data-element_type=\"widget\" data-widget_type=\"text-editor.default\">\n\t\t\t\t<div class=\"elementor-widget-container\">\n\t\t\t\t\t\t\t<p>Ernst Walther senior (1895-1939) a pos\u00e9 la premi\u00e8re pierre de l&rsquo;actuel Zentrum-Garage D\u00fcdingen SA en 1922. Au cours des cent derni\u00e8res ann\u00e9es, de nombreuses personnes ont accompagn\u00e9 le garage sur son chemin, que ce soit en tant que collaborateur ou collaboratrice, client ou cliente, directeur ou membre de la famille. Toutes et tous ont contribu\u00e9 \u00e0 ce que nous puissions f\u00eater cette ann\u00e9e nos 100 ans d&rsquo;existence.<\/p>\n<p>C&rsquo;est avec reconnaissance et fiert\u00e9 que nous accompagnons aujourd&rsquo;hui le garage de tout notre c\u0153ur et que nous prenons soin des v\u00e9hicules de nos clientes et clients.<\/p>\n\t\t\t\t\t\t<\/div>\n\t\t\t\t<\/div>\n\t\t\t\t\t<\/div>\n\t\t<\/div>\n\t\t\t\t<div class=\"elementor-column elementor-col-33 elementor-top-column elementor-element elementor-element-dc258b8\" data-id=\"dc258b8\" data-element_type=\"column\">\n\t\t\t<div class=\"elementor-widget-wrap elementor-element-populated\">\n\t\t\t\t\t\t\t\t<div class=\"elementor-element elementor-element-c2f2644 elementor-widget elementor-widget-image\" data-id=\"c2f2644\" data-element_type=\"widget\" data-widget_type=\"image.default\">\n\t\t\t\t<div class=\"elementor-widget-container\">\n\t\t\t\t\t\t\t\t\t\t\t\t<figure class=\"wp-caption\">\n\t\t\t\t\t\t\t\t\t\t\t<a href=\"https:\/\/zentrum-garage.ch\/wp-content\/uploads\/2022\/02\/Zentrum-Garage_1922_100-Jahre_Ernst-Walther.jpeg\" data-elementor-open-lightbox=\"yes\" data-elementor-lightbox-title=\"Zentrum-Garage_1922_100-Jahre_Ernst-Walther\" data-elementor-lightbox-description=\"Ernst Walther junior, le fils du fondateur de l&#039;entreprise.\" data-e-action-hash=\"#elementor-action%3Aaction%3Dlightbox%26settings%3DeyJpZCI6MzQxNDYsInVybCI6Imh0dHBzOlwvXC96ZW50cnVtLWdhcmFnZS5jaFwvd3AtY29udGVudFwvdXBsb2Fkc1wvMjAyMlwvMDJcL1plbnRydW0tR2FyYWdlXzE5MjJfMTAwLUphaHJlX0VybnN0LVdhbHRoZXIuanBlZyJ9\">\n\t\t\t\t\t\t\t<img loading=\"lazy\" decoding=\"async\" width=\"441\" height=\"600\" src=\"https:\/\/zentrum-garage.ch\/wp-content\/uploads\/2022\/02\/Zentrum-Garage_1922_100-Jahre_Ernst-Walther.jpeg\" class=\"attachment-large size-large wp-image-34146\" alt=\"Ernst Walther \u00e0 la f\u00eate d&#039;anniversaire interne\" srcset=\"https:\/\/zentrum-garage.ch\/wp-content\/uploads\/2022\/02\/Zentrum-Garage_1922_100-Jahre_Ernst-Walther.jpeg 441w, https:\/\/zentrum-garage.ch\/wp-content\/uploads\/2022\/02\/Zentrum-Garage_1922_100-Jahre_Ernst-Walther-221x300.jpeg 221w, https:\/\/zentrum-garage.ch\/wp-content\/uploads\/2022\/02\/Zentrum-Garage_1922_100-Jahre_Ernst-Walther-230x313.jpeg 230w, https:\/\/zentrum-garage.ch\/wp-content\/uploads\/2022\/02\/Zentrum-Garage_1922_100-Jahre_Ernst-Walther-350x476.jpeg 350w\" sizes=\"(max-width: 441px) 100vw, 441px\" \/>\t\t\t\t\t\t\t\t<\/a>\n\t\t\t\t\t\t\t\t\t\t\t<figcaption class=\"widget-image-caption wp-caption-text\">Ernst Walther junior, le fils du fondateur de l'entreprise.<\/figcaption>\n\t\t\t\t\t\t\t\t\t\t<\/figure>\n\t\t\t\t\t\t\t\t\t<\/div>\n\t\t\t\t<\/div>\n\t\t\t\t\t<\/div>\n\t\t<\/div>\n\t\t\t\t\t\t\t<\/div>\n\t\t<\/section>\n\t\t\t\t<section class=\"elementor-section elementor-top-section elementor-element elementor-element-9608294 elementor-section-boxed elementor-section-height-default elementor-section-height-default\" data-id=\"9608294\" data-element_type=\"section\">\n\t\t\t\t\t\t<div class=\"elementor-container elementor-column-gap-default\">\n\t\t\t\t\t<div class=\"elementor-column elementor-col-100 elementor-top-column elementor-element elementor-element-c6ffa98\" data-id=\"c6ffa98\" data-element_type=\"column\">\n\t\t\t<div class=\"elementor-widget-wrap elementor-element-populated\">\n\t\t\t\t\t\t\t\t<div class=\"elementor-element elementor-element-b38c46b elementor-widget elementor-widget-text-editor\" data-id=\"b38c46b\" data-element_type=\"widget\" data-widget_type=\"text-editor.default\">\n\t\t\t\t<div class=\"elementor-widget-container\">\n\t\t\t\t\t\t\t<p>Nous avons accueilli l&rsquo;ann\u00e9e du jubil\u00e9 avec une f\u00eate interne. Ensemble, nous avons remont\u00e9 le temps jusqu&rsquo;aux ann\u00e9es folles de 1920 et nous avons v\u00e9cu une superbe soir\u00e9e avec d\u00eener d\u00e9tectives. Voil\u00e0 \u00e0 quoi nous ressemblions&#8230;<\/p>\n\t\t\t\t\t\t<\/div>\n\t\t\t\t<\/div>\n\t\t\t\t<div class=\"elementor-element elementor-element-808ed22 elementor-arrows-position-inside elementor-pagination-position-outside elementor-widget elementor-widget-image-carousel\" data-id=\"808ed22\" data-element_type=\"widget\" data-settings=\"{&quot;slides_to_show&quot;:&quot;6&quot;,&quot;navigation&quot;:&quot;both&quot;,&quot;autoplay&quot;:&quot;yes&quot;,&quot;pause_on_hover&quot;:&quot;yes&quot;,&quot;pause_on_interaction&quot;:&quot;yes&quot;,&quot;autoplay_speed&quot;:5000,&quot;infinite&quot;:&quot;yes&quot;,&quot;speed&quot;:500}\" data-widget_type=\"image-carousel.default\">\n\t\t\t\t<div class=\"elementor-widget-container\">\n\t\t\t\t\t<div class=\"elementor-image-carousel-wrapper swiper-container\" dir=\"ltr\">\n\t\t\t<div class=\"elementor-image-carousel swiper-wrapper\" aria-live=\"off\">\n\t\t\t\t\t\t\t\t<div class=\"swiper-slide\" role=\"group\" aria-roledescription=\"slide\" aria-label=\"1 sur 22\"><a data-elementor-open-lightbox=\"yes\" data-elementor-lightbox-slideshow=\"808ed22\" data-elementor-lightbox-title=\"zgd_100-jahre_portra\u0308ts_rahmen_ep\" data-e-action-hash=\"#elementor-action%3Aaction%3Dlightbox%26settings%3DeyJpZCI6MzM5ODUsInVybCI6Imh0dHBzOlwvXC96ZW50cnVtLWdhcmFnZS5jaFwvd3AtY29udGVudFwvdXBsb2Fkc1wvMjAyMlwvMDFcL3pnZF8xMDAtamFocmVfcG9ydHJhXHUwMzA4dHNfcmFobWVuX2VwLnBuZyIsInNsaWRlc2hvdyI6IjgwOGVkMjIifQ%3D%3D\" href=\"https:\/\/zentrum-garage.ch\/wp-content\/uploads\/2022\/01\/zgd_100-jahre_portra\u0308ts_rahmen_ep.png\"><figure class=\"swiper-slide-inner\"><img decoding=\"async\" class=\"swiper-slide-image\" src=\"https:\/\/zentrum-garage.ch\/wp-content\/uploads\/2022\/01\/zgd_100-jahre_portra\u0308ts_rahmen_ep-230x272.png\" alt=\"Ernst-Peter Walther\" \/><\/figure><\/a><\/div><div class=\"swiper-slide\" role=\"group\" aria-roledescription=\"slide\" aria-label=\"2 sur 22\"><a data-elementor-open-lightbox=\"yes\" data-elementor-lightbox-slideshow=\"808ed22\" data-elementor-lightbox-title=\"zgd_100-jahre_portra\u0308ts_rahmen_martina\" data-e-action-hash=\"#elementor-action%3Aaction%3Dlightbox%26settings%3DeyJpZCI6MzQwMDgsInVybCI6Imh0dHBzOlwvXC96ZW50cnVtLWdhcmFnZS5jaFwvd3AtY29udGVudFwvdXBsb2Fkc1wvMjAyMlwvMDJcL3pnZF8xMDAtamFocmVfcG9ydHJhXHUwMzA4dHNfcmFobWVuX21hcnRpbmEtMS5wbmciLCJzbGlkZXNob3ciOiI4MDhlZDIyIn0%3D\" href=\"https:\/\/zentrum-garage.ch\/wp-content\/uploads\/2022\/02\/zgd_100-jahre_portra\u0308ts_rahmen_martina-1.png\"><figure class=\"swiper-slide-inner\"><img decoding=\"async\" class=\"swiper-slide-image\" src=\"https:\/\/zentrum-garage.ch\/wp-content\/uploads\/2022\/02\/zgd_100-jahre_portra\u0308ts_rahmen_martina-1-230x272.png\" alt=\"Martina Frieden\" \/><\/figure><\/a><\/div><div class=\"swiper-slide\" role=\"group\" aria-roledescription=\"slide\" aria-label=\"3 sur 22\"><a data-elementor-open-lightbox=\"yes\" data-elementor-lightbox-slideshow=\"808ed22\" data-elementor-lightbox-title=\"zgd_100-jahre_portra\u0308ts_rahmen_elsbeth\" data-e-action-hash=\"#elementor-action%3Aaction%3Dlightbox%26settings%3DeyJpZCI6MzQwMTIsInVybCI6Imh0dHBzOlwvXC96ZW50cnVtLWdhcmFnZS5jaFwvd3AtY29udGVudFwvdXBsb2Fkc1wvMjAyMlwvMDJcL3pnZF8xMDAtamFocmVfcG9ydHJhXHUwMzA4dHNfcmFobWVuX2Vsc2JldGgtMS5wbmciLCJzbGlkZXNob3ciOiI4MDhlZDIyIn0%3D\" href=\"https:\/\/zentrum-garage.ch\/wp-content\/uploads\/2022\/02\/zgd_100-jahre_portra\u0308ts_rahmen_elsbeth-1.png\"><figure class=\"swiper-slide-inner\"><img decoding=\"async\" class=\"swiper-slide-image\" src=\"https:\/\/zentrum-garage.ch\/wp-content\/uploads\/2022\/02\/zgd_100-jahre_portra\u0308ts_rahmen_elsbeth-1-230x272.png\" alt=\"Elsbeth Walther\" \/><\/figure><\/a><\/div><div class=\"swiper-slide\" role=\"group\" aria-roledescription=\"slide\" aria-label=\"4 sur 22\"><a data-elementor-open-lightbox=\"yes\" data-elementor-lightbox-slideshow=\"808ed22\" data-elementor-lightbox-title=\"zgd_100-jahre_portra\u0308ts_rahmen_ernst\" data-e-action-hash=\"#elementor-action%3Aaction%3Dlightbox%26settings%3DeyJpZCI6MzQwMTQsInVybCI6Imh0dHBzOlwvXC96ZW50cnVtLWdhcmFnZS5jaFwvd3AtY29udGVudFwvdXBsb2Fkc1wvMjAyMlwvMDJcL3pnZF8xMDAtamFocmVfcG9ydHJhXHUwMzA4dHNfcmFobWVuX2VybnN0LTEucG5nIiwic2xpZGVzaG93IjoiODA4ZWQyMiJ9\" href=\"https:\/\/zentrum-garage.ch\/wp-content\/uploads\/2022\/02\/zgd_100-jahre_portra\u0308ts_rahmen_ernst-1.png\"><figure class=\"swiper-slide-inner\"><img decoding=\"async\" class=\"swiper-slide-image\" src=\"https:\/\/zentrum-garage.ch\/wp-content\/uploads\/2022\/02\/zgd_100-jahre_portra\u0308ts_rahmen_ernst-1-230x272.png\" alt=\"Ernst Walther\" \/><\/figure><\/a><\/div><div class=\"swiper-slide\" role=\"group\" aria-roledescription=\"slide\" aria-label=\"5 sur 22\"><a data-elementor-open-lightbox=\"yes\" data-elementor-lightbox-slideshow=\"808ed22\" data-elementor-lightbox-title=\"zgd_100-jahre_portra\u0308ts_rahmen_kushtrim\" data-e-action-hash=\"#elementor-action%3Aaction%3Dlightbox%26settings%3DeyJpZCI6MzQwMTYsInVybCI6Imh0dHBzOlwvXC96ZW50cnVtLWdhcmFnZS5jaFwvd3AtY29udGVudFwvdXBsb2Fkc1wvMjAyMlwvMDJcL3pnZF8xMDAtamFocmVfcG9ydHJhXHUwMzA4dHNfcmFobWVuX2t1c2h0cmltLnBuZyIsInNsaWRlc2hvdyI6IjgwOGVkMjIifQ%3D%3D\" href=\"https:\/\/zentrum-garage.ch\/wp-content\/uploads\/2022\/02\/zgd_100-jahre_portra\u0308ts_rahmen_kushtrim.png\"><figure class=\"swiper-slide-inner\"><img decoding=\"async\" class=\"swiper-slide-image\" src=\"https:\/\/zentrum-garage.ch\/wp-content\/uploads\/2022\/02\/zgd_100-jahre_portra\u0308ts_rahmen_kushtrim-230x272.png\" alt=\"Kushtrim Mustafi\" \/><\/figure><\/a><\/div><div class=\"swiper-slide\" role=\"group\" aria-roledescription=\"slide\" aria-label=\"6 sur 22\"><a data-elementor-open-lightbox=\"yes\" data-elementor-lightbox-slideshow=\"808ed22\" data-elementor-lightbox-title=\"zgd_100-jahre_portra\u0308ts_rahmen_markus\" data-e-action-hash=\"#elementor-action%3Aaction%3Dlightbox%26settings%3DeyJpZCI6MzQwMTgsInVybCI6Imh0dHBzOlwvXC96ZW50cnVtLWdhcmFnZS5jaFwvd3AtY29udGVudFwvdXBsb2Fkc1wvMjAyMlwvMDJcL3pnZF8xMDAtamFocmVfcG9ydHJhXHUwMzA4dHNfcmFobWVuX21hcmt1cy5wbmciLCJzbGlkZXNob3ciOiI4MDhlZDIyIn0%3D\" href=\"https:\/\/zentrum-garage.ch\/wp-content\/uploads\/2022\/02\/zgd_100-jahre_portra\u0308ts_rahmen_markus.png\"><figure class=\"swiper-slide-inner\"><img decoding=\"async\" class=\"swiper-slide-image\" src=\"https:\/\/zentrum-garage.ch\/wp-content\/uploads\/2022\/02\/zgd_100-jahre_portra\u0308ts_rahmen_markus-230x272.png\" alt=\"Markus Kaeser\" \/><\/figure><\/a><\/div><div class=\"swiper-slide\" role=\"group\" aria-roledescription=\"slide\" aria-label=\"7 sur 22\"><a data-elementor-open-lightbox=\"yes\" data-elementor-lightbox-slideshow=\"808ed22\" data-elementor-lightbox-title=\"zgd_100-jahre_portra\u0308ts_rahmen_nina\" data-e-action-hash=\"#elementor-action%3Aaction%3Dlightbox%26settings%3DeyJpZCI6MzQwMjAsInVybCI6Imh0dHBzOlwvXC96ZW50cnVtLWdhcmFnZS5jaFwvd3AtY29udGVudFwvdXBsb2Fkc1wvMjAyMlwvMDJcL3pnZF8xMDAtamFocmVfcG9ydHJhXHUwMzA4dHNfcmFobWVuX25pbmEucG5nIiwic2xpZGVzaG93IjoiODA4ZWQyMiJ9\" href=\"https:\/\/zentrum-garage.ch\/wp-content\/uploads\/2022\/02\/zgd_100-jahre_portra\u0308ts_rahmen_nina.png\"><figure class=\"swiper-slide-inner\"><img decoding=\"async\" class=\"swiper-slide-image\" src=\"https:\/\/zentrum-garage.ch\/wp-content\/uploads\/2022\/02\/zgd_100-jahre_portra\u0308ts_rahmen_nina-230x272.png\" alt=\"Nina Peter\" \/><\/figure><\/a><\/div><div class=\"swiper-slide\" role=\"group\" aria-roledescription=\"slide\" aria-label=\"8 sur 22\"><a data-elementor-open-lightbox=\"yes\" data-elementor-lightbox-slideshow=\"808ed22\" data-elementor-lightbox-title=\"zgd_100-jahre_portra\u0308ts_rahmen_sefedin\" data-e-action-hash=\"#elementor-action%3Aaction%3Dlightbox%26settings%3DeyJpZCI6MzQwMjIsInVybCI6Imh0dHBzOlwvXC96ZW50cnVtLWdhcmFnZS5jaFwvd3AtY29udGVudFwvdXBsb2Fkc1wvMjAyMlwvMDJcL3pnZF8xMDAtamFocmVfcG9ydHJhXHUwMzA4dHNfcmFobWVuX3NlZmVkaW4ucG5nIiwic2xpZGVzaG93IjoiODA4ZWQyMiJ9\" href=\"https:\/\/zentrum-garage.ch\/wp-content\/uploads\/2022\/02\/zgd_100-jahre_portra\u0308ts_rahmen_sefedin.png\"><figure class=\"swiper-slide-inner\"><img decoding=\"async\" class=\"swiper-slide-image\" src=\"https:\/\/zentrum-garage.ch\/wp-content\/uploads\/2022\/02\/zgd_100-jahre_portra\u0308ts_rahmen_sefedin-230x272.png\" alt=\"Sefedin Limani\" \/><\/figure><\/a><\/div><div class=\"swiper-slide\" role=\"group\" aria-roledescription=\"slide\" aria-label=\"9 sur 22\"><a data-elementor-open-lightbox=\"yes\" data-elementor-lightbox-slideshow=\"808ed22\" data-elementor-lightbox-title=\"zgd_100-jahre_portra\u0308ts_rahmen_michael\" data-e-action-hash=\"#elementor-action%3Aaction%3Dlightbox%26settings%3DeyJpZCI6MzQwMjQsInVybCI6Imh0dHBzOlwvXC96ZW50cnVtLWdhcmFnZS5jaFwvd3AtY29udGVudFwvdXBsb2Fkc1wvMjAyMlwvMDJcL3pnZF8xMDAtamFocmVfcG9ydHJhXHUwMzA4dHNfcmFobWVuX21pY2hhZWwucG5nIiwic2xpZGVzaG93IjoiODA4ZWQyMiJ9\" href=\"https:\/\/zentrum-garage.ch\/wp-content\/uploads\/2022\/02\/zgd_100-jahre_portra\u0308ts_rahmen_michael.png\"><figure class=\"swiper-slide-inner\"><img decoding=\"async\" class=\"swiper-slide-image\" src=\"https:\/\/zentrum-garage.ch\/wp-content\/uploads\/2022\/02\/zgd_100-jahre_portra\u0308ts_rahmen_michael-230x272.png\" alt=\"Michael Witschi\" \/><\/figure><\/a><\/div><div class=\"swiper-slide\" role=\"group\" aria-roledescription=\"slide\" aria-label=\"10 sur 22\"><a data-elementor-open-lightbox=\"yes\" data-elementor-lightbox-slideshow=\"808ed22\" data-elementor-lightbox-title=\"zgd_100-jahre_portra\u0308ts_rahmen_sven\" data-e-action-hash=\"#elementor-action%3Aaction%3Dlightbox%26settings%3DeyJpZCI6MzQwMjYsInVybCI6Imh0dHBzOlwvXC96ZW50cnVtLWdhcmFnZS5jaFwvd3AtY29udGVudFwvdXBsb2Fkc1wvMjAyMlwvMDJcL3pnZF8xMDAtamFocmVfcG9ydHJhXHUwMzA4dHNfcmFobWVuX3N2ZW4ucG5nIiwic2xpZGVzaG93IjoiODA4ZWQyMiJ9\" href=\"https:\/\/zentrum-garage.ch\/wp-content\/uploads\/2022\/02\/zgd_100-jahre_portra\u0308ts_rahmen_sven.png\"><figure class=\"swiper-slide-inner\"><img decoding=\"async\" class=\"swiper-slide-image\" src=\"https:\/\/zentrum-garage.ch\/wp-content\/uploads\/2022\/02\/zgd_100-jahre_portra\u0308ts_rahmen_sven-230x272.png\" alt=\"Sven R\u00f6thlisberger\" \/><\/figure><\/a><\/div><div class=\"swiper-slide\" role=\"group\" aria-roledescription=\"slide\" aria-label=\"11 sur 22\"><a data-elementor-open-lightbox=\"yes\" data-elementor-lightbox-slideshow=\"808ed22\" data-elementor-lightbox-title=\"zgd_100-jahre_portra\u0308ts_rahmen_soner\" data-e-action-hash=\"#elementor-action%3Aaction%3Dlightbox%26settings%3DeyJpZCI6MzQwMjgsInVybCI6Imh0dHBzOlwvXC96ZW50cnVtLWdhcmFnZS5jaFwvd3AtY29udGVudFwvdXBsb2Fkc1wvMjAyMlwvMDJcL3pnZF8xMDAtamFocmVfcG9ydHJhXHUwMzA4dHNfcmFobWVuX3NvbmVyLnBuZyIsInNsaWRlc2hvdyI6IjgwOGVkMjIifQ%3D%3D\" href=\"https:\/\/zentrum-garage.ch\/wp-content\/uploads\/2022\/02\/zgd_100-jahre_portra\u0308ts_rahmen_soner.png\"><figure class=\"swiper-slide-inner\"><img decoding=\"async\" class=\"swiper-slide-image\" src=\"https:\/\/zentrum-garage.ch\/wp-content\/uploads\/2022\/02\/zgd_100-jahre_portra\u0308ts_rahmen_soner-230x272.png\" alt=\"Soner Muarem\" \/><\/figure><\/a><\/div><div class=\"swiper-slide\" role=\"group\" aria-roledescription=\"slide\" aria-label=\"12 sur 22\"><a data-elementor-open-lightbox=\"yes\" data-elementor-lightbox-slideshow=\"808ed22\" data-elementor-lightbox-title=\"zgd_100-jahre_portra\u0308ts_rahmen_budy\" data-e-action-hash=\"#elementor-action%3Aaction%3Dlightbox%26settings%3DeyJpZCI6MzQwNDQsInVybCI6Imh0dHBzOlwvXC96ZW50cnVtLWdhcmFnZS5jaFwvd3AtY29udGVudFwvdXBsb2Fkc1wvMjAyMlwvMDJcL3pnZF8xMDAtamFocmVfcG9ydHJhXHUwMzA4dHNfcmFobWVuX2J1ZHkucG5nIiwic2xpZGVzaG93IjoiODA4ZWQyMiJ9\" href=\"https:\/\/zentrum-garage.ch\/wp-content\/uploads\/2022\/02\/zgd_100-jahre_portra\u0308ts_rahmen_budy.png\"><figure class=\"swiper-slide-inner\"><img decoding=\"async\" class=\"swiper-slide-image\" src=\"https:\/\/zentrum-garage.ch\/wp-content\/uploads\/2022\/02\/zgd_100-jahre_portra\u0308ts_rahmen_budy-230x272.png\" alt=\"Hans-Peter Uhlmann\" \/><\/figure><\/a><\/div><div class=\"swiper-slide\" role=\"group\" aria-roledescription=\"slide\" aria-label=\"13 sur 22\"><a data-elementor-open-lightbox=\"yes\" data-elementor-lightbox-slideshow=\"808ed22\" data-elementor-lightbox-title=\"zgd_100-jahre_portra\u0308ts_rahmen_david\" data-e-action-hash=\"#elementor-action%3Aaction%3Dlightbox%26settings%3DeyJpZCI6MzQwNDAsInVybCI6Imh0dHBzOlwvXC96ZW50cnVtLWdhcmFnZS5jaFwvd3AtY29udGVudFwvdXBsb2Fkc1wvMjAyMlwvMDJcL3pnZF8xMDAtamFocmVfcG9ydHJhXHUwMzA4dHNfcmFobWVuX2RhdmlkLnBuZyIsInNsaWRlc2hvdyI6IjgwOGVkMjIifQ%3D%3D\" href=\"https:\/\/zentrum-garage.ch\/wp-content\/uploads\/2022\/02\/zgd_100-jahre_portra\u0308ts_rahmen_david.png\"><figure class=\"swiper-slide-inner\"><img decoding=\"async\" class=\"swiper-slide-image\" src=\"https:\/\/zentrum-garage.ch\/wp-content\/uploads\/2022\/02\/zgd_100-jahre_portra\u0308ts_rahmen_david-230x272.png\" alt=\"David Jeckelmann\" \/><\/figure><\/a><\/div><div class=\"swiper-slide\" role=\"group\" aria-roledescription=\"slide\" aria-label=\"14 sur 22\"><a data-elementor-open-lightbox=\"yes\" data-elementor-lightbox-slideshow=\"808ed22\" data-elementor-lightbox-title=\"zgd_100-jahre_portra\u0308ts_rahmen_habte\" data-e-action-hash=\"#elementor-action%3Aaction%3Dlightbox%26settings%3DeyJpZCI6MzQwMzgsInVybCI6Imh0dHBzOlwvXC96ZW50cnVtLWdhcmFnZS5jaFwvd3AtY29udGVudFwvdXBsb2Fkc1wvMjAyMlwvMDJcL3pnZF8xMDAtamFocmVfcG9ydHJhXHUwMzA4dHNfcmFobWVuX2hhYnRlLnBuZyIsInNsaWRlc2hvdyI6IjgwOGVkMjIifQ%3D%3D\" href=\"https:\/\/zentrum-garage.ch\/wp-content\/uploads\/2022\/02\/zgd_100-jahre_portra\u0308ts_rahmen_habte.png\"><figure class=\"swiper-slide-inner\"><img decoding=\"async\" class=\"swiper-slide-image\" src=\"https:\/\/zentrum-garage.ch\/wp-content\/uploads\/2022\/02\/zgd_100-jahre_portra\u0308ts_rahmen_habte-230x272.png\" alt=\"Habtemariam Debesay\" \/><\/figure><\/a><\/div><div class=\"swiper-slide\" role=\"group\" aria-roledescription=\"slide\" aria-label=\"15 sur 22\"><a data-elementor-open-lightbox=\"yes\" data-elementor-lightbox-slideshow=\"808ed22\" data-elementor-lightbox-title=\"zgd_100-jahre_portra\u0308ts_rahmen_guido\" data-e-action-hash=\"#elementor-action%3Aaction%3Dlightbox%26settings%3DeyJpZCI6MzQwMzYsInVybCI6Imh0dHBzOlwvXC96ZW50cnVtLWdhcmFnZS5jaFwvd3AtY29udGVudFwvdXBsb2Fkc1wvMjAyMlwvMDJcL3pnZF8xMDAtamFocmVfcG9ydHJhXHUwMzA4dHNfcmFobWVuX2d1aWRvLnBuZyIsInNsaWRlc2hvdyI6IjgwOGVkMjIifQ%3D%3D\" href=\"https:\/\/zentrum-garage.ch\/wp-content\/uploads\/2022\/02\/zgd_100-jahre_portra\u0308ts_rahmen_guido.png\"><figure class=\"swiper-slide-inner\"><img decoding=\"async\" class=\"swiper-slide-image\" src=\"https:\/\/zentrum-garage.ch\/wp-content\/uploads\/2022\/02\/zgd_100-jahre_portra\u0308ts_rahmen_guido-230x272.png\" alt=\"Guido Carnevale\" \/><\/figure><\/a><\/div><div class=\"swiper-slide\" role=\"group\" aria-roledescription=\"slide\" aria-label=\"16 sur 22\"><a data-elementor-open-lightbox=\"yes\" data-elementor-lightbox-slideshow=\"808ed22\" data-elementor-lightbox-title=\"zgd_100-jahre_portra\u0308ts_rahmen_luca\" data-e-action-hash=\"#elementor-action%3Aaction%3Dlightbox%26settings%3DeyJpZCI6MzQwMzAsInVybCI6Imh0dHBzOlwvXC96ZW50cnVtLWdhcmFnZS5jaFwvd3AtY29udGVudFwvdXBsb2Fkc1wvMjAyMlwvMDJcL3pnZF8xMDAtamFocmVfcG9ydHJhXHUwMzA4dHNfcmFobWVuX2x1Y2EucG5nIiwic2xpZGVzaG93IjoiODA4ZWQyMiJ9\" href=\"https:\/\/zentrum-garage.ch\/wp-content\/uploads\/2022\/02\/zgd_100-jahre_portra\u0308ts_rahmen_luca.png\"><figure class=\"swiper-slide-inner\"><img decoding=\"async\" class=\"swiper-slide-image\" src=\"https:\/\/zentrum-garage.ch\/wp-content\/uploads\/2022\/02\/zgd_100-jahre_portra\u0308ts_rahmen_luca-230x272.png\" alt=\"Luca Diamante\" \/><\/figure><\/a><\/div><div class=\"swiper-slide\" role=\"group\" aria-roledescription=\"slide\" aria-label=\"17 sur 22\"><a data-elementor-open-lightbox=\"yes\" data-elementor-lightbox-slideshow=\"808ed22\" data-elementor-lightbox-title=\"zgd_100-jahre_portra\u0308ts_rahmen_toni\" data-e-action-hash=\"#elementor-action%3Aaction%3Dlightbox%26settings%3DeyJpZCI6MzQwNDYsInVybCI6Imh0dHBzOlwvXC96ZW50cnVtLWdhcmFnZS5jaFwvd3AtY29udGVudFwvdXBsb2Fkc1wvMjAyMlwvMDJcL3pnZF8xMDAtamFocmVfcG9ydHJhXHUwMzA4dHNfcmFobWVuX3RvbmkucG5nIiwic2xpZGVzaG93IjoiODA4ZWQyMiJ9\" href=\"https:\/\/zentrum-garage.ch\/wp-content\/uploads\/2022\/02\/zgd_100-jahre_portra\u0308ts_rahmen_toni.png\"><figure class=\"swiper-slide-inner\"><img decoding=\"async\" class=\"swiper-slide-image\" src=\"https:\/\/zentrum-garage.ch\/wp-content\/uploads\/2022\/02\/zgd_100-jahre_portra\u0308ts_rahmen_toni-230x272.png\" alt=\"Toni Andrade\" \/><\/figure><\/a><\/div><div class=\"swiper-slide\" role=\"group\" aria-roledescription=\"slide\" aria-label=\"18 sur 22\"><a data-elementor-open-lightbox=\"yes\" data-elementor-lightbox-slideshow=\"808ed22\" data-elementor-lightbox-title=\"zgd_100-jahre_portra\u0308ts_rahmen_henrique\" data-elementor-lightbox-description=\"Retour dans le pass\u00e9 : l&#039;\u00e9quipe du Zentrum-Garage s&#039;est lanc\u00e9e dans la c\u00e9l\u00e9bration de son 100e anniversaire.\" data-e-action-hash=\"#elementor-action%3Aaction%3Dlightbox%26settings%3DeyJpZCI6MzQwNDgsInVybCI6Imh0dHBzOlwvXC96ZW50cnVtLWdhcmFnZS5jaFwvd3AtY29udGVudFwvdXBsb2Fkc1wvMjAyMlwvMDJcL3pnZF8xMDAtamFocmVfcG9ydHJhXHUwMzA4dHNfcmFobWVuX2hlbnJpcXVlLnBuZyIsInNsaWRlc2hvdyI6IjgwOGVkMjIifQ%3D%3D\" href=\"https:\/\/zentrum-garage.ch\/wp-content\/uploads\/2022\/02\/zgd_100-jahre_portra\u0308ts_rahmen_henrique.png\"><figure class=\"swiper-slide-inner\"><img decoding=\"async\" class=\"swiper-slide-image\" src=\"https:\/\/zentrum-garage.ch\/wp-content\/uploads\/2022\/02\/zgd_100-jahre_portra\u0308ts_rahmen_henrique-230x272.png\" alt=\"Henrique Magalhaes\" \/><\/figure><\/a><\/div><div class=\"swiper-slide\" role=\"group\" aria-roledescription=\"slide\" aria-label=\"19 sur 22\"><a data-elementor-open-lightbox=\"yes\" data-elementor-lightbox-slideshow=\"808ed22\" data-elementor-lightbox-title=\"zgd_100-jahre_portra\u0308ts_rahmen_marilyn\" data-e-action-hash=\"#elementor-action%3Aaction%3Dlightbox%26settings%3DeyJpZCI6MzQxNzEsInVybCI6Imh0dHBzOlwvXC96ZW50cnVtLWdhcmFnZS5jaFwvd3AtY29udGVudFwvdXBsb2Fkc1wvMjAyMlwvMDJcL3pnZF8xMDAtamFocmVfcG9ydHJhXHUwMzA4dHNfcmFobWVuX21hcmlseW4ucG5nIiwic2xpZGVzaG93IjoiODA4ZWQyMiJ9\" href=\"https:\/\/zentrum-garage.ch\/wp-content\/uploads\/2022\/02\/zgd_100-jahre_portra\u0308ts_rahmen_marilyn.png\"><figure class=\"swiper-slide-inner\"><img decoding=\"async\" class=\"swiper-slide-image\" src=\"https:\/\/zentrum-garage.ch\/wp-content\/uploads\/2022\/02\/zgd_100-jahre_portra\u0308ts_rahmen_marilyn-230x272.png\" alt=\"Marilyn Pittet-Walther\" \/><\/figure><\/a><\/div><div class=\"swiper-slide\" role=\"group\" aria-roledescription=\"slide\" aria-label=\"20 sur 22\"><a data-elementor-open-lightbox=\"yes\" data-elementor-lightbox-slideshow=\"808ed22\" data-elementor-lightbox-title=\"zgd_100-jahre_portra\u0308ts_rahmen_cedric\" data-e-action-hash=\"#elementor-action%3Aaction%3Dlightbox%26settings%3DeyJpZCI6MzYyMTEsInVybCI6Imh0dHBzOlwvXC96ZW50cnVtLWdhcmFnZS5jaFwvd3AtY29udGVudFwvdXBsb2Fkc1wvMjAyMlwvMDhcL3pnZF8xMDAtamFocmVfcG9ydHJhXHUwMzA4dHNfcmFobWVuX2NlZHJpYy5wbmciLCJzbGlkZXNob3ciOiI4MDhlZDIyIn0%3D\" href=\"https:\/\/zentrum-garage.ch\/wp-content\/uploads\/2022\/08\/zgd_100-jahre_portra\u0308ts_rahmen_cedric.png\"><figure class=\"swiper-slide-inner\"><img decoding=\"async\" class=\"swiper-slide-image\" src=\"https:\/\/zentrum-garage.ch\/wp-content\/uploads\/2022\/08\/zgd_100-jahre_portra\u0308ts_rahmen_cedric-230x272.png\" alt=\"zgd_100-jahre_portra\u0308ts_rahmen_cedric\" \/><\/figure><\/a><\/div><div class=\"swiper-slide\" role=\"group\" aria-roledescription=\"slide\" aria-label=\"21 sur 22\"><a data-elementor-open-lightbox=\"yes\" data-elementor-lightbox-slideshow=\"808ed22\" data-elementor-lightbox-title=\"zgd_100-jahre_portra\u0308ts_rahmen_fabian\" data-e-action-hash=\"#elementor-action%3Aaction%3Dlightbox%26settings%3DeyJpZCI6MzYyMTIsInVybCI6Imh0dHBzOlwvXC96ZW50cnVtLWdhcmFnZS5jaFwvd3AtY29udGVudFwvdXBsb2Fkc1wvMjAyMlwvMDhcL3pnZF8xMDAtamFocmVfcG9ydHJhXHUwMzA4dHNfcmFobWVuX2ZhYmlhbi5wbmciLCJzbGlkZXNob3ciOiI4MDhlZDIyIn0%3D\" href=\"https:\/\/zentrum-garage.ch\/wp-content\/uploads\/2022\/08\/zgd_100-jahre_portra\u0308ts_rahmen_fabian.png\"><figure class=\"swiper-slide-inner\"><img decoding=\"async\" class=\"swiper-slide-image\" src=\"https:\/\/zentrum-garage.ch\/wp-content\/uploads\/2022\/08\/zgd_100-jahre_portra\u0308ts_rahmen_fabian-230x272.png\" alt=\"zgd_100-jahre_portra\u0308ts_rahmen_fabian\" \/><\/figure><\/a><\/div><div class=\"swiper-slide\" role=\"group\" aria-roledescription=\"slide\" aria-label=\"22 sur 22\"><a data-elementor-open-lightbox=\"yes\" data-elementor-lightbox-slideshow=\"808ed22\" data-elementor-lightbox-title=\"zgd_100-jahre_portra\u0308ts_rahmen_michael-w\" data-e-action-hash=\"#elementor-action%3Aaction%3Dlightbox%26settings%3DeyJpZCI6MzU0NjgsInVybCI6Imh0dHBzOlwvXC96ZW50cnVtLWdhcmFnZS5jaFwvd3AtY29udGVudFwvdXBsb2Fkc1wvMjAyMlwvMDZcL3pnZF8xMDAtamFocmVfcG9ydHJhXHUwMzA4dHNfcmFobWVuX21pY2hhZWwtdy5wbmciLCJzbGlkZXNob3ciOiI4MDhlZDIyIn0%3D\" href=\"https:\/\/zentrum-garage.ch\/wp-content\/uploads\/2022\/06\/zgd_100-jahre_portra\u0308ts_rahmen_michael-w.png\"><figure class=\"swiper-slide-inner\"><img decoding=\"async\" class=\"swiper-slide-image\" src=\"https:\/\/zentrum-garage.ch\/wp-content\/uploads\/2022\/06\/zgd_100-jahre_portra\u0308ts_rahmen_michael-w-230x272.png\" alt=\"zgd_100-jahre_portra\u0308ts_rahmen_michael-w\" \/><\/figure><\/a><\/div>\t\t\t<\/div>\n\t\t\t\t\t\t\t\t\t\t\t\t<div class=\"elementor-swiper-button elementor-swiper-button-prev\" role=\"button\" tabindex=\"0\">\n\t\t\t\t\t\t<i aria-hidden=\"true\" class=\"eicon-chevron-left\"><\/i>\t\t\t\t\t<\/div>\n\t\t\t\t\t<div class=\"elementor-swiper-button elementor-swiper-button-next\" role=\"button\" tabindex=\"0\">\n\t\t\t\t\t\t<i aria-hidden=\"true\" class=\"eicon-chevron-right\"><\/i>\t\t\t\t\t<\/div>\n\t\t\t\t\n\t\t\t\t\t\t\t\t\t<div class=\"swiper-pagination\"><\/div>\n\t\t\t\t\t\t\t\t\t<\/div>\n\t\t\t\t<\/div>\n\t\t\t\t<\/div>\n\t\t\t\t\t<\/div>\n\t\t<\/div>\n\t\t\t\t\t\t\t<\/div>\n\t\t<\/section>\n\t\t\t\t<section class=\"elementor-section elementor-top-section elementor-element elementor-element-be99571 elementor-section-boxed elementor-section-height-default elementor-section-height-default\" data-id=\"be99571\" data-element_type=\"section\">\n\t\t\t\t\t\t<div class=\"elementor-container elementor-column-gap-default\">\n\t\t\t\t\t<div class=\"elementor-column elementor-col-66 elementor-top-column elementor-element elementor-element-c334836\" data-id=\"c334836\" data-element_type=\"column\">\n\t\t\t<div class=\"elementor-widget-wrap elementor-element-populated\">\n\t\t\t\t\t\t\t\t<div class=\"elementor-element elementor-element-fe1f1d8 elementor-widget elementor-widget-image\" data-id=\"fe1f1d8\" data-element_type=\"widget\" data-widget_type=\"image.default\">\n\t\t\t\t<div class=\"elementor-widget-container\">\n\t\t\t\t\t\t\t\t\t\t\t\t\t\t\t<img loading=\"lazy\" decoding=\"async\" width=\"986\" height=\"1024\" src=\"https:\/\/zentrum-garage.ch\/wp-content\/uploads\/2022\/03\/20220324_FN_Zentrum-Garage_100-Jahr-Jubila\u0308um-986x1024.jpg\" class=\"attachment-large size-large wp-image-37603\" alt=\"\" srcset=\"https:\/\/zentrum-garage.ch\/wp-content\/uploads\/2022\/03\/20220324_FN_Zentrum-Garage_100-Jahr-Jubila\u0308um-986x1024.jpg 986w, https:\/\/zentrum-garage.ch\/wp-content\/uploads\/2022\/03\/20220324_FN_Zentrum-Garage_100-Jahr-Jubila\u0308um-289x300.jpg 289w, https:\/\/zentrum-garage.ch\/wp-content\/uploads\/2022\/03\/20220324_FN_Zentrum-Garage_100-Jahr-Jubila\u0308um-768x798.jpg 768w, https:\/\/zentrum-garage.ch\/wp-content\/uploads\/2022\/03\/20220324_FN_Zentrum-Garage_100-Jahr-Jubila\u0308um-1479x1536.jpg 1479w, https:\/\/zentrum-garage.ch\/wp-content\/uploads\/2022\/03\/20220324_FN_Zentrum-Garage_100-Jahr-Jubila\u0308um-830x862.jpg 830w, https:\/\/zentrum-garage.ch\/wp-content\/uploads\/2022\/03\/20220324_FN_Zentrum-Garage_100-Jahr-Jubila\u0308um-230x239.jpg 230w, https:\/\/zentrum-garage.ch\/wp-content\/uploads\/2022\/03\/20220324_FN_Zentrum-Garage_100-Jahr-Jubila\u0308um-350x364.jpg 350w, https:\/\/zentrum-garage.ch\/wp-content\/uploads\/2022\/03\/20220324_FN_Zentrum-Garage_100-Jahr-Jubila\u0308um-480x499.jpg 480w, https:\/\/zentrum-garage.ch\/wp-content\/uploads\/2022\/03\/20220324_FN_Zentrum-Garage_100-Jahr-Jubila\u0308um.jpg 1647w\" sizes=\"(max-width: 986px) 100vw, 986px\" \/>\t\t\t\t\t\t\t\t\t\t\t\t\t\t\t<\/div>\n\t\t\t\t<\/div>\n\t\t\t\t\t<\/div>\n\t\t<\/div>\n\t\t\t\t<div class=\"elementor-column elementor-col-33 elementor-top-column elementor-element elementor-element-a39329b\" data-id=\"a39329b\" data-element_type=\"column\">\n\t\t\t<div class=\"elementor-widget-wrap elementor-element-populated\">\n\t\t\t\t\t\t\t\t<div class=\"elementor-element elementor-element-4e4e3dc elementor-widget elementor-widget-heading\" data-id=\"4e4e3dc\" data-element_type=\"widget\" data-widget_type=\"heading.default\">\n\t\t\t\t<div class=\"elementor-widget-container\">\n\t\t\t<h3 class=\"elementor-heading-title elementor-size-default\">F\u00e9licitations<\/h3>\t\t<\/div>\n\t\t\t\t<\/div>\n\t\t\t\t<div class=\"elementor-element elementor-element-61901e9 elementor-widget elementor-widget-text-editor\" data-id=\"61901e9\" data-element_type=\"widget\" data-widget_type=\"text-editor.default\">\n\t\t\t\t<div class=\"elementor-widget-container\">\n\t\t\t\t\t\t\t<p>A l&rsquo;occasion de notre centenaire, un grand reportage est paru le 24 mars 2022 dans les Freiburger Nachrichten. Un grand merci pour ce superbe article ch\u00e8re FN ! Et merci \u00e0 tous les gentils messages de f\u00e9licitations que nous avons re\u00e7us.<\/p>\n\t\t\t\t\t\t<\/div>\n\t\t\t\t<\/div>\n\t\t\t\t<div class=\"elementor-element elementor-element-3b74175 elementor-position-left elementor-view-default elementor-mobile-position-top elementor-vertical-align-top elementor-widget elementor-widget-icon-box\" data-id=\"3b74175\" data-element_type=\"widget\" data-widget_type=\"icon-box.default\">\n\t\t\t\t<div class=\"elementor-widget-container\">\n\t\t\t\t\t<div class=\"elementor-icon-box-wrapper\">\n\t\t\t\t\t\t<div class=\"elementor-icon-box-icon\">\n\t\t\t\t<a href=\"https:\/\/zentrum-garage.ch\/wp-content\/uploads\/2022\/03\/20220324_FN_Zentrum-Garage_100-Jahr-Jubila\u0308um.pdf\" target=\"_blank\" class=\"elementor-icon elementor-animation-\" tabindex=\"-1\">\n\t\t\t\t<i aria-hidden=\"true\" class=\"fas fa-download\"><\/i>\t\t\t\t<\/a>\n\t\t\t<\/div>\n\t\t\t\t\t\t<div class=\"elementor-icon-box-content\">\n\t\t\t\t<h6 class=\"elementor-icon-box-title\">\n\t\t\t\t\t<a href=\"https:\/\/zentrum-garage.ch\/wp-content\/uploads\/2022\/03\/20220324_FN_Zentrum-Garage_100-Jahr-Jubila\u0308um.pdf\" target=\"_blank\" >\n\t\t\t\t\t\tArticle \"Le Zentrum-Garage f\u00eate ses 100 ans\". \t\t\t\t\t<\/a>\n\t\t\t\t<\/h6>\n\t\t\t\t\t\t\t\t\t<p class=\"elementor-icon-box-description\">\n\t\t\t\t\t\tFreiburger Nachrichten du 24 mars 2022 \u00e0 t\u00e9l\u00e9charger (PDF)\t\t\t\t\t<\/p>\n\t\t\t\t\t\t\t<\/div>\n\t\t<\/div>\n\t\t\t\t<\/div>\n\t\t\t\t<\/div>\n\t\t\t\t<div class=\"elementor-element elementor-element-1495e77 elementor-widget elementor-widget-text-editor\" data-id=\"1495e77\" data-element_type=\"widget\" data-widget_type=\"text-editor.default\">\n\t\t\t\t<div class=\"elementor-widget-container\">\n\t\t\t\t\t\t\t<p>Petite correction en passant : la Renault Primaquarte est de la m\u00eame ann\u00e9e que Ernst Walther, soit de 1939.<\/p>\n\t\t\t\t\t\t<\/div>\n\t\t\t\t<\/div>\n\t\t\t\t\t<\/div>\n\t\t<\/div>\n\t\t\t\t\t\t\t<\/div>\n\t\t<\/section>\n\t\t\t\t<section class=\"elementor-section elementor-top-section elementor-element elementor-element-570c256b elementor-section-boxed elementor-section-height-default elementor-section-height-default\" data-id=\"570c256b\" data-element_type=\"section\">\n\t\t\t\t\t\t<div class=\"elementor-container elementor-column-gap-default\">\n\t\t\t\t\t<div class=\"elementor-column elementor-col-100 elementor-top-column elementor-element elementor-element-6dc73888\" data-id=\"6dc73888\" data-element_type=\"column\">\n\t\t\t<div class=\"elementor-widget-wrap elementor-element-populated\">\n\t\t\t\t\t\t\t\t<div class=\"elementor-element elementor-element-73f7f162 elementor-cta--skin-classic elementor-animated-content elementor-bg-transform elementor-bg-transform-zoom-in elementor-widget elementor-widget-call-to-action\" data-id=\"73f7f162\" data-element_type=\"widget\" data-widget_type=\"call-to-action.default\">\n\t\t\t\t<div class=\"elementor-widget-container\">\n\t\t\t\t\t<div class=\"elementor-cta\">\n\t\t\t\t\t<div class=\"elementor-cta__bg-wrapper\">\n\t\t\t\t<div class=\"elementor-cta__bg elementor-bg\" style=\"background-image: url(https:\/\/zentrum-garage.ch\/wp-content\/uploads\/2022\/09\/zentrum-garage_goldige20er_vorbereitungen_-14-e1663245223700-1024x736.jpeg);\"><\/div>\n\t\t\t\t<div class=\"elementor-cta__bg-overlay\"><\/div>\n\t\t\t<\/div>\n\t\t\t\t\t\t\t<div class=\"elementor-cta__content\">\n\t\t\t\t\n\t\t\t\t<h2 class=\"elementor-cta__title elementor-cta__content-item elementor-content-item\">C'\u00e9tait le bon temps - une soir\u00e9e sous le signe des \"Ann\u00e9es folles\".<\/h2>\n\t\t\t\t\t\t\t\t\t<div class=\"elementor-cta__description elementor-cta__content-item elementor-content-item\">\n\t\t\t\t\t\t<p>\u00c0 l'occasion de son centenaire, le 1er septembre, l'\u00e9quipe du Zentrum-Garage a emmen\u00e9 100 de ses clients dans les \"ann\u00e9es folles\" (les ann\u00e9es 1920).<\/p>\n\t\t\t\t\t<\/div>\n\t\t\t\t\n\t\t\t\t\t\t\t\t\t<div class=\"elementor-cta__button-wrapper elementor-cta__content-item elementor-content-item \">\n\t\t\t\t\t<a class=\"elementor-cta__button elementor-button elementor-size-sm\" href=\"https:\/\/zentrum-garage.ch\/goldige20er\/\">\n\t\t\t\t\t\tVers le rapport avec photos\t\t\t\t\t<\/a>\n\t\t\t\t\t<\/div>\n\t\t\t\t\t\t\t<\/div>\n\t\t\t\t\t\t<\/div>\n\t\t\t\t<\/div>\n\t\t\t\t<\/div>\n\t\t\t\t\t<\/div>\n\t\t<\/div>\n\t\t\t\t\t\t\t<\/div>\n\t\t<\/section>\n\t\t\t\t<section class=\"elementor-section elementor-top-section elementor-element elementor-element-51d516c elementor-section-boxed elementor-section-height-default elementor-section-height-default\" data-id=\"51d516c\" data-element_type=\"section\">\n\t\t\t\t\t\t<div class=\"elementor-container elementor-column-gap-default\">\n\t\t\t\t\t<div class=\"elementor-column elementor-col-100 elementor-top-column elementor-element elementor-element-89d0d80\" data-id=\"89d0d80\" data-element_type=\"column\">\n\t\t\t<div class=\"elementor-widget-wrap elementor-element-populated\">\n\t\t\t\t\t\t\t\t<div class=\"elementor-element elementor-element-4865392 elementor-widget-divider--view-line_icon elementor-view-default elementor-widget-divider--element-align-center elementor-widget elementor-widget-divider\" data-id=\"4865392\" data-element_type=\"widget\" data-widget_type=\"divider.default\">\n\t\t\t\t<div class=\"elementor-widget-container\">\n\t\t\t\t\t<div class=\"elementor-divider\">\n\t\t\t<span class=\"elementor-divider-separator\">\n\t\t\t\t\t\t\t<div class=\"elementor-icon elementor-divider__element\">\n\t\t\t\t\t<i aria-hidden=\"true\" class=\"fas fa-car\"><\/i><\/div>\n\t\t\t\t\t\t<\/span>\n\t\t<\/div>\n\t\t\t\t<\/div>\n\t\t\t\t<\/div>\n\t\t\t\t\t<\/div>\n\t\t<\/div>\n\t\t\t\t\t\t\t<\/div>\n\t\t<\/section>\n\t\t\t\t<section class=\"elementor-section elementor-top-section elementor-element elementor-element-b345a63 elementor-section-boxed elementor-section-height-default elementor-section-height-default\" data-id=\"b345a63\" data-element_type=\"section\">\n\t\t\t\t\t\t<div class=\"elementor-container elementor-column-gap-default\">\n\t\t\t\t\t<div class=\"elementor-column elementor-col-100 elementor-top-column elementor-element elementor-element-ea9e454\" data-id=\"ea9e454\" data-element_type=\"column\">\n\t\t\t<div class=\"elementor-widget-wrap elementor-element-populated\">\n\t\t\t\t\t\t\t\t<div class=\"elementor-element elementor-element-a41b5d5 elementor-widget elementor-widget-image\" data-id=\"a41b5d5\" data-element_type=\"widget\" data-widget_type=\"image.default\">\n\t\t\t\t<div class=\"elementor-widget-container\">\n\t\t\t\t\t\t\t\t\t\t\t\t\t\t\t<img loading=\"lazy\" decoding=\"async\" width=\"1024\" height=\"131\" src=\"https:\/\/zentrum-garage.ch\/wp-content\/uploads\/2022\/02\/zgd_claim_100-jahr_tiny-1024x131.png\" class=\"attachment-large size-large wp-image-34182\" alt=\"Die Mission der Zentrum-Garage: Mit Herzblut f\u00fcr Ihr Fahrzeug.\" srcset=\"https:\/\/zentrum-garage.ch\/wp-content\/uploads\/2022\/02\/zgd_claim_100-jahr_tiny-1024x131.png 1024w, https:\/\/zentrum-garage.ch\/wp-content\/uploads\/2022\/02\/zgd_claim_100-jahr_tiny-300x38.png 300w, https:\/\/zentrum-garage.ch\/wp-content\/uploads\/2022\/02\/zgd_claim_100-jahr_tiny-768x98.png 768w, https:\/\/zentrum-garage.ch\/wp-content\/uploads\/2022\/02\/zgd_claim_100-jahr_tiny-1536x197.png 1536w, https:\/\/zentrum-garage.ch\/wp-content\/uploads\/2022\/02\/zgd_claim_100-jahr_tiny-2048x262.png 2048w, https:\/\/zentrum-garage.ch\/wp-content\/uploads\/2022\/02\/zgd_claim_100-jahr_tiny-830x106.png 830w, https:\/\/zentrum-garage.ch\/wp-content\/uploads\/2022\/02\/zgd_claim_100-jahr_tiny-230x29.png 230w, https:\/\/zentrum-garage.ch\/wp-content\/uploads\/2022\/02\/zgd_claim_100-jahr_tiny-350x45.png 350w, https:\/\/zentrum-garage.ch\/wp-content\/uploads\/2022\/02\/zgd_claim_100-jahr_tiny-480x62.png 480w\" sizes=\"(max-width: 1024px) 100vw, 1024px\" \/>\t\t\t\t\t\t\t\t\t\t\t\t\t\t\t<\/div>\n\t\t\t\t<\/div>\n\t\t\t\t\t<\/div>\n\t\t<\/div>\n\t\t\t\t\t\t\t<\/div>\n\t\t<\/section>\n\t\t\t\t<section class=\"elementor-section elementor-top-section elementor-element elementor-element-0f57546 elementor-section-boxed elementor-section-height-default elementor-section-height-default\" data-id=\"0f57546\" data-element_type=\"section\">\n\t\t\t\t\t\t<div class=\"elementor-container elementor-column-gap-default\">\n\t\t\t\t\t<div class=\"elementor-column elementor-col-100 elementor-top-column elementor-element elementor-element-aa008a5\" data-id=\"aa008a5\" data-element_type=\"column\">\n\t\t\t<div class=\"elementor-widget-wrap elementor-element-populated\">\n\t\t\t\t\t\t\t\t<div class=\"elementor-element elementor-element-6a36e19 elementor-view-default elementor-widget elementor-widget-icon\" data-id=\"6a36e19\" data-element_type=\"widget\" data-widget_type=\"icon.default\">\n\t\t\t\t<div class=\"elementor-widget-container\">\n\t\t\t\t\t<div class=\"elementor-icon-wrapper\">\n\t\t\t<a class=\"elementor-icon\" href=\"#up\">\n\t\t\t<i aria-hidden=\"true\" class=\"fas fa-arrow-up\"><\/i>\t\t\t<\/a>\n\t\t<\/div>\n\t\t\t\t<\/div>\n\t\t\t\t<\/div>\n\t\t\t\t\t<\/div>\n\t\t<\/div>\n\t\t\t\t\t\t\t<\/div>\n\t\t<\/section>\n\t\t\t\t\t\t\t<\/div>\n\t\t","protected":false},"excerpt":{"rendered":"<p>1922 Er\u00f6ffnung der Mechanischen Werkstatt durch Ernst Walther sen. (Mitte). L\u00e0 o\u00f9 tout a commenc\u00e9&#8230; 1922 Der Gr\u00fcnder der Garage: Ernst Walther sen. (1895-1939) Ernst senior, le fils de Benedikt, ouvre un atelier de m\u00e9canique dans le nouveau b\u00e2timent annexe de la Hauptstrasse 34. M\u00e9canicien, il r\u00e9pare les v\u00e9los, les cyclomoteurs et les voitures. Et [&hellip;]<\/p>\n","protected":false},"author":1,"featured_media":0,"parent":0,"menu_order":0,"comment_status":"closed","ping_status":"closed","template":"","meta":{"inline_featured_image":false,"footnotes":""},"aioseo_notices":[],"_links":{"self":[{"href":"https:\/\/zentrum-garage.ch\/fr\/wp-json\/wp\/v2\/pages\/1549"}],"collection":[{"href":"https:\/\/zentrum-garage.ch\/fr\/wp-json\/wp\/v2\/pages"}],"about":[{"href":"https:\/\/zentrum-garage.ch\/fr\/wp-json\/wp\/v2\/types\/page"}],"author":[{"embeddable":true,"href":"https:\/\/zentrum-garage.ch\/fr\/wp-json\/wp\/v2\/users\/1"}],"replies":[{"embeddable":true,"href":"https:\/\/zentrum-garage.ch\/fr\/wp-json\/wp\/v2\/comments?post=1549"}],"version-history":[{"count":48,"href":"https:\/\/zentrum-garage.ch\/fr\/wp-json\/wp\/v2\/pages\/1549\/revisions"}],"predecessor-version":[{"id":38217,"href":"https:\/\/zentrum-garage.ch\/fr\/wp-json\/wp\/v2\/pages\/1549\/revisions\/38217"}],"wp:attachment":[{"href":"https:\/\/zentrum-garage.ch\/fr\/wp-json\/wp\/v2\/media?parent=1549"}],"curies":[{"name":"wp","href":"https:\/\/api.w.org\/{rel}","templated":true}]}}