{"id":1725,"date":"2019-06-13T09:42:06","date_gmt":"2019-06-13T09:42:06","guid":{"rendered":"http:\/\/zentrum-garage.ch\/rendez-vous\/"},"modified":"2019-06-13T09:42:06","modified_gmt":"2019-06-13T09:42:06","slug":"rendez-vous","status":"publish","type":"page","link":"https:\/\/zentrum-garage.ch\/fr\/rendez-vous\/","title":{"rendered":"Rendez-vous"},"content":{"rendered":"\t\t<div data-elementor-type=\"wp-post\" data-elementor-id=\"1725\" class=\"elementor elementor-1725 elementor-bc-flex-widget\">\n\t\t\t\t\t\t\t\t\t<section class=\"elementor-section elementor-top-section elementor-element elementor-element-17245db4 elementor-section-boxed elementor-section-height-default elementor-section-height-default\" data-id=\"17245db4\" data-element_type=\"section\">\n\t\t\t\t\t\t<div class=\"elementor-container elementor-column-gap-default\">\n\t\t\t\t\t<div class=\"elementor-column elementor-col-100 elementor-top-column elementor-element elementor-element-149135d9\" data-id=\"149135d9\" data-element_type=\"column\">\n\t\t\t<div class=\"elementor-widget-wrap elementor-element-populated\">\n\t\t\t\t\t\t\t\t<div class=\"elementor-element elementor-element-3f6d2ee0 elementor-widget elementor-widget-text-editor\" data-id=\"3f6d2ee0\" data-element_type=\"widget\" data-widget_type=\"text-editor.default\">\n\t\t\t\t<div class=\"elementor-widget-container\">\n\t\t\t\t\t\t\t<p>Qu&rsquo;il s&rsquo;agisse de travaux d&rsquo;entretien r\u00e9guliers ou de contr\u00f4les courts avant les vacances &#8211; avec nos services, vous \u00eates en s\u00e9curit\u00e9 \u00e0 tout moment de l&rsquo;ann\u00e9e. Prenez rendez-vous maintenant.<\/p>\n\t\t\t\t\t\t<\/div>\n\t\t\t\t<\/div>\n\t\t\t\t<div class=\"elementor-element elementor-element-af3905e elementor-position-left elementor-view-default elementor-mobile-position-top elementor-vertical-align-top elementor-widget elementor-widget-icon-box\" data-id=\"af3905e\" data-element_type=\"widget\" data-widget_type=\"icon-box.default\">\n\t\t\t\t<div class=\"elementor-widget-container\">\n\t\t\t\t\t<div class=\"elementor-icon-box-wrapper\">\n\t\t\t\t\t\t<div class=\"elementor-icon-box-icon\">\n\t\t\t\t<a href=\"http:\/\/zentrum4.cyon.link\/?page_id=332\" target=\"_blank\" class=\"elementor-icon elementor-animation-grow\" tabindex=\"-1\">\n\t\t\t\t<i class=\"fa fa-arrow-right\" aria-hidden=\"true\"><\/i>\t\t\t\t<\/a>\n\t\t\t<\/div>\n\t\t\t\t\t\t<div class=\"elementor-icon-box-content\">\n\t\t\t\t<div class=\"elementor-icon-box-title\">\n\t\t\t\t\t<a href=\"http:\/\/zentrum4.cyon.link\/?page_id=332\" target=\"_blank\" >\n\t\t\t\t\t\tRubrique conditions de location\t\t\t\t\t<\/a>\n\t\t\t\t<\/div>\n\t\t\t\t\t\t\t\t\t<p class=\"elementor-icon-box-description\">\n\t\t\t\t\t\tPour conna\u00eetre les conditions de location en d\u00e9tail, veuillez consulter la rubrique conditions de location. \t\t\t\t\t<\/p>\n\t\t\t\t\t\t\t<\/div>\n\t\t<\/div>\n\t\t\t\t<\/div>\n\t\t\t\t<\/div>\n\t\t\t\t\t<\/div>\n\t\t<\/div>\n\t\t\t\t\t\t\t<\/div>\n\t\t<\/section>\n\t\t\t\t<section class=\"elementor-section elementor-top-section elementor-element elementor-element-eb778d3 elementor-section-boxed elementor-section-height-default elementor-section-height-default\" data-id=\"eb778d3\" data-element_type=\"section\">\n\t\t\t\t\t\t<div class=\"elementor-container elementor-column-gap-default\">\n\t\t\t\t\t<div class=\"elementor-column elementor-col-100 elementor-top-column elementor-element elementor-element-57471c0\" data-id=\"57471c0\" data-element_type=\"column\">\n\t\t\t<div class=\"elementor-widget-wrap elementor-element-populated\">\n\t\t\t\t\t\t\t\t<div class=\"elementor-element elementor-element-27a902e elementor-widget elementor-widget-wp-widget-sydney_action\" data-id=\"27a902e\" data-element_type=\"widget\" data-widget_type=\"wp-widget-sydney_action.default\">\n\t\t\t\t<div class=\"elementor-widget-container\">\n\t\t\t        <div class=\"roll-promobox \">\n\t\t\t<div class=\"promo-wrap\">\n\t\t\t\t\t\t\t\t<div class=\"promo-controls\" style=\"text-align:center;\">\n\t\t\t\t\t<a href=\"https:\/\/zentrum-garage.sopl.ch\/\" class=\"roll-button \">Termin buchen<\/a>\n\t\t\t\t<\/div>\n\t\t\t<\/div>\n        <\/div>\n\t\t\t<\/div>\n\t\t\t\t<\/div>\n\t\t\t\t\t<\/div>\n\t\t<\/div>\n\t\t\t\t\t\t\t<\/div>\n\t\t<\/section>\n\t\t\t\t<section class=\"elementor-section elementor-top-section elementor-element elementor-element-8650c60 elementor-section-boxed elementor-section-height-default elementor-section-height-default\" data-id=\"8650c60\" data-element_type=\"section\">\n\t\t\t\t\t\t<div class=\"elementor-container elementor-column-gap-default\">\n\t\t\t\t\t<div class=\"elementor-column elementor-col-100 elementor-top-column elementor-element elementor-element-ed922b2\" data-id=\"ed922b2\" data-element_type=\"column\">\n\t\t\t<div class=\"elementor-widget-wrap\">\n\t\t\t\t\t\t\t\t\t<\/div>\n\t\t<\/div>\n\t\t\t\t\t\t\t<\/div>\n\t\t<\/section>\n\t\t\t\t\t\t\t<\/div>\n\t\t","protected":false},"excerpt":{"rendered":"<p>Qu&rsquo;il s&rsquo;agisse de travaux d&rsquo;entretien r\u00e9guliers ou de contr\u00f4les courts avant les vacances &#8211; avec nos services, vous \u00eates en s\u00e9curit\u00e9 \u00e0 tout moment de l&rsquo;ann\u00e9e. Prenez rendez-vous maintenant. Rubrique conditions de location Pour conna\u00eetre les conditions de location en d\u00e9tail, veuillez consulter la rubrique conditions de location.<\/p>\n","protected":false},"author":1,"featured_media":0,"parent":0,"menu_order":3,"comment_status":"closed","ping_status":"closed","template":"","meta":{"inline_featured_image":false,"footnotes":""},"aioseo_notices":[],"_links":{"self":[{"href":"https:\/\/zentrum-garage.ch\/fr\/wp-json\/wp\/v2\/pages\/1725"}],"collection":[{"href":"https:\/\/zentrum-garage.ch\/fr\/wp-json\/wp\/v2\/pages"}],"about":[{"href":"https:\/\/zentrum-garage.ch\/fr\/wp-json\/wp\/v2\/types\/page"}],"author":[{"embeddable":true,"href":"https:\/\/zentrum-garage.ch\/fr\/wp-json\/wp\/v2\/users\/1"}],"replies":[{"embeddable":true,"href":"https:\/\/zentrum-garage.ch\/fr\/wp-json\/wp\/v2\/comments?post=1725"}],"version-history":[{"count":1,"href":"https:\/\/zentrum-garage.ch\/fr\/wp-json\/wp\/v2\/pages\/1725\/revisions"}],"predecessor-version":[{"id":1727,"href":"https:\/\/zentrum-garage.ch\/fr\/wp-json\/wp\/v2\/pages\/1725\/revisions\/1727"}],"wp:attachment":[{"href":"https:\/\/zentrum-garage.ch\/fr\/wp-json\/wp\/v2\/media?parent=1725"}],"curies":[{"name":"wp","href":"https:\/\/api.w.org\/{rel}","templated":true}]}}